{"id":7008,"date":"2026-04-30T15:53:26","date_gmt":"2026-04-30T14:53:26","guid":{"rendered":"https:\/\/mptpetitcharran.fr\/?post_type=tribe_events&#038;p=7008"},"modified":"2026-04-30T15:53:26","modified_gmt":"2026-04-30T14:53:26","slug":"etre-parent-aujourdhui-rencontre-parents-enfants-a-valence","status":"publish","type":"tribe_events","link":"https:\/\/mptpetitcharran.fr\/?tribe_events=etre-parent-aujourdhui-rencontre-parents-enfants-a-valence","title":{"rendered":"\u00catre parent aujourd\u2019hui \u2013 rencontre parents enfants \u00e0 Valence"},"content":{"rendered":"<p data-start=\"259\" data-end=\"353\">Des questions sur la parentalit\u00e9 ?<br data-start=\"293\" data-end=\"296\" \/>Besoin d\u2019\u00e9changer, de partager, de souffler un peu ? \ud83d\udcac<\/p>\n<p data-start=\"355\" data-end=\"495\">Dans le cadre de la <strong data-start=\"375\" data-end=\"399\">Semaine des Familles<\/strong>, la MPT du Petit Charran vous invite \u00e0 un temps convivial d\u00e9di\u00e9 aux parents et aux enfants \ud83d\udc9b<\/p>\n<p data-start=\"497\" data-end=\"651\">\u2728 Au programme :<br data-start=\"513\" data-end=\"516\" \/>\ud83d\udc76 Ateliers d\u2019\u00e9veil pour les tout-petits<br data-start=\"556\" data-end=\"559\" \/>\ud83e\udd1d \u00c9changes avec des professionnelles de la famille<br data-start=\"610\" data-end=\"613\" \/>\u2615 Moment chaleureux et sans jugement<\/p>\n<p data-start=\"653\" data-end=\"724\">\ud83d\udcc5 Mercredi 20 mai<br data-start=\"671\" data-end=\"674\" \/>\ud83d\udd51 14h \u2013 17h<br data-start=\"686\" data-end=\"689\" \/>\ud83d\udccd MPT du Petit Charran \u2013 Valence<\/p>\n<p data-start=\"726\" data-end=\"762\">\ud83c\udf88 Portes ouvertes parents\/enfants<\/p>\n<p data-start=\"764\" data-end=\"842\">\ud83d\udc76 15h \u2013 16h : \u00e9veil (0-2 ans)<br data-start=\"794\" data-end=\"797\" \/>\ud83d\udc76 15h45 \u2013 16h45 : \u00e9veil corporel (2-3 ans)<\/p>\n<p data-start=\"844\" data-end=\"931\">\u2728 Un moment pour se rencontrer, \u00e9changer et se sentir soutenu dans son r\u00f4le de parent<\/p>\n","protected":false},"excerpt":{"rendered":"<p>Participez \u00e0 un temps d\u2019\u00e9change sur la parentalit\u00e9 \u00e0 Valence : ateliers enfants, discussions entre parents et professionnels dans un cadre convivial.<\/p>\n","protected":false},"author":1,"featured_media":7009,"template":"","meta":{"_tribe_events_status":"","_tribe_events_status_reason":"","footnotes":""},"tags":[],"tribe_events_cat":[40],"class_list":["post-7008","tribe_events","type-tribe_events","status-publish","has-post-thumbnail","hentry","tribe_events_cat-famille","cat_famille"],"yoast_head":"<!-- This site is optimized with the Yoast SEO plugin v27.5 - https:\/\/yoast.com\/product\/yoast-seo-wordpress\/ -->\n<title>\u00catre parent aujourd\u2019hui \u2013 rencontre parents enfants \u00e0 Valence - Maison pour tous du Petit charran<\/title>\n<meta name=\"description\" content=\"Participez \u00e0 un temps d\u2019\u00e9change sur la parentalit\u00e9 \u00e0 Valence : ateliers enfants, discussions entre parents et professionnels dans un cadre convivial.\" \/>\n<meta name=\"robots\" content=\"index, follow, max-snippet:-1, max-image-preview:large, max-video-preview:-1\" \/>\n<link rel=\"canonical\" href=\"https:\/\/mptpetitcharran.fr\/?tribe_events=etre-parent-aujourdhui-rencontre-parents-enfants-a-valence\" \/>\n<meta property=\"og:locale\" content=\"fr_FR\" \/>\n<meta property=\"og:type\" content=\"article\" \/>\n<meta property=\"og:title\" content=\"\u00catre parent aujourd\u2019hui \u2013 rencontre parents enfants \u00e0 Valence - Maison pour tous du Petit charran\" \/>\n<meta property=\"og:description\" content=\"Participez \u00e0 un temps d\u2019\u00e9change sur la parentalit\u00e9 \u00e0 Valence : ateliers enfants, discussions entre parents et professionnels dans un cadre convivial.\" \/>\n<meta property=\"og:url\" content=\"https:\/\/mptpetitcharran.fr\/?tribe_events=etre-parent-aujourdhui-rencontre-parents-enfants-a-valence\" \/>\n<meta property=\"og:site_name\" content=\"Maison pour tous du Petit charran\" \/>\n<meta property=\"article:publisher\" content=\"https:\/\/www.facebook.com\/mptpetitcharran\" \/>\n<meta property=\"og:image\" content=\"https:\/\/mptpetitcharran.fr\/wp-content\/uploads\/2026\/04\/Semaine-des-familles.png\" \/>\n\t<meta property=\"og:image:width\" content=\"1414\" \/>\n\t<meta property=\"og:image:height\" content=\"2000\" \/>\n\t<meta property=\"og:image:type\" content=\"image\/png\" \/>\n<meta name=\"twitter:card\" content=\"summary_large_image\" \/>\n<meta name=\"twitter:label1\" content=\"Dur\u00e9e de lecture estim\u00e9e\" \/>\n\t<meta name=\"twitter:data1\" content=\"1 minute\" \/>\n<script type=\"application\/ld+json\" class=\"yoast-schema-graph\">{\"@context\":\"https:\\\/\\\/schema.org\",\"@graph\":[{\"@type\":\"WebPage\",\"@id\":\"https:\\\/\\\/mptpetitcharran.fr\\\/?tribe_events=etre-parent-aujourdhui-rencontre-parents-enfants-a-valence\",\"url\":\"https:\\\/\\\/mptpetitcharran.fr\\\/?tribe_events=etre-parent-aujourdhui-rencontre-parents-enfants-a-valence\",\"name\":\"\u00catre parent aujourd\u2019hui \u2013 rencontre parents enfants \u00e0 Valence - Maison pour tous du Petit charran\",\"isPartOf\":{\"@id\":\"https:\\\/\\\/mptpetitcharran.fr\\\/#website\"},\"primaryImageOfPage\":{\"@id\":\"https:\\\/\\\/mptpetitcharran.fr\\\/?tribe_events=etre-parent-aujourdhui-rencontre-parents-enfants-a-valence#primaryimage\"},\"image\":{\"@id\":\"https:\\\/\\\/mptpetitcharran.fr\\\/?tribe_events=etre-parent-aujourdhui-rencontre-parents-enfants-a-valence#primaryimage\"},\"thumbnailUrl\":\"https:\\\/\\\/mptpetitcharran.fr\\\/wp-content\\\/uploads\\\/2026\\\/04\\\/Semaine-des-familles.png\",\"datePublished\":\"2026-04-30T14:53:26+00:00\",\"description\":\"Participez \u00e0 un temps d\u2019\u00e9change sur la parentalit\u00e9 \u00e0 Valence : ateliers enfants, discussions entre parents et professionnels dans un cadre convivial.\",\"breadcrumb\":{\"@id\":\"https:\\\/\\\/mptpetitcharran.fr\\\/?tribe_events=etre-parent-aujourdhui-rencontre-parents-enfants-a-valence#breadcrumb\"},\"inLanguage\":\"fr-FR\",\"potentialAction\":[{\"@type\":\"ReadAction\",\"target\":[\"https:\\\/\\\/mptpetitcharran.fr\\\/?tribe_events=etre-parent-aujourdhui-rencontre-parents-enfants-a-valence\"]}]},{\"@type\":\"ImageObject\",\"inLanguage\":\"fr-FR\",\"@id\":\"https:\\\/\\\/mptpetitcharran.fr\\\/?tribe_events=etre-parent-aujourdhui-rencontre-parents-enfants-a-valence#primaryimage\",\"url\":\"https:\\\/\\\/mptpetitcharran.fr\\\/wp-content\\\/uploads\\\/2026\\\/04\\\/Semaine-des-familles.png\",\"contentUrl\":\"https:\\\/\\\/mptpetitcharran.fr\\\/wp-content\\\/uploads\\\/2026\\\/04\\\/Semaine-des-familles.png\",\"width\":1414,\"height\":2000},{\"@type\":\"BreadcrumbList\",\"@id\":\"https:\\\/\\\/mptpetitcharran.fr\\\/?tribe_events=etre-parent-aujourdhui-rencontre-parents-enfants-a-valence#breadcrumb\",\"itemListElement\":[{\"@type\":\"ListItem\",\"position\":1,\"name\":\"Accueil\",\"item\":\"https:\\\/\\\/mptpetitcharran.fr\\\/\"},{\"@type\":\"ListItem\",\"position\":2,\"name\":\"\u00c9v\u00e8nements\",\"item\":\"https:\\\/\\\/mptpetitcharran.fr\\\/?post_type=tribe_events\"},{\"@type\":\"ListItem\",\"position\":3,\"name\":\"\u00catre parent aujourd\u2019hui \u2013 rencontre parents enfants \u00e0 Valence\"}]},{\"@type\":\"WebSite\",\"@id\":\"https:\\\/\\\/mptpetitcharran.fr\\\/#website\",\"url\":\"https:\\\/\\\/mptpetitcharran.fr\\\/\",\"name\":\"Maison pour tous du Petit charran\",\"description\":\"\",\"publisher\":{\"@id\":\"https:\\\/\\\/mptpetitcharran.fr\\\/#organization\"},\"potentialAction\":[{\"@type\":\"SearchAction\",\"target\":{\"@type\":\"EntryPoint\",\"urlTemplate\":\"https:\\\/\\\/mptpetitcharran.fr\\\/?s={search_term_string}\"},\"query-input\":{\"@type\":\"PropertyValueSpecification\",\"valueRequired\":true,\"valueName\":\"search_term_string\"}}],\"inLanguage\":\"fr-FR\"},{\"@type\":\"Organization\",\"@id\":\"https:\\\/\\\/mptpetitcharran.fr\\\/#organization\",\"name\":\"Maison pour tous du Petit charran\",\"url\":\"https:\\\/\\\/mptpetitcharran.fr\\\/\",\"logo\":{\"@type\":\"ImageObject\",\"inLanguage\":\"fr-FR\",\"@id\":\"https:\\\/\\\/mptpetitcharran.fr\\\/#\\\/schema\\\/logo\\\/image\\\/\",\"url\":\"http:\\\/\\\/mptpetitcharran.fr\\\/wp-content\\\/uploads\\\/2023\\\/07\\\/cropped-logo_mptpc.jpg\",\"contentUrl\":\"http:\\\/\\\/mptpetitcharran.fr\\\/wp-content\\\/uploads\\\/2023\\\/07\\\/cropped-logo_mptpc.jpg\",\"width\":532,\"height\":529,\"caption\":\"Maison pour tous du Petit charran\"},\"image\":{\"@id\":\"https:\\\/\\\/mptpetitcharran.fr\\\/#\\\/schema\\\/logo\\\/image\\\/\"},\"sameAs\":[\"https:\\\/\\\/www.facebook.com\\\/mptpetitcharran\",\"https:\\\/\\\/www.instagram.com\\\/mptpetitcharran\\\/\"]}]}<\/script>\n<!-- \/ Yoast SEO plugin. -->","yoast_head_json":{"title":"\u00catre parent aujourd\u2019hui \u2013 rencontre parents enfants \u00e0 Valence - Maison pour tous du Petit charran","description":"Participez \u00e0 un temps d\u2019\u00e9change sur la parentalit\u00e9 \u00e0 Valence : ateliers enfants, discussions entre parents et professionnels dans un cadre convivial.","robots":{"index":"index","follow":"follow","max-snippet":"max-snippet:-1","max-image-preview":"max-image-preview:large","max-video-preview":"max-video-preview:-1"},"canonical":"https:\/\/mptpetitcharran.fr\/?tribe_events=etre-parent-aujourdhui-rencontre-parents-enfants-a-valence","og_locale":"fr_FR","og_type":"article","og_title":"\u00catre parent aujourd\u2019hui \u2013 rencontre parents enfants \u00e0 Valence - Maison pour tous du Petit charran","og_description":"Participez \u00e0 un temps d\u2019\u00e9change sur la parentalit\u00e9 \u00e0 Valence : ateliers enfants, discussions entre parents et professionnels dans un cadre convivial.","og_url":"https:\/\/mptpetitcharran.fr\/?tribe_events=etre-parent-aujourdhui-rencontre-parents-enfants-a-valence","og_site_name":"Maison pour tous du Petit charran","article_publisher":"https:\/\/www.facebook.com\/mptpetitcharran","og_image":[{"width":1414,"height":2000,"url":"https:\/\/mptpetitcharran.fr\/wp-content\/uploads\/2026\/04\/Semaine-des-familles.png","type":"image\/png"}],"twitter_card":"summary_large_image","twitter_misc":{"Dur\u00e9e de lecture estim\u00e9e":"1 minute"},"schema":{"@context":"https:\/\/schema.org","@graph":[{"@type":"WebPage","@id":"https:\/\/mptpetitcharran.fr\/?tribe_events=etre-parent-aujourdhui-rencontre-parents-enfants-a-valence","url":"https:\/\/mptpetitcharran.fr\/?tribe_events=etre-parent-aujourdhui-rencontre-parents-enfants-a-valence","name":"\u00catre parent aujourd\u2019hui \u2013 rencontre parents enfants \u00e0 Valence - Maison pour tous du Petit charran","isPartOf":{"@id":"https:\/\/mptpetitcharran.fr\/#website"},"primaryImageOfPage":{"@id":"https:\/\/mptpetitcharran.fr\/?tribe_events=etre-parent-aujourdhui-rencontre-parents-enfants-a-valence#primaryimage"},"image":{"@id":"https:\/\/mptpetitcharran.fr\/?tribe_events=etre-parent-aujourdhui-rencontre-parents-enfants-a-valence#primaryimage"},"thumbnailUrl":"https:\/\/mptpetitcharran.fr\/wp-content\/uploads\/2026\/04\/Semaine-des-familles.png","datePublished":"2026-04-30T14:53:26+00:00","description":"Participez \u00e0 un temps d\u2019\u00e9change sur la parentalit\u00e9 \u00e0 Valence : ateliers enfants, discussions entre parents et professionnels dans un cadre convivial.","breadcrumb":{"@id":"https:\/\/mptpetitcharran.fr\/?tribe_events=etre-parent-aujourdhui-rencontre-parents-enfants-a-valence#breadcrumb"},"inLanguage":"fr-FR","potentialAction":[{"@type":"ReadAction","target":["https:\/\/mptpetitcharran.fr\/?tribe_events=etre-parent-aujourdhui-rencontre-parents-enfants-a-valence"]}]},{"@type":"ImageObject","inLanguage":"fr-FR","@id":"https:\/\/mptpetitcharran.fr\/?tribe_events=etre-parent-aujourdhui-rencontre-parents-enfants-a-valence#primaryimage","url":"https:\/\/mptpetitcharran.fr\/wp-content\/uploads\/2026\/04\/Semaine-des-familles.png","contentUrl":"https:\/\/mptpetitcharran.fr\/wp-content\/uploads\/2026\/04\/Semaine-des-familles.png","width":1414,"height":2000},{"@type":"BreadcrumbList","@id":"https:\/\/mptpetitcharran.fr\/?tribe_events=etre-parent-aujourdhui-rencontre-parents-enfants-a-valence#breadcrumb","itemListElement":[{"@type":"ListItem","position":1,"name":"Accueil","item":"https:\/\/mptpetitcharran.fr\/"},{"@type":"ListItem","position":2,"name":"\u00c9v\u00e8nements","item":"https:\/\/mptpetitcharran.fr\/?post_type=tribe_events"},{"@type":"ListItem","position":3,"name":"\u00catre parent aujourd\u2019hui \u2013 rencontre parents enfants \u00e0 Valence"}]},{"@type":"WebSite","@id":"https:\/\/mptpetitcharran.fr\/#website","url":"https:\/\/mptpetitcharran.fr\/","name":"Maison pour tous du Petit charran","description":"","publisher":{"@id":"https:\/\/mptpetitcharran.fr\/#organization"},"potentialAction":[{"@type":"SearchAction","target":{"@type":"EntryPoint","urlTemplate":"https:\/\/mptpetitcharran.fr\/?s={search_term_string}"},"query-input":{"@type":"PropertyValueSpecification","valueRequired":true,"valueName":"search_term_string"}}],"inLanguage":"fr-FR"},{"@type":"Organization","@id":"https:\/\/mptpetitcharran.fr\/#organization","name":"Maison pour tous du Petit charran","url":"https:\/\/mptpetitcharran.fr\/","logo":{"@type":"ImageObject","inLanguage":"fr-FR","@id":"https:\/\/mptpetitcharran.fr\/#\/schema\/logo\/image\/","url":"http:\/\/mptpetitcharran.fr\/wp-content\/uploads\/2023\/07\/cropped-logo_mptpc.jpg","contentUrl":"http:\/\/mptpetitcharran.fr\/wp-content\/uploads\/2023\/07\/cropped-logo_mptpc.jpg","width":532,"height":529,"caption":"Maison pour tous du Petit charran"},"image":{"@id":"https:\/\/mptpetitcharran.fr\/#\/schema\/logo\/image\/"},"sameAs":["https:\/\/www.facebook.com\/mptpetitcharran","https:\/\/www.instagram.com\/mptpetitcharran\/"]}]}},"publishpress_future_workflow_manual_trigger":{"enabledWorkflows":[]},"_links":{"self":[{"href":"https:\/\/mptpetitcharran.fr\/index.php?rest_route=\/wp\/v2\/tribe_events\/7008","targetHints":{"allow":["GET"]}}],"collection":[{"href":"https:\/\/mptpetitcharran.fr\/index.php?rest_route=\/wp\/v2\/tribe_events"}],"about":[{"href":"https:\/\/mptpetitcharran.fr\/index.php?rest_route=\/wp\/v2\/types\/tribe_events"}],"author":[{"embeddable":true,"href":"https:\/\/mptpetitcharran.fr\/index.php?rest_route=\/wp\/v2\/users\/1"}],"version-history":[{"count":1,"href":"https:\/\/mptpetitcharran.fr\/index.php?rest_route=\/wp\/v2\/tribe_events\/7008\/revisions"}],"predecessor-version":[{"id":7010,"href":"https:\/\/mptpetitcharran.fr\/index.php?rest_route=\/wp\/v2\/tribe_events\/7008\/revisions\/7010"}],"wp:featuredmedia":[{"embeddable":true,"href":"https:\/\/mptpetitcharran.fr\/index.php?rest_route=\/wp\/v2\/media\/7009"}],"wp:attachment":[{"href":"https:\/\/mptpetitcharran.fr\/index.php?rest_route=%2Fwp%2Fv2%2Fmedia&parent=7008"}],"wp:term":[{"taxonomy":"post_tag","embeddable":true,"href":"https:\/\/mptpetitcharran.fr\/index.php?rest_route=%2Fwp%2Fv2%2Ftags&post=7008"},{"taxonomy":"tribe_events_cat","embeddable":true,"href":"https:\/\/mptpetitcharran.fr\/index.php?rest_route=%2Fwp%2Fv2%2Ftribe_events_cat&post=7008"}],"curies":[{"name":"wp","href":"https:\/\/api.w.org\/{rel}","templated":true}]}}