{"id":6993,"date":"2026-04-30T09:10:06","date_gmt":"2026-04-30T08:10:06","guid":{"rendered":"https:\/\/mptpetitcharran.fr\/?post_type=tribe_events&#038;p=6993"},"modified":"2026-04-30T09:10:06","modified_gmt":"2026-04-30T08:10:06","slug":"inscriptions-centre-de-loisirs-ete-valence","status":"publish","type":"tribe_events","link":"https:\/\/mptpetitcharran.fr\/?tribe_events=inscriptions-centre-de-loisirs-ete-valence","title":{"rendered":"Inscriptions centre de loisirs \u00e9t\u00e9 Valence"},"content":{"rendered":"<div dir=\"auto\">Les vacances d\u2019\u00e9t\u00e9 se pr\u00e9parent ! <span class=\"html-span xexx8yu xyri2b x18d9i69 x1c1uobl x1hl2dhg x16tdsg8 x1vvkbs x3nfvp2 x1j61x8r x1fcty0u xdj266r xat24cr xm2jcoa x1mpyi22 xxymvpz xlup9mm x1kky2od\"><img loading=\"lazy\" decoding=\"async\" class=\"xz74otr x15mokao x1ga7v0g x16uus16 xbiv7yw\" src=\"https:\/\/static.xx.fbcdn.net\/images\/emoji.php\/v9\/t6d\/1\/16\/2600.png\" alt=\"\u2600\ufe0f\" width=\"16\" height=\"16\" \/><\/span><\/div>\n<div dir=\"auto\">Ouverture des inscriptions : 19 mai \u00e0 partir de 12h<\/div>\n<div dir=\"auto\">Retrouvez le programme sur la page de l&rsquo;accueil de loisirs, <a href=\"https:\/\/mptpetitcharran.fr\/?page_id=2959\">juste ici<\/a><\/div>\n","protected":false},"excerpt":{"rendered":"<p>Inscrivez vos enfants pour les vacances d\u2019\u00e9t\u00e9 \u00e0 Valence. Accueil de loisirs MPT Petit Charran.<\/p>\n","protected":false},"author":1,"featured_media":6995,"template":"","meta":{"_tribe_events_status":"","_tribe_events_status_reason":"","footnotes":""},"tags":[],"tribe_events_cat":[38],"class_list":["post-6993","tribe_events","type-tribe_events","status-publish","has-post-thumbnail","hentry","tribe_events_cat-accueil-de-loisirs","cat_accueil-de-loisirs"],"yoast_head":"<!-- This site is optimized with the Yoast SEO plugin v27.5 - https:\/\/yoast.com\/product\/yoast-seo-wordpress\/ -->\n<title>Inscriptions centre de loisirs \u00e9t\u00e9 Valence - Maison pour tous du Petit charran<\/title>\n<meta name=\"description\" content=\"Inscrivez vos enfants pour les vacances d\u2019\u00e9t\u00e9 \u00e0 Valence. Accueil de loisirs MPT Petit Charran.\" \/>\n<meta name=\"robots\" content=\"index, follow, max-snippet:-1, max-image-preview:large, max-video-preview:-1\" \/>\n<link rel=\"canonical\" href=\"https:\/\/mptpetitcharran.fr\/?tribe_events=inscriptions-centre-de-loisirs-ete-valence\" \/>\n<meta property=\"og:locale\" content=\"fr_FR\" \/>\n<meta property=\"og:type\" content=\"article\" \/>\n<meta property=\"og:title\" content=\"Inscriptions centre de loisirs \u00e9t\u00e9 Valence - Maison pour tous du Petit charran\" \/>\n<meta property=\"og:description\" content=\"Inscrivez vos enfants pour les vacances d\u2019\u00e9t\u00e9 \u00e0 Valence. Accueil de loisirs MPT Petit Charran.\" \/>\n<meta property=\"og:url\" content=\"https:\/\/mptpetitcharran.fr\/?tribe_events=inscriptions-centre-de-loisirs-ete-valence\" \/>\n<meta property=\"og:site_name\" content=\"Maison pour tous du Petit charran\" \/>\n<meta property=\"article:publisher\" content=\"https:\/\/www.facebook.com\/mptpetitcharran\" \/>\n<meta property=\"og:image\" content=\"https:\/\/mptpetitcharran.fr\/wp-content\/uploads\/2026\/04\/inscription-des-mercredis1.png\" \/>\n\t<meta property=\"og:image:width\" content=\"1414\" \/>\n\t<meta property=\"og:image:height\" content=\"2000\" \/>\n\t<meta property=\"og:image:type\" content=\"image\/png\" \/>\n<meta name=\"twitter:card\" content=\"summary_large_image\" \/>\n<meta name=\"twitter:label1\" content=\"Dur\u00e9e de lecture estim\u00e9e\" \/>\n\t<meta name=\"twitter:data1\" content=\"1 minute\" \/>\n<script type=\"application\/ld+json\" class=\"yoast-schema-graph\">{\"@context\":\"https:\\\/\\\/schema.org\",\"@graph\":[{\"@type\":\"WebPage\",\"@id\":\"https:\\\/\\\/mptpetitcharran.fr\\\/?tribe_events=inscriptions-centre-de-loisirs-ete-valence\",\"url\":\"https:\\\/\\\/mptpetitcharran.fr\\\/?tribe_events=inscriptions-centre-de-loisirs-ete-valence\",\"name\":\"Inscriptions centre de loisirs \u00e9t\u00e9 Valence - Maison pour tous du Petit charran\",\"isPartOf\":{\"@id\":\"https:\\\/\\\/mptpetitcharran.fr\\\/#website\"},\"primaryImageOfPage\":{\"@id\":\"https:\\\/\\\/mptpetitcharran.fr\\\/?tribe_events=inscriptions-centre-de-loisirs-ete-valence#primaryimage\"},\"image\":{\"@id\":\"https:\\\/\\\/mptpetitcharran.fr\\\/?tribe_events=inscriptions-centre-de-loisirs-ete-valence#primaryimage\"},\"thumbnailUrl\":\"https:\\\/\\\/mptpetitcharran.fr\\\/wp-content\\\/uploads\\\/2026\\\/04\\\/inscription-des-mercredis1.png\",\"datePublished\":\"2026-04-30T08:10:06+00:00\",\"description\":\"Inscrivez vos enfants pour les vacances d\u2019\u00e9t\u00e9 \u00e0 Valence. Accueil de loisirs MPT Petit Charran.\",\"breadcrumb\":{\"@id\":\"https:\\\/\\\/mptpetitcharran.fr\\\/?tribe_events=inscriptions-centre-de-loisirs-ete-valence#breadcrumb\"},\"inLanguage\":\"fr-FR\",\"potentialAction\":[{\"@type\":\"ReadAction\",\"target\":[\"https:\\\/\\\/mptpetitcharran.fr\\\/?tribe_events=inscriptions-centre-de-loisirs-ete-valence\"]}]},{\"@type\":\"ImageObject\",\"inLanguage\":\"fr-FR\",\"@id\":\"https:\\\/\\\/mptpetitcharran.fr\\\/?tribe_events=inscriptions-centre-de-loisirs-ete-valence#primaryimage\",\"url\":\"https:\\\/\\\/mptpetitcharran.fr\\\/wp-content\\\/uploads\\\/2026\\\/04\\\/inscription-des-mercredis1.png\",\"contentUrl\":\"https:\\\/\\\/mptpetitcharran.fr\\\/wp-content\\\/uploads\\\/2026\\\/04\\\/inscription-des-mercredis1.png\",\"width\":1414,\"height\":2000},{\"@type\":\"BreadcrumbList\",\"@id\":\"https:\\\/\\\/mptpetitcharran.fr\\\/?tribe_events=inscriptions-centre-de-loisirs-ete-valence#breadcrumb\",\"itemListElement\":[{\"@type\":\"ListItem\",\"position\":1,\"name\":\"Accueil\",\"item\":\"https:\\\/\\\/mptpetitcharran.fr\\\/\"},{\"@type\":\"ListItem\",\"position\":2,\"name\":\"\u00c9v\u00e8nements\",\"item\":\"https:\\\/\\\/mptpetitcharran.fr\\\/?post_type=tribe_events\"},{\"@type\":\"ListItem\",\"position\":3,\"name\":\"Inscriptions centre de loisirs \u00e9t\u00e9 Valence\"}]},{\"@type\":\"WebSite\",\"@id\":\"https:\\\/\\\/mptpetitcharran.fr\\\/#website\",\"url\":\"https:\\\/\\\/mptpetitcharran.fr\\\/\",\"name\":\"Maison pour tous du Petit charran\",\"description\":\"\",\"publisher\":{\"@id\":\"https:\\\/\\\/mptpetitcharran.fr\\\/#organization\"},\"potentialAction\":[{\"@type\":\"SearchAction\",\"target\":{\"@type\":\"EntryPoint\",\"urlTemplate\":\"https:\\\/\\\/mptpetitcharran.fr\\\/?s={search_term_string}\"},\"query-input\":{\"@type\":\"PropertyValueSpecification\",\"valueRequired\":true,\"valueName\":\"search_term_string\"}}],\"inLanguage\":\"fr-FR\"},{\"@type\":\"Organization\",\"@id\":\"https:\\\/\\\/mptpetitcharran.fr\\\/#organization\",\"name\":\"Maison pour tous du Petit charran\",\"url\":\"https:\\\/\\\/mptpetitcharran.fr\\\/\",\"logo\":{\"@type\":\"ImageObject\",\"inLanguage\":\"fr-FR\",\"@id\":\"https:\\\/\\\/mptpetitcharran.fr\\\/#\\\/schema\\\/logo\\\/image\\\/\",\"url\":\"http:\\\/\\\/mptpetitcharran.fr\\\/wp-content\\\/uploads\\\/2023\\\/07\\\/cropped-logo_mptpc.jpg\",\"contentUrl\":\"http:\\\/\\\/mptpetitcharran.fr\\\/wp-content\\\/uploads\\\/2023\\\/07\\\/cropped-logo_mptpc.jpg\",\"width\":532,\"height\":529,\"caption\":\"Maison pour tous du Petit charran\"},\"image\":{\"@id\":\"https:\\\/\\\/mptpetitcharran.fr\\\/#\\\/schema\\\/logo\\\/image\\\/\"},\"sameAs\":[\"https:\\\/\\\/www.facebook.com\\\/mptpetitcharran\",\"https:\\\/\\\/www.instagram.com\\\/mptpetitcharran\\\/\"]}]}<\/script>\n<!-- \/ Yoast SEO plugin. -->","yoast_head_json":{"title":"Inscriptions centre de loisirs \u00e9t\u00e9 Valence - Maison pour tous du Petit charran","description":"Inscrivez vos enfants pour les vacances d\u2019\u00e9t\u00e9 \u00e0 Valence. Accueil de loisirs MPT Petit Charran.","robots":{"index":"index","follow":"follow","max-snippet":"max-snippet:-1","max-image-preview":"max-image-preview:large","max-video-preview":"max-video-preview:-1"},"canonical":"https:\/\/mptpetitcharran.fr\/?tribe_events=inscriptions-centre-de-loisirs-ete-valence","og_locale":"fr_FR","og_type":"article","og_title":"Inscriptions centre de loisirs \u00e9t\u00e9 Valence - Maison pour tous du Petit charran","og_description":"Inscrivez vos enfants pour les vacances d\u2019\u00e9t\u00e9 \u00e0 Valence. Accueil de loisirs MPT Petit Charran.","og_url":"https:\/\/mptpetitcharran.fr\/?tribe_events=inscriptions-centre-de-loisirs-ete-valence","og_site_name":"Maison pour tous du Petit charran","article_publisher":"https:\/\/www.facebook.com\/mptpetitcharran","og_image":[{"width":1414,"height":2000,"url":"https:\/\/mptpetitcharran.fr\/wp-content\/uploads\/2026\/04\/inscription-des-mercredis1.png","type":"image\/png"}],"twitter_card":"summary_large_image","twitter_misc":{"Dur\u00e9e de lecture estim\u00e9e":"1 minute"},"schema":{"@context":"https:\/\/schema.org","@graph":[{"@type":"WebPage","@id":"https:\/\/mptpetitcharran.fr\/?tribe_events=inscriptions-centre-de-loisirs-ete-valence","url":"https:\/\/mptpetitcharran.fr\/?tribe_events=inscriptions-centre-de-loisirs-ete-valence","name":"Inscriptions centre de loisirs \u00e9t\u00e9 Valence - Maison pour tous du Petit charran","isPartOf":{"@id":"https:\/\/mptpetitcharran.fr\/#website"},"primaryImageOfPage":{"@id":"https:\/\/mptpetitcharran.fr\/?tribe_events=inscriptions-centre-de-loisirs-ete-valence#primaryimage"},"image":{"@id":"https:\/\/mptpetitcharran.fr\/?tribe_events=inscriptions-centre-de-loisirs-ete-valence#primaryimage"},"thumbnailUrl":"https:\/\/mptpetitcharran.fr\/wp-content\/uploads\/2026\/04\/inscription-des-mercredis1.png","datePublished":"2026-04-30T08:10:06+00:00","description":"Inscrivez vos enfants pour les vacances d\u2019\u00e9t\u00e9 \u00e0 Valence. Accueil de loisirs MPT Petit Charran.","breadcrumb":{"@id":"https:\/\/mptpetitcharran.fr\/?tribe_events=inscriptions-centre-de-loisirs-ete-valence#breadcrumb"},"inLanguage":"fr-FR","potentialAction":[{"@type":"ReadAction","target":["https:\/\/mptpetitcharran.fr\/?tribe_events=inscriptions-centre-de-loisirs-ete-valence"]}]},{"@type":"ImageObject","inLanguage":"fr-FR","@id":"https:\/\/mptpetitcharran.fr\/?tribe_events=inscriptions-centre-de-loisirs-ete-valence#primaryimage","url":"https:\/\/mptpetitcharran.fr\/wp-content\/uploads\/2026\/04\/inscription-des-mercredis1.png","contentUrl":"https:\/\/mptpetitcharran.fr\/wp-content\/uploads\/2026\/04\/inscription-des-mercredis1.png","width":1414,"height":2000},{"@type":"BreadcrumbList","@id":"https:\/\/mptpetitcharran.fr\/?tribe_events=inscriptions-centre-de-loisirs-ete-valence#breadcrumb","itemListElement":[{"@type":"ListItem","position":1,"name":"Accueil","item":"https:\/\/mptpetitcharran.fr\/"},{"@type":"ListItem","position":2,"name":"\u00c9v\u00e8nements","item":"https:\/\/mptpetitcharran.fr\/?post_type=tribe_events"},{"@type":"ListItem","position":3,"name":"Inscriptions centre de loisirs \u00e9t\u00e9 Valence"}]},{"@type":"WebSite","@id":"https:\/\/mptpetitcharran.fr\/#website","url":"https:\/\/mptpetitcharran.fr\/","name":"Maison pour tous du Petit charran","description":"","publisher":{"@id":"https:\/\/mptpetitcharran.fr\/#organization"},"potentialAction":[{"@type":"SearchAction","target":{"@type":"EntryPoint","urlTemplate":"https:\/\/mptpetitcharran.fr\/?s={search_term_string}"},"query-input":{"@type":"PropertyValueSpecification","valueRequired":true,"valueName":"search_term_string"}}],"inLanguage":"fr-FR"},{"@type":"Organization","@id":"https:\/\/mptpetitcharran.fr\/#organization","name":"Maison pour tous du Petit charran","url":"https:\/\/mptpetitcharran.fr\/","logo":{"@type":"ImageObject","inLanguage":"fr-FR","@id":"https:\/\/mptpetitcharran.fr\/#\/schema\/logo\/image\/","url":"http:\/\/mptpetitcharran.fr\/wp-content\/uploads\/2023\/07\/cropped-logo_mptpc.jpg","contentUrl":"http:\/\/mptpetitcharran.fr\/wp-content\/uploads\/2023\/07\/cropped-logo_mptpc.jpg","width":532,"height":529,"caption":"Maison pour tous du Petit charran"},"image":{"@id":"https:\/\/mptpetitcharran.fr\/#\/schema\/logo\/image\/"},"sameAs":["https:\/\/www.facebook.com\/mptpetitcharran","https:\/\/www.instagram.com\/mptpetitcharran\/"]}]}},"publishpress_future_workflow_manual_trigger":{"enabledWorkflows":[]},"_links":{"self":[{"href":"https:\/\/mptpetitcharran.fr\/index.php?rest_route=\/wp\/v2\/tribe_events\/6993","targetHints":{"allow":["GET"]}}],"collection":[{"href":"https:\/\/mptpetitcharran.fr\/index.php?rest_route=\/wp\/v2\/tribe_events"}],"about":[{"href":"https:\/\/mptpetitcharran.fr\/index.php?rest_route=\/wp\/v2\/types\/tribe_events"}],"author":[{"embeddable":true,"href":"https:\/\/mptpetitcharran.fr\/index.php?rest_route=\/wp\/v2\/users\/1"}],"version-history":[{"count":1,"href":"https:\/\/mptpetitcharran.fr\/index.php?rest_route=\/wp\/v2\/tribe_events\/6993\/revisions"}],"predecessor-version":[{"id":6996,"href":"https:\/\/mptpetitcharran.fr\/index.php?rest_route=\/wp\/v2\/tribe_events\/6993\/revisions\/6996"}],"wp:featuredmedia":[{"embeddable":true,"href":"https:\/\/mptpetitcharran.fr\/index.php?rest_route=\/wp\/v2\/media\/6995"}],"wp:attachment":[{"href":"https:\/\/mptpetitcharran.fr\/index.php?rest_route=%2Fwp%2Fv2%2Fmedia&parent=6993"}],"wp:term":[{"taxonomy":"post_tag","embeddable":true,"href":"https:\/\/mptpetitcharran.fr\/index.php?rest_route=%2Fwp%2Fv2%2Ftags&post=6993"},{"taxonomy":"tribe_events_cat","embeddable":true,"href":"https:\/\/mptpetitcharran.fr\/index.php?rest_route=%2Fwp%2Fv2%2Ftribe_events_cat&post=6993"}],"curies":[{"name":"wp","href":"https:\/\/api.w.org\/{rel}","templated":true}]}}