{"id":6990,"date":"2026-04-30T09:05:07","date_gmt":"2026-04-30T08:05:07","guid":{"rendered":"https:\/\/mptpetitcharran.fr\/?post_type=tribe_events&#038;p=6990"},"modified":"2026-04-30T09:05:07","modified_gmt":"2026-04-30T08:05:07","slug":"sortie-cevennes-depuis-valence-1er-juin","status":"publish","type":"tribe_events","link":"https:\/\/mptpetitcharran.fr\/?tribe_events=sortie-cevennes-depuis-valence-1er-juin","title":{"rendered":"Sortie C\u00e9vennes depuis Valence 1er juin"},"content":{"rendered":"<p data-start=\"2824\" data-end=\"2862\">\ud83c\udf3f Une journ\u00e9e d\u2019\u00e9vasion vous attend !Partez \u00e0 la d\u00e9couverte des C\u00e9vennes :<\/p>\n<p data-start=\"2905\" data-end=\"2967\">\ud83c\udf31 Bambouseraie<br data-start=\"2920\" data-end=\"2923\" \/>\ud83c\udf7d\ufe0f D\u00e9jeuner terroir<br data-start=\"2943\" data-end=\"2946\" \/>\ud83c\udfdb\ufe0f Mus\u00e9e du D\u00e9sert\ud83d\udcb0 Selon le quotient familial : 40\u20ac \u00e0 65\u20ac<\/p>\n<p data-start=\"3016\" data-end=\"3049\">\u26a0\ufe0f Inscriptions avant le 13 mai<span data-surface-wrapper=\"1\" data-surface=\"\/bizweb:content_calendar\/bizweb:CONTENT_CALENDAR\/lib:bizweb_planner\/lib:bizweb_planner:calendar_card\"><span class=\"x193iq5w xeuugli x13faqbe x1vvkbs x1xmvt09 x1lliihq x1s928wv xhkezso x1gmr53x x1cpjm7i x1fgarty x1943h6x xudqn12 x3x7a5m x6prxxf xvq8zen xo1l8bm xzsf02u x1yc453h\" dir=\"auto\">, attention secr\u00e9tariat ferm\u00e9 du 1er au 11 mai.<\/span><\/span><\/p>\n<p data-start=\"3051\" data-end=\"3091\">\u2728 Une escapade nature \u00e0 ne pas manquer<\/p>\n","protected":false},"excerpt":{"rendered":"<p>Journ\u00e9e d\u00e9couverte des C\u00e9vennes : Bambouseraie, ferme et mus\u00e9e. D\u00e9part depuis Valence. R\u00e9servez vite.<\/p>\n","protected":false},"author":1,"featured_media":6991,"template":"","meta":{"_tribe_events_status":"","_tribe_events_status_reason":"","footnotes":""},"tags":[41],"tribe_events_cat":[],"class_list":["post-6990","tribe_events","type-tribe_events","status-publish","has-post-thumbnail","hentry","tag-sortie-voyage"],"yoast_head":"<!-- This site is optimized with the Yoast SEO plugin v27.5 - https:\/\/yoast.com\/product\/yoast-seo-wordpress\/ -->\n<title>Sortie C\u00e9vennes depuis Valence 1er juin - Maison pour tous du Petit charran<\/title>\n<meta name=\"description\" content=\"Journ\u00e9e d\u00e9couverte des C\u00e9vennes : Bambouseraie, ferme et mus\u00e9e. D\u00e9part depuis Valence. R\u00e9servez vite.\" \/>\n<meta name=\"robots\" content=\"index, follow, max-snippet:-1, max-image-preview:large, max-video-preview:-1\" \/>\n<link rel=\"canonical\" href=\"https:\/\/mptpetitcharran.fr\/?tribe_events=sortie-cevennes-depuis-valence-1er-juin\" \/>\n<meta property=\"og:locale\" content=\"fr_FR\" \/>\n<meta property=\"og:type\" content=\"article\" \/>\n<meta property=\"og:title\" content=\"Sortie C\u00e9vennes depuis Valence 1er juin - Maison pour tous du Petit charran\" \/>\n<meta property=\"og:description\" content=\"Journ\u00e9e d\u00e9couverte des C\u00e9vennes : Bambouseraie, ferme et mus\u00e9e. D\u00e9part depuis Valence. R\u00e9servez vite.\" \/>\n<meta property=\"og:url\" content=\"https:\/\/mptpetitcharran.fr\/?tribe_events=sortie-cevennes-depuis-valence-1er-juin\" \/>\n<meta property=\"og:site_name\" content=\"Maison pour tous du Petit charran\" \/>\n<meta property=\"article:publisher\" content=\"https:\/\/www.facebook.com\/mptpetitcharran\" \/>\n<meta property=\"og:image\" content=\"https:\/\/mptpetitcharran.fr\/wp-content\/uploads\/2026\/04\/Sortie-voyage--724x1024.png\" \/>\n\t<meta property=\"og:image:width\" content=\"724\" \/>\n\t<meta property=\"og:image:height\" content=\"1024\" \/>\n\t<meta property=\"og:image:type\" content=\"image\/png\" \/>\n<meta name=\"twitter:card\" content=\"summary_large_image\" \/>\n<meta name=\"twitter:label1\" content=\"Dur\u00e9e de lecture estim\u00e9e\" \/>\n\t<meta name=\"twitter:data1\" content=\"1 minute\" \/>\n<script type=\"application\/ld+json\" class=\"yoast-schema-graph\">{\"@context\":\"https:\\\/\\\/schema.org\",\"@graph\":[{\"@type\":\"WebPage\",\"@id\":\"https:\\\/\\\/mptpetitcharran.fr\\\/?tribe_events=sortie-cevennes-depuis-valence-1er-juin\",\"url\":\"https:\\\/\\\/mptpetitcharran.fr\\\/?tribe_events=sortie-cevennes-depuis-valence-1er-juin\",\"name\":\"Sortie C\u00e9vennes depuis Valence 1er juin - Maison pour tous du Petit charran\",\"isPartOf\":{\"@id\":\"https:\\\/\\\/mptpetitcharran.fr\\\/#website\"},\"primaryImageOfPage\":{\"@id\":\"https:\\\/\\\/mptpetitcharran.fr\\\/?tribe_events=sortie-cevennes-depuis-valence-1er-juin#primaryimage\"},\"image\":{\"@id\":\"https:\\\/\\\/mptpetitcharran.fr\\\/?tribe_events=sortie-cevennes-depuis-valence-1er-juin#primaryimage\"},\"thumbnailUrl\":\"https:\\\/\\\/mptpetitcharran.fr\\\/wp-content\\\/uploads\\\/2026\\\/04\\\/Sortie-voyage-.png\",\"datePublished\":\"2026-04-30T08:05:07+00:00\",\"description\":\"Journ\u00e9e d\u00e9couverte des C\u00e9vennes : Bambouseraie, ferme et mus\u00e9e. D\u00e9part depuis Valence. R\u00e9servez vite.\",\"breadcrumb\":{\"@id\":\"https:\\\/\\\/mptpetitcharran.fr\\\/?tribe_events=sortie-cevennes-depuis-valence-1er-juin#breadcrumb\"},\"inLanguage\":\"fr-FR\",\"potentialAction\":[{\"@type\":\"ReadAction\",\"target\":[\"https:\\\/\\\/mptpetitcharran.fr\\\/?tribe_events=sortie-cevennes-depuis-valence-1er-juin\"]}]},{\"@type\":\"ImageObject\",\"inLanguage\":\"fr-FR\",\"@id\":\"https:\\\/\\\/mptpetitcharran.fr\\\/?tribe_events=sortie-cevennes-depuis-valence-1er-juin#primaryimage\",\"url\":\"https:\\\/\\\/mptpetitcharran.fr\\\/wp-content\\\/uploads\\\/2026\\\/04\\\/Sortie-voyage-.png\",\"contentUrl\":\"https:\\\/\\\/mptpetitcharran.fr\\\/wp-content\\\/uploads\\\/2026\\\/04\\\/Sortie-voyage-.png\",\"width\":1414,\"height\":2000},{\"@type\":\"BreadcrumbList\",\"@id\":\"https:\\\/\\\/mptpetitcharran.fr\\\/?tribe_events=sortie-cevennes-depuis-valence-1er-juin#breadcrumb\",\"itemListElement\":[{\"@type\":\"ListItem\",\"position\":1,\"name\":\"Accueil\",\"item\":\"https:\\\/\\\/mptpetitcharran.fr\\\/\"},{\"@type\":\"ListItem\",\"position\":2,\"name\":\"\u00c9v\u00e8nements\",\"item\":\"https:\\\/\\\/mptpetitcharran.fr\\\/?post_type=tribe_events\"},{\"@type\":\"ListItem\",\"position\":3,\"name\":\"Sortie C\u00e9vennes depuis Valence 1er juin\"}]},{\"@type\":\"WebSite\",\"@id\":\"https:\\\/\\\/mptpetitcharran.fr\\\/#website\",\"url\":\"https:\\\/\\\/mptpetitcharran.fr\\\/\",\"name\":\"Maison pour tous du Petit charran\",\"description\":\"\",\"publisher\":{\"@id\":\"https:\\\/\\\/mptpetitcharran.fr\\\/#organization\"},\"potentialAction\":[{\"@type\":\"SearchAction\",\"target\":{\"@type\":\"EntryPoint\",\"urlTemplate\":\"https:\\\/\\\/mptpetitcharran.fr\\\/?s={search_term_string}\"},\"query-input\":{\"@type\":\"PropertyValueSpecification\",\"valueRequired\":true,\"valueName\":\"search_term_string\"}}],\"inLanguage\":\"fr-FR\"},{\"@type\":\"Organization\",\"@id\":\"https:\\\/\\\/mptpetitcharran.fr\\\/#organization\",\"name\":\"Maison pour tous du Petit charran\",\"url\":\"https:\\\/\\\/mptpetitcharran.fr\\\/\",\"logo\":{\"@type\":\"ImageObject\",\"inLanguage\":\"fr-FR\",\"@id\":\"https:\\\/\\\/mptpetitcharran.fr\\\/#\\\/schema\\\/logo\\\/image\\\/\",\"url\":\"http:\\\/\\\/mptpetitcharran.fr\\\/wp-content\\\/uploads\\\/2023\\\/07\\\/cropped-logo_mptpc.jpg\",\"contentUrl\":\"http:\\\/\\\/mptpetitcharran.fr\\\/wp-content\\\/uploads\\\/2023\\\/07\\\/cropped-logo_mptpc.jpg\",\"width\":532,\"height\":529,\"caption\":\"Maison pour tous du Petit charran\"},\"image\":{\"@id\":\"https:\\\/\\\/mptpetitcharran.fr\\\/#\\\/schema\\\/logo\\\/image\\\/\"},\"sameAs\":[\"https:\\\/\\\/www.facebook.com\\\/mptpetitcharran\",\"https:\\\/\\\/www.instagram.com\\\/mptpetitcharran\\\/\"]}]}<\/script>\n<!-- \/ Yoast SEO plugin. -->","yoast_head_json":{"title":"Sortie C\u00e9vennes depuis Valence 1er juin - Maison pour tous du Petit charran","description":"Journ\u00e9e d\u00e9couverte des C\u00e9vennes : Bambouseraie, ferme et mus\u00e9e. D\u00e9part depuis Valence. R\u00e9servez vite.","robots":{"index":"index","follow":"follow","max-snippet":"max-snippet:-1","max-image-preview":"max-image-preview:large","max-video-preview":"max-video-preview:-1"},"canonical":"https:\/\/mptpetitcharran.fr\/?tribe_events=sortie-cevennes-depuis-valence-1er-juin","og_locale":"fr_FR","og_type":"article","og_title":"Sortie C\u00e9vennes depuis Valence 1er juin - Maison pour tous du Petit charran","og_description":"Journ\u00e9e d\u00e9couverte des C\u00e9vennes : Bambouseraie, ferme et mus\u00e9e. D\u00e9part depuis Valence. R\u00e9servez vite.","og_url":"https:\/\/mptpetitcharran.fr\/?tribe_events=sortie-cevennes-depuis-valence-1er-juin","og_site_name":"Maison pour tous du Petit charran","article_publisher":"https:\/\/www.facebook.com\/mptpetitcharran","og_image":[{"width":724,"height":1024,"url":"https:\/\/mptpetitcharran.fr\/wp-content\/uploads\/2026\/04\/Sortie-voyage--724x1024.png","type":"image\/png"}],"twitter_card":"summary_large_image","twitter_misc":{"Dur\u00e9e de lecture estim\u00e9e":"1 minute"},"schema":{"@context":"https:\/\/schema.org","@graph":[{"@type":"WebPage","@id":"https:\/\/mptpetitcharran.fr\/?tribe_events=sortie-cevennes-depuis-valence-1er-juin","url":"https:\/\/mptpetitcharran.fr\/?tribe_events=sortie-cevennes-depuis-valence-1er-juin","name":"Sortie C\u00e9vennes depuis Valence 1er juin - Maison pour tous du Petit charran","isPartOf":{"@id":"https:\/\/mptpetitcharran.fr\/#website"},"primaryImageOfPage":{"@id":"https:\/\/mptpetitcharran.fr\/?tribe_events=sortie-cevennes-depuis-valence-1er-juin#primaryimage"},"image":{"@id":"https:\/\/mptpetitcharran.fr\/?tribe_events=sortie-cevennes-depuis-valence-1er-juin#primaryimage"},"thumbnailUrl":"https:\/\/mptpetitcharran.fr\/wp-content\/uploads\/2026\/04\/Sortie-voyage-.png","datePublished":"2026-04-30T08:05:07+00:00","description":"Journ\u00e9e d\u00e9couverte des C\u00e9vennes : Bambouseraie, ferme et mus\u00e9e. D\u00e9part depuis Valence. R\u00e9servez vite.","breadcrumb":{"@id":"https:\/\/mptpetitcharran.fr\/?tribe_events=sortie-cevennes-depuis-valence-1er-juin#breadcrumb"},"inLanguage":"fr-FR","potentialAction":[{"@type":"ReadAction","target":["https:\/\/mptpetitcharran.fr\/?tribe_events=sortie-cevennes-depuis-valence-1er-juin"]}]},{"@type":"ImageObject","inLanguage":"fr-FR","@id":"https:\/\/mptpetitcharran.fr\/?tribe_events=sortie-cevennes-depuis-valence-1er-juin#primaryimage","url":"https:\/\/mptpetitcharran.fr\/wp-content\/uploads\/2026\/04\/Sortie-voyage-.png","contentUrl":"https:\/\/mptpetitcharran.fr\/wp-content\/uploads\/2026\/04\/Sortie-voyage-.png","width":1414,"height":2000},{"@type":"BreadcrumbList","@id":"https:\/\/mptpetitcharran.fr\/?tribe_events=sortie-cevennes-depuis-valence-1er-juin#breadcrumb","itemListElement":[{"@type":"ListItem","position":1,"name":"Accueil","item":"https:\/\/mptpetitcharran.fr\/"},{"@type":"ListItem","position":2,"name":"\u00c9v\u00e8nements","item":"https:\/\/mptpetitcharran.fr\/?post_type=tribe_events"},{"@type":"ListItem","position":3,"name":"Sortie C\u00e9vennes depuis Valence 1er juin"}]},{"@type":"WebSite","@id":"https:\/\/mptpetitcharran.fr\/#website","url":"https:\/\/mptpetitcharran.fr\/","name":"Maison pour tous du Petit charran","description":"","publisher":{"@id":"https:\/\/mptpetitcharran.fr\/#organization"},"potentialAction":[{"@type":"SearchAction","target":{"@type":"EntryPoint","urlTemplate":"https:\/\/mptpetitcharran.fr\/?s={search_term_string}"},"query-input":{"@type":"PropertyValueSpecification","valueRequired":true,"valueName":"search_term_string"}}],"inLanguage":"fr-FR"},{"@type":"Organization","@id":"https:\/\/mptpetitcharran.fr\/#organization","name":"Maison pour tous du Petit charran","url":"https:\/\/mptpetitcharran.fr\/","logo":{"@type":"ImageObject","inLanguage":"fr-FR","@id":"https:\/\/mptpetitcharran.fr\/#\/schema\/logo\/image\/","url":"http:\/\/mptpetitcharran.fr\/wp-content\/uploads\/2023\/07\/cropped-logo_mptpc.jpg","contentUrl":"http:\/\/mptpetitcharran.fr\/wp-content\/uploads\/2023\/07\/cropped-logo_mptpc.jpg","width":532,"height":529,"caption":"Maison pour tous du Petit charran"},"image":{"@id":"https:\/\/mptpetitcharran.fr\/#\/schema\/logo\/image\/"},"sameAs":["https:\/\/www.facebook.com\/mptpetitcharran","https:\/\/www.instagram.com\/mptpetitcharran\/"]}]}},"publishpress_future_workflow_manual_trigger":{"enabledWorkflows":[]},"_links":{"self":[{"href":"https:\/\/mptpetitcharran.fr\/index.php?rest_route=\/wp\/v2\/tribe_events\/6990","targetHints":{"allow":["GET"]}}],"collection":[{"href":"https:\/\/mptpetitcharran.fr\/index.php?rest_route=\/wp\/v2\/tribe_events"}],"about":[{"href":"https:\/\/mptpetitcharran.fr\/index.php?rest_route=\/wp\/v2\/types\/tribe_events"}],"author":[{"embeddable":true,"href":"https:\/\/mptpetitcharran.fr\/index.php?rest_route=\/wp\/v2\/users\/1"}],"version-history":[{"count":1,"href":"https:\/\/mptpetitcharran.fr\/index.php?rest_route=\/wp\/v2\/tribe_events\/6990\/revisions"}],"predecessor-version":[{"id":6992,"href":"https:\/\/mptpetitcharran.fr\/index.php?rest_route=\/wp\/v2\/tribe_events\/6990\/revisions\/6992"}],"wp:featuredmedia":[{"embeddable":true,"href":"https:\/\/mptpetitcharran.fr\/index.php?rest_route=\/wp\/v2\/media\/6991"}],"wp:attachment":[{"href":"https:\/\/mptpetitcharran.fr\/index.php?rest_route=%2Fwp%2Fv2%2Fmedia&parent=6990"}],"wp:term":[{"taxonomy":"post_tag","embeddable":true,"href":"https:\/\/mptpetitcharran.fr\/index.php?rest_route=%2Fwp%2Fv2%2Ftags&post=6990"},{"taxonomy":"tribe_events_cat","embeddable":true,"href":"https:\/\/mptpetitcharran.fr\/index.php?rest_route=%2Fwp%2Fv2%2Ftribe_events_cat&post=6990"}],"curies":[{"name":"wp","href":"https:\/\/api.w.org\/{rel}","templated":true}]}}