{"id":6920,"date":"2026-01-27T14:42:10","date_gmt":"2026-01-27T13:42:10","guid":{"rendered":"https:\/\/mptpetitcharran.fr\/?post_type=tribe_events&#038;p=6920"},"modified":"2026-01-27T14:42:10","modified_gmt":"2026-01-27T13:42:10","slug":"exposition-immersive-enfants-0-6-ans-valence","status":"publish","type":"tribe_events","link":"https:\/\/mptpetitcharran.fr\/?tribe_events=exposition-immersive-enfants-0-6-ans-valence","title":{"rendered":"Exposition immersive pour les enfants de 0 \u00e0 6 ans \u00e0 Valence"},"content":{"rendered":"<p data-start=\"2040\" data-end=\"2222\">La Maison pour Tous du Petit Charran accueille une <strong data-start=\"2091\" data-end=\"2147\">exposition immersive d\u00e9di\u00e9e aux enfants de 0 \u00e0 6 ans<\/strong>, le <strong data-start=\"2152\" data-end=\"2187\">mercredi 7 f\u00e9vrier, de 9h \u00e0 12h<\/strong>, au 30 rue Henri Dunant \u00e0 Valence.<\/p>\n<p data-start=\"2224\" data-end=\"2465\">Con\u00e7ue pour favoriser le d\u00e9veloppement des tout-petits, cette exposition propose diff\u00e9rents temps de d\u00e9couverte : jeux libres, parcours de motricit\u00e9, histoires \u00e0 partager, exploration sensorielle et approche des \u00e9motions et des interactions.<\/p>\n<p data-start=\"2467\" data-end=\"2589\">Pens\u00e9e comme un moment de partage entre parents et enfants, l\u2019exposition offre un cadre ludique, s\u00e9curis\u00e9 et bienveillant.<\/p>\n<p data-start=\"2591\" data-end=\"2684\">\ud83d\udc49 Exposition r\u00e9alis\u00e9e par les \u00e9l\u00e8ves du centre de formation ALIA, dans le cadre du CAP AEPE.<\/p>\n","protected":false},"excerpt":{"rendered":"<p>La Maison pour Tous du Petit Charran accueille une exposition immersive d\u00e9di\u00e9e aux enfants de 0 \u00e0 6 ans, le mercredi 7 f\u00e9vrier, de 9h \u00e0 12h, au 30 rue &hellip; <a href=\"https:\/\/mptpetitcharran.fr\/?tribe_events=exposition-immersive-enfants-0-6-ans-valence\" class=\"more-link\">Continue reading <span class=\"screen-reader-text\">Exposition immersive pour les enfants de 0 \u00e0 6 ans \u00e0 Valence<\/span> <span class=\"meta-nav\">&rarr;<\/span><\/a><\/p>\n","protected":false},"author":1,"featured_media":6921,"template":"","meta":{"_tribe_events_status":"","_tribe_events_status_reason":"","footnotes":""},"tags":[],"tribe_events_cat":[40],"class_list":["post-6920","tribe_events","type-tribe_events","status-publish","has-post-thumbnail","hentry","tribe_events_cat-famille","cat_famille"],"yoast_head":"<!-- This site is optimized with the Yoast SEO plugin v27.5 - https:\/\/yoast.com\/product\/yoast-seo-wordpress\/ -->\n<title>Exposition immersive pour les enfants de 0 \u00e0 6 ans \u00e0 Valence - Maison pour tous du Petit charran<\/title>\n<meta name=\"description\" content=\"Exposition immersive pour les enfants de 0 \u00e0 6 ans \u00e0 Valence : jeux, motricit\u00e9 et exploration sensorielle, mercredi 7 f\u00e9vrier \u00e0 la MPT Petit Charran.\" \/>\n<meta name=\"robots\" content=\"index, follow, max-snippet:-1, max-image-preview:large, max-video-preview:-1\" \/>\n<link rel=\"canonical\" href=\"https:\/\/mptpetitcharran.fr\/?tribe_events=exposition-immersive-enfants-0-6-ans-valence\" \/>\n<meta property=\"og:locale\" content=\"fr_FR\" \/>\n<meta property=\"og:type\" content=\"article\" \/>\n<meta property=\"og:title\" content=\"Exposition immersive pour les enfants de 0 \u00e0 6 ans \u00e0 Valence - Maison pour tous du Petit charran\" \/>\n<meta property=\"og:description\" content=\"Exposition immersive pour les enfants de 0 \u00e0 6 ans \u00e0 Valence : jeux, motricit\u00e9 et exploration sensorielle, mercredi 7 f\u00e9vrier \u00e0 la MPT Petit Charran.\" \/>\n<meta property=\"og:url\" content=\"https:\/\/mptpetitcharran.fr\/?tribe_events=exposition-immersive-enfants-0-6-ans-valence\" \/>\n<meta property=\"og:site_name\" content=\"Maison pour tous du Petit charran\" \/>\n<meta property=\"article:publisher\" content=\"https:\/\/www.facebook.com\/mptpetitcharran\" \/>\n<meta property=\"og:image\" content=\"https:\/\/mptpetitcharran.fr\/wp-content\/uploads\/2026\/01\/FLYER-CHEF-DOEUVRE.png\" \/>\n\t<meta property=\"og:image:width\" content=\"1588\" \/>\n\t<meta property=\"og:image:height\" content=\"2245\" \/>\n\t<meta property=\"og:image:type\" content=\"image\/png\" \/>\n<meta name=\"twitter:card\" content=\"summary_large_image\" \/>\n<meta name=\"twitter:label1\" content=\"Dur\u00e9e de lecture estim\u00e9e\" \/>\n\t<meta name=\"twitter:data1\" content=\"1 minute\" \/>\n<script type=\"application\/ld+json\" class=\"yoast-schema-graph\">{\"@context\":\"https:\\\/\\\/schema.org\",\"@graph\":[{\"@type\":\"WebPage\",\"@id\":\"https:\\\/\\\/mptpetitcharran.fr\\\/?tribe_events=exposition-immersive-enfants-0-6-ans-valence\",\"url\":\"https:\\\/\\\/mptpetitcharran.fr\\\/?tribe_events=exposition-immersive-enfants-0-6-ans-valence\",\"name\":\"Exposition immersive pour les enfants de 0 \u00e0 6 ans \u00e0 Valence - Maison pour tous du Petit charran\",\"isPartOf\":{\"@id\":\"https:\\\/\\\/mptpetitcharran.fr\\\/#website\"},\"primaryImageOfPage\":{\"@id\":\"https:\\\/\\\/mptpetitcharran.fr\\\/?tribe_events=exposition-immersive-enfants-0-6-ans-valence#primaryimage\"},\"image\":{\"@id\":\"https:\\\/\\\/mptpetitcharran.fr\\\/?tribe_events=exposition-immersive-enfants-0-6-ans-valence#primaryimage\"},\"thumbnailUrl\":\"https:\\\/\\\/mptpetitcharran.fr\\\/wp-content\\\/uploads\\\/2026\\\/01\\\/FLYER-CHEF-DOEUVRE.png\",\"datePublished\":\"2026-01-27T13:42:10+00:00\",\"description\":\"Exposition immersive pour les enfants de 0 \u00e0 6 ans \u00e0 Valence : jeux, motricit\u00e9 et exploration sensorielle, mercredi 7 f\u00e9vrier \u00e0 la MPT Petit Charran.\",\"breadcrumb\":{\"@id\":\"https:\\\/\\\/mptpetitcharran.fr\\\/?tribe_events=exposition-immersive-enfants-0-6-ans-valence#breadcrumb\"},\"inLanguage\":\"fr-FR\",\"potentialAction\":[{\"@type\":\"ReadAction\",\"target\":[\"https:\\\/\\\/mptpetitcharran.fr\\\/?tribe_events=exposition-immersive-enfants-0-6-ans-valence\"]}]},{\"@type\":\"ImageObject\",\"inLanguage\":\"fr-FR\",\"@id\":\"https:\\\/\\\/mptpetitcharran.fr\\\/?tribe_events=exposition-immersive-enfants-0-6-ans-valence#primaryimage\",\"url\":\"https:\\\/\\\/mptpetitcharran.fr\\\/wp-content\\\/uploads\\\/2026\\\/01\\\/FLYER-CHEF-DOEUVRE.png\",\"contentUrl\":\"https:\\\/\\\/mptpetitcharran.fr\\\/wp-content\\\/uploads\\\/2026\\\/01\\\/FLYER-CHEF-DOEUVRE.png\",\"width\":1588,\"height\":2245},{\"@type\":\"BreadcrumbList\",\"@id\":\"https:\\\/\\\/mptpetitcharran.fr\\\/?tribe_events=exposition-immersive-enfants-0-6-ans-valence#breadcrumb\",\"itemListElement\":[{\"@type\":\"ListItem\",\"position\":1,\"name\":\"Accueil\",\"item\":\"https:\\\/\\\/mptpetitcharran.fr\\\/\"},{\"@type\":\"ListItem\",\"position\":2,\"name\":\"\u00c9v\u00e8nements\",\"item\":\"https:\\\/\\\/mptpetitcharran.fr\\\/?post_type=tribe_events\"},{\"@type\":\"ListItem\",\"position\":3,\"name\":\"Exposition immersive pour les enfants de 0 \u00e0 6 ans \u00e0 Valence\"}]},{\"@type\":\"WebSite\",\"@id\":\"https:\\\/\\\/mptpetitcharran.fr\\\/#website\",\"url\":\"https:\\\/\\\/mptpetitcharran.fr\\\/\",\"name\":\"Maison pour tous du Petit charran\",\"description\":\"\",\"publisher\":{\"@id\":\"https:\\\/\\\/mptpetitcharran.fr\\\/#organization\"},\"potentialAction\":[{\"@type\":\"SearchAction\",\"target\":{\"@type\":\"EntryPoint\",\"urlTemplate\":\"https:\\\/\\\/mptpetitcharran.fr\\\/?s={search_term_string}\"},\"query-input\":{\"@type\":\"PropertyValueSpecification\",\"valueRequired\":true,\"valueName\":\"search_term_string\"}}],\"inLanguage\":\"fr-FR\"},{\"@type\":\"Organization\",\"@id\":\"https:\\\/\\\/mptpetitcharran.fr\\\/#organization\",\"name\":\"Maison pour tous du Petit charran\",\"url\":\"https:\\\/\\\/mptpetitcharran.fr\\\/\",\"logo\":{\"@type\":\"ImageObject\",\"inLanguage\":\"fr-FR\",\"@id\":\"https:\\\/\\\/mptpetitcharran.fr\\\/#\\\/schema\\\/logo\\\/image\\\/\",\"url\":\"http:\\\/\\\/mptpetitcharran.fr\\\/wp-content\\\/uploads\\\/2023\\\/07\\\/cropped-logo_mptpc.jpg\",\"contentUrl\":\"http:\\\/\\\/mptpetitcharran.fr\\\/wp-content\\\/uploads\\\/2023\\\/07\\\/cropped-logo_mptpc.jpg\",\"width\":532,\"height\":529,\"caption\":\"Maison pour tous du Petit charran\"},\"image\":{\"@id\":\"https:\\\/\\\/mptpetitcharran.fr\\\/#\\\/schema\\\/logo\\\/image\\\/\"},\"sameAs\":[\"https:\\\/\\\/www.facebook.com\\\/mptpetitcharran\",\"https:\\\/\\\/www.instagram.com\\\/mptpetitcharran\\\/\"]}]}<\/script>\n<!-- \/ Yoast SEO plugin. -->","yoast_head_json":{"title":"Exposition immersive pour les enfants de 0 \u00e0 6 ans \u00e0 Valence - Maison pour tous du Petit charran","description":"Exposition immersive pour les enfants de 0 \u00e0 6 ans \u00e0 Valence : jeux, motricit\u00e9 et exploration sensorielle, mercredi 7 f\u00e9vrier \u00e0 la MPT Petit Charran.","robots":{"index":"index","follow":"follow","max-snippet":"max-snippet:-1","max-image-preview":"max-image-preview:large","max-video-preview":"max-video-preview:-1"},"canonical":"https:\/\/mptpetitcharran.fr\/?tribe_events=exposition-immersive-enfants-0-6-ans-valence","og_locale":"fr_FR","og_type":"article","og_title":"Exposition immersive pour les enfants de 0 \u00e0 6 ans \u00e0 Valence - Maison pour tous du Petit charran","og_description":"Exposition immersive pour les enfants de 0 \u00e0 6 ans \u00e0 Valence : jeux, motricit\u00e9 et exploration sensorielle, mercredi 7 f\u00e9vrier \u00e0 la MPT Petit Charran.","og_url":"https:\/\/mptpetitcharran.fr\/?tribe_events=exposition-immersive-enfants-0-6-ans-valence","og_site_name":"Maison pour tous du Petit charran","article_publisher":"https:\/\/www.facebook.com\/mptpetitcharran","og_image":[{"width":1588,"height":2245,"url":"https:\/\/mptpetitcharran.fr\/wp-content\/uploads\/2026\/01\/FLYER-CHEF-DOEUVRE.png","type":"image\/png"}],"twitter_card":"summary_large_image","twitter_misc":{"Dur\u00e9e de lecture estim\u00e9e":"1 minute"},"schema":{"@context":"https:\/\/schema.org","@graph":[{"@type":"WebPage","@id":"https:\/\/mptpetitcharran.fr\/?tribe_events=exposition-immersive-enfants-0-6-ans-valence","url":"https:\/\/mptpetitcharran.fr\/?tribe_events=exposition-immersive-enfants-0-6-ans-valence","name":"Exposition immersive pour les enfants de 0 \u00e0 6 ans \u00e0 Valence - Maison pour tous du Petit charran","isPartOf":{"@id":"https:\/\/mptpetitcharran.fr\/#website"},"primaryImageOfPage":{"@id":"https:\/\/mptpetitcharran.fr\/?tribe_events=exposition-immersive-enfants-0-6-ans-valence#primaryimage"},"image":{"@id":"https:\/\/mptpetitcharran.fr\/?tribe_events=exposition-immersive-enfants-0-6-ans-valence#primaryimage"},"thumbnailUrl":"https:\/\/mptpetitcharran.fr\/wp-content\/uploads\/2026\/01\/FLYER-CHEF-DOEUVRE.png","datePublished":"2026-01-27T13:42:10+00:00","description":"Exposition immersive pour les enfants de 0 \u00e0 6 ans \u00e0 Valence : jeux, motricit\u00e9 et exploration sensorielle, mercredi 7 f\u00e9vrier \u00e0 la MPT Petit Charran.","breadcrumb":{"@id":"https:\/\/mptpetitcharran.fr\/?tribe_events=exposition-immersive-enfants-0-6-ans-valence#breadcrumb"},"inLanguage":"fr-FR","potentialAction":[{"@type":"ReadAction","target":["https:\/\/mptpetitcharran.fr\/?tribe_events=exposition-immersive-enfants-0-6-ans-valence"]}]},{"@type":"ImageObject","inLanguage":"fr-FR","@id":"https:\/\/mptpetitcharran.fr\/?tribe_events=exposition-immersive-enfants-0-6-ans-valence#primaryimage","url":"https:\/\/mptpetitcharran.fr\/wp-content\/uploads\/2026\/01\/FLYER-CHEF-DOEUVRE.png","contentUrl":"https:\/\/mptpetitcharran.fr\/wp-content\/uploads\/2026\/01\/FLYER-CHEF-DOEUVRE.png","width":1588,"height":2245},{"@type":"BreadcrumbList","@id":"https:\/\/mptpetitcharran.fr\/?tribe_events=exposition-immersive-enfants-0-6-ans-valence#breadcrumb","itemListElement":[{"@type":"ListItem","position":1,"name":"Accueil","item":"https:\/\/mptpetitcharran.fr\/"},{"@type":"ListItem","position":2,"name":"\u00c9v\u00e8nements","item":"https:\/\/mptpetitcharran.fr\/?post_type=tribe_events"},{"@type":"ListItem","position":3,"name":"Exposition immersive pour les enfants de 0 \u00e0 6 ans \u00e0 Valence"}]},{"@type":"WebSite","@id":"https:\/\/mptpetitcharran.fr\/#website","url":"https:\/\/mptpetitcharran.fr\/","name":"Maison pour tous du Petit charran","description":"","publisher":{"@id":"https:\/\/mptpetitcharran.fr\/#organization"},"potentialAction":[{"@type":"SearchAction","target":{"@type":"EntryPoint","urlTemplate":"https:\/\/mptpetitcharran.fr\/?s={search_term_string}"},"query-input":{"@type":"PropertyValueSpecification","valueRequired":true,"valueName":"search_term_string"}}],"inLanguage":"fr-FR"},{"@type":"Organization","@id":"https:\/\/mptpetitcharran.fr\/#organization","name":"Maison pour tous du Petit charran","url":"https:\/\/mptpetitcharran.fr\/","logo":{"@type":"ImageObject","inLanguage":"fr-FR","@id":"https:\/\/mptpetitcharran.fr\/#\/schema\/logo\/image\/","url":"http:\/\/mptpetitcharran.fr\/wp-content\/uploads\/2023\/07\/cropped-logo_mptpc.jpg","contentUrl":"http:\/\/mptpetitcharran.fr\/wp-content\/uploads\/2023\/07\/cropped-logo_mptpc.jpg","width":532,"height":529,"caption":"Maison pour tous du Petit charran"},"image":{"@id":"https:\/\/mptpetitcharran.fr\/#\/schema\/logo\/image\/"},"sameAs":["https:\/\/www.facebook.com\/mptpetitcharran","https:\/\/www.instagram.com\/mptpetitcharran\/"]}]}},"publishpress_future_workflow_manual_trigger":{"enabledWorkflows":[]},"_links":{"self":[{"href":"https:\/\/mptpetitcharran.fr\/index.php?rest_route=\/wp\/v2\/tribe_events\/6920","targetHints":{"allow":["GET"]}}],"collection":[{"href":"https:\/\/mptpetitcharran.fr\/index.php?rest_route=\/wp\/v2\/tribe_events"}],"about":[{"href":"https:\/\/mptpetitcharran.fr\/index.php?rest_route=\/wp\/v2\/types\/tribe_events"}],"author":[{"embeddable":true,"href":"https:\/\/mptpetitcharran.fr\/index.php?rest_route=\/wp\/v2\/users\/1"}],"version-history":[{"count":1,"href":"https:\/\/mptpetitcharran.fr\/index.php?rest_route=\/wp\/v2\/tribe_events\/6920\/revisions"}],"predecessor-version":[{"id":6922,"href":"https:\/\/mptpetitcharran.fr\/index.php?rest_route=\/wp\/v2\/tribe_events\/6920\/revisions\/6922"}],"wp:featuredmedia":[{"embeddable":true,"href":"https:\/\/mptpetitcharran.fr\/index.php?rest_route=\/wp\/v2\/media\/6921"}],"wp:attachment":[{"href":"https:\/\/mptpetitcharran.fr\/index.php?rest_route=%2Fwp%2Fv2%2Fmedia&parent=6920"}],"wp:term":[{"taxonomy":"post_tag","embeddable":true,"href":"https:\/\/mptpetitcharran.fr\/index.php?rest_route=%2Fwp%2Fv2%2Ftags&post=6920"},{"taxonomy":"tribe_events_cat","embeddable":true,"href":"https:\/\/mptpetitcharran.fr\/index.php?rest_route=%2Fwp%2Fv2%2Ftribe_events_cat&post=6920"}],"curies":[{"name":"wp","href":"https:\/\/api.w.org\/{rel}","templated":true}]}}