{"id":6840,"date":"2025-12-09T09:42:13","date_gmt":"2025-12-09T08:42:13","guid":{"rendered":"https:\/\/mptpetitcharran.fr\/?post_type=tribe_events&#038;p=6840"},"modified":"2025-12-09T09:42:13","modified_gmt":"2025-12-09T08:42:13","slug":"rendez-vous-des-benevoles","status":"publish","type":"tribe_events","link":"https:\/\/mptpetitcharran.fr\/?tribe_events=rendez-vous-des-benevoles","title":{"rendered":"Rendez-vous des b\u00e9n\u00e9voles"},"content":{"rendered":"<p>Le <strong>Rendez-vous des b\u00e9n\u00e9voles<\/strong> est un moment phare de la vie associative du Petit Charran. Chaque ann\u00e9e, cette soir\u00e9e rassemble les habitants, les b\u00e9n\u00e9voles actuels et toutes celles et ceux qui souhaitent d\u00e9couvrir la dynamique collective de la Maison pour Tous.<\/p>\n<p>Autour d\u2019un <strong>repas partag\u00e9<\/strong>, l\u2019ambiance est conviviale et propice aux \u00e9changes. C\u2019est l\u2019occasion de faire le point sur les projets en cours, d\u2019imaginer de nouvelles initiatives et de renforcer les liens entre les participants. Au programme de cette \u00e9dition\u202f:<\/p>\n<ul>\n<li>Organisation du <strong>Gaming Time<\/strong>, un temps d\u00e9di\u00e9 aux jeunes et aux passionn\u00e9s de jeux vid\u00e9o.<\/li>\n<li>Lancement de <strong>stages artistiques<\/strong> pour renouveler et dynamiser le journal du quartier.<\/li>\n<li>Cr\u00e9ation d\u2019une <strong>commission culture<\/strong>, ouverte \u00e0 toutes les bonnes volont\u00e9s.<\/li>\n<\/ul>\n<p>Ce rendez-vous est aussi une porte d\u2019entr\u00e9e id\u00e9ale pour celles et ceux qui n\u2019ont pas encore franchi le pas du b\u00e9n\u00e9volat. Vous pourrez rencontrer l\u2019\u00e9quipe, d\u00e9couvrir les projets, partager vos id\u00e9es et rejoindre une aventure collective qui fait vivre le quartier.<\/p>\n<p>\ud83d\udc49 <strong>Venez comme vous \u00eates, avec vos envies et votre \u00e9nergie\u202f: chaque contribution compte pour construire ensemble les projets de demain.<\/strong><\/p>\n","protected":false},"excerpt":{"rendered":"<p>Le Rendez-vous des b\u00e9n\u00e9voles est un moment phare de la vie associative du Petit Charran. Chaque ann\u00e9e, cette soir\u00e9e rassemble les habitants, les b\u00e9n\u00e9voles actuels et toutes celles et ceux &hellip; <a href=\"https:\/\/mptpetitcharran.fr\/?tribe_events=rendez-vous-des-benevoles\" class=\"more-link\">Continue reading <span class=\"screen-reader-text\">Rendez-vous des b\u00e9n\u00e9voles<\/span> <span class=\"meta-nav\">&rarr;<\/span><\/a><\/p>\n","protected":false},"author":1,"featured_media":6841,"template":"","meta":{"_tribe_events_status":"","_tribe_events_status_reason":"","footnotes":""},"tags":[],"tribe_events_cat":[],"class_list":["post-6840","tribe_events","type-tribe_events","status-publish","has-post-thumbnail","hentry"],"yoast_head":"<!-- This site is optimized with the Yoast SEO plugin v27.5 - https:\/\/yoast.com\/product\/yoast-seo-wordpress\/ -->\n<title>Rendez-vous des b\u00e9n\u00e9voles - Maison pour tous du Petit charran<\/title>\n<meta name=\"description\" content=\"Participez au rendez-vous des b\u00e9n\u00e9voles \u00e0 la MPT Petit Charran : repas partag\u00e9 et projets collectifs.\" \/>\n<meta name=\"robots\" content=\"index, follow, max-snippet:-1, max-image-preview:large, max-video-preview:-1\" \/>\n<link rel=\"canonical\" href=\"https:\/\/mptpetitcharran.fr\/?tribe_events=rendez-vous-des-benevoles\" \/>\n<meta property=\"og:locale\" content=\"fr_FR\" \/>\n<meta property=\"og:type\" content=\"article\" \/>\n<meta property=\"og:title\" content=\"Rendez-vous des b\u00e9n\u00e9voles - Maison pour tous du Petit charran\" \/>\n<meta property=\"og:description\" content=\"Participez au rendez-vous des b\u00e9n\u00e9voles \u00e0 la MPT Petit Charran : repas partag\u00e9 et projets collectifs.\" \/>\n<meta property=\"og:url\" content=\"https:\/\/mptpetitcharran.fr\/?tribe_events=rendez-vous-des-benevoles\" \/>\n<meta property=\"og:site_name\" content=\"Maison pour tous du Petit charran\" \/>\n<meta property=\"article:publisher\" content=\"https:\/\/www.facebook.com\/mptpetitcharran\" \/>\n<meta property=\"og:image\" content=\"https:\/\/mptpetitcharran.fr\/wp-content\/uploads\/2025\/12\/Le-rendez-vous-des-benevoles.png\" \/>\n\t<meta property=\"og:image:width\" content=\"1414\" \/>\n\t<meta property=\"og:image:height\" content=\"2000\" \/>\n\t<meta property=\"og:image:type\" content=\"image\/png\" \/>\n<meta name=\"twitter:card\" content=\"summary_large_image\" \/>\n<meta name=\"twitter:label1\" content=\"Dur\u00e9e de lecture estim\u00e9e\" \/>\n\t<meta name=\"twitter:data1\" content=\"2 minutes\" \/>\n<script type=\"application\/ld+json\" class=\"yoast-schema-graph\">{\"@context\":\"https:\\\/\\\/schema.org\",\"@graph\":[{\"@type\":\"WebPage\",\"@id\":\"https:\\\/\\\/mptpetitcharran.fr\\\/?tribe_events=rendez-vous-des-benevoles\",\"url\":\"https:\\\/\\\/mptpetitcharran.fr\\\/?tribe_events=rendez-vous-des-benevoles\",\"name\":\"Rendez-vous des b\u00e9n\u00e9voles - Maison pour tous du Petit charran\",\"isPartOf\":{\"@id\":\"https:\\\/\\\/mptpetitcharran.fr\\\/#website\"},\"primaryImageOfPage\":{\"@id\":\"https:\\\/\\\/mptpetitcharran.fr\\\/?tribe_events=rendez-vous-des-benevoles#primaryimage\"},\"image\":{\"@id\":\"https:\\\/\\\/mptpetitcharran.fr\\\/?tribe_events=rendez-vous-des-benevoles#primaryimage\"},\"thumbnailUrl\":\"https:\\\/\\\/mptpetitcharran.fr\\\/wp-content\\\/uploads\\\/2025\\\/12\\\/Le-rendez-vous-des-benevoles.png\",\"datePublished\":\"2025-12-09T08:42:13+00:00\",\"description\":\"Participez au rendez-vous des b\u00e9n\u00e9voles \u00e0 la MPT Petit Charran : repas partag\u00e9 et projets collectifs.\",\"breadcrumb\":{\"@id\":\"https:\\\/\\\/mptpetitcharran.fr\\\/?tribe_events=rendez-vous-des-benevoles#breadcrumb\"},\"inLanguage\":\"fr-FR\",\"potentialAction\":[{\"@type\":\"ReadAction\",\"target\":[\"https:\\\/\\\/mptpetitcharran.fr\\\/?tribe_events=rendez-vous-des-benevoles\"]}]},{\"@type\":\"ImageObject\",\"inLanguage\":\"fr-FR\",\"@id\":\"https:\\\/\\\/mptpetitcharran.fr\\\/?tribe_events=rendez-vous-des-benevoles#primaryimage\",\"url\":\"https:\\\/\\\/mptpetitcharran.fr\\\/wp-content\\\/uploads\\\/2025\\\/12\\\/Le-rendez-vous-des-benevoles.png\",\"contentUrl\":\"https:\\\/\\\/mptpetitcharran.fr\\\/wp-content\\\/uploads\\\/2025\\\/12\\\/Le-rendez-vous-des-benevoles.png\",\"width\":1414,\"height\":2000},{\"@type\":\"BreadcrumbList\",\"@id\":\"https:\\\/\\\/mptpetitcharran.fr\\\/?tribe_events=rendez-vous-des-benevoles#breadcrumb\",\"itemListElement\":[{\"@type\":\"ListItem\",\"position\":1,\"name\":\"Accueil\",\"item\":\"https:\\\/\\\/mptpetitcharran.fr\\\/\"},{\"@type\":\"ListItem\",\"position\":2,\"name\":\"\u00c9v\u00e8nements\",\"item\":\"https:\\\/\\\/mptpetitcharran.fr\\\/?post_type=tribe_events\"},{\"@type\":\"ListItem\",\"position\":3,\"name\":\"Rendez-vous des b\u00e9n\u00e9voles\"}]},{\"@type\":\"WebSite\",\"@id\":\"https:\\\/\\\/mptpetitcharran.fr\\\/#website\",\"url\":\"https:\\\/\\\/mptpetitcharran.fr\\\/\",\"name\":\"Maison pour tous du Petit charran\",\"description\":\"\",\"publisher\":{\"@id\":\"https:\\\/\\\/mptpetitcharran.fr\\\/#organization\"},\"potentialAction\":[{\"@type\":\"SearchAction\",\"target\":{\"@type\":\"EntryPoint\",\"urlTemplate\":\"https:\\\/\\\/mptpetitcharran.fr\\\/?s={search_term_string}\"},\"query-input\":{\"@type\":\"PropertyValueSpecification\",\"valueRequired\":true,\"valueName\":\"search_term_string\"}}],\"inLanguage\":\"fr-FR\"},{\"@type\":\"Organization\",\"@id\":\"https:\\\/\\\/mptpetitcharran.fr\\\/#organization\",\"name\":\"Maison pour tous du Petit charran\",\"url\":\"https:\\\/\\\/mptpetitcharran.fr\\\/\",\"logo\":{\"@type\":\"ImageObject\",\"inLanguage\":\"fr-FR\",\"@id\":\"https:\\\/\\\/mptpetitcharran.fr\\\/#\\\/schema\\\/logo\\\/image\\\/\",\"url\":\"http:\\\/\\\/mptpetitcharran.fr\\\/wp-content\\\/uploads\\\/2023\\\/07\\\/cropped-logo_mptpc.jpg\",\"contentUrl\":\"http:\\\/\\\/mptpetitcharran.fr\\\/wp-content\\\/uploads\\\/2023\\\/07\\\/cropped-logo_mptpc.jpg\",\"width\":532,\"height\":529,\"caption\":\"Maison pour tous du Petit charran\"},\"image\":{\"@id\":\"https:\\\/\\\/mptpetitcharran.fr\\\/#\\\/schema\\\/logo\\\/image\\\/\"},\"sameAs\":[\"https:\\\/\\\/www.facebook.com\\\/mptpetitcharran\",\"https:\\\/\\\/www.instagram.com\\\/mptpetitcharran\\\/\"]}]}<\/script>\n<!-- \/ Yoast SEO plugin. -->","yoast_head_json":{"title":"Rendez-vous des b\u00e9n\u00e9voles - Maison pour tous du Petit charran","description":"Participez au rendez-vous des b\u00e9n\u00e9voles \u00e0 la MPT Petit Charran : repas partag\u00e9 et projets collectifs.","robots":{"index":"index","follow":"follow","max-snippet":"max-snippet:-1","max-image-preview":"max-image-preview:large","max-video-preview":"max-video-preview:-1"},"canonical":"https:\/\/mptpetitcharran.fr\/?tribe_events=rendez-vous-des-benevoles","og_locale":"fr_FR","og_type":"article","og_title":"Rendez-vous des b\u00e9n\u00e9voles - Maison pour tous du Petit charran","og_description":"Participez au rendez-vous des b\u00e9n\u00e9voles \u00e0 la MPT Petit Charran : repas partag\u00e9 et projets collectifs.","og_url":"https:\/\/mptpetitcharran.fr\/?tribe_events=rendez-vous-des-benevoles","og_site_name":"Maison pour tous du Petit charran","article_publisher":"https:\/\/www.facebook.com\/mptpetitcharran","og_image":[{"width":1414,"height":2000,"url":"https:\/\/mptpetitcharran.fr\/wp-content\/uploads\/2025\/12\/Le-rendez-vous-des-benevoles.png","type":"image\/png"}],"twitter_card":"summary_large_image","twitter_misc":{"Dur\u00e9e de lecture estim\u00e9e":"2 minutes"},"schema":{"@context":"https:\/\/schema.org","@graph":[{"@type":"WebPage","@id":"https:\/\/mptpetitcharran.fr\/?tribe_events=rendez-vous-des-benevoles","url":"https:\/\/mptpetitcharran.fr\/?tribe_events=rendez-vous-des-benevoles","name":"Rendez-vous des b\u00e9n\u00e9voles - Maison pour tous du Petit charran","isPartOf":{"@id":"https:\/\/mptpetitcharran.fr\/#website"},"primaryImageOfPage":{"@id":"https:\/\/mptpetitcharran.fr\/?tribe_events=rendez-vous-des-benevoles#primaryimage"},"image":{"@id":"https:\/\/mptpetitcharran.fr\/?tribe_events=rendez-vous-des-benevoles#primaryimage"},"thumbnailUrl":"https:\/\/mptpetitcharran.fr\/wp-content\/uploads\/2025\/12\/Le-rendez-vous-des-benevoles.png","datePublished":"2025-12-09T08:42:13+00:00","description":"Participez au rendez-vous des b\u00e9n\u00e9voles \u00e0 la MPT Petit Charran : repas partag\u00e9 et projets collectifs.","breadcrumb":{"@id":"https:\/\/mptpetitcharran.fr\/?tribe_events=rendez-vous-des-benevoles#breadcrumb"},"inLanguage":"fr-FR","potentialAction":[{"@type":"ReadAction","target":["https:\/\/mptpetitcharran.fr\/?tribe_events=rendez-vous-des-benevoles"]}]},{"@type":"ImageObject","inLanguage":"fr-FR","@id":"https:\/\/mptpetitcharran.fr\/?tribe_events=rendez-vous-des-benevoles#primaryimage","url":"https:\/\/mptpetitcharran.fr\/wp-content\/uploads\/2025\/12\/Le-rendez-vous-des-benevoles.png","contentUrl":"https:\/\/mptpetitcharran.fr\/wp-content\/uploads\/2025\/12\/Le-rendez-vous-des-benevoles.png","width":1414,"height":2000},{"@type":"BreadcrumbList","@id":"https:\/\/mptpetitcharran.fr\/?tribe_events=rendez-vous-des-benevoles#breadcrumb","itemListElement":[{"@type":"ListItem","position":1,"name":"Accueil","item":"https:\/\/mptpetitcharran.fr\/"},{"@type":"ListItem","position":2,"name":"\u00c9v\u00e8nements","item":"https:\/\/mptpetitcharran.fr\/?post_type=tribe_events"},{"@type":"ListItem","position":3,"name":"Rendez-vous des b\u00e9n\u00e9voles"}]},{"@type":"WebSite","@id":"https:\/\/mptpetitcharran.fr\/#website","url":"https:\/\/mptpetitcharran.fr\/","name":"Maison pour tous du Petit charran","description":"","publisher":{"@id":"https:\/\/mptpetitcharran.fr\/#organization"},"potentialAction":[{"@type":"SearchAction","target":{"@type":"EntryPoint","urlTemplate":"https:\/\/mptpetitcharran.fr\/?s={search_term_string}"},"query-input":{"@type":"PropertyValueSpecification","valueRequired":true,"valueName":"search_term_string"}}],"inLanguage":"fr-FR"},{"@type":"Organization","@id":"https:\/\/mptpetitcharran.fr\/#organization","name":"Maison pour tous du Petit charran","url":"https:\/\/mptpetitcharran.fr\/","logo":{"@type":"ImageObject","inLanguage":"fr-FR","@id":"https:\/\/mptpetitcharran.fr\/#\/schema\/logo\/image\/","url":"http:\/\/mptpetitcharran.fr\/wp-content\/uploads\/2023\/07\/cropped-logo_mptpc.jpg","contentUrl":"http:\/\/mptpetitcharran.fr\/wp-content\/uploads\/2023\/07\/cropped-logo_mptpc.jpg","width":532,"height":529,"caption":"Maison pour tous du Petit charran"},"image":{"@id":"https:\/\/mptpetitcharran.fr\/#\/schema\/logo\/image\/"},"sameAs":["https:\/\/www.facebook.com\/mptpetitcharran","https:\/\/www.instagram.com\/mptpetitcharran\/"]}]}},"publishpress_future_workflow_manual_trigger":{"enabledWorkflows":[]},"_links":{"self":[{"href":"https:\/\/mptpetitcharran.fr\/index.php?rest_route=\/wp\/v2\/tribe_events\/6840","targetHints":{"allow":["GET"]}}],"collection":[{"href":"https:\/\/mptpetitcharran.fr\/index.php?rest_route=\/wp\/v2\/tribe_events"}],"about":[{"href":"https:\/\/mptpetitcharran.fr\/index.php?rest_route=\/wp\/v2\/types\/tribe_events"}],"author":[{"embeddable":true,"href":"https:\/\/mptpetitcharran.fr\/index.php?rest_route=\/wp\/v2\/users\/1"}],"version-history":[{"count":1,"href":"https:\/\/mptpetitcharran.fr\/index.php?rest_route=\/wp\/v2\/tribe_events\/6840\/revisions"}],"predecessor-version":[{"id":6842,"href":"https:\/\/mptpetitcharran.fr\/index.php?rest_route=\/wp\/v2\/tribe_events\/6840\/revisions\/6842"}],"wp:featuredmedia":[{"embeddable":true,"href":"https:\/\/mptpetitcharran.fr\/index.php?rest_route=\/wp\/v2\/media\/6841"}],"wp:attachment":[{"href":"https:\/\/mptpetitcharran.fr\/index.php?rest_route=%2Fwp%2Fv2%2Fmedia&parent=6840"}],"wp:term":[{"taxonomy":"post_tag","embeddable":true,"href":"https:\/\/mptpetitcharran.fr\/index.php?rest_route=%2Fwp%2Fv2%2Ftags&post=6840"},{"taxonomy":"tribe_events_cat","embeddable":true,"href":"https:\/\/mptpetitcharran.fr\/index.php?rest_route=%2Fwp%2Fv2%2Ftribe_events_cat&post=6840"}],"curies":[{"name":"wp","href":"https:\/\/api.w.org\/{rel}","templated":true}]}}