{"id":6822,"date":"2025-10-30T14:37:24","date_gmt":"2025-10-30T13:37:24","guid":{"rendered":"https:\/\/mptpetitcharran.fr\/?post_type=tribe_events&#038;p=6822"},"modified":"2025-11-13T15:49:04","modified_gmt":"2025-11-13T14:49:04","slug":"vacances-fin-dannee-atelier-parents-enfants","status":"publish","type":"tribe_events","link":"https:\/\/mptpetitcharran.fr\/?tribe_events=vacances-fin-dannee-atelier-parents-enfants","title":{"rendered":"Ateliers parents-enfants vacances de fin d&rsquo;ann\u00e9e"},"content":{"rendered":"<p align=\"left\" data-maileon-wysiwyg=\"true\"><span data-maileon-wysiwyg=\"true\">Profitez des vacances pour partager un moment cr\u00e9atif avec vos enfants ou petits-enfants !\u00a0<br data-maileon-wysiwyg=\"true\" \/>Au programme : construction d&rsquo;une maisonnette en carton \u00e0 d\u00e9corer ensemble, suivie d&rsquo;un go\u00fbter festif. Une apr\u00e8s-midi conviviale pour ralentir le rythme de d\u00e9cembre et cr\u00e9er de jolis souvenirs en famille.<\/span><\/p>\n<p align=\"left\" data-maileon-wysiwyg=\"true\"><span data-maileon-wysiwyg=\"true\">\ud83d\udcb0 Tarif : 15 \u20ac pour toute l\u2019ann\u00e9e + adh\u00e9sion famille (24 \u20ac)\u00a0<\/span><\/p>\n<p align=\"left\" data-maileon-wysiwyg=\"true\"><span data-maileon-wysiwyg=\"true\">\ud83d\udccc Infos &amp; inscriptions :\u00a0<\/span><\/p>\n<p align=\"left\" data-maileon-wysiwyg=\"true\"><span data-maileon-wysiwyg=\"true\">Magali Duval \u2013 04 12 04 12 62\u00a0<\/span><\/p>\n<p align=\"left\" data-maileon-wysiwyg=\"true\"><span data-maileon-wysiwyg=\"true\">\ud83d\udce7 famille@mptpetitcharran.org<\/span><\/p>\n","protected":false},"excerpt":{"rendered":"<p>Profitez des vacances pour partager un moment cr\u00e9atif avec vos enfants ou petits-enfants !\u00a0Au programme : construction d&rsquo;une maisonnette en carton \u00e0 d\u00e9corer ensemble, suivie d&rsquo;un go\u00fbter festif. Une apr\u00e8s-midi &hellip; <a href=\"https:\/\/mptpetitcharran.fr\/?tribe_events=vacances-fin-dannee-atelier-parents-enfants\" class=\"more-link\">Continue reading <span class=\"screen-reader-text\">Ateliers parents-enfants vacances de fin d&rsquo;ann\u00e9e<\/span> <span class=\"meta-nav\">&rarr;<\/span><\/a><\/p>\n","protected":false},"author":1,"featured_media":6823,"template":"","meta":{"_tribe_events_status":"","_tribe_events_status_reason":"","footnotes":""},"tags":[],"tribe_events_cat":[],"class_list":["post-6822","tribe_events","type-tribe_events","status-publish","has-post-thumbnail","hentry"],"yoast_head":"<!-- This site is optimized with the Yoast SEO plugin v27.5 - https:\/\/yoast.com\/product\/yoast-seo-wordpress\/ -->\n<title>Ateliers parents-enfants vacances de fin d&#039;ann\u00e9e - Maison pour tous du Petit charran<\/title>\n<meta name=\"description\" content=\"Profitez des vacances pour partager un moment cr\u00e9atif avec vos enfants ou petits-enfants !\" \/>\n<meta name=\"robots\" content=\"index, follow, max-snippet:-1, max-image-preview:large, max-video-preview:-1\" \/>\n<link rel=\"canonical\" href=\"https:\/\/mptpetitcharran.fr\/?tribe_events=vacances-fin-dannee-atelier-parents-enfants\" \/>\n<meta property=\"og:locale\" content=\"fr_FR\" \/>\n<meta property=\"og:type\" content=\"article\" \/>\n<meta property=\"og:title\" content=\"Ateliers parents-enfants vacances de fin d&#039;ann\u00e9e - Maison pour tous du Petit charran\" \/>\n<meta property=\"og:description\" content=\"Profitez des vacances pour partager un moment cr\u00e9atif avec vos enfants ou petits-enfants !\" \/>\n<meta property=\"og:url\" content=\"https:\/\/mptpetitcharran.fr\/?tribe_events=vacances-fin-dannee-atelier-parents-enfants\" \/>\n<meta property=\"og:site_name\" content=\"Maison pour tous du Petit charran\" \/>\n<meta property=\"article:publisher\" content=\"https:\/\/www.facebook.com\/mptpetitcharran\" \/>\n<meta property=\"article:modified_time\" content=\"2025-11-13T14:49:04+00:00\" \/>\n<meta property=\"og:image\" content=\"https:\/\/mptpetitcharran.fr\/wp-content\/uploads\/2025\/10\/Atelier-parents-enfants1.png\" \/>\n\t<meta property=\"og:image:width\" content=\"1414\" \/>\n\t<meta property=\"og:image:height\" content=\"2000\" \/>\n\t<meta property=\"og:image:type\" content=\"image\/png\" \/>\n<meta name=\"twitter:card\" content=\"summary_large_image\" \/>\n<meta name=\"twitter:label1\" content=\"Dur\u00e9e de lecture estim\u00e9e\" \/>\n\t<meta name=\"twitter:data1\" content=\"1 minute\" \/>\n<script type=\"application\/ld+json\" class=\"yoast-schema-graph\">{\"@context\":\"https:\\\/\\\/schema.org\",\"@graph\":[{\"@type\":\"WebPage\",\"@id\":\"https:\\\/\\\/mptpetitcharran.fr\\\/?tribe_events=vacances-fin-dannee-atelier-parents-enfants\",\"url\":\"https:\\\/\\\/mptpetitcharran.fr\\\/?tribe_events=vacances-fin-dannee-atelier-parents-enfants\",\"name\":\"Ateliers parents-enfants vacances de fin d'ann\u00e9e - Maison pour tous du Petit charran\",\"isPartOf\":{\"@id\":\"https:\\\/\\\/mptpetitcharran.fr\\\/#website\"},\"primaryImageOfPage\":{\"@id\":\"https:\\\/\\\/mptpetitcharran.fr\\\/?tribe_events=vacances-fin-dannee-atelier-parents-enfants#primaryimage\"},\"image\":{\"@id\":\"https:\\\/\\\/mptpetitcharran.fr\\\/?tribe_events=vacances-fin-dannee-atelier-parents-enfants#primaryimage\"},\"thumbnailUrl\":\"https:\\\/\\\/mptpetitcharran.fr\\\/wp-content\\\/uploads\\\/2025\\\/10\\\/Atelier-parents-enfants1.png\",\"datePublished\":\"2025-10-30T13:37:24+00:00\",\"dateModified\":\"2025-11-13T14:49:04+00:00\",\"description\":\"Profitez des vacances pour partager un moment cr\u00e9atif avec vos enfants ou petits-enfants !\",\"breadcrumb\":{\"@id\":\"https:\\\/\\\/mptpetitcharran.fr\\\/?tribe_events=vacances-fin-dannee-atelier-parents-enfants#breadcrumb\"},\"inLanguage\":\"fr-FR\",\"potentialAction\":[{\"@type\":\"ReadAction\",\"target\":[\"https:\\\/\\\/mptpetitcharran.fr\\\/?tribe_events=vacances-fin-dannee-atelier-parents-enfants\"]}]},{\"@type\":\"ImageObject\",\"inLanguage\":\"fr-FR\",\"@id\":\"https:\\\/\\\/mptpetitcharran.fr\\\/?tribe_events=vacances-fin-dannee-atelier-parents-enfants#primaryimage\",\"url\":\"https:\\\/\\\/mptpetitcharran.fr\\\/wp-content\\\/uploads\\\/2025\\\/10\\\/Atelier-parents-enfants1.png\",\"contentUrl\":\"https:\\\/\\\/mptpetitcharran.fr\\\/wp-content\\\/uploads\\\/2025\\\/10\\\/Atelier-parents-enfants1.png\",\"width\":1414,\"height\":2000},{\"@type\":\"BreadcrumbList\",\"@id\":\"https:\\\/\\\/mptpetitcharran.fr\\\/?tribe_events=vacances-fin-dannee-atelier-parents-enfants#breadcrumb\",\"itemListElement\":[{\"@type\":\"ListItem\",\"position\":1,\"name\":\"Accueil\",\"item\":\"https:\\\/\\\/mptpetitcharran.fr\\\/\"},{\"@type\":\"ListItem\",\"position\":2,\"name\":\"\u00c9v\u00e8nements\",\"item\":\"https:\\\/\\\/mptpetitcharran.fr\\\/?post_type=tribe_events\"},{\"@type\":\"ListItem\",\"position\":3,\"name\":\"Ateliers parents-enfants vacances de fin d&rsquo;ann\u00e9e\"}]},{\"@type\":\"WebSite\",\"@id\":\"https:\\\/\\\/mptpetitcharran.fr\\\/#website\",\"url\":\"https:\\\/\\\/mptpetitcharran.fr\\\/\",\"name\":\"Maison pour tous du Petit charran\",\"description\":\"\",\"publisher\":{\"@id\":\"https:\\\/\\\/mptpetitcharran.fr\\\/#organization\"},\"potentialAction\":[{\"@type\":\"SearchAction\",\"target\":{\"@type\":\"EntryPoint\",\"urlTemplate\":\"https:\\\/\\\/mptpetitcharran.fr\\\/?s={search_term_string}\"},\"query-input\":{\"@type\":\"PropertyValueSpecification\",\"valueRequired\":true,\"valueName\":\"search_term_string\"}}],\"inLanguage\":\"fr-FR\"},{\"@type\":\"Organization\",\"@id\":\"https:\\\/\\\/mptpetitcharran.fr\\\/#organization\",\"name\":\"Maison pour tous du Petit charran\",\"url\":\"https:\\\/\\\/mptpetitcharran.fr\\\/\",\"logo\":{\"@type\":\"ImageObject\",\"inLanguage\":\"fr-FR\",\"@id\":\"https:\\\/\\\/mptpetitcharran.fr\\\/#\\\/schema\\\/logo\\\/image\\\/\",\"url\":\"http:\\\/\\\/mptpetitcharran.fr\\\/wp-content\\\/uploads\\\/2023\\\/07\\\/cropped-logo_mptpc.jpg\",\"contentUrl\":\"http:\\\/\\\/mptpetitcharran.fr\\\/wp-content\\\/uploads\\\/2023\\\/07\\\/cropped-logo_mptpc.jpg\",\"width\":532,\"height\":529,\"caption\":\"Maison pour tous du Petit charran\"},\"image\":{\"@id\":\"https:\\\/\\\/mptpetitcharran.fr\\\/#\\\/schema\\\/logo\\\/image\\\/\"},\"sameAs\":[\"https:\\\/\\\/www.facebook.com\\\/mptpetitcharran\",\"https:\\\/\\\/www.instagram.com\\\/mptpetitcharran\\\/\"]}]}<\/script>\n<!-- \/ Yoast SEO plugin. -->","yoast_head_json":{"title":"Ateliers parents-enfants vacances de fin d'ann\u00e9e - Maison pour tous du Petit charran","description":"Profitez des vacances pour partager un moment cr\u00e9atif avec vos enfants ou petits-enfants !","robots":{"index":"index","follow":"follow","max-snippet":"max-snippet:-1","max-image-preview":"max-image-preview:large","max-video-preview":"max-video-preview:-1"},"canonical":"https:\/\/mptpetitcharran.fr\/?tribe_events=vacances-fin-dannee-atelier-parents-enfants","og_locale":"fr_FR","og_type":"article","og_title":"Ateliers parents-enfants vacances de fin d'ann\u00e9e - Maison pour tous du Petit charran","og_description":"Profitez des vacances pour partager un moment cr\u00e9atif avec vos enfants ou petits-enfants !","og_url":"https:\/\/mptpetitcharran.fr\/?tribe_events=vacances-fin-dannee-atelier-parents-enfants","og_site_name":"Maison pour tous du Petit charran","article_publisher":"https:\/\/www.facebook.com\/mptpetitcharran","article_modified_time":"2025-11-13T14:49:04+00:00","og_image":[{"width":1414,"height":2000,"url":"https:\/\/mptpetitcharran.fr\/wp-content\/uploads\/2025\/10\/Atelier-parents-enfants1.png","type":"image\/png"}],"twitter_card":"summary_large_image","twitter_misc":{"Dur\u00e9e de lecture estim\u00e9e":"1 minute"},"schema":{"@context":"https:\/\/schema.org","@graph":[{"@type":"WebPage","@id":"https:\/\/mptpetitcharran.fr\/?tribe_events=vacances-fin-dannee-atelier-parents-enfants","url":"https:\/\/mptpetitcharran.fr\/?tribe_events=vacances-fin-dannee-atelier-parents-enfants","name":"Ateliers parents-enfants vacances de fin d'ann\u00e9e - Maison pour tous du Petit charran","isPartOf":{"@id":"https:\/\/mptpetitcharran.fr\/#website"},"primaryImageOfPage":{"@id":"https:\/\/mptpetitcharran.fr\/?tribe_events=vacances-fin-dannee-atelier-parents-enfants#primaryimage"},"image":{"@id":"https:\/\/mptpetitcharran.fr\/?tribe_events=vacances-fin-dannee-atelier-parents-enfants#primaryimage"},"thumbnailUrl":"https:\/\/mptpetitcharran.fr\/wp-content\/uploads\/2025\/10\/Atelier-parents-enfants1.png","datePublished":"2025-10-30T13:37:24+00:00","dateModified":"2025-11-13T14:49:04+00:00","description":"Profitez des vacances pour partager un moment cr\u00e9atif avec vos enfants ou petits-enfants !","breadcrumb":{"@id":"https:\/\/mptpetitcharran.fr\/?tribe_events=vacances-fin-dannee-atelier-parents-enfants#breadcrumb"},"inLanguage":"fr-FR","potentialAction":[{"@type":"ReadAction","target":["https:\/\/mptpetitcharran.fr\/?tribe_events=vacances-fin-dannee-atelier-parents-enfants"]}]},{"@type":"ImageObject","inLanguage":"fr-FR","@id":"https:\/\/mptpetitcharran.fr\/?tribe_events=vacances-fin-dannee-atelier-parents-enfants#primaryimage","url":"https:\/\/mptpetitcharran.fr\/wp-content\/uploads\/2025\/10\/Atelier-parents-enfants1.png","contentUrl":"https:\/\/mptpetitcharran.fr\/wp-content\/uploads\/2025\/10\/Atelier-parents-enfants1.png","width":1414,"height":2000},{"@type":"BreadcrumbList","@id":"https:\/\/mptpetitcharran.fr\/?tribe_events=vacances-fin-dannee-atelier-parents-enfants#breadcrumb","itemListElement":[{"@type":"ListItem","position":1,"name":"Accueil","item":"https:\/\/mptpetitcharran.fr\/"},{"@type":"ListItem","position":2,"name":"\u00c9v\u00e8nements","item":"https:\/\/mptpetitcharran.fr\/?post_type=tribe_events"},{"@type":"ListItem","position":3,"name":"Ateliers parents-enfants vacances de fin d&rsquo;ann\u00e9e"}]},{"@type":"WebSite","@id":"https:\/\/mptpetitcharran.fr\/#website","url":"https:\/\/mptpetitcharran.fr\/","name":"Maison pour tous du Petit charran","description":"","publisher":{"@id":"https:\/\/mptpetitcharran.fr\/#organization"},"potentialAction":[{"@type":"SearchAction","target":{"@type":"EntryPoint","urlTemplate":"https:\/\/mptpetitcharran.fr\/?s={search_term_string}"},"query-input":{"@type":"PropertyValueSpecification","valueRequired":true,"valueName":"search_term_string"}}],"inLanguage":"fr-FR"},{"@type":"Organization","@id":"https:\/\/mptpetitcharran.fr\/#organization","name":"Maison pour tous du Petit charran","url":"https:\/\/mptpetitcharran.fr\/","logo":{"@type":"ImageObject","inLanguage":"fr-FR","@id":"https:\/\/mptpetitcharran.fr\/#\/schema\/logo\/image\/","url":"http:\/\/mptpetitcharran.fr\/wp-content\/uploads\/2023\/07\/cropped-logo_mptpc.jpg","contentUrl":"http:\/\/mptpetitcharran.fr\/wp-content\/uploads\/2023\/07\/cropped-logo_mptpc.jpg","width":532,"height":529,"caption":"Maison pour tous du Petit charran"},"image":{"@id":"https:\/\/mptpetitcharran.fr\/#\/schema\/logo\/image\/"},"sameAs":["https:\/\/www.facebook.com\/mptpetitcharran","https:\/\/www.instagram.com\/mptpetitcharran\/"]}]}},"publishpress_future_workflow_manual_trigger":{"enabledWorkflows":[]},"_links":{"self":[{"href":"https:\/\/mptpetitcharran.fr\/index.php?rest_route=\/wp\/v2\/tribe_events\/6822","targetHints":{"allow":["GET"]}}],"collection":[{"href":"https:\/\/mptpetitcharran.fr\/index.php?rest_route=\/wp\/v2\/tribe_events"}],"about":[{"href":"https:\/\/mptpetitcharran.fr\/index.php?rest_route=\/wp\/v2\/types\/tribe_events"}],"author":[{"embeddable":true,"href":"https:\/\/mptpetitcharran.fr\/index.php?rest_route=\/wp\/v2\/users\/1"}],"version-history":[{"count":1,"href":"https:\/\/mptpetitcharran.fr\/index.php?rest_route=\/wp\/v2\/tribe_events\/6822\/revisions"}],"predecessor-version":[{"id":6824,"href":"https:\/\/mptpetitcharran.fr\/index.php?rest_route=\/wp\/v2\/tribe_events\/6822\/revisions\/6824"}],"wp:featuredmedia":[{"embeddable":true,"href":"https:\/\/mptpetitcharran.fr\/index.php?rest_route=\/wp\/v2\/media\/6823"}],"wp:attachment":[{"href":"https:\/\/mptpetitcharran.fr\/index.php?rest_route=%2Fwp%2Fv2%2Fmedia&parent=6822"}],"wp:term":[{"taxonomy":"post_tag","embeddable":true,"href":"https:\/\/mptpetitcharran.fr\/index.php?rest_route=%2Fwp%2Fv2%2Ftags&post=6822"},{"taxonomy":"tribe_events_cat","embeddable":true,"href":"https:\/\/mptpetitcharran.fr\/index.php?rest_route=%2Fwp%2Fv2%2Ftribe_events_cat&post=6822"}],"curies":[{"name":"wp","href":"https:\/\/api.w.org\/{rel}","templated":true}]}}