{"id":6812,"date":"2025-10-30T14:25:03","date_gmt":"2025-10-30T13:25:03","guid":{"rendered":"https:\/\/mptpetitcharran.fr\/?post_type=tribe_events&#038;p=6812"},"modified":"2025-10-30T14:25:03","modified_gmt":"2025-10-30T13:25:03","slug":"festival-des-solidarites-2025","status":"publish","type":"tribe_events","link":"https:\/\/mptpetitcharran.fr\/?tribe_events=festival-des-solidarites-2025","title":{"rendered":"Festi&rsquo;sol"},"content":{"rendered":"<p align=\"left\" data-maileon-wysiwyg=\"true\"><span data-maileon-wysiwyg=\"true\">Le Festival des solidarit\u00e9s revient pour c\u00e9l\u00e9brer les cultures du monde et la solidarit\u00e9 ! Le collectif du Festi&rsquo;Sol vous accueille sur deux jours de d\u00e9couvertes et de partage.<\/span><\/p>\n<p align=\"left\" data-maileon-wysiwyg=\"true\"><span data-maileon-wysiwyg=\"true\"><strong data-maileon-wysiwyg=\"true\">Jeudi 20 novembre d\u00e8s 18h<\/strong> au Caf\u00e9 Le Partiel (Place Latour Maubourg) : ateliers participatifs avec La Cimade, Artisans du Monde, ADOS, Sol\u00e9&rsquo;Val et la MPT, cuisine du monde avec shorba et bortsch pr\u00e9par\u00e9s par la Maison Nelson Mandela, l&rsquo;UEAJ et l&rsquo;association ukrainienne Ruta et la Maison de l&rsquo;Europe Direct Drome Ardeche, puis concert des \u00e9tudiants de MUSISAR \u00e0 20h30. L&rsquo;occasion parfaite de d\u00e9couvrir ce caf\u00e9 associatif \u00e9tudiant !<\/span><\/p>\n<p align=\"left\" data-maileon-wysiwyg=\"true\"><span data-maileon-wysiwyg=\"true\"><strong data-maileon-wysiwyg=\"true\">Vendredi 21 novembre de 14h \u00e0 21h30<\/strong> \u00e0 la MPT du Petit Charran : ateliers ludiques, contes camerounais, \u00e9changes sur la solidarit\u00e9 avec l&rsquo;Ukraine \u00e0 18h, concert \u00e0 19h30 et buffet festif pr\u00e9par\u00e9 par nos b\u00e9n\u00e9voles, l&rsquo;UEAJ et les Amis du Cameroun.<\/span><\/p>\n<p align=\"left\" data-maileon-wysiwyg=\"true\"><span data-maileon-wysiwyg=\"true\">Deux jours pour se rencontrer et f\u00eater la solidarit\u00e9 ensemble. Venez nombreux !<\/span><\/p>\n","protected":false},"excerpt":{"rendered":"<p>Le Festival des solidarit\u00e9s revient pour c\u00e9l\u00e9brer les cultures du monde et la solidarit\u00e9 ! Le collectif du Festi&rsquo;Sol vous accueille sur deux jours de d\u00e9couvertes et de partage. Jeudi &hellip; <a href=\"https:\/\/mptpetitcharran.fr\/?tribe_events=festival-des-solidarites-2025\" class=\"more-link\">Continue reading <span class=\"screen-reader-text\">Festi&rsquo;sol<\/span> <span class=\"meta-nav\">&rarr;<\/span><\/a><\/p>\n","protected":false},"author":1,"featured_media":6813,"template":"","meta":{"_tribe_events_status":"","_tribe_events_status_reason":"","footnotes":""},"tags":[],"tribe_events_cat":[],"class_list":["post-6812","tribe_events","type-tribe_events","status-publish","has-post-thumbnail","hentry"],"yoast_head":"<!-- This site is optimized with the Yoast SEO plugin v27.5 - https:\/\/yoast.com\/product\/yoast-seo-wordpress\/ -->\n<title>Festi&#039;sol - Maison pour tous du Petit charran<\/title>\n<meta name=\"description\" content=\"C\u00e9l\u00e9brons les cultures du monde et l\u2019esprit de partage ! Deux jours pour se rencontrer, d\u00e9couvrir et vibrer ensemble autour de la diversit\u00e9 culturelle \ud83c\udf08\" \/>\n<meta name=\"robots\" content=\"index, follow, max-snippet:-1, max-image-preview:large, max-video-preview:-1\" \/>\n<link rel=\"canonical\" href=\"https:\/\/mptpetitcharran.fr\/?tribe_events=festival-des-solidarites-2025\" \/>\n<meta property=\"og:locale\" content=\"fr_FR\" \/>\n<meta property=\"og:type\" content=\"article\" \/>\n<meta property=\"og:title\" content=\"Festi&#039;sol - Maison pour tous du Petit charran\" \/>\n<meta property=\"og:description\" content=\"C\u00e9l\u00e9brons les cultures du monde et l\u2019esprit de partage ! Deux jours pour se rencontrer, d\u00e9couvrir et vibrer ensemble autour de la diversit\u00e9 culturelle \ud83c\udf08\" \/>\n<meta property=\"og:url\" content=\"https:\/\/mptpetitcharran.fr\/?tribe_events=festival-des-solidarites-2025\" \/>\n<meta property=\"og:site_name\" content=\"Maison pour tous du Petit charran\" \/>\n<meta property=\"article:publisher\" content=\"https:\/\/www.facebook.com\/mptpetitcharran\" \/>\n<meta property=\"og:image\" content=\"https:\/\/mptpetitcharran.fr\/wp-content\/uploads\/2025\/10\/Affiche-FESTIsol-20252.png\" \/>\n\t<meta property=\"og:image:width\" content=\"1414\" \/>\n\t<meta property=\"og:image:height\" content=\"2000\" \/>\n\t<meta property=\"og:image:type\" content=\"image\/png\" \/>\n<meta name=\"twitter:card\" content=\"summary_large_image\" \/>\n<meta name=\"twitter:label1\" content=\"Dur\u00e9e de lecture estim\u00e9e\" \/>\n\t<meta name=\"twitter:data1\" content=\"1 minute\" \/>\n<script type=\"application\/ld+json\" class=\"yoast-schema-graph\">{\"@context\":\"https:\\\/\\\/schema.org\",\"@graph\":[{\"@type\":\"WebPage\",\"@id\":\"https:\\\/\\\/mptpetitcharran.fr\\\/?tribe_events=festival-des-solidarites-2025\",\"url\":\"https:\\\/\\\/mptpetitcharran.fr\\\/?tribe_events=festival-des-solidarites-2025\",\"name\":\"Festi'sol - Maison pour tous du Petit charran\",\"isPartOf\":{\"@id\":\"https:\\\/\\\/mptpetitcharran.fr\\\/#website\"},\"primaryImageOfPage\":{\"@id\":\"https:\\\/\\\/mptpetitcharran.fr\\\/?tribe_events=festival-des-solidarites-2025#primaryimage\"},\"image\":{\"@id\":\"https:\\\/\\\/mptpetitcharran.fr\\\/?tribe_events=festival-des-solidarites-2025#primaryimage\"},\"thumbnailUrl\":\"https:\\\/\\\/mptpetitcharran.fr\\\/wp-content\\\/uploads\\\/2025\\\/10\\\/Affiche-FESTIsol-20252.png\",\"datePublished\":\"2025-10-30T13:25:03+00:00\",\"description\":\"C\u00e9l\u00e9brons les cultures du monde et l\u2019esprit de partage ! Deux jours pour se rencontrer, d\u00e9couvrir et vibrer ensemble autour de la diversit\u00e9 culturelle \ud83c\udf08\",\"breadcrumb\":{\"@id\":\"https:\\\/\\\/mptpetitcharran.fr\\\/?tribe_events=festival-des-solidarites-2025#breadcrumb\"},\"inLanguage\":\"fr-FR\",\"potentialAction\":[{\"@type\":\"ReadAction\",\"target\":[\"https:\\\/\\\/mptpetitcharran.fr\\\/?tribe_events=festival-des-solidarites-2025\"]}]},{\"@type\":\"ImageObject\",\"inLanguage\":\"fr-FR\",\"@id\":\"https:\\\/\\\/mptpetitcharran.fr\\\/?tribe_events=festival-des-solidarites-2025#primaryimage\",\"url\":\"https:\\\/\\\/mptpetitcharran.fr\\\/wp-content\\\/uploads\\\/2025\\\/10\\\/Affiche-FESTIsol-20252.png\",\"contentUrl\":\"https:\\\/\\\/mptpetitcharran.fr\\\/wp-content\\\/uploads\\\/2025\\\/10\\\/Affiche-FESTIsol-20252.png\",\"width\":1414,\"height\":2000},{\"@type\":\"BreadcrumbList\",\"@id\":\"https:\\\/\\\/mptpetitcharran.fr\\\/?tribe_events=festival-des-solidarites-2025#breadcrumb\",\"itemListElement\":[{\"@type\":\"ListItem\",\"position\":1,\"name\":\"Accueil\",\"item\":\"https:\\\/\\\/mptpetitcharran.fr\\\/\"},{\"@type\":\"ListItem\",\"position\":2,\"name\":\"\u00c9v\u00e8nements\",\"item\":\"https:\\\/\\\/mptpetitcharran.fr\\\/?post_type=tribe_events\"},{\"@type\":\"ListItem\",\"position\":3,\"name\":\"Festi&rsquo;sol\"}]},{\"@type\":\"WebSite\",\"@id\":\"https:\\\/\\\/mptpetitcharran.fr\\\/#website\",\"url\":\"https:\\\/\\\/mptpetitcharran.fr\\\/\",\"name\":\"Maison pour tous du Petit charran\",\"description\":\"\",\"publisher\":{\"@id\":\"https:\\\/\\\/mptpetitcharran.fr\\\/#organization\"},\"potentialAction\":[{\"@type\":\"SearchAction\",\"target\":{\"@type\":\"EntryPoint\",\"urlTemplate\":\"https:\\\/\\\/mptpetitcharran.fr\\\/?s={search_term_string}\"},\"query-input\":{\"@type\":\"PropertyValueSpecification\",\"valueRequired\":true,\"valueName\":\"search_term_string\"}}],\"inLanguage\":\"fr-FR\"},{\"@type\":\"Organization\",\"@id\":\"https:\\\/\\\/mptpetitcharran.fr\\\/#organization\",\"name\":\"Maison pour tous du Petit charran\",\"url\":\"https:\\\/\\\/mptpetitcharran.fr\\\/\",\"logo\":{\"@type\":\"ImageObject\",\"inLanguage\":\"fr-FR\",\"@id\":\"https:\\\/\\\/mptpetitcharran.fr\\\/#\\\/schema\\\/logo\\\/image\\\/\",\"url\":\"http:\\\/\\\/mptpetitcharran.fr\\\/wp-content\\\/uploads\\\/2023\\\/07\\\/cropped-logo_mptpc.jpg\",\"contentUrl\":\"http:\\\/\\\/mptpetitcharran.fr\\\/wp-content\\\/uploads\\\/2023\\\/07\\\/cropped-logo_mptpc.jpg\",\"width\":532,\"height\":529,\"caption\":\"Maison pour tous du Petit charran\"},\"image\":{\"@id\":\"https:\\\/\\\/mptpetitcharran.fr\\\/#\\\/schema\\\/logo\\\/image\\\/\"},\"sameAs\":[\"https:\\\/\\\/www.facebook.com\\\/mptpetitcharran\",\"https:\\\/\\\/www.instagram.com\\\/mptpetitcharran\\\/\"]}]}<\/script>\n<!-- \/ Yoast SEO plugin. -->","yoast_head_json":{"title":"Festi'sol - Maison pour tous du Petit charran","description":"C\u00e9l\u00e9brons les cultures du monde et l\u2019esprit de partage ! Deux jours pour se rencontrer, d\u00e9couvrir et vibrer ensemble autour de la diversit\u00e9 culturelle \ud83c\udf08","robots":{"index":"index","follow":"follow","max-snippet":"max-snippet:-1","max-image-preview":"max-image-preview:large","max-video-preview":"max-video-preview:-1"},"canonical":"https:\/\/mptpetitcharran.fr\/?tribe_events=festival-des-solidarites-2025","og_locale":"fr_FR","og_type":"article","og_title":"Festi'sol - Maison pour tous du Petit charran","og_description":"C\u00e9l\u00e9brons les cultures du monde et l\u2019esprit de partage ! Deux jours pour se rencontrer, d\u00e9couvrir et vibrer ensemble autour de la diversit\u00e9 culturelle \ud83c\udf08","og_url":"https:\/\/mptpetitcharran.fr\/?tribe_events=festival-des-solidarites-2025","og_site_name":"Maison pour tous du Petit charran","article_publisher":"https:\/\/www.facebook.com\/mptpetitcharran","og_image":[{"width":1414,"height":2000,"url":"https:\/\/mptpetitcharran.fr\/wp-content\/uploads\/2025\/10\/Affiche-FESTIsol-20252.png","type":"image\/png"}],"twitter_card":"summary_large_image","twitter_misc":{"Dur\u00e9e de lecture estim\u00e9e":"1 minute"},"schema":{"@context":"https:\/\/schema.org","@graph":[{"@type":"WebPage","@id":"https:\/\/mptpetitcharran.fr\/?tribe_events=festival-des-solidarites-2025","url":"https:\/\/mptpetitcharran.fr\/?tribe_events=festival-des-solidarites-2025","name":"Festi'sol - Maison pour tous du Petit charran","isPartOf":{"@id":"https:\/\/mptpetitcharran.fr\/#website"},"primaryImageOfPage":{"@id":"https:\/\/mptpetitcharran.fr\/?tribe_events=festival-des-solidarites-2025#primaryimage"},"image":{"@id":"https:\/\/mptpetitcharran.fr\/?tribe_events=festival-des-solidarites-2025#primaryimage"},"thumbnailUrl":"https:\/\/mptpetitcharran.fr\/wp-content\/uploads\/2025\/10\/Affiche-FESTIsol-20252.png","datePublished":"2025-10-30T13:25:03+00:00","description":"C\u00e9l\u00e9brons les cultures du monde et l\u2019esprit de partage ! Deux jours pour se rencontrer, d\u00e9couvrir et vibrer ensemble autour de la diversit\u00e9 culturelle \ud83c\udf08","breadcrumb":{"@id":"https:\/\/mptpetitcharran.fr\/?tribe_events=festival-des-solidarites-2025#breadcrumb"},"inLanguage":"fr-FR","potentialAction":[{"@type":"ReadAction","target":["https:\/\/mptpetitcharran.fr\/?tribe_events=festival-des-solidarites-2025"]}]},{"@type":"ImageObject","inLanguage":"fr-FR","@id":"https:\/\/mptpetitcharran.fr\/?tribe_events=festival-des-solidarites-2025#primaryimage","url":"https:\/\/mptpetitcharran.fr\/wp-content\/uploads\/2025\/10\/Affiche-FESTIsol-20252.png","contentUrl":"https:\/\/mptpetitcharran.fr\/wp-content\/uploads\/2025\/10\/Affiche-FESTIsol-20252.png","width":1414,"height":2000},{"@type":"BreadcrumbList","@id":"https:\/\/mptpetitcharran.fr\/?tribe_events=festival-des-solidarites-2025#breadcrumb","itemListElement":[{"@type":"ListItem","position":1,"name":"Accueil","item":"https:\/\/mptpetitcharran.fr\/"},{"@type":"ListItem","position":2,"name":"\u00c9v\u00e8nements","item":"https:\/\/mptpetitcharran.fr\/?post_type=tribe_events"},{"@type":"ListItem","position":3,"name":"Festi&rsquo;sol"}]},{"@type":"WebSite","@id":"https:\/\/mptpetitcharran.fr\/#website","url":"https:\/\/mptpetitcharran.fr\/","name":"Maison pour tous du Petit charran","description":"","publisher":{"@id":"https:\/\/mptpetitcharran.fr\/#organization"},"potentialAction":[{"@type":"SearchAction","target":{"@type":"EntryPoint","urlTemplate":"https:\/\/mptpetitcharran.fr\/?s={search_term_string}"},"query-input":{"@type":"PropertyValueSpecification","valueRequired":true,"valueName":"search_term_string"}}],"inLanguage":"fr-FR"},{"@type":"Organization","@id":"https:\/\/mptpetitcharran.fr\/#organization","name":"Maison pour tous du Petit charran","url":"https:\/\/mptpetitcharran.fr\/","logo":{"@type":"ImageObject","inLanguage":"fr-FR","@id":"https:\/\/mptpetitcharran.fr\/#\/schema\/logo\/image\/","url":"http:\/\/mptpetitcharran.fr\/wp-content\/uploads\/2023\/07\/cropped-logo_mptpc.jpg","contentUrl":"http:\/\/mptpetitcharran.fr\/wp-content\/uploads\/2023\/07\/cropped-logo_mptpc.jpg","width":532,"height":529,"caption":"Maison pour tous du Petit charran"},"image":{"@id":"https:\/\/mptpetitcharran.fr\/#\/schema\/logo\/image\/"},"sameAs":["https:\/\/www.facebook.com\/mptpetitcharran","https:\/\/www.instagram.com\/mptpetitcharran\/"]}]}},"publishpress_future_workflow_manual_trigger":{"enabledWorkflows":[]},"_links":{"self":[{"href":"https:\/\/mptpetitcharran.fr\/index.php?rest_route=\/wp\/v2\/tribe_events\/6812","targetHints":{"allow":["GET"]}}],"collection":[{"href":"https:\/\/mptpetitcharran.fr\/index.php?rest_route=\/wp\/v2\/tribe_events"}],"about":[{"href":"https:\/\/mptpetitcharran.fr\/index.php?rest_route=\/wp\/v2\/types\/tribe_events"}],"author":[{"embeddable":true,"href":"https:\/\/mptpetitcharran.fr\/index.php?rest_route=\/wp\/v2\/users\/1"}],"version-history":[{"count":1,"href":"https:\/\/mptpetitcharran.fr\/index.php?rest_route=\/wp\/v2\/tribe_events\/6812\/revisions"}],"predecessor-version":[{"id":6814,"href":"https:\/\/mptpetitcharran.fr\/index.php?rest_route=\/wp\/v2\/tribe_events\/6812\/revisions\/6814"}],"wp:featuredmedia":[{"embeddable":true,"href":"https:\/\/mptpetitcharran.fr\/index.php?rest_route=\/wp\/v2\/media\/6813"}],"wp:attachment":[{"href":"https:\/\/mptpetitcharran.fr\/index.php?rest_route=%2Fwp%2Fv2%2Fmedia&parent=6812"}],"wp:term":[{"taxonomy":"post_tag","embeddable":true,"href":"https:\/\/mptpetitcharran.fr\/index.php?rest_route=%2Fwp%2Fv2%2Ftags&post=6812"},{"taxonomy":"tribe_events_cat","embeddable":true,"href":"https:\/\/mptpetitcharran.fr\/index.php?rest_route=%2Fwp%2Fv2%2Ftribe_events_cat&post=6812"}],"curies":[{"name":"wp","href":"https:\/\/api.w.org\/{rel}","templated":true}]}}