{"id":6144,"date":"2025-03-07T12:27:56","date_gmt":"2025-03-07T11:27:56","guid":{"rendered":"https:\/\/mptpetitcharran.fr\/?post_type=tribe_events&#038;p=6144"},"modified":"2025-03-07T12:30:33","modified_gmt":"2025-03-07T11:30:33","slug":"assemblee-generale-maison-pour-tous","status":"publish","type":"tribe_events","link":"https:\/\/mptpetitcharran.fr\/?tribe_events=assemblee-generale-maison-pour-tous","title":{"rendered":"Assembl\u00e9e G\u00e9n\u00e9rale \u2013 Participez \u00e0 l\u2019\u00e9volution de votre Maison Pour Tous !"},"content":{"rendered":"<p data-start=\"439\" data-end=\"599\">Chers adh\u00e9rents, ch\u00e8res adh\u00e9rentes et habitants du quartier, nous vous donnons rendez-vous pour notre <strong data-start=\"564\" data-end=\"595\">Assembl\u00e9e G\u00e9n\u00e9rale annuelle<\/strong> !<\/p>\n<p data-start=\"601\" data-end=\"841\">C\u2019est un moment cl\u00e9 pour <strong data-start=\"626\" data-end=\"650\">d\u00e9couvrir les bilans<\/strong>, les actions men\u00e9es et les projets \u00e0 venir. Mais c\u2019est aussi une <strong data-start=\"716\" data-end=\"741\">opportunit\u00e9 d\u2019\u00e9change<\/strong> : votre voix compte pour faire \u00e9voluer cette <strong data-start=\"787\" data-end=\"807\">Maison Pour Tous<\/strong>, un espace qui vous appartient.<\/p>\n<p data-start=\"843\" data-end=\"989\">\ud83d\udca1 Venez partager vos id\u00e9es, poser vos questions et contribuer \u00e0 la dynamique de notre association.<br data-start=\"942\" data-end=\"945\" \/>Nous comptons sur votre pr\u00e9sence !<\/p>\n","protected":false},"excerpt":{"rendered":"<p>Chers adh\u00e9rents, ch\u00e8res adh\u00e9rentes et habitants du quartier, nous vous donnons rendez-vous pour notre Assembl\u00e9e G\u00e9n\u00e9rale annuelle ! C\u2019est un moment cl\u00e9 pour d\u00e9couvrir les bilans, les actions men\u00e9es et &hellip; <a href=\"https:\/\/mptpetitcharran.fr\/?tribe_events=assemblee-generale-maison-pour-tous\" class=\"more-link\">Continue reading <span class=\"screen-reader-text\">Assembl\u00e9e G\u00e9n\u00e9rale \u2013 Participez \u00e0 l\u2019\u00e9volution de votre Maison Pour Tous !<\/span> <span class=\"meta-nav\">&rarr;<\/span><\/a><\/p>\n","protected":false},"author":1,"featured_media":6138,"template":"","meta":{"_tribe_events_status":"","_tribe_events_status_reason":"","footnotes":""},"tags":[],"tribe_events_cat":[],"class_list":["post-6144","tribe_events","type-tribe_events","status-publish","has-post-thumbnail","hentry"],"yoast_head":"<!-- This site is optimized with the Yoast SEO plugin v27.0 - https:\/\/yoast.com\/product\/yoast-seo-wordpress\/ -->\n<title>Assembl\u00e9e G\u00e9n\u00e9rale \u2013 Participez \u00e0 l\u2019\u00e9volution de votre Maison Pour Tous ! - Maison pour tous du Petit charran<\/title>\n<meta name=\"description\" content=\"Participez \u00e0 l\u2019Assembl\u00e9e G\u00e9n\u00e9rale de votre Maison Pour Tous ! D\u00e9couvrez les bilans, les projets \u00e0 venir et \u00e9changez avec nous pour fa\u00e7onner ensemble un lieu de vie et de partage.\" \/>\n<meta name=\"robots\" content=\"index, follow, max-snippet:-1, max-image-preview:large, max-video-preview:-1\" \/>\n<link rel=\"canonical\" href=\"https:\/\/mptpetitcharran.fr\/?tribe_events=assemblee-generale-maison-pour-tous\" \/>\n<meta property=\"og:locale\" content=\"fr_FR\" \/>\n<meta property=\"og:type\" content=\"article\" \/>\n<meta property=\"og:title\" content=\"Assembl\u00e9e G\u00e9n\u00e9rale \u2013 Participez \u00e0 l\u2019\u00e9volution de votre Maison Pour Tous ! - Maison pour tous du Petit charran\" \/>\n<meta property=\"og:description\" content=\"Participez \u00e0 l\u2019Assembl\u00e9e G\u00e9n\u00e9rale de votre Maison Pour Tous ! D\u00e9couvrez les bilans, les projets \u00e0 venir et \u00e9changez avec nous pour fa\u00e7onner ensemble un lieu de vie et de partage.\" \/>\n<meta property=\"og:url\" content=\"https:\/\/mptpetitcharran.fr\/?tribe_events=assemblee-generale-maison-pour-tous\" \/>\n<meta property=\"og:site_name\" content=\"Maison pour tous du Petit charran\" \/>\n<meta property=\"article:publisher\" content=\"https:\/\/www.facebook.com\/mptpetitcharran\" \/>\n<meta property=\"article:modified_time\" content=\"2025-03-07T11:30:33+00:00\" \/>\n<meta property=\"og:image\" content=\"https:\/\/mptpetitcharran.fr\/wp-content\/uploads\/2025\/03\/Assemblee-generale-20251-724x1024.png\" \/>\n\t<meta property=\"og:image:width\" content=\"724\" \/>\n\t<meta property=\"og:image:height\" content=\"1024\" \/>\n\t<meta property=\"og:image:type\" content=\"image\/png\" \/>\n<meta name=\"twitter:card\" content=\"summary_large_image\" \/>\n<meta name=\"twitter:label1\" content=\"Dur\u00e9e de lecture estim\u00e9e\" \/>\n\t<meta name=\"twitter:data1\" content=\"1 minute\" \/>\n<script type=\"application\/ld+json\" class=\"yoast-schema-graph\">{\"@context\":\"https:\/\/schema.org\",\"@graph\":[{\"@type\":\"WebPage\",\"@id\":\"https:\/\/mptpetitcharran.fr\/?tribe_events=assemblee-generale-maison-pour-tous\",\"url\":\"https:\/\/mptpetitcharran.fr\/?tribe_events=assemblee-generale-maison-pour-tous\",\"name\":\"Assembl\u00e9e G\u00e9n\u00e9rale \u2013 Participez \u00e0 l\u2019\u00e9volution de votre Maison Pour Tous ! - Maison pour tous du Petit charran\",\"isPartOf\":{\"@id\":\"https:\/\/mptpetitcharran.fr\/#website\"},\"primaryImageOfPage\":{\"@id\":\"https:\/\/mptpetitcharran.fr\/?tribe_events=assemblee-generale-maison-pour-tous#primaryimage\"},\"image\":{\"@id\":\"https:\/\/mptpetitcharran.fr\/?tribe_events=assemblee-generale-maison-pour-tous#primaryimage\"},\"thumbnailUrl\":\"https:\/\/mptpetitcharran.fr\/wp-content\/uploads\/2025\/03\/Assemblee-generale-20251.png\",\"datePublished\":\"2025-03-07T11:27:56+00:00\",\"dateModified\":\"2025-03-07T11:30:33+00:00\",\"description\":\"Participez \u00e0 l\u2019Assembl\u00e9e G\u00e9n\u00e9rale de votre Maison Pour Tous ! D\u00e9couvrez les bilans, les projets \u00e0 venir et \u00e9changez avec nous pour fa\u00e7onner ensemble un lieu de vie et de partage.\",\"breadcrumb\":{\"@id\":\"https:\/\/mptpetitcharran.fr\/?tribe_events=assemblee-generale-maison-pour-tous#breadcrumb\"},\"inLanguage\":\"fr-FR\",\"potentialAction\":[{\"@type\":\"ReadAction\",\"target\":[\"https:\/\/mptpetitcharran.fr\/?tribe_events=assemblee-generale-maison-pour-tous\"]}]},{\"@type\":\"ImageObject\",\"inLanguage\":\"fr-FR\",\"@id\":\"https:\/\/mptpetitcharran.fr\/?tribe_events=assemblee-generale-maison-pour-tous#primaryimage\",\"url\":\"https:\/\/mptpetitcharran.fr\/wp-content\/uploads\/2025\/03\/Assemblee-generale-20251.png\",\"contentUrl\":\"https:\/\/mptpetitcharran.fr\/wp-content\/uploads\/2025\/03\/Assemblee-generale-20251.png\",\"width\":1414,\"height\":2000},{\"@type\":\"BreadcrumbList\",\"@id\":\"https:\/\/mptpetitcharran.fr\/?tribe_events=assemblee-generale-maison-pour-tous#breadcrumb\",\"itemListElement\":[{\"@type\":\"ListItem\",\"position\":1,\"name\":\"Accueil\",\"item\":\"https:\/\/mptpetitcharran.fr\/\"},{\"@type\":\"ListItem\",\"position\":2,\"name\":\"\u00c9v\u00e8nements\",\"item\":\"https:\/\/mptpetitcharran.fr\/?post_type=tribe_events\"},{\"@type\":\"ListItem\",\"position\":3,\"name\":\"Assembl\u00e9e G\u00e9n\u00e9rale \u2013 Participez \u00e0 l\u2019\u00e9volution de votre Maison Pour Tous !\"}]},{\"@type\":\"WebSite\",\"@id\":\"https:\/\/mptpetitcharran.fr\/#website\",\"url\":\"https:\/\/mptpetitcharran.fr\/\",\"name\":\"Maison pour tous du Petit charran\",\"description\":\"\",\"publisher\":{\"@id\":\"https:\/\/mptpetitcharran.fr\/#organization\"},\"potentialAction\":[{\"@type\":\"SearchAction\",\"target\":{\"@type\":\"EntryPoint\",\"urlTemplate\":\"https:\/\/mptpetitcharran.fr\/?s={search_term_string}\"},\"query-input\":{\"@type\":\"PropertyValueSpecification\",\"valueRequired\":true,\"valueName\":\"search_term_string\"}}],\"inLanguage\":\"fr-FR\"},{\"@type\":\"Organization\",\"@id\":\"https:\/\/mptpetitcharran.fr\/#organization\",\"name\":\"Maison pour tous du Petit charran\",\"url\":\"https:\/\/mptpetitcharran.fr\/\",\"logo\":{\"@type\":\"ImageObject\",\"inLanguage\":\"fr-FR\",\"@id\":\"https:\/\/mptpetitcharran.fr\/#\/schema\/logo\/image\/\",\"url\":\"http:\/\/mptpetitcharran.fr\/wp-content\/uploads\/2023\/07\/cropped-logo_mptpc.jpg\",\"contentUrl\":\"http:\/\/mptpetitcharran.fr\/wp-content\/uploads\/2023\/07\/cropped-logo_mptpc.jpg\",\"width\":532,\"height\":529,\"caption\":\"Maison pour tous du Petit charran\"},\"image\":{\"@id\":\"https:\/\/mptpetitcharran.fr\/#\/schema\/logo\/image\/\"},\"sameAs\":[\"https:\/\/www.facebook.com\/mptpetitcharran\",\"https:\/\/www.instagram.com\/mptpetitcharran\/\"]}]}<\/script>\n<!-- \/ Yoast SEO plugin. -->","yoast_head_json":{"title":"Assembl\u00e9e G\u00e9n\u00e9rale \u2013 Participez \u00e0 l\u2019\u00e9volution de votre Maison Pour Tous ! - Maison pour tous du Petit charran","description":"Participez \u00e0 l\u2019Assembl\u00e9e G\u00e9n\u00e9rale de votre Maison Pour Tous ! D\u00e9couvrez les bilans, les projets \u00e0 venir et \u00e9changez avec nous pour fa\u00e7onner ensemble un lieu de vie et de partage.","robots":{"index":"index","follow":"follow","max-snippet":"max-snippet:-1","max-image-preview":"max-image-preview:large","max-video-preview":"max-video-preview:-1"},"canonical":"https:\/\/mptpetitcharran.fr\/?tribe_events=assemblee-generale-maison-pour-tous","og_locale":"fr_FR","og_type":"article","og_title":"Assembl\u00e9e G\u00e9n\u00e9rale \u2013 Participez \u00e0 l\u2019\u00e9volution de votre Maison Pour Tous ! - Maison pour tous du Petit charran","og_description":"Participez \u00e0 l\u2019Assembl\u00e9e G\u00e9n\u00e9rale de votre Maison Pour Tous ! D\u00e9couvrez les bilans, les projets \u00e0 venir et \u00e9changez avec nous pour fa\u00e7onner ensemble un lieu de vie et de partage.","og_url":"https:\/\/mptpetitcharran.fr\/?tribe_events=assemblee-generale-maison-pour-tous","og_site_name":"Maison pour tous du Petit charran","article_publisher":"https:\/\/www.facebook.com\/mptpetitcharran","article_modified_time":"2025-03-07T11:30:33+00:00","og_image":[{"width":724,"height":1024,"url":"https:\/\/mptpetitcharran.fr\/wp-content\/uploads\/2025\/03\/Assemblee-generale-20251-724x1024.png","type":"image\/png"}],"twitter_card":"summary_large_image","twitter_misc":{"Dur\u00e9e de lecture estim\u00e9e":"1 minute"},"schema":{"@context":"https:\/\/schema.org","@graph":[{"@type":"WebPage","@id":"https:\/\/mptpetitcharran.fr\/?tribe_events=assemblee-generale-maison-pour-tous","url":"https:\/\/mptpetitcharran.fr\/?tribe_events=assemblee-generale-maison-pour-tous","name":"Assembl\u00e9e G\u00e9n\u00e9rale \u2013 Participez \u00e0 l\u2019\u00e9volution de votre Maison Pour Tous ! - Maison pour tous du Petit charran","isPartOf":{"@id":"https:\/\/mptpetitcharran.fr\/#website"},"primaryImageOfPage":{"@id":"https:\/\/mptpetitcharran.fr\/?tribe_events=assemblee-generale-maison-pour-tous#primaryimage"},"image":{"@id":"https:\/\/mptpetitcharran.fr\/?tribe_events=assemblee-generale-maison-pour-tous#primaryimage"},"thumbnailUrl":"https:\/\/mptpetitcharran.fr\/wp-content\/uploads\/2025\/03\/Assemblee-generale-20251.png","datePublished":"2025-03-07T11:27:56+00:00","dateModified":"2025-03-07T11:30:33+00:00","description":"Participez \u00e0 l\u2019Assembl\u00e9e G\u00e9n\u00e9rale de votre Maison Pour Tous ! D\u00e9couvrez les bilans, les projets \u00e0 venir et \u00e9changez avec nous pour fa\u00e7onner ensemble un lieu de vie et de partage.","breadcrumb":{"@id":"https:\/\/mptpetitcharran.fr\/?tribe_events=assemblee-generale-maison-pour-tous#breadcrumb"},"inLanguage":"fr-FR","potentialAction":[{"@type":"ReadAction","target":["https:\/\/mptpetitcharran.fr\/?tribe_events=assemblee-generale-maison-pour-tous"]}]},{"@type":"ImageObject","inLanguage":"fr-FR","@id":"https:\/\/mptpetitcharran.fr\/?tribe_events=assemblee-generale-maison-pour-tous#primaryimage","url":"https:\/\/mptpetitcharran.fr\/wp-content\/uploads\/2025\/03\/Assemblee-generale-20251.png","contentUrl":"https:\/\/mptpetitcharran.fr\/wp-content\/uploads\/2025\/03\/Assemblee-generale-20251.png","width":1414,"height":2000},{"@type":"BreadcrumbList","@id":"https:\/\/mptpetitcharran.fr\/?tribe_events=assemblee-generale-maison-pour-tous#breadcrumb","itemListElement":[{"@type":"ListItem","position":1,"name":"Accueil","item":"https:\/\/mptpetitcharran.fr\/"},{"@type":"ListItem","position":2,"name":"\u00c9v\u00e8nements","item":"https:\/\/mptpetitcharran.fr\/?post_type=tribe_events"},{"@type":"ListItem","position":3,"name":"Assembl\u00e9e G\u00e9n\u00e9rale \u2013 Participez \u00e0 l\u2019\u00e9volution de votre Maison Pour Tous !"}]},{"@type":"WebSite","@id":"https:\/\/mptpetitcharran.fr\/#website","url":"https:\/\/mptpetitcharran.fr\/","name":"Maison pour tous du Petit charran","description":"","publisher":{"@id":"https:\/\/mptpetitcharran.fr\/#organization"},"potentialAction":[{"@type":"SearchAction","target":{"@type":"EntryPoint","urlTemplate":"https:\/\/mptpetitcharran.fr\/?s={search_term_string}"},"query-input":{"@type":"PropertyValueSpecification","valueRequired":true,"valueName":"search_term_string"}}],"inLanguage":"fr-FR"},{"@type":"Organization","@id":"https:\/\/mptpetitcharran.fr\/#organization","name":"Maison pour tous du Petit charran","url":"https:\/\/mptpetitcharran.fr\/","logo":{"@type":"ImageObject","inLanguage":"fr-FR","@id":"https:\/\/mptpetitcharran.fr\/#\/schema\/logo\/image\/","url":"http:\/\/mptpetitcharran.fr\/wp-content\/uploads\/2023\/07\/cropped-logo_mptpc.jpg","contentUrl":"http:\/\/mptpetitcharran.fr\/wp-content\/uploads\/2023\/07\/cropped-logo_mptpc.jpg","width":532,"height":529,"caption":"Maison pour tous du Petit charran"},"image":{"@id":"https:\/\/mptpetitcharran.fr\/#\/schema\/logo\/image\/"},"sameAs":["https:\/\/www.facebook.com\/mptpetitcharran","https:\/\/www.instagram.com\/mptpetitcharran\/"]}]}},"publishpress_future_workflow_manual_trigger":{"enabledWorkflows":[]},"_links":{"self":[{"href":"https:\/\/mptpetitcharran.fr\/index.php?rest_route=\/wp\/v2\/tribe_events\/6144","targetHints":{"allow":["GET"]}}],"collection":[{"href":"https:\/\/mptpetitcharran.fr\/index.php?rest_route=\/wp\/v2\/tribe_events"}],"about":[{"href":"https:\/\/mptpetitcharran.fr\/index.php?rest_route=\/wp\/v2\/types\/tribe_events"}],"author":[{"embeddable":true,"href":"https:\/\/mptpetitcharran.fr\/index.php?rest_route=\/wp\/v2\/users\/1"}],"version-history":[{"count":1,"href":"https:\/\/mptpetitcharran.fr\/index.php?rest_route=\/wp\/v2\/tribe_events\/6144\/revisions"}],"predecessor-version":[{"id":6145,"href":"https:\/\/mptpetitcharran.fr\/index.php?rest_route=\/wp\/v2\/tribe_events\/6144\/revisions\/6145"}],"wp:featuredmedia":[{"embeddable":true,"href":"https:\/\/mptpetitcharran.fr\/index.php?rest_route=\/wp\/v2\/media\/6138"}],"wp:attachment":[{"href":"https:\/\/mptpetitcharran.fr\/index.php?rest_route=%2Fwp%2Fv2%2Fmedia&parent=6144"}],"wp:term":[{"taxonomy":"post_tag","embeddable":true,"href":"https:\/\/mptpetitcharran.fr\/index.php?rest_route=%2Fwp%2Fv2%2Ftags&post=6144"},{"taxonomy":"tribe_events_cat","embeddable":true,"href":"https:\/\/mptpetitcharran.fr\/index.php?rest_route=%2Fwp%2Fv2%2Ftribe_events_cat&post=6144"}],"curies":[{"name":"wp","href":"https:\/\/api.w.org\/{rel}","templated":true}]}}