{"id":6127,"date":"2025-02-25T14:25:34","date_gmt":"2025-02-25T13:25:34","guid":{"rendered":"https:\/\/mptpetitcharran.fr\/?post_type=tribe_events&#038;p=6127"},"modified":"2025-02-25T14:25:34","modified_gmt":"2025-02-25T13:25:34","slug":"apero-creatif-a-la-mpt-petit-charran-11-avril-2025","status":"publish","type":"tribe_events","link":"https:\/\/mptpetitcharran.fr\/?tribe_events=apero-creatif-a-la-mpt-petit-charran-11-avril-2025","title":{"rendered":"Ap\u00e9ro Cr\u00e9atif \u00e0 la MPT Petit Charran &#8211; 11 avril 2025"},"content":{"rendered":"<p data-start=\"183\" data-end=\"626\">Rejoignez-nous pour un <strong data-start=\"206\" data-end=\"223\">Ap\u00e9ro Cr\u00e9atif<\/strong> unique \u00e0 la <strong data-start=\"236\" data-end=\"273\">Maison Pour Tous du Petit Charran<\/strong> ! Ce vendredi 11 avril, \u00e0 partir de 18h, venez passer un moment convivial et artistique avec les artistes <strong data-start=\"380\" data-end=\"397\">Cathy Trapier<\/strong> et <strong data-start=\"401\" data-end=\"419\">Magali Tharaud<\/strong>. Profitez de cette occasion pour \u00e9changer avec elles, d\u00e9couvrir leurs pratiques artistiques et, pourquoi pas, vous initier \u00e0 la cr\u00e9ation en partageant un verre dans une ambiance d\u00e9contract\u00e9e et inspirante !<\/p>\n<p data-start=\"628\" data-end=\"852\">Que vous soyez passionn\u00e9 d&rsquo;art ou simplement curieux, cet ap\u00e9ro cr\u00e9atif est l&rsquo;opportunit\u00e9 de rencontrer d&rsquo;autres amateurs d&rsquo;art, de vous divertir et de stimuler votre cr\u00e9ativit\u00e9 dans une atmosph\u00e8re chaleureuse et conviviale.<\/p>\n","protected":false},"excerpt":{"rendered":"<p> Venez vivre une exp\u00e9rience cr\u00e9ative et conviviale \u00e0 l&rsquo;Ap\u00e9ro Cr\u00e9atif de la MPT Petit Charran, le vendredi 11 avril 2025. Un moment pour \u00e9changer avec les artistes Cathy Trapier et Magali Tharaud tout en partageant un verre et en cr\u00e9ant ensemble !<\/p>\n","protected":false},"author":1,"featured_media":6128,"template":"","meta":{"_tribe_events_status":"","_tribe_events_status_reason":"","footnotes":""},"tags":[17],"tribe_events_cat":[],"class_list":["post-6127","tribe_events","type-tribe_events","status-publish","has-post-thumbnail","hentry","tag-finissage"],"yoast_head":"<!-- This site is optimized with the Yoast SEO plugin v27.5 - https:\/\/yoast.com\/product\/yoast-seo-wordpress\/ -->\n<title>Ap\u00e9ro Cr\u00e9atif \u00e0 la MPT Petit Charran - 11 avril 2025 - Maison pour tous du Petit charran<\/title>\n<meta name=\"description\" content=\"Participez \u00e0 l&#039;Ap\u00e9ro Cr\u00e9atif du 11 avril 2025 \u00e0 la MPT Petit Charran. \u00c9changez avec les artistes Cathy Trapier et Magali Tharaud, initiez-vous \u00e0 l&#039;art et partagez un moment convivial autour de la cr\u00e9ation !\" \/>\n<meta name=\"robots\" content=\"index, follow, max-snippet:-1, max-image-preview:large, max-video-preview:-1\" \/>\n<link rel=\"canonical\" href=\"https:\/\/mptpetitcharran.fr\/?tribe_events=apero-creatif-a-la-mpt-petit-charran-11-avril-2025\" \/>\n<meta property=\"og:locale\" content=\"fr_FR\" \/>\n<meta property=\"og:type\" content=\"article\" \/>\n<meta property=\"og:title\" content=\"Ap\u00e9ro Cr\u00e9atif \u00e0 la MPT Petit Charran - 11 avril 2025 - Maison pour tous du Petit charran\" \/>\n<meta property=\"og:description\" content=\"Participez \u00e0 l&#039;Ap\u00e9ro Cr\u00e9atif du 11 avril 2025 \u00e0 la MPT Petit Charran. \u00c9changez avec les artistes Cathy Trapier et Magali Tharaud, initiez-vous \u00e0 l&#039;art et partagez un moment convivial autour de la cr\u00e9ation !\" \/>\n<meta property=\"og:url\" content=\"https:\/\/mptpetitcharran.fr\/?tribe_events=apero-creatif-a-la-mpt-petit-charran-11-avril-2025\" \/>\n<meta property=\"og:site_name\" content=\"Maison pour tous du Petit charran\" \/>\n<meta property=\"article:publisher\" content=\"https:\/\/www.facebook.com\/mptpetitcharran\" \/>\n<meta property=\"og:image\" content=\"https:\/\/mptpetitcharran.fr\/wp-content\/uploads\/2025\/02\/3.png\" \/>\n\t<meta property=\"og:image:width\" content=\"1414\" \/>\n\t<meta property=\"og:image:height\" content=\"2000\" \/>\n\t<meta property=\"og:image:type\" content=\"image\/png\" \/>\n<meta name=\"twitter:card\" content=\"summary_large_image\" \/>\n<meta name=\"twitter:label1\" content=\"Dur\u00e9e de lecture estim\u00e9e\" \/>\n\t<meta name=\"twitter:data1\" content=\"1 minute\" \/>\n<script type=\"application\/ld+json\" class=\"yoast-schema-graph\">{\"@context\":\"https:\\\/\\\/schema.org\",\"@graph\":[{\"@type\":\"WebPage\",\"@id\":\"https:\\\/\\\/mptpetitcharran.fr\\\/?tribe_events=apero-creatif-a-la-mpt-petit-charran-11-avril-2025\",\"url\":\"https:\\\/\\\/mptpetitcharran.fr\\\/?tribe_events=apero-creatif-a-la-mpt-petit-charran-11-avril-2025\",\"name\":\"Ap\u00e9ro Cr\u00e9atif \u00e0 la MPT Petit Charran - 11 avril 2025 - Maison pour tous du Petit charran\",\"isPartOf\":{\"@id\":\"https:\\\/\\\/mptpetitcharran.fr\\\/#website\"},\"primaryImageOfPage\":{\"@id\":\"https:\\\/\\\/mptpetitcharran.fr\\\/?tribe_events=apero-creatif-a-la-mpt-petit-charran-11-avril-2025#primaryimage\"},\"image\":{\"@id\":\"https:\\\/\\\/mptpetitcharran.fr\\\/?tribe_events=apero-creatif-a-la-mpt-petit-charran-11-avril-2025#primaryimage\"},\"thumbnailUrl\":\"https:\\\/\\\/mptpetitcharran.fr\\\/wp-content\\\/uploads\\\/2025\\\/02\\\/3.png\",\"datePublished\":\"2025-02-25T13:25:34+00:00\",\"description\":\"Participez \u00e0 l'Ap\u00e9ro Cr\u00e9atif du 11 avril 2025 \u00e0 la MPT Petit Charran. \u00c9changez avec les artistes Cathy Trapier et Magali Tharaud, initiez-vous \u00e0 l'art et partagez un moment convivial autour de la cr\u00e9ation !\",\"breadcrumb\":{\"@id\":\"https:\\\/\\\/mptpetitcharran.fr\\\/?tribe_events=apero-creatif-a-la-mpt-petit-charran-11-avril-2025#breadcrumb\"},\"inLanguage\":\"fr-FR\",\"potentialAction\":[{\"@type\":\"ReadAction\",\"target\":[\"https:\\\/\\\/mptpetitcharran.fr\\\/?tribe_events=apero-creatif-a-la-mpt-petit-charran-11-avril-2025\"]}]},{\"@type\":\"ImageObject\",\"inLanguage\":\"fr-FR\",\"@id\":\"https:\\\/\\\/mptpetitcharran.fr\\\/?tribe_events=apero-creatif-a-la-mpt-petit-charran-11-avril-2025#primaryimage\",\"url\":\"https:\\\/\\\/mptpetitcharran.fr\\\/wp-content\\\/uploads\\\/2025\\\/02\\\/3.png\",\"contentUrl\":\"https:\\\/\\\/mptpetitcharran.fr\\\/wp-content\\\/uploads\\\/2025\\\/02\\\/3.png\",\"width\":1414,\"height\":2000},{\"@type\":\"BreadcrumbList\",\"@id\":\"https:\\\/\\\/mptpetitcharran.fr\\\/?tribe_events=apero-creatif-a-la-mpt-petit-charran-11-avril-2025#breadcrumb\",\"itemListElement\":[{\"@type\":\"ListItem\",\"position\":1,\"name\":\"Accueil\",\"item\":\"https:\\\/\\\/mptpetitcharran.fr\\\/\"},{\"@type\":\"ListItem\",\"position\":2,\"name\":\"\u00c9v\u00e8nements\",\"item\":\"https:\\\/\\\/mptpetitcharran.fr\\\/?post_type=tribe_events\"},{\"@type\":\"ListItem\",\"position\":3,\"name\":\"Ap\u00e9ro Cr\u00e9atif \u00e0 la MPT Petit Charran &#8211; 11 avril 2025\"}]},{\"@type\":\"WebSite\",\"@id\":\"https:\\\/\\\/mptpetitcharran.fr\\\/#website\",\"url\":\"https:\\\/\\\/mptpetitcharran.fr\\\/\",\"name\":\"Maison pour tous du Petit charran\",\"description\":\"\",\"publisher\":{\"@id\":\"https:\\\/\\\/mptpetitcharran.fr\\\/#organization\"},\"potentialAction\":[{\"@type\":\"SearchAction\",\"target\":{\"@type\":\"EntryPoint\",\"urlTemplate\":\"https:\\\/\\\/mptpetitcharran.fr\\\/?s={search_term_string}\"},\"query-input\":{\"@type\":\"PropertyValueSpecification\",\"valueRequired\":true,\"valueName\":\"search_term_string\"}}],\"inLanguage\":\"fr-FR\"},{\"@type\":\"Organization\",\"@id\":\"https:\\\/\\\/mptpetitcharran.fr\\\/#organization\",\"name\":\"Maison pour tous du Petit charran\",\"url\":\"https:\\\/\\\/mptpetitcharran.fr\\\/\",\"logo\":{\"@type\":\"ImageObject\",\"inLanguage\":\"fr-FR\",\"@id\":\"https:\\\/\\\/mptpetitcharran.fr\\\/#\\\/schema\\\/logo\\\/image\\\/\",\"url\":\"http:\\\/\\\/mptpetitcharran.fr\\\/wp-content\\\/uploads\\\/2023\\\/07\\\/cropped-logo_mptpc.jpg\",\"contentUrl\":\"http:\\\/\\\/mptpetitcharran.fr\\\/wp-content\\\/uploads\\\/2023\\\/07\\\/cropped-logo_mptpc.jpg\",\"width\":532,\"height\":529,\"caption\":\"Maison pour tous du Petit charran\"},\"image\":{\"@id\":\"https:\\\/\\\/mptpetitcharran.fr\\\/#\\\/schema\\\/logo\\\/image\\\/\"},\"sameAs\":[\"https:\\\/\\\/www.facebook.com\\\/mptpetitcharran\",\"https:\\\/\\\/www.instagram.com\\\/mptpetitcharran\\\/\"]}]}<\/script>\n<!-- \/ Yoast SEO plugin. -->","yoast_head_json":{"title":"Ap\u00e9ro Cr\u00e9atif \u00e0 la MPT Petit Charran - 11 avril 2025 - Maison pour tous du Petit charran","description":"Participez \u00e0 l'Ap\u00e9ro Cr\u00e9atif du 11 avril 2025 \u00e0 la MPT Petit Charran. \u00c9changez avec les artistes Cathy Trapier et Magali Tharaud, initiez-vous \u00e0 l'art et partagez un moment convivial autour de la cr\u00e9ation !","robots":{"index":"index","follow":"follow","max-snippet":"max-snippet:-1","max-image-preview":"max-image-preview:large","max-video-preview":"max-video-preview:-1"},"canonical":"https:\/\/mptpetitcharran.fr\/?tribe_events=apero-creatif-a-la-mpt-petit-charran-11-avril-2025","og_locale":"fr_FR","og_type":"article","og_title":"Ap\u00e9ro Cr\u00e9atif \u00e0 la MPT Petit Charran - 11 avril 2025 - Maison pour tous du Petit charran","og_description":"Participez \u00e0 l'Ap\u00e9ro Cr\u00e9atif du 11 avril 2025 \u00e0 la MPT Petit Charran. \u00c9changez avec les artistes Cathy Trapier et Magali Tharaud, initiez-vous \u00e0 l'art et partagez un moment convivial autour de la cr\u00e9ation !","og_url":"https:\/\/mptpetitcharran.fr\/?tribe_events=apero-creatif-a-la-mpt-petit-charran-11-avril-2025","og_site_name":"Maison pour tous du Petit charran","article_publisher":"https:\/\/www.facebook.com\/mptpetitcharran","og_image":[{"width":1414,"height":2000,"url":"https:\/\/mptpetitcharran.fr\/wp-content\/uploads\/2025\/02\/3.png","type":"image\/png"}],"twitter_card":"summary_large_image","twitter_misc":{"Dur\u00e9e de lecture estim\u00e9e":"1 minute"},"schema":{"@context":"https:\/\/schema.org","@graph":[{"@type":"WebPage","@id":"https:\/\/mptpetitcharran.fr\/?tribe_events=apero-creatif-a-la-mpt-petit-charran-11-avril-2025","url":"https:\/\/mptpetitcharran.fr\/?tribe_events=apero-creatif-a-la-mpt-petit-charran-11-avril-2025","name":"Ap\u00e9ro Cr\u00e9atif \u00e0 la MPT Petit Charran - 11 avril 2025 - Maison pour tous du Petit charran","isPartOf":{"@id":"https:\/\/mptpetitcharran.fr\/#website"},"primaryImageOfPage":{"@id":"https:\/\/mptpetitcharran.fr\/?tribe_events=apero-creatif-a-la-mpt-petit-charran-11-avril-2025#primaryimage"},"image":{"@id":"https:\/\/mptpetitcharran.fr\/?tribe_events=apero-creatif-a-la-mpt-petit-charran-11-avril-2025#primaryimage"},"thumbnailUrl":"https:\/\/mptpetitcharran.fr\/wp-content\/uploads\/2025\/02\/3.png","datePublished":"2025-02-25T13:25:34+00:00","description":"Participez \u00e0 l'Ap\u00e9ro Cr\u00e9atif du 11 avril 2025 \u00e0 la MPT Petit Charran. \u00c9changez avec les artistes Cathy Trapier et Magali Tharaud, initiez-vous \u00e0 l'art et partagez un moment convivial autour de la cr\u00e9ation !","breadcrumb":{"@id":"https:\/\/mptpetitcharran.fr\/?tribe_events=apero-creatif-a-la-mpt-petit-charran-11-avril-2025#breadcrumb"},"inLanguage":"fr-FR","potentialAction":[{"@type":"ReadAction","target":["https:\/\/mptpetitcharran.fr\/?tribe_events=apero-creatif-a-la-mpt-petit-charran-11-avril-2025"]}]},{"@type":"ImageObject","inLanguage":"fr-FR","@id":"https:\/\/mptpetitcharran.fr\/?tribe_events=apero-creatif-a-la-mpt-petit-charran-11-avril-2025#primaryimage","url":"https:\/\/mptpetitcharran.fr\/wp-content\/uploads\/2025\/02\/3.png","contentUrl":"https:\/\/mptpetitcharran.fr\/wp-content\/uploads\/2025\/02\/3.png","width":1414,"height":2000},{"@type":"BreadcrumbList","@id":"https:\/\/mptpetitcharran.fr\/?tribe_events=apero-creatif-a-la-mpt-petit-charran-11-avril-2025#breadcrumb","itemListElement":[{"@type":"ListItem","position":1,"name":"Accueil","item":"https:\/\/mptpetitcharran.fr\/"},{"@type":"ListItem","position":2,"name":"\u00c9v\u00e8nements","item":"https:\/\/mptpetitcharran.fr\/?post_type=tribe_events"},{"@type":"ListItem","position":3,"name":"Ap\u00e9ro Cr\u00e9atif \u00e0 la MPT Petit Charran &#8211; 11 avril 2025"}]},{"@type":"WebSite","@id":"https:\/\/mptpetitcharran.fr\/#website","url":"https:\/\/mptpetitcharran.fr\/","name":"Maison pour tous du Petit charran","description":"","publisher":{"@id":"https:\/\/mptpetitcharran.fr\/#organization"},"potentialAction":[{"@type":"SearchAction","target":{"@type":"EntryPoint","urlTemplate":"https:\/\/mptpetitcharran.fr\/?s={search_term_string}"},"query-input":{"@type":"PropertyValueSpecification","valueRequired":true,"valueName":"search_term_string"}}],"inLanguage":"fr-FR"},{"@type":"Organization","@id":"https:\/\/mptpetitcharran.fr\/#organization","name":"Maison pour tous du Petit charran","url":"https:\/\/mptpetitcharran.fr\/","logo":{"@type":"ImageObject","inLanguage":"fr-FR","@id":"https:\/\/mptpetitcharran.fr\/#\/schema\/logo\/image\/","url":"http:\/\/mptpetitcharran.fr\/wp-content\/uploads\/2023\/07\/cropped-logo_mptpc.jpg","contentUrl":"http:\/\/mptpetitcharran.fr\/wp-content\/uploads\/2023\/07\/cropped-logo_mptpc.jpg","width":532,"height":529,"caption":"Maison pour tous du Petit charran"},"image":{"@id":"https:\/\/mptpetitcharran.fr\/#\/schema\/logo\/image\/"},"sameAs":["https:\/\/www.facebook.com\/mptpetitcharran","https:\/\/www.instagram.com\/mptpetitcharran\/"]}]}},"publishpress_future_workflow_manual_trigger":{"enabledWorkflows":[]},"_links":{"self":[{"href":"https:\/\/mptpetitcharran.fr\/index.php?rest_route=\/wp\/v2\/tribe_events\/6127","targetHints":{"allow":["GET"]}}],"collection":[{"href":"https:\/\/mptpetitcharran.fr\/index.php?rest_route=\/wp\/v2\/tribe_events"}],"about":[{"href":"https:\/\/mptpetitcharran.fr\/index.php?rest_route=\/wp\/v2\/types\/tribe_events"}],"author":[{"embeddable":true,"href":"https:\/\/mptpetitcharran.fr\/index.php?rest_route=\/wp\/v2\/users\/1"}],"version-history":[{"count":1,"href":"https:\/\/mptpetitcharran.fr\/index.php?rest_route=\/wp\/v2\/tribe_events\/6127\/revisions"}],"predecessor-version":[{"id":6129,"href":"https:\/\/mptpetitcharran.fr\/index.php?rest_route=\/wp\/v2\/tribe_events\/6127\/revisions\/6129"}],"wp:featuredmedia":[{"embeddable":true,"href":"https:\/\/mptpetitcharran.fr\/index.php?rest_route=\/wp\/v2\/media\/6128"}],"wp:attachment":[{"href":"https:\/\/mptpetitcharran.fr\/index.php?rest_route=%2Fwp%2Fv2%2Fmedia&parent=6127"}],"wp:term":[{"taxonomy":"post_tag","embeddable":true,"href":"https:\/\/mptpetitcharran.fr\/index.php?rest_route=%2Fwp%2Fv2%2Ftags&post=6127"},{"taxonomy":"tribe_events_cat","embeddable":true,"href":"https:\/\/mptpetitcharran.fr\/index.php?rest_route=%2Fwp%2Fv2%2Ftribe_events_cat&post=6127"}],"curies":[{"name":"wp","href":"https:\/\/api.w.org\/{rel}","templated":true}]}}