{"id":6113,"date":"2025-02-11T12:10:37","date_gmt":"2025-02-11T11:10:37","guid":{"rendered":"https:\/\/mptpetitcharran.fr\/?post_type=tribe_events&#038;p=6113"},"modified":"2025-02-11T12:10:37","modified_gmt":"2025-02-11T11:10:37","slug":"debat-ta-pizza-soiree-parents-ados","status":"publish","type":"tribe_events","link":"https:\/\/mptpetitcharran.fr\/?tribe_events=debat-ta-pizza-soiree-parents-ados","title":{"rendered":"D\u00e9bat ta pizza &#8211; soir\u00e9e parents-ados"},"content":{"rendered":"<p class=\"whitespace-pre-wrap break-words\">La MPt vous invite \u00e0 une soir\u00e9e conviviale qui r\u00e9unit parents et ados (coll\u00e8ge-lyc\u00e9e) autour de la pr\u00e9paration et du partage de pizzas, le tout agr\u00e9ment\u00e9 de d\u00e9bats.<br \/>\nLe vendredi 28 mars, venez participer \u00e0 cette exp\u00e9rience unique qui allie gastronomie et dialogue interg\u00e9n\u00e9rationnel.<\/p>\n<p class=\"whitespace-pre-wrap break-words\">Programme de la soir\u00e9e :<\/p>\n<ul class=\"[&amp;:not(:last-child)_ul]:pb-1 [&amp;:not(:last-child)_ol]:pb-1 list-disc space-y-1.5 pl-7\">\n<li class=\"whitespace-normal break-words\">17h : D\u00e9but des pr\u00e9parations en cuisine<\/li>\n<li class=\"whitespace-normal break-words\">19h-21h : Pizza-d\u00e9bat, un moment d&rsquo;\u00e9change privil\u00e9gi\u00e9<\/li>\n<\/ul>\n<p class=\"whitespace-pre-wrap break-words\">Cette soir\u00e9e s&rsquo;adresse aux adolescents du coll\u00e8ge et du lyc\u00e9e, accompagn\u00e9s de leurs parents. L&rsquo;objectif ? Cr\u00e9er un cadre d\u00e9contract\u00e9 propice aux \u00e9changes constructifs tout en partageant une activit\u00e9 ludique et gourmande.<\/p>\n<p class=\"whitespace-pre-wrap break-words\">Informations pratiques :<\/p>\n<ul class=\"[&amp;:not(:last-child)_ul]:pb-1 [&amp;:not(:last-child)_ol]:pb-1 list-disc space-y-1.5 pl-7\">\n<li class=\"whitespace-normal break-words\">Inscription obligatoire : <a class=\"underline\" href=\"mailto:ado@mptpetitcharran.org\">ado@mptpetitcharran.org<\/a><\/li>\n<li class=\"whitespace-normal break-words\">Important : merci de signaler tout r\u00e9gime alimentaire particulier ou allergie<\/li>\n<li class=\"whitespace-normal break-words\">Adresse : 30 rue Henri Dunant, 26000 Valence<\/li>\n<li class=\"whitespace-normal break-words\">Contact : 06.58.15.57.58<\/li>\n<\/ul>\n<p class=\"whitespace-pre-wrap break-words\">Les places \u00e9tant limit\u00e9es, nous vous conseillons de vous inscrire rapidement !<\/p>\n","protected":false},"excerpt":{"rendered":"<p>La MPt vous invite \u00e0 une soir\u00e9e conviviale qui r\u00e9unit parents et ados (coll\u00e8ge-lyc\u00e9e) autour de la pr\u00e9paration et du partage de pizzas, le tout agr\u00e9ment\u00e9 de d\u00e9bats. Le vendredi &hellip; <a href=\"https:\/\/mptpetitcharran.fr\/?tribe_events=debat-ta-pizza-soiree-parents-ados\" class=\"more-link\">Continue reading <span class=\"screen-reader-text\">D\u00e9bat ta pizza &#8211; soir\u00e9e parents-ados<\/span> <span class=\"meta-nav\">&rarr;<\/span><\/a><\/p>\n","protected":false},"author":1,"featured_media":6114,"template":"","meta":{"_tribe_events_status":"","_tribe_events_status_reason":"","footnotes":""},"tags":[],"tribe_events_cat":[],"class_list":["post-6113","tribe_events","type-tribe_events","status-publish","has-post-thumbnail","hentry"],"yoast_head":"<!-- This site is optimized with the Yoast SEO plugin v27.0 - https:\/\/yoast.com\/product\/yoast-seo-wordpress\/ -->\n<title>D\u00e9bat ta pizza - soir\u00e9e parents-ados - Maison pour tous du Petit charran<\/title>\n<meta name=\"description\" content=\"Participez \u00e0 la soir\u00e9e Pizza-D\u00e9bat parents-ados \u00e0 la MPT du Petit Charran : une exp\u00e9rience unique m\u00ealant cuisine et dialogue le 28 mars \u00e0 Valence.\" \/>\n<meta name=\"robots\" content=\"index, follow, max-snippet:-1, max-image-preview:large, max-video-preview:-1\" \/>\n<link rel=\"canonical\" href=\"https:\/\/mptpetitcharran.fr\/?tribe_events=debat-ta-pizza-soiree-parents-ados\" \/>\n<meta property=\"og:locale\" content=\"fr_FR\" \/>\n<meta property=\"og:type\" content=\"article\" \/>\n<meta property=\"og:title\" content=\"D\u00e9bat ta pizza - soir\u00e9e parents-ados - Maison pour tous du Petit charran\" \/>\n<meta property=\"og:description\" content=\"Participez \u00e0 la soir\u00e9e Pizza-D\u00e9bat parents-ados \u00e0 la MPT du Petit Charran : une exp\u00e9rience unique m\u00ealant cuisine et dialogue le 28 mars \u00e0 Valence.\" \/>\n<meta property=\"og:url\" content=\"https:\/\/mptpetitcharran.fr\/?tribe_events=debat-ta-pizza-soiree-parents-ados\" \/>\n<meta property=\"og:site_name\" content=\"Maison pour tous du Petit charran\" \/>\n<meta property=\"article:publisher\" content=\"https:\/\/www.facebook.com\/mptpetitcharran\" \/>\n<meta property=\"og:image\" content=\"https:\/\/mptpetitcharran.fr\/wp-content\/uploads\/2025\/02\/Soiree-debat-ta-pizza-2803.png\" \/>\n\t<meta property=\"og:image:width\" content=\"1414\" \/>\n\t<meta property=\"og:image:height\" content=\"2000\" \/>\n\t<meta property=\"og:image:type\" content=\"image\/png\" \/>\n<meta name=\"twitter:card\" content=\"summary_large_image\" \/>\n<meta name=\"twitter:label1\" content=\"Dur\u00e9e de lecture estim\u00e9e\" \/>\n\t<meta name=\"twitter:data1\" content=\"1 minute\" \/>\n<script type=\"application\/ld+json\" class=\"yoast-schema-graph\">{\"@context\":\"https:\/\/schema.org\",\"@graph\":[{\"@type\":\"WebPage\",\"@id\":\"https:\/\/mptpetitcharran.fr\/?tribe_events=debat-ta-pizza-soiree-parents-ados\",\"url\":\"https:\/\/mptpetitcharran.fr\/?tribe_events=debat-ta-pizza-soiree-parents-ados\",\"name\":\"D\u00e9bat ta pizza - soir\u00e9e parents-ados - Maison pour tous du Petit charran\",\"isPartOf\":{\"@id\":\"https:\/\/mptpetitcharran.fr\/#website\"},\"primaryImageOfPage\":{\"@id\":\"https:\/\/mptpetitcharran.fr\/?tribe_events=debat-ta-pizza-soiree-parents-ados#primaryimage\"},\"image\":{\"@id\":\"https:\/\/mptpetitcharran.fr\/?tribe_events=debat-ta-pizza-soiree-parents-ados#primaryimage\"},\"thumbnailUrl\":\"https:\/\/mptpetitcharran.fr\/wp-content\/uploads\/2025\/02\/Soiree-debat-ta-pizza-2803.png\",\"datePublished\":\"2025-02-11T11:10:37+00:00\",\"description\":\"Participez \u00e0 la soir\u00e9e Pizza-D\u00e9bat parents-ados \u00e0 la MPT du Petit Charran : une exp\u00e9rience unique m\u00ealant cuisine et dialogue le 28 mars \u00e0 Valence.\",\"breadcrumb\":{\"@id\":\"https:\/\/mptpetitcharran.fr\/?tribe_events=debat-ta-pizza-soiree-parents-ados#breadcrumb\"},\"inLanguage\":\"fr-FR\",\"potentialAction\":[{\"@type\":\"ReadAction\",\"target\":[\"https:\/\/mptpetitcharran.fr\/?tribe_events=debat-ta-pizza-soiree-parents-ados\"]}]},{\"@type\":\"ImageObject\",\"inLanguage\":\"fr-FR\",\"@id\":\"https:\/\/mptpetitcharran.fr\/?tribe_events=debat-ta-pizza-soiree-parents-ados#primaryimage\",\"url\":\"https:\/\/mptpetitcharran.fr\/wp-content\/uploads\/2025\/02\/Soiree-debat-ta-pizza-2803.png\",\"contentUrl\":\"https:\/\/mptpetitcharran.fr\/wp-content\/uploads\/2025\/02\/Soiree-debat-ta-pizza-2803.png\",\"width\":1414,\"height\":2000},{\"@type\":\"BreadcrumbList\",\"@id\":\"https:\/\/mptpetitcharran.fr\/?tribe_events=debat-ta-pizza-soiree-parents-ados#breadcrumb\",\"itemListElement\":[{\"@type\":\"ListItem\",\"position\":1,\"name\":\"Accueil\",\"item\":\"https:\/\/mptpetitcharran.fr\/\"},{\"@type\":\"ListItem\",\"position\":2,\"name\":\"\u00c9v\u00e8nements\",\"item\":\"https:\/\/mptpetitcharran.fr\/?post_type=tribe_events\"},{\"@type\":\"ListItem\",\"position\":3,\"name\":\"D\u00e9bat ta pizza &#8211; soir\u00e9e parents-ados\"}]},{\"@type\":\"WebSite\",\"@id\":\"https:\/\/mptpetitcharran.fr\/#website\",\"url\":\"https:\/\/mptpetitcharran.fr\/\",\"name\":\"Maison pour tous du Petit charran\",\"description\":\"\",\"publisher\":{\"@id\":\"https:\/\/mptpetitcharran.fr\/#organization\"},\"potentialAction\":[{\"@type\":\"SearchAction\",\"target\":{\"@type\":\"EntryPoint\",\"urlTemplate\":\"https:\/\/mptpetitcharran.fr\/?s={search_term_string}\"},\"query-input\":{\"@type\":\"PropertyValueSpecification\",\"valueRequired\":true,\"valueName\":\"search_term_string\"}}],\"inLanguage\":\"fr-FR\"},{\"@type\":\"Organization\",\"@id\":\"https:\/\/mptpetitcharran.fr\/#organization\",\"name\":\"Maison pour tous du Petit charran\",\"url\":\"https:\/\/mptpetitcharran.fr\/\",\"logo\":{\"@type\":\"ImageObject\",\"inLanguage\":\"fr-FR\",\"@id\":\"https:\/\/mptpetitcharran.fr\/#\/schema\/logo\/image\/\",\"url\":\"http:\/\/mptpetitcharran.fr\/wp-content\/uploads\/2023\/07\/cropped-logo_mptpc.jpg\",\"contentUrl\":\"http:\/\/mptpetitcharran.fr\/wp-content\/uploads\/2023\/07\/cropped-logo_mptpc.jpg\",\"width\":532,\"height\":529,\"caption\":\"Maison pour tous du Petit charran\"},\"image\":{\"@id\":\"https:\/\/mptpetitcharran.fr\/#\/schema\/logo\/image\/\"},\"sameAs\":[\"https:\/\/www.facebook.com\/mptpetitcharran\",\"https:\/\/www.instagram.com\/mptpetitcharran\/\"]}]}<\/script>\n<!-- \/ Yoast SEO plugin. -->","yoast_head_json":{"title":"D\u00e9bat ta pizza - soir\u00e9e parents-ados - Maison pour tous du Petit charran","description":"Participez \u00e0 la soir\u00e9e Pizza-D\u00e9bat parents-ados \u00e0 la MPT du Petit Charran : une exp\u00e9rience unique m\u00ealant cuisine et dialogue le 28 mars \u00e0 Valence.","robots":{"index":"index","follow":"follow","max-snippet":"max-snippet:-1","max-image-preview":"max-image-preview:large","max-video-preview":"max-video-preview:-1"},"canonical":"https:\/\/mptpetitcharran.fr\/?tribe_events=debat-ta-pizza-soiree-parents-ados","og_locale":"fr_FR","og_type":"article","og_title":"D\u00e9bat ta pizza - soir\u00e9e parents-ados - Maison pour tous du Petit charran","og_description":"Participez \u00e0 la soir\u00e9e Pizza-D\u00e9bat parents-ados \u00e0 la MPT du Petit Charran : une exp\u00e9rience unique m\u00ealant cuisine et dialogue le 28 mars \u00e0 Valence.","og_url":"https:\/\/mptpetitcharran.fr\/?tribe_events=debat-ta-pizza-soiree-parents-ados","og_site_name":"Maison pour tous du Petit charran","article_publisher":"https:\/\/www.facebook.com\/mptpetitcharran","og_image":[{"width":1414,"height":2000,"url":"https:\/\/mptpetitcharran.fr\/wp-content\/uploads\/2025\/02\/Soiree-debat-ta-pizza-2803.png","type":"image\/png"}],"twitter_card":"summary_large_image","twitter_misc":{"Dur\u00e9e de lecture estim\u00e9e":"1 minute"},"schema":{"@context":"https:\/\/schema.org","@graph":[{"@type":"WebPage","@id":"https:\/\/mptpetitcharran.fr\/?tribe_events=debat-ta-pizza-soiree-parents-ados","url":"https:\/\/mptpetitcharran.fr\/?tribe_events=debat-ta-pizza-soiree-parents-ados","name":"D\u00e9bat ta pizza - soir\u00e9e parents-ados - Maison pour tous du Petit charran","isPartOf":{"@id":"https:\/\/mptpetitcharran.fr\/#website"},"primaryImageOfPage":{"@id":"https:\/\/mptpetitcharran.fr\/?tribe_events=debat-ta-pizza-soiree-parents-ados#primaryimage"},"image":{"@id":"https:\/\/mptpetitcharran.fr\/?tribe_events=debat-ta-pizza-soiree-parents-ados#primaryimage"},"thumbnailUrl":"https:\/\/mptpetitcharran.fr\/wp-content\/uploads\/2025\/02\/Soiree-debat-ta-pizza-2803.png","datePublished":"2025-02-11T11:10:37+00:00","description":"Participez \u00e0 la soir\u00e9e Pizza-D\u00e9bat parents-ados \u00e0 la MPT du Petit Charran : une exp\u00e9rience unique m\u00ealant cuisine et dialogue le 28 mars \u00e0 Valence.","breadcrumb":{"@id":"https:\/\/mptpetitcharran.fr\/?tribe_events=debat-ta-pizza-soiree-parents-ados#breadcrumb"},"inLanguage":"fr-FR","potentialAction":[{"@type":"ReadAction","target":["https:\/\/mptpetitcharran.fr\/?tribe_events=debat-ta-pizza-soiree-parents-ados"]}]},{"@type":"ImageObject","inLanguage":"fr-FR","@id":"https:\/\/mptpetitcharran.fr\/?tribe_events=debat-ta-pizza-soiree-parents-ados#primaryimage","url":"https:\/\/mptpetitcharran.fr\/wp-content\/uploads\/2025\/02\/Soiree-debat-ta-pizza-2803.png","contentUrl":"https:\/\/mptpetitcharran.fr\/wp-content\/uploads\/2025\/02\/Soiree-debat-ta-pizza-2803.png","width":1414,"height":2000},{"@type":"BreadcrumbList","@id":"https:\/\/mptpetitcharran.fr\/?tribe_events=debat-ta-pizza-soiree-parents-ados#breadcrumb","itemListElement":[{"@type":"ListItem","position":1,"name":"Accueil","item":"https:\/\/mptpetitcharran.fr\/"},{"@type":"ListItem","position":2,"name":"\u00c9v\u00e8nements","item":"https:\/\/mptpetitcharran.fr\/?post_type=tribe_events"},{"@type":"ListItem","position":3,"name":"D\u00e9bat ta pizza &#8211; soir\u00e9e parents-ados"}]},{"@type":"WebSite","@id":"https:\/\/mptpetitcharran.fr\/#website","url":"https:\/\/mptpetitcharran.fr\/","name":"Maison pour tous du Petit charran","description":"","publisher":{"@id":"https:\/\/mptpetitcharran.fr\/#organization"},"potentialAction":[{"@type":"SearchAction","target":{"@type":"EntryPoint","urlTemplate":"https:\/\/mptpetitcharran.fr\/?s={search_term_string}"},"query-input":{"@type":"PropertyValueSpecification","valueRequired":true,"valueName":"search_term_string"}}],"inLanguage":"fr-FR"},{"@type":"Organization","@id":"https:\/\/mptpetitcharran.fr\/#organization","name":"Maison pour tous du Petit charran","url":"https:\/\/mptpetitcharran.fr\/","logo":{"@type":"ImageObject","inLanguage":"fr-FR","@id":"https:\/\/mptpetitcharran.fr\/#\/schema\/logo\/image\/","url":"http:\/\/mptpetitcharran.fr\/wp-content\/uploads\/2023\/07\/cropped-logo_mptpc.jpg","contentUrl":"http:\/\/mptpetitcharran.fr\/wp-content\/uploads\/2023\/07\/cropped-logo_mptpc.jpg","width":532,"height":529,"caption":"Maison pour tous du Petit charran"},"image":{"@id":"https:\/\/mptpetitcharran.fr\/#\/schema\/logo\/image\/"},"sameAs":["https:\/\/www.facebook.com\/mptpetitcharran","https:\/\/www.instagram.com\/mptpetitcharran\/"]}]}},"publishpress_future_workflow_manual_trigger":{"enabledWorkflows":[]},"_links":{"self":[{"href":"https:\/\/mptpetitcharran.fr\/index.php?rest_route=\/wp\/v2\/tribe_events\/6113","targetHints":{"allow":["GET"]}}],"collection":[{"href":"https:\/\/mptpetitcharran.fr\/index.php?rest_route=\/wp\/v2\/tribe_events"}],"about":[{"href":"https:\/\/mptpetitcharran.fr\/index.php?rest_route=\/wp\/v2\/types\/tribe_events"}],"author":[{"embeddable":true,"href":"https:\/\/mptpetitcharran.fr\/index.php?rest_route=\/wp\/v2\/users\/1"}],"version-history":[{"count":1,"href":"https:\/\/mptpetitcharran.fr\/index.php?rest_route=\/wp\/v2\/tribe_events\/6113\/revisions"}],"predecessor-version":[{"id":6115,"href":"https:\/\/mptpetitcharran.fr\/index.php?rest_route=\/wp\/v2\/tribe_events\/6113\/revisions\/6115"}],"wp:featuredmedia":[{"embeddable":true,"href":"https:\/\/mptpetitcharran.fr\/index.php?rest_route=\/wp\/v2\/media\/6114"}],"wp:attachment":[{"href":"https:\/\/mptpetitcharran.fr\/index.php?rest_route=%2Fwp%2Fv2%2Fmedia&parent=6113"}],"wp:term":[{"taxonomy":"post_tag","embeddable":true,"href":"https:\/\/mptpetitcharran.fr\/index.php?rest_route=%2Fwp%2Fv2%2Ftags&post=6113"},{"taxonomy":"tribe_events_cat","embeddable":true,"href":"https:\/\/mptpetitcharran.fr\/index.php?rest_route=%2Fwp%2Fv2%2Ftribe_events_cat&post=6113"}],"curies":[{"name":"wp","href":"https:\/\/api.w.org\/{rel}","templated":true}]}}