{"id":6110,"date":"2025-02-11T12:03:01","date_gmt":"2025-02-11T11:03:01","guid":{"rendered":"https:\/\/mptpetitcharran.fr\/?post_type=tribe_events&#038;p=6110"},"modified":"2025-02-11T12:03:01","modified_gmt":"2025-02-11T11:03:01","slug":"atelier-reparation-velo-2","status":"publish","type":"tribe_events","link":"https:\/\/mptpetitcharran.fr\/?tribe_events=atelier-reparation-velo-2","title":{"rendered":"Atelier r\u00e9paration v\u00e9lo"},"content":{"rendered":"<p>La MPT du Petit Charran ouvre ses portes aux cyclistes pour un atelier de r\u00e9paration v\u00e9lo collaboratif et convivial. Le jeudi 13 mars, de 16h30 \u00e0 18h30, venez apprendre \u00e0 entretenir votre bicyclette avec les conseils d&rsquo;experts passionn\u00e9s. Un rendez-vous pratique qui allie apprentissage et entraide, pour remettre votre v\u00e9lo en selle !<\/p>\n","protected":false},"excerpt":{"rendered":"<p>La MPT du Petit Charran ouvre ses portes aux cyclistes pour un atelier de r\u00e9paration v\u00e9lo collaboratif et convivial. Le jeudi 13 mars, de 16h30 \u00e0 18h30, venez apprendre \u00e0 &hellip; <a href=\"https:\/\/mptpetitcharran.fr\/?tribe_events=atelier-reparation-velo-2\" class=\"more-link\">Continue reading <span class=\"screen-reader-text\">Atelier r\u00e9paration v\u00e9lo<\/span> <span class=\"meta-nav\">&rarr;<\/span><\/a><\/p>\n","protected":false},"author":1,"featured_media":6111,"template":"","meta":{"_tribe_events_status":"","_tribe_events_status_reason":"","footnotes":""},"tags":[20,25],"tribe_events_cat":[],"class_list":["post-6110","tribe_events","type-tribe_events","status-publish","has-post-thumbnail","hentry","tag-ateliers","tag-velo"],"yoast_head":"<!-- This site is optimized with the Yoast SEO plugin v27.5 - https:\/\/yoast.com\/product\/yoast-seo-wordpress\/ -->\n<title>Atelier r\u00e9paration v\u00e9lo - Maison pour tous du Petit charran<\/title>\n<meta name=\"description\" content=\"Participez \u00e0 l&#039;atelier r\u00e9paration v\u00e9lo \u00e0 la MPT du Petit Charran : conseils d&#039;experts et r\u00e9parations collaboratives le 13 mars de 16h30 \u00e0 18h30.\" \/>\n<meta name=\"robots\" content=\"index, follow, max-snippet:-1, max-image-preview:large, max-video-preview:-1\" \/>\n<link rel=\"canonical\" href=\"https:\/\/mptpetitcharran.fr\/?tribe_events=atelier-reparation-velo-2\" \/>\n<meta property=\"og:locale\" content=\"fr_FR\" \/>\n<meta property=\"og:type\" content=\"article\" \/>\n<meta property=\"og:title\" content=\"Atelier r\u00e9paration v\u00e9lo - Maison pour tous du Petit charran\" \/>\n<meta property=\"og:description\" content=\"Participez \u00e0 l&#039;atelier r\u00e9paration v\u00e9lo \u00e0 la MPT du Petit Charran : conseils d&#039;experts et r\u00e9parations collaboratives le 13 mars de 16h30 \u00e0 18h30.\" \/>\n<meta property=\"og:url\" content=\"https:\/\/mptpetitcharran.fr\/?tribe_events=atelier-reparation-velo-2\" \/>\n<meta property=\"og:site_name\" content=\"Maison pour tous du Petit charran\" \/>\n<meta property=\"article:publisher\" content=\"https:\/\/www.facebook.com\/mptpetitcharran\" \/>\n<meta property=\"og:image\" content=\"https:\/\/mptpetitcharran.fr\/wp-content\/uploads\/2025\/02\/ATELIER-REPARATION-VELO.png\" \/>\n\t<meta property=\"og:image:width\" content=\"1414\" \/>\n\t<meta property=\"og:image:height\" content=\"2000\" \/>\n\t<meta property=\"og:image:type\" content=\"image\/png\" \/>\n<meta name=\"twitter:card\" content=\"summary_large_image\" \/>\n<meta name=\"twitter:label1\" content=\"Dur\u00e9e de lecture estim\u00e9e\" \/>\n\t<meta name=\"twitter:data1\" content=\"1 minute\" \/>\n<script type=\"application\/ld+json\" class=\"yoast-schema-graph\">{\"@context\":\"https:\\\/\\\/schema.org\",\"@graph\":[{\"@type\":\"WebPage\",\"@id\":\"https:\\\/\\\/mptpetitcharran.fr\\\/?tribe_events=atelier-reparation-velo-2\",\"url\":\"https:\\\/\\\/mptpetitcharran.fr\\\/?tribe_events=atelier-reparation-velo-2\",\"name\":\"Atelier r\u00e9paration v\u00e9lo - Maison pour tous du Petit charran\",\"isPartOf\":{\"@id\":\"https:\\\/\\\/mptpetitcharran.fr\\\/#website\"},\"primaryImageOfPage\":{\"@id\":\"https:\\\/\\\/mptpetitcharran.fr\\\/?tribe_events=atelier-reparation-velo-2#primaryimage\"},\"image\":{\"@id\":\"https:\\\/\\\/mptpetitcharran.fr\\\/?tribe_events=atelier-reparation-velo-2#primaryimage\"},\"thumbnailUrl\":\"https:\\\/\\\/mptpetitcharran.fr\\\/wp-content\\\/uploads\\\/2025\\\/02\\\/ATELIER-REPARATION-VELO.png\",\"datePublished\":\"2025-02-11T11:03:01+00:00\",\"description\":\"Participez \u00e0 l'atelier r\u00e9paration v\u00e9lo \u00e0 la MPT du Petit Charran : conseils d'experts et r\u00e9parations collaboratives le 13 mars de 16h30 \u00e0 18h30.\",\"breadcrumb\":{\"@id\":\"https:\\\/\\\/mptpetitcharran.fr\\\/?tribe_events=atelier-reparation-velo-2#breadcrumb\"},\"inLanguage\":\"fr-FR\",\"potentialAction\":[{\"@type\":\"ReadAction\",\"target\":[\"https:\\\/\\\/mptpetitcharran.fr\\\/?tribe_events=atelier-reparation-velo-2\"]}]},{\"@type\":\"ImageObject\",\"inLanguage\":\"fr-FR\",\"@id\":\"https:\\\/\\\/mptpetitcharran.fr\\\/?tribe_events=atelier-reparation-velo-2#primaryimage\",\"url\":\"https:\\\/\\\/mptpetitcharran.fr\\\/wp-content\\\/uploads\\\/2025\\\/02\\\/ATELIER-REPARATION-VELO.png\",\"contentUrl\":\"https:\\\/\\\/mptpetitcharran.fr\\\/wp-content\\\/uploads\\\/2025\\\/02\\\/ATELIER-REPARATION-VELO.png\",\"width\":1414,\"height\":2000},{\"@type\":\"BreadcrumbList\",\"@id\":\"https:\\\/\\\/mptpetitcharran.fr\\\/?tribe_events=atelier-reparation-velo-2#breadcrumb\",\"itemListElement\":[{\"@type\":\"ListItem\",\"position\":1,\"name\":\"Accueil\",\"item\":\"https:\\\/\\\/mptpetitcharran.fr\\\/\"},{\"@type\":\"ListItem\",\"position\":2,\"name\":\"\u00c9v\u00e8nements\",\"item\":\"https:\\\/\\\/mptpetitcharran.fr\\\/?post_type=tribe_events\"},{\"@type\":\"ListItem\",\"position\":3,\"name\":\"Atelier r\u00e9paration v\u00e9lo\"}]},{\"@type\":\"WebSite\",\"@id\":\"https:\\\/\\\/mptpetitcharran.fr\\\/#website\",\"url\":\"https:\\\/\\\/mptpetitcharran.fr\\\/\",\"name\":\"Maison pour tous du Petit charran\",\"description\":\"\",\"publisher\":{\"@id\":\"https:\\\/\\\/mptpetitcharran.fr\\\/#organization\"},\"potentialAction\":[{\"@type\":\"SearchAction\",\"target\":{\"@type\":\"EntryPoint\",\"urlTemplate\":\"https:\\\/\\\/mptpetitcharran.fr\\\/?s={search_term_string}\"},\"query-input\":{\"@type\":\"PropertyValueSpecification\",\"valueRequired\":true,\"valueName\":\"search_term_string\"}}],\"inLanguage\":\"fr-FR\"},{\"@type\":\"Organization\",\"@id\":\"https:\\\/\\\/mptpetitcharran.fr\\\/#organization\",\"name\":\"Maison pour tous du Petit charran\",\"url\":\"https:\\\/\\\/mptpetitcharran.fr\\\/\",\"logo\":{\"@type\":\"ImageObject\",\"inLanguage\":\"fr-FR\",\"@id\":\"https:\\\/\\\/mptpetitcharran.fr\\\/#\\\/schema\\\/logo\\\/image\\\/\",\"url\":\"http:\\\/\\\/mptpetitcharran.fr\\\/wp-content\\\/uploads\\\/2023\\\/07\\\/cropped-logo_mptpc.jpg\",\"contentUrl\":\"http:\\\/\\\/mptpetitcharran.fr\\\/wp-content\\\/uploads\\\/2023\\\/07\\\/cropped-logo_mptpc.jpg\",\"width\":532,\"height\":529,\"caption\":\"Maison pour tous du Petit charran\"},\"image\":{\"@id\":\"https:\\\/\\\/mptpetitcharran.fr\\\/#\\\/schema\\\/logo\\\/image\\\/\"},\"sameAs\":[\"https:\\\/\\\/www.facebook.com\\\/mptpetitcharran\",\"https:\\\/\\\/www.instagram.com\\\/mptpetitcharran\\\/\"]}]}<\/script>\n<!-- \/ Yoast SEO plugin. -->","yoast_head_json":{"title":"Atelier r\u00e9paration v\u00e9lo - Maison pour tous du Petit charran","description":"Participez \u00e0 l'atelier r\u00e9paration v\u00e9lo \u00e0 la MPT du Petit Charran : conseils d'experts et r\u00e9parations collaboratives le 13 mars de 16h30 \u00e0 18h30.","robots":{"index":"index","follow":"follow","max-snippet":"max-snippet:-1","max-image-preview":"max-image-preview:large","max-video-preview":"max-video-preview:-1"},"canonical":"https:\/\/mptpetitcharran.fr\/?tribe_events=atelier-reparation-velo-2","og_locale":"fr_FR","og_type":"article","og_title":"Atelier r\u00e9paration v\u00e9lo - Maison pour tous du Petit charran","og_description":"Participez \u00e0 l'atelier r\u00e9paration v\u00e9lo \u00e0 la MPT du Petit Charran : conseils d'experts et r\u00e9parations collaboratives le 13 mars de 16h30 \u00e0 18h30.","og_url":"https:\/\/mptpetitcharran.fr\/?tribe_events=atelier-reparation-velo-2","og_site_name":"Maison pour tous du Petit charran","article_publisher":"https:\/\/www.facebook.com\/mptpetitcharran","og_image":[{"width":1414,"height":2000,"url":"https:\/\/mptpetitcharran.fr\/wp-content\/uploads\/2025\/02\/ATELIER-REPARATION-VELO.png","type":"image\/png"}],"twitter_card":"summary_large_image","twitter_misc":{"Dur\u00e9e de lecture estim\u00e9e":"1 minute"},"schema":{"@context":"https:\/\/schema.org","@graph":[{"@type":"WebPage","@id":"https:\/\/mptpetitcharran.fr\/?tribe_events=atelier-reparation-velo-2","url":"https:\/\/mptpetitcharran.fr\/?tribe_events=atelier-reparation-velo-2","name":"Atelier r\u00e9paration v\u00e9lo - Maison pour tous du Petit charran","isPartOf":{"@id":"https:\/\/mptpetitcharran.fr\/#website"},"primaryImageOfPage":{"@id":"https:\/\/mptpetitcharran.fr\/?tribe_events=atelier-reparation-velo-2#primaryimage"},"image":{"@id":"https:\/\/mptpetitcharran.fr\/?tribe_events=atelier-reparation-velo-2#primaryimage"},"thumbnailUrl":"https:\/\/mptpetitcharran.fr\/wp-content\/uploads\/2025\/02\/ATELIER-REPARATION-VELO.png","datePublished":"2025-02-11T11:03:01+00:00","description":"Participez \u00e0 l'atelier r\u00e9paration v\u00e9lo \u00e0 la MPT du Petit Charran : conseils d'experts et r\u00e9parations collaboratives le 13 mars de 16h30 \u00e0 18h30.","breadcrumb":{"@id":"https:\/\/mptpetitcharran.fr\/?tribe_events=atelier-reparation-velo-2#breadcrumb"},"inLanguage":"fr-FR","potentialAction":[{"@type":"ReadAction","target":["https:\/\/mptpetitcharran.fr\/?tribe_events=atelier-reparation-velo-2"]}]},{"@type":"ImageObject","inLanguage":"fr-FR","@id":"https:\/\/mptpetitcharran.fr\/?tribe_events=atelier-reparation-velo-2#primaryimage","url":"https:\/\/mptpetitcharran.fr\/wp-content\/uploads\/2025\/02\/ATELIER-REPARATION-VELO.png","contentUrl":"https:\/\/mptpetitcharran.fr\/wp-content\/uploads\/2025\/02\/ATELIER-REPARATION-VELO.png","width":1414,"height":2000},{"@type":"BreadcrumbList","@id":"https:\/\/mptpetitcharran.fr\/?tribe_events=atelier-reparation-velo-2#breadcrumb","itemListElement":[{"@type":"ListItem","position":1,"name":"Accueil","item":"https:\/\/mptpetitcharran.fr\/"},{"@type":"ListItem","position":2,"name":"\u00c9v\u00e8nements","item":"https:\/\/mptpetitcharran.fr\/?post_type=tribe_events"},{"@type":"ListItem","position":3,"name":"Atelier r\u00e9paration v\u00e9lo"}]},{"@type":"WebSite","@id":"https:\/\/mptpetitcharran.fr\/#website","url":"https:\/\/mptpetitcharran.fr\/","name":"Maison pour tous du Petit charran","description":"","publisher":{"@id":"https:\/\/mptpetitcharran.fr\/#organization"},"potentialAction":[{"@type":"SearchAction","target":{"@type":"EntryPoint","urlTemplate":"https:\/\/mptpetitcharran.fr\/?s={search_term_string}"},"query-input":{"@type":"PropertyValueSpecification","valueRequired":true,"valueName":"search_term_string"}}],"inLanguage":"fr-FR"},{"@type":"Organization","@id":"https:\/\/mptpetitcharran.fr\/#organization","name":"Maison pour tous du Petit charran","url":"https:\/\/mptpetitcharran.fr\/","logo":{"@type":"ImageObject","inLanguage":"fr-FR","@id":"https:\/\/mptpetitcharran.fr\/#\/schema\/logo\/image\/","url":"http:\/\/mptpetitcharran.fr\/wp-content\/uploads\/2023\/07\/cropped-logo_mptpc.jpg","contentUrl":"http:\/\/mptpetitcharran.fr\/wp-content\/uploads\/2023\/07\/cropped-logo_mptpc.jpg","width":532,"height":529,"caption":"Maison pour tous du Petit charran"},"image":{"@id":"https:\/\/mptpetitcharran.fr\/#\/schema\/logo\/image\/"},"sameAs":["https:\/\/www.facebook.com\/mptpetitcharran","https:\/\/www.instagram.com\/mptpetitcharran\/"]}]}},"publishpress_future_workflow_manual_trigger":{"enabledWorkflows":[]},"_links":{"self":[{"href":"https:\/\/mptpetitcharran.fr\/index.php?rest_route=\/wp\/v2\/tribe_events\/6110","targetHints":{"allow":["GET"]}}],"collection":[{"href":"https:\/\/mptpetitcharran.fr\/index.php?rest_route=\/wp\/v2\/tribe_events"}],"about":[{"href":"https:\/\/mptpetitcharran.fr\/index.php?rest_route=\/wp\/v2\/types\/tribe_events"}],"author":[{"embeddable":true,"href":"https:\/\/mptpetitcharran.fr\/index.php?rest_route=\/wp\/v2\/users\/1"}],"version-history":[{"count":1,"href":"https:\/\/mptpetitcharran.fr\/index.php?rest_route=\/wp\/v2\/tribe_events\/6110\/revisions"}],"predecessor-version":[{"id":6112,"href":"https:\/\/mptpetitcharran.fr\/index.php?rest_route=\/wp\/v2\/tribe_events\/6110\/revisions\/6112"}],"wp:featuredmedia":[{"embeddable":true,"href":"https:\/\/mptpetitcharran.fr\/index.php?rest_route=\/wp\/v2\/media\/6111"}],"wp:attachment":[{"href":"https:\/\/mptpetitcharran.fr\/index.php?rest_route=%2Fwp%2Fv2%2Fmedia&parent=6110"}],"wp:term":[{"taxonomy":"post_tag","embeddable":true,"href":"https:\/\/mptpetitcharran.fr\/index.php?rest_route=%2Fwp%2Fv2%2Ftags&post=6110"},{"taxonomy":"tribe_events_cat","embeddable":true,"href":"https:\/\/mptpetitcharran.fr\/index.php?rest_route=%2Fwp%2Fv2%2Ftribe_events_cat&post=6110"}],"curies":[{"name":"wp","href":"https:\/\/api.w.org\/{rel}","templated":true}]}}