{"id":6107,"date":"2025-02-11T11:52:40","date_gmt":"2025-02-11T10:52:40","guid":{"rendered":"https:\/\/mptpetitcharran.fr\/?post_type=tribe_events&#038;p=6107"},"modified":"2025-02-11T11:52:40","modified_gmt":"2025-02-11T10:52:40","slug":"le-marche-des-creatrices","status":"publish","type":"tribe_events","link":"https:\/\/mptpetitcharran.fr\/?tribe_events=le-marche-des-creatrices","title":{"rendered":"Le march\u00e9 des cr\u00e9atrices"},"content":{"rendered":"<p class=\"whitespace-pre-wrap break-words\">Le March\u00e9 des Cr\u00e9atrices s&rsquo;installe \u00e0 la MPT du Petit Charran le 14 mars 2025, de 14h \u00e0 19h Cet \u00e9v\u00e9nement, organis\u00e9 dans le cadre de la Journ\u00e9e des droits de la femme, met en lumi\u00e8re le talent de sept artisanes et cr\u00e9atrices locales : Corinne Larrieu, L&rsquo;Association Solidarit\u00e9s des Amis du Cameroun, Lena Nifanda,\u00a0Lorette Havond, Cathy Trapier, Magali Tharaud et Muriel Barrat.<\/p>\n<p class=\"whitespace-pre-wrap break-words\">Rendez-vous au 30 avenue Henri Dunant, 26000 Valence, pour d\u00e9couvrir leurs cr\u00e9ations uniques et soutenir l&rsquo;artisanat local !<\/p>\n","protected":false},"excerpt":{"rendered":"<p>Rendez-vous le 14 mars \u00e0 la MPT du Petit Charran pour le March\u00e9 des Cr\u00e9atrices !<br \/>\n7 artisanes talentueuses vous pr\u00e9sentent leurs cr\u00e9ations uniques. De 14h \u00e0 19h, venez d\u00e9couvrir leur savoir-faire et soutenir l&rsquo;artisanat local.<\/p>\n","protected":false},"author":1,"featured_media":6108,"template":"","meta":{"_tribe_events_status":"","_tribe_events_status_reason":"","footnotes":""},"tags":[],"tribe_events_cat":[],"class_list":["post-6107","tribe_events","type-tribe_events","status-publish","has-post-thumbnail","hentry"],"yoast_head":"<!-- This site is optimized with the Yoast SEO plugin v27.5 - https:\/\/yoast.com\/product\/yoast-seo-wordpress\/ -->\n<title>Le march\u00e9 des cr\u00e9atrices - Maison pour tous du Petit charran<\/title>\n<meta name=\"description\" content=\"D\u00e9couvrez le March\u00e9 des Cr\u00e9atrices \u00e0 Valence : 7 artisanes locales exposent leurs cr\u00e9ations uniques le 14 mars 2025 \u00e0 la MPT du Petit Charran.\" \/>\n<meta name=\"robots\" content=\"index, follow, max-snippet:-1, max-image-preview:large, max-video-preview:-1\" \/>\n<link rel=\"canonical\" href=\"https:\/\/mptpetitcharran.fr\/?tribe_events=le-marche-des-creatrices\" \/>\n<meta property=\"og:locale\" content=\"fr_FR\" \/>\n<meta property=\"og:type\" content=\"article\" \/>\n<meta property=\"og:title\" content=\"Le march\u00e9 des cr\u00e9atrices - Maison pour tous du Petit charran\" \/>\n<meta property=\"og:description\" content=\"D\u00e9couvrez le March\u00e9 des Cr\u00e9atrices \u00e0 Valence : 7 artisanes locales exposent leurs cr\u00e9ations uniques le 14 mars 2025 \u00e0 la MPT du Petit Charran.\" \/>\n<meta property=\"og:url\" content=\"https:\/\/mptpetitcharran.fr\/?tribe_events=le-marche-des-creatrices\" \/>\n<meta property=\"og:site_name\" content=\"Maison pour tous du Petit charran\" \/>\n<meta property=\"article:publisher\" content=\"https:\/\/www.facebook.com\/mptpetitcharran\" \/>\n<meta property=\"og:image\" content=\"https:\/\/mptpetitcharran.fr\/wp-content\/uploads\/2025\/02\/marche-des-creatrices-1403.png\" \/>\n\t<meta property=\"og:image:width\" content=\"1587\" \/>\n\t<meta property=\"og:image:height\" content=\"2245\" \/>\n\t<meta property=\"og:image:type\" content=\"image\/png\" \/>\n<meta name=\"twitter:card\" content=\"summary_large_image\" \/>\n<meta name=\"twitter:label1\" content=\"Dur\u00e9e de lecture estim\u00e9e\" \/>\n\t<meta name=\"twitter:data1\" content=\"1 minute\" \/>\n<script type=\"application\/ld+json\" class=\"yoast-schema-graph\">{\"@context\":\"https:\\\/\\\/schema.org\",\"@graph\":[{\"@type\":\"WebPage\",\"@id\":\"https:\\\/\\\/mptpetitcharran.fr\\\/?tribe_events=le-marche-des-creatrices\",\"url\":\"https:\\\/\\\/mptpetitcharran.fr\\\/?tribe_events=le-marche-des-creatrices\",\"name\":\"Le march\u00e9 des cr\u00e9atrices - Maison pour tous du Petit charran\",\"isPartOf\":{\"@id\":\"https:\\\/\\\/mptpetitcharran.fr\\\/#website\"},\"primaryImageOfPage\":{\"@id\":\"https:\\\/\\\/mptpetitcharran.fr\\\/?tribe_events=le-marche-des-creatrices#primaryimage\"},\"image\":{\"@id\":\"https:\\\/\\\/mptpetitcharran.fr\\\/?tribe_events=le-marche-des-creatrices#primaryimage\"},\"thumbnailUrl\":\"https:\\\/\\\/mptpetitcharran.fr\\\/wp-content\\\/uploads\\\/2025\\\/02\\\/marche-des-creatrices-1403.png\",\"datePublished\":\"2025-02-11T10:52:40+00:00\",\"description\":\"D\u00e9couvrez le March\u00e9 des Cr\u00e9atrices \u00e0 Valence : 7 artisanes locales exposent leurs cr\u00e9ations uniques le 14 mars 2025 \u00e0 la MPT du Petit Charran.\",\"breadcrumb\":{\"@id\":\"https:\\\/\\\/mptpetitcharran.fr\\\/?tribe_events=le-marche-des-creatrices#breadcrumb\"},\"inLanguage\":\"fr-FR\",\"potentialAction\":[{\"@type\":\"ReadAction\",\"target\":[\"https:\\\/\\\/mptpetitcharran.fr\\\/?tribe_events=le-marche-des-creatrices\"]}]},{\"@type\":\"ImageObject\",\"inLanguage\":\"fr-FR\",\"@id\":\"https:\\\/\\\/mptpetitcharran.fr\\\/?tribe_events=le-marche-des-creatrices#primaryimage\",\"url\":\"https:\\\/\\\/mptpetitcharran.fr\\\/wp-content\\\/uploads\\\/2025\\\/02\\\/marche-des-creatrices-1403.png\",\"contentUrl\":\"https:\\\/\\\/mptpetitcharran.fr\\\/wp-content\\\/uploads\\\/2025\\\/02\\\/marche-des-creatrices-1403.png\",\"width\":1587,\"height\":2245},{\"@type\":\"BreadcrumbList\",\"@id\":\"https:\\\/\\\/mptpetitcharran.fr\\\/?tribe_events=le-marche-des-creatrices#breadcrumb\",\"itemListElement\":[{\"@type\":\"ListItem\",\"position\":1,\"name\":\"Accueil\",\"item\":\"https:\\\/\\\/mptpetitcharran.fr\\\/\"},{\"@type\":\"ListItem\",\"position\":2,\"name\":\"\u00c9v\u00e8nements\",\"item\":\"https:\\\/\\\/mptpetitcharran.fr\\\/?post_type=tribe_events\"},{\"@type\":\"ListItem\",\"position\":3,\"name\":\"Le march\u00e9 des cr\u00e9atrices\"}]},{\"@type\":\"WebSite\",\"@id\":\"https:\\\/\\\/mptpetitcharran.fr\\\/#website\",\"url\":\"https:\\\/\\\/mptpetitcharran.fr\\\/\",\"name\":\"Maison pour tous du Petit charran\",\"description\":\"\",\"publisher\":{\"@id\":\"https:\\\/\\\/mptpetitcharran.fr\\\/#organization\"},\"potentialAction\":[{\"@type\":\"SearchAction\",\"target\":{\"@type\":\"EntryPoint\",\"urlTemplate\":\"https:\\\/\\\/mptpetitcharran.fr\\\/?s={search_term_string}\"},\"query-input\":{\"@type\":\"PropertyValueSpecification\",\"valueRequired\":true,\"valueName\":\"search_term_string\"}}],\"inLanguage\":\"fr-FR\"},{\"@type\":\"Organization\",\"@id\":\"https:\\\/\\\/mptpetitcharran.fr\\\/#organization\",\"name\":\"Maison pour tous du Petit charran\",\"url\":\"https:\\\/\\\/mptpetitcharran.fr\\\/\",\"logo\":{\"@type\":\"ImageObject\",\"inLanguage\":\"fr-FR\",\"@id\":\"https:\\\/\\\/mptpetitcharran.fr\\\/#\\\/schema\\\/logo\\\/image\\\/\",\"url\":\"http:\\\/\\\/mptpetitcharran.fr\\\/wp-content\\\/uploads\\\/2023\\\/07\\\/cropped-logo_mptpc.jpg\",\"contentUrl\":\"http:\\\/\\\/mptpetitcharran.fr\\\/wp-content\\\/uploads\\\/2023\\\/07\\\/cropped-logo_mptpc.jpg\",\"width\":532,\"height\":529,\"caption\":\"Maison pour tous du Petit charran\"},\"image\":{\"@id\":\"https:\\\/\\\/mptpetitcharran.fr\\\/#\\\/schema\\\/logo\\\/image\\\/\"},\"sameAs\":[\"https:\\\/\\\/www.facebook.com\\\/mptpetitcharran\",\"https:\\\/\\\/www.instagram.com\\\/mptpetitcharran\\\/\"]}]}<\/script>\n<!-- \/ Yoast SEO plugin. -->","yoast_head_json":{"title":"Le march\u00e9 des cr\u00e9atrices - Maison pour tous du Petit charran","description":"D\u00e9couvrez le March\u00e9 des Cr\u00e9atrices \u00e0 Valence : 7 artisanes locales exposent leurs cr\u00e9ations uniques le 14 mars 2025 \u00e0 la MPT du Petit Charran.","robots":{"index":"index","follow":"follow","max-snippet":"max-snippet:-1","max-image-preview":"max-image-preview:large","max-video-preview":"max-video-preview:-1"},"canonical":"https:\/\/mptpetitcharran.fr\/?tribe_events=le-marche-des-creatrices","og_locale":"fr_FR","og_type":"article","og_title":"Le march\u00e9 des cr\u00e9atrices - Maison pour tous du Petit charran","og_description":"D\u00e9couvrez le March\u00e9 des Cr\u00e9atrices \u00e0 Valence : 7 artisanes locales exposent leurs cr\u00e9ations uniques le 14 mars 2025 \u00e0 la MPT du Petit Charran.","og_url":"https:\/\/mptpetitcharran.fr\/?tribe_events=le-marche-des-creatrices","og_site_name":"Maison pour tous du Petit charran","article_publisher":"https:\/\/www.facebook.com\/mptpetitcharran","og_image":[{"width":1587,"height":2245,"url":"https:\/\/mptpetitcharran.fr\/wp-content\/uploads\/2025\/02\/marche-des-creatrices-1403.png","type":"image\/png"}],"twitter_card":"summary_large_image","twitter_misc":{"Dur\u00e9e de lecture estim\u00e9e":"1 minute"},"schema":{"@context":"https:\/\/schema.org","@graph":[{"@type":"WebPage","@id":"https:\/\/mptpetitcharran.fr\/?tribe_events=le-marche-des-creatrices","url":"https:\/\/mptpetitcharran.fr\/?tribe_events=le-marche-des-creatrices","name":"Le march\u00e9 des cr\u00e9atrices - Maison pour tous du Petit charran","isPartOf":{"@id":"https:\/\/mptpetitcharran.fr\/#website"},"primaryImageOfPage":{"@id":"https:\/\/mptpetitcharran.fr\/?tribe_events=le-marche-des-creatrices#primaryimage"},"image":{"@id":"https:\/\/mptpetitcharran.fr\/?tribe_events=le-marche-des-creatrices#primaryimage"},"thumbnailUrl":"https:\/\/mptpetitcharran.fr\/wp-content\/uploads\/2025\/02\/marche-des-creatrices-1403.png","datePublished":"2025-02-11T10:52:40+00:00","description":"D\u00e9couvrez le March\u00e9 des Cr\u00e9atrices \u00e0 Valence : 7 artisanes locales exposent leurs cr\u00e9ations uniques le 14 mars 2025 \u00e0 la MPT du Petit Charran.","breadcrumb":{"@id":"https:\/\/mptpetitcharran.fr\/?tribe_events=le-marche-des-creatrices#breadcrumb"},"inLanguage":"fr-FR","potentialAction":[{"@type":"ReadAction","target":["https:\/\/mptpetitcharran.fr\/?tribe_events=le-marche-des-creatrices"]}]},{"@type":"ImageObject","inLanguage":"fr-FR","@id":"https:\/\/mptpetitcharran.fr\/?tribe_events=le-marche-des-creatrices#primaryimage","url":"https:\/\/mptpetitcharran.fr\/wp-content\/uploads\/2025\/02\/marche-des-creatrices-1403.png","contentUrl":"https:\/\/mptpetitcharran.fr\/wp-content\/uploads\/2025\/02\/marche-des-creatrices-1403.png","width":1587,"height":2245},{"@type":"BreadcrumbList","@id":"https:\/\/mptpetitcharran.fr\/?tribe_events=le-marche-des-creatrices#breadcrumb","itemListElement":[{"@type":"ListItem","position":1,"name":"Accueil","item":"https:\/\/mptpetitcharran.fr\/"},{"@type":"ListItem","position":2,"name":"\u00c9v\u00e8nements","item":"https:\/\/mptpetitcharran.fr\/?post_type=tribe_events"},{"@type":"ListItem","position":3,"name":"Le march\u00e9 des cr\u00e9atrices"}]},{"@type":"WebSite","@id":"https:\/\/mptpetitcharran.fr\/#website","url":"https:\/\/mptpetitcharran.fr\/","name":"Maison pour tous du Petit charran","description":"","publisher":{"@id":"https:\/\/mptpetitcharran.fr\/#organization"},"potentialAction":[{"@type":"SearchAction","target":{"@type":"EntryPoint","urlTemplate":"https:\/\/mptpetitcharran.fr\/?s={search_term_string}"},"query-input":{"@type":"PropertyValueSpecification","valueRequired":true,"valueName":"search_term_string"}}],"inLanguage":"fr-FR"},{"@type":"Organization","@id":"https:\/\/mptpetitcharran.fr\/#organization","name":"Maison pour tous du Petit charran","url":"https:\/\/mptpetitcharran.fr\/","logo":{"@type":"ImageObject","inLanguage":"fr-FR","@id":"https:\/\/mptpetitcharran.fr\/#\/schema\/logo\/image\/","url":"http:\/\/mptpetitcharran.fr\/wp-content\/uploads\/2023\/07\/cropped-logo_mptpc.jpg","contentUrl":"http:\/\/mptpetitcharran.fr\/wp-content\/uploads\/2023\/07\/cropped-logo_mptpc.jpg","width":532,"height":529,"caption":"Maison pour tous du Petit charran"},"image":{"@id":"https:\/\/mptpetitcharran.fr\/#\/schema\/logo\/image\/"},"sameAs":["https:\/\/www.facebook.com\/mptpetitcharran","https:\/\/www.instagram.com\/mptpetitcharran\/"]}]}},"publishpress_future_workflow_manual_trigger":{"enabledWorkflows":[]},"_links":{"self":[{"href":"https:\/\/mptpetitcharran.fr\/index.php?rest_route=\/wp\/v2\/tribe_events\/6107","targetHints":{"allow":["GET"]}}],"collection":[{"href":"https:\/\/mptpetitcharran.fr\/index.php?rest_route=\/wp\/v2\/tribe_events"}],"about":[{"href":"https:\/\/mptpetitcharran.fr\/index.php?rest_route=\/wp\/v2\/types\/tribe_events"}],"author":[{"embeddable":true,"href":"https:\/\/mptpetitcharran.fr\/index.php?rest_route=\/wp\/v2\/users\/1"}],"version-history":[{"count":1,"href":"https:\/\/mptpetitcharran.fr\/index.php?rest_route=\/wp\/v2\/tribe_events\/6107\/revisions"}],"predecessor-version":[{"id":6109,"href":"https:\/\/mptpetitcharran.fr\/index.php?rest_route=\/wp\/v2\/tribe_events\/6107\/revisions\/6109"}],"wp:featuredmedia":[{"embeddable":true,"href":"https:\/\/mptpetitcharran.fr\/index.php?rest_route=\/wp\/v2\/media\/6108"}],"wp:attachment":[{"href":"https:\/\/mptpetitcharran.fr\/index.php?rest_route=%2Fwp%2Fv2%2Fmedia&parent=6107"}],"wp:term":[{"taxonomy":"post_tag","embeddable":true,"href":"https:\/\/mptpetitcharran.fr\/index.php?rest_route=%2Fwp%2Fv2%2Ftags&post=6107"},{"taxonomy":"tribe_events_cat","embeddable":true,"href":"https:\/\/mptpetitcharran.fr\/index.php?rest_route=%2Fwp%2Fv2%2Ftribe_events_cat&post=6107"}],"curies":[{"name":"wp","href":"https:\/\/api.w.org\/{rel}","templated":true}]}}