{"id":5979,"date":"2024-11-07T09:56:12","date_gmt":"2024-11-07T08:56:12","guid":{"rendered":"https:\/\/mptpetitcharran.fr\/?post_type=tribe_events&#038;p=5979"},"modified":"2024-11-07T09:56:26","modified_gmt":"2024-11-07T08:56:26","slug":"apero-creatif-finissage-muriel-barrat","status":"publish","type":"tribe_events","link":"https:\/\/mptpetitcharran.fr\/?tribe_events=apero-creatif-finissage-muriel-barrat","title":{"rendered":"Ap\u00e9ro cr\u00e9atif &#8211; Finissage Muriel Barrat"},"content":{"rendered":"<p><strong>\ud83d\udce2 Ne manquez pas notre Ap\u00e9r&rsquo;o cr\u00e9atif !<\/strong><br \/>\nVenez c\u00e9l\u00e9brer l&rsquo;univers artistique de <strong>Muriel Barrat<\/strong> lors d&rsquo;une soir\u00e9e de finissage unique. Au programme : une immersion dans les chants des oiseaux du quartier et des activit\u00e9s ludiques pour toute la famille ! \ud83d\udc26\ud83c\udfb6<\/p>\n<p>\ud83d\uddd3 <strong>Date : Vendredi 6 d\u00e9cembre<\/strong><br \/>\n\ud83d\udd55 <strong>Heure : 18h<\/strong><br \/>\n\ud83d\udccd <strong>Lieu : Maison du Petit Charran<\/strong><\/p>\n<p><strong>Programme de la soir\u00e9e :<\/strong><\/p>\n<ul>\n<li>\u00c9coute sonore des oiseaux du quartier<\/li>\n<li>Escape game interactif<\/li>\n<li>Jeu de memory pour petits et grands<\/li>\n<\/ul>\n<p>Un moment convivial pour d\u00e9couvrir l&rsquo;art et la nature en toute simplicit\u00e9. Ne manquez pas cette belle occasion de se retrouver autour d&rsquo;un ap\u00e9ro cr\u00e9atif ! \ud83c\udf3f\ud83c\udf43<\/p>\n","protected":false},"excerpt":{"rendered":"<p>\ud83d\udce2 Ne manquez pas notre Ap\u00e9r&rsquo;o cr\u00e9atif ! Venez c\u00e9l\u00e9brer l&rsquo;univers artistique de Muriel Barrat lors d&rsquo;une soir\u00e9e de finissage unique. Au programme : une immersion dans les chants des &hellip; <a href=\"https:\/\/mptpetitcharran.fr\/?tribe_events=apero-creatif-finissage-muriel-barrat\" class=\"more-link\">Continue reading <span class=\"screen-reader-text\">Ap\u00e9ro cr\u00e9atif &#8211; Finissage Muriel Barrat<\/span> <span class=\"meta-nav\">&rarr;<\/span><\/a><\/p>\n","protected":false},"author":1,"featured_media":5980,"template":"","meta":{"_tribe_events_status":"","_tribe_events_status_reason":"","footnotes":""},"tags":[],"tribe_events_cat":[],"class_list":["post-5979","tribe_events","type-tribe_events","status-publish","has-post-thumbnail","hentry"],"yoast_head":"<!-- This site is optimized with the Yoast SEO plugin v27.0 - https:\/\/yoast.com\/product\/yoast-seo-wordpress\/ -->\n<title>Ap\u00e9ro cr\u00e9atif - Finissage Muriel Barrat - Maison pour tous du Petit charran<\/title>\n<meta name=\"description\" content=\"Participez au finissage de Muriel Barrat le vendredi 6 d\u00e9cembre \u00e0 la Maison du Petit Charran ! Profitez d&#039;une soir\u00e9e cr\u00e9ative autour des chants d&#039;oiseaux, avec des jeux interactifs et un ap\u00e9ro convivial.\" \/>\n<meta name=\"robots\" content=\"index, follow, max-snippet:-1, max-image-preview:large, max-video-preview:-1\" \/>\n<link rel=\"canonical\" href=\"https:\/\/mptpetitcharran.fr\/?tribe_events=apero-creatif-finissage-muriel-barrat\" \/>\n<meta property=\"og:locale\" content=\"fr_FR\" \/>\n<meta property=\"og:type\" content=\"article\" \/>\n<meta property=\"og:title\" content=\"Ap\u00e9ro cr\u00e9atif - Finissage Muriel Barrat - Maison pour tous du Petit charran\" \/>\n<meta property=\"og:description\" content=\"Participez au finissage de Muriel Barrat le vendredi 6 d\u00e9cembre \u00e0 la Maison du Petit Charran ! Profitez d&#039;une soir\u00e9e cr\u00e9ative autour des chants d&#039;oiseaux, avec des jeux interactifs et un ap\u00e9ro convivial.\" \/>\n<meta property=\"og:url\" content=\"https:\/\/mptpetitcharran.fr\/?tribe_events=apero-creatif-finissage-muriel-barrat\" \/>\n<meta property=\"og:site_name\" content=\"Maison pour tous du Petit charran\" \/>\n<meta property=\"article:publisher\" content=\"https:\/\/www.facebook.com\/mptpetitcharran\" \/>\n<meta property=\"article:modified_time\" content=\"2024-11-07T08:56:26+00:00\" \/>\n<meta property=\"og:image\" content=\"https:\/\/mptpetitcharran.fr\/wp-content\/uploads\/2024\/11\/Finissage-724x1024.png\" \/>\n\t<meta property=\"og:image:width\" content=\"724\" \/>\n\t<meta property=\"og:image:height\" content=\"1024\" \/>\n\t<meta property=\"og:image:type\" content=\"image\/png\" \/>\n<meta name=\"twitter:card\" content=\"summary_large_image\" \/>\n<meta name=\"twitter:label1\" content=\"Dur\u00e9e de lecture estim\u00e9e\" \/>\n\t<meta name=\"twitter:data1\" content=\"1 minute\" \/>\n<script type=\"application\/ld+json\" class=\"yoast-schema-graph\">{\"@context\":\"https:\/\/schema.org\",\"@graph\":[{\"@type\":\"WebPage\",\"@id\":\"https:\/\/mptpetitcharran.fr\/?tribe_events=apero-creatif-finissage-muriel-barrat\",\"url\":\"https:\/\/mptpetitcharran.fr\/?tribe_events=apero-creatif-finissage-muriel-barrat\",\"name\":\"Ap\u00e9ro cr\u00e9atif - Finissage Muriel Barrat - Maison pour tous du Petit charran\",\"isPartOf\":{\"@id\":\"https:\/\/mptpetitcharran.fr\/#website\"},\"primaryImageOfPage\":{\"@id\":\"https:\/\/mptpetitcharran.fr\/?tribe_events=apero-creatif-finissage-muriel-barrat#primaryimage\"},\"image\":{\"@id\":\"https:\/\/mptpetitcharran.fr\/?tribe_events=apero-creatif-finissage-muriel-barrat#primaryimage\"},\"thumbnailUrl\":\"https:\/\/mptpetitcharran.fr\/wp-content\/uploads\/2024\/11\/Finissage.png\",\"datePublished\":\"2024-11-07T08:56:12+00:00\",\"dateModified\":\"2024-11-07T08:56:26+00:00\",\"description\":\"Participez au finissage de Muriel Barrat le vendredi 6 d\u00e9cembre \u00e0 la Maison du Petit Charran ! Profitez d'une soir\u00e9e cr\u00e9ative autour des chants d'oiseaux, avec des jeux interactifs et un ap\u00e9ro convivial.\",\"breadcrumb\":{\"@id\":\"https:\/\/mptpetitcharran.fr\/?tribe_events=apero-creatif-finissage-muriel-barrat#breadcrumb\"},\"inLanguage\":\"fr-FR\",\"potentialAction\":[{\"@type\":\"ReadAction\",\"target\":[\"https:\/\/mptpetitcharran.fr\/?tribe_events=apero-creatif-finissage-muriel-barrat\"]}]},{\"@type\":\"ImageObject\",\"inLanguage\":\"fr-FR\",\"@id\":\"https:\/\/mptpetitcharran.fr\/?tribe_events=apero-creatif-finissage-muriel-barrat#primaryimage\",\"url\":\"https:\/\/mptpetitcharran.fr\/wp-content\/uploads\/2024\/11\/Finissage.png\",\"contentUrl\":\"https:\/\/mptpetitcharran.fr\/wp-content\/uploads\/2024\/11\/Finissage.png\",\"width\":1414,\"height\":2000},{\"@type\":\"BreadcrumbList\",\"@id\":\"https:\/\/mptpetitcharran.fr\/?tribe_events=apero-creatif-finissage-muriel-barrat#breadcrumb\",\"itemListElement\":[{\"@type\":\"ListItem\",\"position\":1,\"name\":\"Accueil\",\"item\":\"https:\/\/mptpetitcharran.fr\/\"},{\"@type\":\"ListItem\",\"position\":2,\"name\":\"\u00c9v\u00e8nements\",\"item\":\"https:\/\/mptpetitcharran.fr\/?post_type=tribe_events\"},{\"@type\":\"ListItem\",\"position\":3,\"name\":\"Ap\u00e9ro cr\u00e9atif &#8211; Finissage Muriel Barrat\"}]},{\"@type\":\"WebSite\",\"@id\":\"https:\/\/mptpetitcharran.fr\/#website\",\"url\":\"https:\/\/mptpetitcharran.fr\/\",\"name\":\"Maison pour tous du Petit charran\",\"description\":\"\",\"publisher\":{\"@id\":\"https:\/\/mptpetitcharran.fr\/#organization\"},\"potentialAction\":[{\"@type\":\"SearchAction\",\"target\":{\"@type\":\"EntryPoint\",\"urlTemplate\":\"https:\/\/mptpetitcharran.fr\/?s={search_term_string}\"},\"query-input\":{\"@type\":\"PropertyValueSpecification\",\"valueRequired\":true,\"valueName\":\"search_term_string\"}}],\"inLanguage\":\"fr-FR\"},{\"@type\":\"Organization\",\"@id\":\"https:\/\/mptpetitcharran.fr\/#organization\",\"name\":\"Maison pour tous du Petit charran\",\"url\":\"https:\/\/mptpetitcharran.fr\/\",\"logo\":{\"@type\":\"ImageObject\",\"inLanguage\":\"fr-FR\",\"@id\":\"https:\/\/mptpetitcharran.fr\/#\/schema\/logo\/image\/\",\"url\":\"http:\/\/mptpetitcharran.fr\/wp-content\/uploads\/2023\/07\/cropped-logo_mptpc.jpg\",\"contentUrl\":\"http:\/\/mptpetitcharran.fr\/wp-content\/uploads\/2023\/07\/cropped-logo_mptpc.jpg\",\"width\":532,\"height\":529,\"caption\":\"Maison pour tous du Petit charran\"},\"image\":{\"@id\":\"https:\/\/mptpetitcharran.fr\/#\/schema\/logo\/image\/\"},\"sameAs\":[\"https:\/\/www.facebook.com\/mptpetitcharran\",\"https:\/\/www.instagram.com\/mptpetitcharran\/\"]}]}<\/script>\n<!-- \/ Yoast SEO plugin. -->","yoast_head_json":{"title":"Ap\u00e9ro cr\u00e9atif - Finissage Muriel Barrat - Maison pour tous du Petit charran","description":"Participez au finissage de Muriel Barrat le vendredi 6 d\u00e9cembre \u00e0 la Maison du Petit Charran ! Profitez d'une soir\u00e9e cr\u00e9ative autour des chants d'oiseaux, avec des jeux interactifs et un ap\u00e9ro convivial.","robots":{"index":"index","follow":"follow","max-snippet":"max-snippet:-1","max-image-preview":"max-image-preview:large","max-video-preview":"max-video-preview:-1"},"canonical":"https:\/\/mptpetitcharran.fr\/?tribe_events=apero-creatif-finissage-muriel-barrat","og_locale":"fr_FR","og_type":"article","og_title":"Ap\u00e9ro cr\u00e9atif - Finissage Muriel Barrat - Maison pour tous du Petit charran","og_description":"Participez au finissage de Muriel Barrat le vendredi 6 d\u00e9cembre \u00e0 la Maison du Petit Charran ! Profitez d'une soir\u00e9e cr\u00e9ative autour des chants d'oiseaux, avec des jeux interactifs et un ap\u00e9ro convivial.","og_url":"https:\/\/mptpetitcharran.fr\/?tribe_events=apero-creatif-finissage-muriel-barrat","og_site_name":"Maison pour tous du Petit charran","article_publisher":"https:\/\/www.facebook.com\/mptpetitcharran","article_modified_time":"2024-11-07T08:56:26+00:00","og_image":[{"width":724,"height":1024,"url":"https:\/\/mptpetitcharran.fr\/wp-content\/uploads\/2024\/11\/Finissage-724x1024.png","type":"image\/png"}],"twitter_card":"summary_large_image","twitter_misc":{"Dur\u00e9e de lecture estim\u00e9e":"1 minute"},"schema":{"@context":"https:\/\/schema.org","@graph":[{"@type":"WebPage","@id":"https:\/\/mptpetitcharran.fr\/?tribe_events=apero-creatif-finissage-muriel-barrat","url":"https:\/\/mptpetitcharran.fr\/?tribe_events=apero-creatif-finissage-muriel-barrat","name":"Ap\u00e9ro cr\u00e9atif - Finissage Muriel Barrat - Maison pour tous du Petit charran","isPartOf":{"@id":"https:\/\/mptpetitcharran.fr\/#website"},"primaryImageOfPage":{"@id":"https:\/\/mptpetitcharran.fr\/?tribe_events=apero-creatif-finissage-muriel-barrat#primaryimage"},"image":{"@id":"https:\/\/mptpetitcharran.fr\/?tribe_events=apero-creatif-finissage-muriel-barrat#primaryimage"},"thumbnailUrl":"https:\/\/mptpetitcharran.fr\/wp-content\/uploads\/2024\/11\/Finissage.png","datePublished":"2024-11-07T08:56:12+00:00","dateModified":"2024-11-07T08:56:26+00:00","description":"Participez au finissage de Muriel Barrat le vendredi 6 d\u00e9cembre \u00e0 la Maison du Petit Charran ! Profitez d'une soir\u00e9e cr\u00e9ative autour des chants d'oiseaux, avec des jeux interactifs et un ap\u00e9ro convivial.","breadcrumb":{"@id":"https:\/\/mptpetitcharran.fr\/?tribe_events=apero-creatif-finissage-muriel-barrat#breadcrumb"},"inLanguage":"fr-FR","potentialAction":[{"@type":"ReadAction","target":["https:\/\/mptpetitcharran.fr\/?tribe_events=apero-creatif-finissage-muriel-barrat"]}]},{"@type":"ImageObject","inLanguage":"fr-FR","@id":"https:\/\/mptpetitcharran.fr\/?tribe_events=apero-creatif-finissage-muriel-barrat#primaryimage","url":"https:\/\/mptpetitcharran.fr\/wp-content\/uploads\/2024\/11\/Finissage.png","contentUrl":"https:\/\/mptpetitcharran.fr\/wp-content\/uploads\/2024\/11\/Finissage.png","width":1414,"height":2000},{"@type":"BreadcrumbList","@id":"https:\/\/mptpetitcharran.fr\/?tribe_events=apero-creatif-finissage-muriel-barrat#breadcrumb","itemListElement":[{"@type":"ListItem","position":1,"name":"Accueil","item":"https:\/\/mptpetitcharran.fr\/"},{"@type":"ListItem","position":2,"name":"\u00c9v\u00e8nements","item":"https:\/\/mptpetitcharran.fr\/?post_type=tribe_events"},{"@type":"ListItem","position":3,"name":"Ap\u00e9ro cr\u00e9atif &#8211; Finissage Muriel Barrat"}]},{"@type":"WebSite","@id":"https:\/\/mptpetitcharran.fr\/#website","url":"https:\/\/mptpetitcharran.fr\/","name":"Maison pour tous du Petit charran","description":"","publisher":{"@id":"https:\/\/mptpetitcharran.fr\/#organization"},"potentialAction":[{"@type":"SearchAction","target":{"@type":"EntryPoint","urlTemplate":"https:\/\/mptpetitcharran.fr\/?s={search_term_string}"},"query-input":{"@type":"PropertyValueSpecification","valueRequired":true,"valueName":"search_term_string"}}],"inLanguage":"fr-FR"},{"@type":"Organization","@id":"https:\/\/mptpetitcharran.fr\/#organization","name":"Maison pour tous du Petit charran","url":"https:\/\/mptpetitcharran.fr\/","logo":{"@type":"ImageObject","inLanguage":"fr-FR","@id":"https:\/\/mptpetitcharran.fr\/#\/schema\/logo\/image\/","url":"http:\/\/mptpetitcharran.fr\/wp-content\/uploads\/2023\/07\/cropped-logo_mptpc.jpg","contentUrl":"http:\/\/mptpetitcharran.fr\/wp-content\/uploads\/2023\/07\/cropped-logo_mptpc.jpg","width":532,"height":529,"caption":"Maison pour tous du Petit charran"},"image":{"@id":"https:\/\/mptpetitcharran.fr\/#\/schema\/logo\/image\/"},"sameAs":["https:\/\/www.facebook.com\/mptpetitcharran","https:\/\/www.instagram.com\/mptpetitcharran\/"]}]}},"publishpress_future_workflow_manual_trigger":{"enabledWorkflows":[]},"_links":{"self":[{"href":"https:\/\/mptpetitcharran.fr\/index.php?rest_route=\/wp\/v2\/tribe_events\/5979","targetHints":{"allow":["GET"]}}],"collection":[{"href":"https:\/\/mptpetitcharran.fr\/index.php?rest_route=\/wp\/v2\/tribe_events"}],"about":[{"href":"https:\/\/mptpetitcharran.fr\/index.php?rest_route=\/wp\/v2\/types\/tribe_events"}],"author":[{"embeddable":true,"href":"https:\/\/mptpetitcharran.fr\/index.php?rest_route=\/wp\/v2\/users\/1"}],"version-history":[{"count":1,"href":"https:\/\/mptpetitcharran.fr\/index.php?rest_route=\/wp\/v2\/tribe_events\/5979\/revisions"}],"predecessor-version":[{"id":5981,"href":"https:\/\/mptpetitcharran.fr\/index.php?rest_route=\/wp\/v2\/tribe_events\/5979\/revisions\/5981"}],"wp:featuredmedia":[{"embeddable":true,"href":"https:\/\/mptpetitcharran.fr\/index.php?rest_route=\/wp\/v2\/media\/5980"}],"wp:attachment":[{"href":"https:\/\/mptpetitcharran.fr\/index.php?rest_route=%2Fwp%2Fv2%2Fmedia&parent=5979"}],"wp:term":[{"taxonomy":"post_tag","embeddable":true,"href":"https:\/\/mptpetitcharran.fr\/index.php?rest_route=%2Fwp%2Fv2%2Ftags&post=5979"},{"taxonomy":"tribe_events_cat","embeddable":true,"href":"https:\/\/mptpetitcharran.fr\/index.php?rest_route=%2Fwp%2Fv2%2Ftribe_events_cat&post=5979"}],"curies":[{"name":"wp","href":"https:\/\/api.w.org\/{rel}","templated":true}]}}