{"id":5972,"date":"2024-10-29T14:41:39","date_gmt":"2024-10-29T13:41:39","guid":{"rendered":"https:\/\/mptpetitcharran.fr\/?post_type=tribe_events&#038;p=5972"},"modified":"2024-11-07T09:52:14","modified_gmt":"2024-11-07T08:52:14","slug":"festisoupe-2","status":"publish","type":"tribe_events","link":"https:\/\/mptpetitcharran.fr\/?tribe_events=festisoupe-2","title":{"rendered":"Festi&rsquo;soupe"},"content":{"rendered":"<p><span data-maileon-wysiwyg=\"true\">Jeudi 28 et samedi 30 novembre 2024, participez \u00e0 cet \u00e9v\u00e9nement festif et engag\u00e9 dans le cadre du <b data-maileon-wysiwyg=\"true\">Festival des Solidarit\u00e9s<\/b>, c\u00e9l\u00e9brant la solidarit\u00e9 et l&rsquo;interculturalit\u00e9 !<br data-maileon-wysiwyg=\"true\" \/><\/span><\/p>\n<ul data-maileon-wysiwyg=\"true\">\n<li data-maileon-wysiwyg=\"true\"><span data-maileon-wysiwyg=\"true\">\u00a0Jeudi 28 novembre \u2013\u00a0 <\/span><span data-maileon-wysiwyg=\"true\"><b data-maileon-wysiwyg=\"true\">Disco&rsquo;Soupe<\/b> : animations ludiques, atelier \u00ab\u00a0Pimp&rsquo; ta soupe\u00a0\u00bb, d\u00e9gustation et vote pour la meilleure soupe !<br data-maileon-wysiwyg=\"true\" \/>Concert live : Musisar et DJ pour une soir\u00e9e festive !<\/span><\/li>\n<li data-maileon-wysiwyg=\"true\"><span data-maileon-wysiwyg=\"true\">Samedi 30 novembre \u2013 <b data-maileon-wysiwyg=\"true\">Festi&rsquo;soupe <\/b>: <\/span><span data-maileon-wysiwyg=\"true\">Concert de \u00ab\u00a0Mandela slament le monde\u00a0\u00bb avec Otimani. Animations interactives et exposition culturelle avec des associations engag\u00e9es. <br data-maileon-wysiwyg=\"true\" \/><\/span><\/li>\n<li data-maileon-wysiwyg=\"true\"><span data-maileon-wysiwyg=\"true\">D\u00e9gustez des soupes du monde entier et votez pour votre pr\u00e9f\u00e9r\u00e9e. <\/span><span data-maileon-wysiwyg=\"true\"><b data-maileon-wysiwyg=\"true\">Qui remportera la Louche d\u2019Or ?<\/b><\/span><\/li>\n<\/ul>\n<p><span data-maileon-wysiwyg=\"true\">\ud83d\udca1 Entr\u00e9e \u00e0 prix libre et conscient. <br data-maileon-wysiwyg=\"true\" \/>Venez partager convivialit\u00e9 et \u00e9changes solidaires !<\/span><\/p>\n","protected":false},"excerpt":{"rendered":"<p>Jeudi 28 et samedi 30 novembre 2024, participez \u00e0 cet \u00e9v\u00e9nement festif et engag\u00e9 dans le cadre du Festival des Solidarit\u00e9s, c\u00e9l\u00e9brant la solidarit\u00e9 et l&rsquo;interculturalit\u00e9 ! \u00a0Jeudi 28 novembre &hellip; <a href=\"https:\/\/mptpetitcharran.fr\/?tribe_events=festisoupe-2\" class=\"more-link\">Continue reading <span class=\"screen-reader-text\">Festi&rsquo;soupe<\/span> <span class=\"meta-nav\">&rarr;<\/span><\/a><\/p>\n","protected":false},"author":1,"featured_media":5978,"template":"","meta":{"_tribe_events_status":"","_tribe_events_status_reason":"","footnotes":""},"tags":[],"tribe_events_cat":[],"class_list":["post-5972","tribe_events","type-tribe_events","status-publish","has-post-thumbnail","hentry"],"yoast_head":"<!-- This site is optimized with the Yoast SEO plugin v27.0 - https:\/\/yoast.com\/product\/yoast-seo-wordpress\/ -->\n<title>Festi&#039;soupe - Maison pour tous du Petit charran<\/title>\n<meta name=\"description\" content=\"Jeudi 28 et samedi 30 novembre 2024, participez \u00e0 cet \u00e9v\u00e9nement festif et engag\u00e9 dans le cadre du Festival des Solidarit\u00e9s, c\u00e9l\u00e9brant la solidarit\u00e9 et l&#039;interculturalit\u00e9 !\" \/>\n<meta name=\"robots\" content=\"index, follow, max-snippet:-1, max-image-preview:large, max-video-preview:-1\" \/>\n<link rel=\"canonical\" href=\"https:\/\/mptpetitcharran.fr\/?tribe_events=festisoupe-2\" \/>\n<meta property=\"og:locale\" content=\"fr_FR\" \/>\n<meta property=\"og:type\" content=\"article\" \/>\n<meta property=\"og:title\" content=\"Festi&#039;soupe - Maison pour tous du Petit charran\" \/>\n<meta property=\"og:description\" content=\"Jeudi 28 et samedi 30 novembre 2024, participez \u00e0 cet \u00e9v\u00e9nement festif et engag\u00e9 dans le cadre du Festival des Solidarit\u00e9s, c\u00e9l\u00e9brant la solidarit\u00e9 et l&#039;interculturalit\u00e9 !\" \/>\n<meta property=\"og:url\" content=\"https:\/\/mptpetitcharran.fr\/?tribe_events=festisoupe-2\" \/>\n<meta property=\"og:site_name\" content=\"Maison pour tous du Petit charran\" \/>\n<meta property=\"article:publisher\" content=\"https:\/\/www.facebook.com\/mptpetitcharran\" \/>\n<meta property=\"article:modified_time\" content=\"2024-11-07T08:52:14+00:00\" \/>\n<meta property=\"og:image\" content=\"https:\/\/mptpetitcharran.fr\/wp-content\/uploads\/2024\/10\/Affiche-FESTIsol-2024-2.png\" \/>\n\t<meta property=\"og:image:width\" content=\"1414\" \/>\n\t<meta property=\"og:image:height\" content=\"2000\" \/>\n\t<meta property=\"og:image:type\" content=\"image\/png\" \/>\n<meta name=\"twitter:card\" content=\"summary_large_image\" \/>\n<meta name=\"twitter:label1\" content=\"Dur\u00e9e de lecture estim\u00e9e\" \/>\n\t<meta name=\"twitter:data1\" content=\"1 minute\" \/>\n<script type=\"application\/ld+json\" class=\"yoast-schema-graph\">{\"@context\":\"https:\/\/schema.org\",\"@graph\":[{\"@type\":\"WebPage\",\"@id\":\"https:\/\/mptpetitcharran.fr\/?tribe_events=festisoupe-2\",\"url\":\"https:\/\/mptpetitcharran.fr\/?tribe_events=festisoupe-2\",\"name\":\"Festi'soupe - Maison pour tous du Petit charran\",\"isPartOf\":{\"@id\":\"https:\/\/mptpetitcharran.fr\/#website\"},\"primaryImageOfPage\":{\"@id\":\"https:\/\/mptpetitcharran.fr\/?tribe_events=festisoupe-2#primaryimage\"},\"image\":{\"@id\":\"https:\/\/mptpetitcharran.fr\/?tribe_events=festisoupe-2#primaryimage\"},\"thumbnailUrl\":\"https:\/\/mptpetitcharran.fr\/wp-content\/uploads\/2024\/10\/Affiche-FESTIsol-2024-2.png\",\"datePublished\":\"2024-10-29T13:41:39+00:00\",\"dateModified\":\"2024-11-07T08:52:14+00:00\",\"description\":\"Jeudi 28 et samedi 30 novembre 2024, participez \u00e0 cet \u00e9v\u00e9nement festif et engag\u00e9 dans le cadre du Festival des Solidarit\u00e9s, c\u00e9l\u00e9brant la solidarit\u00e9 et l'interculturalit\u00e9 !\",\"breadcrumb\":{\"@id\":\"https:\/\/mptpetitcharran.fr\/?tribe_events=festisoupe-2#breadcrumb\"},\"inLanguage\":\"fr-FR\",\"potentialAction\":[{\"@type\":\"ReadAction\",\"target\":[\"https:\/\/mptpetitcharran.fr\/?tribe_events=festisoupe-2\"]}]},{\"@type\":\"ImageObject\",\"inLanguage\":\"fr-FR\",\"@id\":\"https:\/\/mptpetitcharran.fr\/?tribe_events=festisoupe-2#primaryimage\",\"url\":\"https:\/\/mptpetitcharran.fr\/wp-content\/uploads\/2024\/10\/Affiche-FESTIsol-2024-2.png\",\"contentUrl\":\"https:\/\/mptpetitcharran.fr\/wp-content\/uploads\/2024\/10\/Affiche-FESTIsol-2024-2.png\",\"width\":1414,\"height\":2000},{\"@type\":\"BreadcrumbList\",\"@id\":\"https:\/\/mptpetitcharran.fr\/?tribe_events=festisoupe-2#breadcrumb\",\"itemListElement\":[{\"@type\":\"ListItem\",\"position\":1,\"name\":\"Accueil\",\"item\":\"https:\/\/mptpetitcharran.fr\/\"},{\"@type\":\"ListItem\",\"position\":2,\"name\":\"\u00c9v\u00e8nements\",\"item\":\"https:\/\/mptpetitcharran.fr\/?post_type=tribe_events\"},{\"@type\":\"ListItem\",\"position\":3,\"name\":\"Festi&rsquo;soupe\"}]},{\"@type\":\"WebSite\",\"@id\":\"https:\/\/mptpetitcharran.fr\/#website\",\"url\":\"https:\/\/mptpetitcharran.fr\/\",\"name\":\"Maison pour tous du Petit charran\",\"description\":\"\",\"publisher\":{\"@id\":\"https:\/\/mptpetitcharran.fr\/#organization\"},\"potentialAction\":[{\"@type\":\"SearchAction\",\"target\":{\"@type\":\"EntryPoint\",\"urlTemplate\":\"https:\/\/mptpetitcharran.fr\/?s={search_term_string}\"},\"query-input\":{\"@type\":\"PropertyValueSpecification\",\"valueRequired\":true,\"valueName\":\"search_term_string\"}}],\"inLanguage\":\"fr-FR\"},{\"@type\":\"Organization\",\"@id\":\"https:\/\/mptpetitcharran.fr\/#organization\",\"name\":\"Maison pour tous du Petit charran\",\"url\":\"https:\/\/mptpetitcharran.fr\/\",\"logo\":{\"@type\":\"ImageObject\",\"inLanguage\":\"fr-FR\",\"@id\":\"https:\/\/mptpetitcharran.fr\/#\/schema\/logo\/image\/\",\"url\":\"http:\/\/mptpetitcharran.fr\/wp-content\/uploads\/2023\/07\/cropped-logo_mptpc.jpg\",\"contentUrl\":\"http:\/\/mptpetitcharran.fr\/wp-content\/uploads\/2023\/07\/cropped-logo_mptpc.jpg\",\"width\":532,\"height\":529,\"caption\":\"Maison pour tous du Petit charran\"},\"image\":{\"@id\":\"https:\/\/mptpetitcharran.fr\/#\/schema\/logo\/image\/\"},\"sameAs\":[\"https:\/\/www.facebook.com\/mptpetitcharran\",\"https:\/\/www.instagram.com\/mptpetitcharran\/\"]}]}<\/script>\n<!-- \/ Yoast SEO plugin. -->","yoast_head_json":{"title":"Festi'soupe - Maison pour tous du Petit charran","description":"Jeudi 28 et samedi 30 novembre 2024, participez \u00e0 cet \u00e9v\u00e9nement festif et engag\u00e9 dans le cadre du Festival des Solidarit\u00e9s, c\u00e9l\u00e9brant la solidarit\u00e9 et l'interculturalit\u00e9 !","robots":{"index":"index","follow":"follow","max-snippet":"max-snippet:-1","max-image-preview":"max-image-preview:large","max-video-preview":"max-video-preview:-1"},"canonical":"https:\/\/mptpetitcharran.fr\/?tribe_events=festisoupe-2","og_locale":"fr_FR","og_type":"article","og_title":"Festi'soupe - Maison pour tous du Petit charran","og_description":"Jeudi 28 et samedi 30 novembre 2024, participez \u00e0 cet \u00e9v\u00e9nement festif et engag\u00e9 dans le cadre du Festival des Solidarit\u00e9s, c\u00e9l\u00e9brant la solidarit\u00e9 et l'interculturalit\u00e9 !","og_url":"https:\/\/mptpetitcharran.fr\/?tribe_events=festisoupe-2","og_site_name":"Maison pour tous du Petit charran","article_publisher":"https:\/\/www.facebook.com\/mptpetitcharran","article_modified_time":"2024-11-07T08:52:14+00:00","og_image":[{"width":1414,"height":2000,"url":"https:\/\/mptpetitcharran.fr\/wp-content\/uploads\/2024\/10\/Affiche-FESTIsol-2024-2.png","type":"image\/png"}],"twitter_card":"summary_large_image","twitter_misc":{"Dur\u00e9e de lecture estim\u00e9e":"1 minute"},"schema":{"@context":"https:\/\/schema.org","@graph":[{"@type":"WebPage","@id":"https:\/\/mptpetitcharran.fr\/?tribe_events=festisoupe-2","url":"https:\/\/mptpetitcharran.fr\/?tribe_events=festisoupe-2","name":"Festi'soupe - Maison pour tous du Petit charran","isPartOf":{"@id":"https:\/\/mptpetitcharran.fr\/#website"},"primaryImageOfPage":{"@id":"https:\/\/mptpetitcharran.fr\/?tribe_events=festisoupe-2#primaryimage"},"image":{"@id":"https:\/\/mptpetitcharran.fr\/?tribe_events=festisoupe-2#primaryimage"},"thumbnailUrl":"https:\/\/mptpetitcharran.fr\/wp-content\/uploads\/2024\/10\/Affiche-FESTIsol-2024-2.png","datePublished":"2024-10-29T13:41:39+00:00","dateModified":"2024-11-07T08:52:14+00:00","description":"Jeudi 28 et samedi 30 novembre 2024, participez \u00e0 cet \u00e9v\u00e9nement festif et engag\u00e9 dans le cadre du Festival des Solidarit\u00e9s, c\u00e9l\u00e9brant la solidarit\u00e9 et l'interculturalit\u00e9 !","breadcrumb":{"@id":"https:\/\/mptpetitcharran.fr\/?tribe_events=festisoupe-2#breadcrumb"},"inLanguage":"fr-FR","potentialAction":[{"@type":"ReadAction","target":["https:\/\/mptpetitcharran.fr\/?tribe_events=festisoupe-2"]}]},{"@type":"ImageObject","inLanguage":"fr-FR","@id":"https:\/\/mptpetitcharran.fr\/?tribe_events=festisoupe-2#primaryimage","url":"https:\/\/mptpetitcharran.fr\/wp-content\/uploads\/2024\/10\/Affiche-FESTIsol-2024-2.png","contentUrl":"https:\/\/mptpetitcharran.fr\/wp-content\/uploads\/2024\/10\/Affiche-FESTIsol-2024-2.png","width":1414,"height":2000},{"@type":"BreadcrumbList","@id":"https:\/\/mptpetitcharran.fr\/?tribe_events=festisoupe-2#breadcrumb","itemListElement":[{"@type":"ListItem","position":1,"name":"Accueil","item":"https:\/\/mptpetitcharran.fr\/"},{"@type":"ListItem","position":2,"name":"\u00c9v\u00e8nements","item":"https:\/\/mptpetitcharran.fr\/?post_type=tribe_events"},{"@type":"ListItem","position":3,"name":"Festi&rsquo;soupe"}]},{"@type":"WebSite","@id":"https:\/\/mptpetitcharran.fr\/#website","url":"https:\/\/mptpetitcharran.fr\/","name":"Maison pour tous du Petit charran","description":"","publisher":{"@id":"https:\/\/mptpetitcharran.fr\/#organization"},"potentialAction":[{"@type":"SearchAction","target":{"@type":"EntryPoint","urlTemplate":"https:\/\/mptpetitcharran.fr\/?s={search_term_string}"},"query-input":{"@type":"PropertyValueSpecification","valueRequired":true,"valueName":"search_term_string"}}],"inLanguage":"fr-FR"},{"@type":"Organization","@id":"https:\/\/mptpetitcharran.fr\/#organization","name":"Maison pour tous du Petit charran","url":"https:\/\/mptpetitcharran.fr\/","logo":{"@type":"ImageObject","inLanguage":"fr-FR","@id":"https:\/\/mptpetitcharran.fr\/#\/schema\/logo\/image\/","url":"http:\/\/mptpetitcharran.fr\/wp-content\/uploads\/2023\/07\/cropped-logo_mptpc.jpg","contentUrl":"http:\/\/mptpetitcharran.fr\/wp-content\/uploads\/2023\/07\/cropped-logo_mptpc.jpg","width":532,"height":529,"caption":"Maison pour tous du Petit charran"},"image":{"@id":"https:\/\/mptpetitcharran.fr\/#\/schema\/logo\/image\/"},"sameAs":["https:\/\/www.facebook.com\/mptpetitcharran","https:\/\/www.instagram.com\/mptpetitcharran\/"]}]}},"publishpress_future_workflow_manual_trigger":{"enabledWorkflows":[]},"_links":{"self":[{"href":"https:\/\/mptpetitcharran.fr\/index.php?rest_route=\/wp\/v2\/tribe_events\/5972","targetHints":{"allow":["GET"]}}],"collection":[{"href":"https:\/\/mptpetitcharran.fr\/index.php?rest_route=\/wp\/v2\/tribe_events"}],"about":[{"href":"https:\/\/mptpetitcharran.fr\/index.php?rest_route=\/wp\/v2\/types\/tribe_events"}],"author":[{"embeddable":true,"href":"https:\/\/mptpetitcharran.fr\/index.php?rest_route=\/wp\/v2\/users\/1"}],"version-history":[{"count":1,"href":"https:\/\/mptpetitcharran.fr\/index.php?rest_route=\/wp\/v2\/tribe_events\/5972\/revisions"}],"predecessor-version":[{"id":5974,"href":"https:\/\/mptpetitcharran.fr\/index.php?rest_route=\/wp\/v2\/tribe_events\/5972\/revisions\/5974"}],"wp:featuredmedia":[{"embeddable":true,"href":"https:\/\/mptpetitcharran.fr\/index.php?rest_route=\/wp\/v2\/media\/5978"}],"wp:attachment":[{"href":"https:\/\/mptpetitcharran.fr\/index.php?rest_route=%2Fwp%2Fv2%2Fmedia&parent=5972"}],"wp:term":[{"taxonomy":"post_tag","embeddable":true,"href":"https:\/\/mptpetitcharran.fr\/index.php?rest_route=%2Fwp%2Fv2%2Ftags&post=5972"},{"taxonomy":"tribe_events_cat","embeddable":true,"href":"https:\/\/mptpetitcharran.fr\/index.php?rest_route=%2Fwp%2Fv2%2Ftribe_events_cat&post=5972"}],"curies":[{"name":"wp","href":"https:\/\/api.w.org\/{rel}","templated":true}]}}