{"id":5969,"date":"2024-10-29T14:36:18","date_gmt":"2024-10-29T13:36:18","guid":{"rendered":"https:\/\/mptpetitcharran.fr\/?post_type=tribe_events&#038;p=5969"},"modified":"2024-10-29T14:36:41","modified_gmt":"2024-10-29T13:36:41","slug":"inscription-accueil-de-loisirs-vacances-de-fin-dannee","status":"publish","type":"tribe_events","link":"https:\/\/mptpetitcharran.fr\/?tribe_events=inscription-accueil-de-loisirs-vacances-de-fin-dannee","title":{"rendered":"Inscription accueil de loisirs | Vacances de fin d&rsquo;ann\u00e9e"},"content":{"rendered":"<p><span data-maileon-wysiwyg=\"true\">Les inscriptions pour l&rsquo;accueil de loisirs des vacances de fin d&rsquo;ann\u00e9e seront ouvertes \u00e0 partir du \ud835\uddf9\ud835\ude02\ud835\uddfb\ud835\uddf1\ud835\uddf6 <b data-maileon-wysiwyg=\"true\">25 novembre<\/b> \u00e0 \ud835\udfed\ud835\udfef\ud835\uddf5\ud835\udfec\ud835\udfec .<br data-maileon-wysiwyg=\"true\" \/>Sinon, les inscriptions sont possibles<\/span> <span data-maileon-wysiwyg=\"true\">les mardis et mercredis de 14h \u00e0 18h et les jeudi de 9h \u00e0 12h, uniquement sur place avec le dossier complet. Pas d&rsquo;inscription possible par t\u00e9l\u00e9phone.<br data-maileon-wysiwyg=\"true\" \/><\/span><span data-maileon-wysiwyg=\"true\">Le programme est \u00e0 venir !<br data-maileon-wysiwyg=\"true\" \/><\/span><\/p>\n","protected":false},"excerpt":{"rendered":"<p>Les inscriptions pour l&rsquo;accueil de loisirs des vacances de fin d&rsquo;ann\u00e9e seront ouvertes \u00e0 partir du \ud835\uddf9\ud835\ude02\ud835\uddfb\ud835\uddf1\ud835\uddf6 25 novembre \u00e0 \ud835\udfed\ud835\udfef\ud835\uddf5\ud835\udfec\ud835\udfec .Sinon, les inscriptions sont possibles les mardis et mercredis &hellip; <a href=\"https:\/\/mptpetitcharran.fr\/?tribe_events=inscription-accueil-de-loisirs-vacances-de-fin-dannee\" class=\"more-link\">Continue reading <span class=\"screen-reader-text\">Inscription accueil de loisirs | Vacances de fin d&rsquo;ann\u00e9e<\/span> <span class=\"meta-nav\">&rarr;<\/span><\/a><\/p>\n","protected":false},"author":1,"featured_media":5970,"template":"","meta":{"_tribe_events_status":"","_tribe_events_status_reason":"","footnotes":""},"tags":[12],"tribe_events_cat":[],"class_list":["post-5969","tribe_events","type-tribe_events","status-publish","has-post-thumbnail","hentry","tag-accueil-de-loisirs"],"yoast_head":"<!-- This site is optimized with the Yoast SEO plugin v27.0 - https:\/\/yoast.com\/product\/yoast-seo-wordpress\/ -->\n<title>Inscription accueil de loisirs | Vacances de fin d&#039;ann\u00e9e - Maison pour tous du Petit charran<\/title>\n<meta name=\"description\" content=\"Les inscriptions pour l&#039;accueil de loisirs des vacances de fin d&#039;ann\u00e9e seront ouvertes \u00e0 partir du \ud835\uddf9\ud835\ude02\ud835\uddfb\ud835\uddf1\ud835\uddf6 25 novembre \u00e0 \ud835\udfed\ud835\udfef\ud835\uddf5\ud835\udfec\ud835\udfec .\" \/>\n<meta name=\"robots\" content=\"index, follow, max-snippet:-1, max-image-preview:large, max-video-preview:-1\" \/>\n<link rel=\"canonical\" href=\"https:\/\/mptpetitcharran.fr\/?tribe_events=inscription-accueil-de-loisirs-vacances-de-fin-dannee\" \/>\n<meta property=\"og:locale\" content=\"fr_FR\" \/>\n<meta property=\"og:type\" content=\"article\" \/>\n<meta property=\"og:title\" content=\"Inscription accueil de loisirs | Vacances de fin d&#039;ann\u00e9e - Maison pour tous du Petit charran\" \/>\n<meta property=\"og:description\" content=\"Les inscriptions pour l&#039;accueil de loisirs des vacances de fin d&#039;ann\u00e9e seront ouvertes \u00e0 partir du \ud835\uddf9\ud835\ude02\ud835\uddfb\ud835\uddf1\ud835\uddf6 25 novembre \u00e0 \ud835\udfed\ud835\udfef\ud835\uddf5\ud835\udfec\ud835\udfec .\" \/>\n<meta property=\"og:url\" content=\"https:\/\/mptpetitcharran.fr\/?tribe_events=inscription-accueil-de-loisirs-vacances-de-fin-dannee\" \/>\n<meta property=\"og:site_name\" content=\"Maison pour tous du Petit charran\" \/>\n<meta property=\"article:publisher\" content=\"https:\/\/www.facebook.com\/mptpetitcharran\" \/>\n<meta property=\"article:modified_time\" content=\"2024-10-29T13:36:41+00:00\" \/>\n<meta property=\"og:image\" content=\"https:\/\/mptpetitcharran.fr\/wp-content\/uploads\/2024\/10\/inscription-des-mercredis.png\" \/>\n\t<meta property=\"og:image:width\" content=\"1414\" \/>\n\t<meta property=\"og:image:height\" content=\"2000\" \/>\n\t<meta property=\"og:image:type\" content=\"image\/png\" \/>\n<meta name=\"twitter:card\" content=\"summary_large_image\" \/>\n<meta name=\"twitter:label1\" content=\"Dur\u00e9e de lecture estim\u00e9e\" \/>\n\t<meta name=\"twitter:data1\" content=\"1 minute\" \/>\n<script type=\"application\/ld+json\" class=\"yoast-schema-graph\">{\"@context\":\"https:\/\/schema.org\",\"@graph\":[{\"@type\":\"WebPage\",\"@id\":\"https:\/\/mptpetitcharran.fr\/?tribe_events=inscription-accueil-de-loisirs-vacances-de-fin-dannee\",\"url\":\"https:\/\/mptpetitcharran.fr\/?tribe_events=inscription-accueil-de-loisirs-vacances-de-fin-dannee\",\"name\":\"Inscription accueil de loisirs | Vacances de fin d'ann\u00e9e - Maison pour tous du Petit charran\",\"isPartOf\":{\"@id\":\"https:\/\/mptpetitcharran.fr\/#website\"},\"primaryImageOfPage\":{\"@id\":\"https:\/\/mptpetitcharran.fr\/?tribe_events=inscription-accueil-de-loisirs-vacances-de-fin-dannee#primaryimage\"},\"image\":{\"@id\":\"https:\/\/mptpetitcharran.fr\/?tribe_events=inscription-accueil-de-loisirs-vacances-de-fin-dannee#primaryimage\"},\"thumbnailUrl\":\"https:\/\/mptpetitcharran.fr\/wp-content\/uploads\/2024\/10\/inscription-des-mercredis.png\",\"datePublished\":\"2024-10-29T13:36:18+00:00\",\"dateModified\":\"2024-10-29T13:36:41+00:00\",\"description\":\"Les inscriptions pour l'accueil de loisirs des vacances de fin d'ann\u00e9e seront ouvertes \u00e0 partir du \ud835\uddf9\ud835\ude02\ud835\uddfb\ud835\uddf1\ud835\uddf6 25 novembre \u00e0 \ud835\udfed\ud835\udfef\ud835\uddf5\ud835\udfec\ud835\udfec .\",\"breadcrumb\":{\"@id\":\"https:\/\/mptpetitcharran.fr\/?tribe_events=inscription-accueil-de-loisirs-vacances-de-fin-dannee#breadcrumb\"},\"inLanguage\":\"fr-FR\",\"potentialAction\":[{\"@type\":\"ReadAction\",\"target\":[\"https:\/\/mptpetitcharran.fr\/?tribe_events=inscription-accueil-de-loisirs-vacances-de-fin-dannee\"]}]},{\"@type\":\"ImageObject\",\"inLanguage\":\"fr-FR\",\"@id\":\"https:\/\/mptpetitcharran.fr\/?tribe_events=inscription-accueil-de-loisirs-vacances-de-fin-dannee#primaryimage\",\"url\":\"https:\/\/mptpetitcharran.fr\/wp-content\/uploads\/2024\/10\/inscription-des-mercredis.png\",\"contentUrl\":\"https:\/\/mptpetitcharran.fr\/wp-content\/uploads\/2024\/10\/inscription-des-mercredis.png\",\"width\":1414,\"height\":2000},{\"@type\":\"BreadcrumbList\",\"@id\":\"https:\/\/mptpetitcharran.fr\/?tribe_events=inscription-accueil-de-loisirs-vacances-de-fin-dannee#breadcrumb\",\"itemListElement\":[{\"@type\":\"ListItem\",\"position\":1,\"name\":\"Accueil\",\"item\":\"https:\/\/mptpetitcharran.fr\/\"},{\"@type\":\"ListItem\",\"position\":2,\"name\":\"\u00c9v\u00e8nements\",\"item\":\"https:\/\/mptpetitcharran.fr\/?post_type=tribe_events\"},{\"@type\":\"ListItem\",\"position\":3,\"name\":\"Inscription accueil de loisirs | Vacances de fin d&rsquo;ann\u00e9e\"}]},{\"@type\":\"WebSite\",\"@id\":\"https:\/\/mptpetitcharran.fr\/#website\",\"url\":\"https:\/\/mptpetitcharran.fr\/\",\"name\":\"Maison pour tous du Petit charran\",\"description\":\"\",\"publisher\":{\"@id\":\"https:\/\/mptpetitcharran.fr\/#organization\"},\"potentialAction\":[{\"@type\":\"SearchAction\",\"target\":{\"@type\":\"EntryPoint\",\"urlTemplate\":\"https:\/\/mptpetitcharran.fr\/?s={search_term_string}\"},\"query-input\":{\"@type\":\"PropertyValueSpecification\",\"valueRequired\":true,\"valueName\":\"search_term_string\"}}],\"inLanguage\":\"fr-FR\"},{\"@type\":\"Organization\",\"@id\":\"https:\/\/mptpetitcharran.fr\/#organization\",\"name\":\"Maison pour tous du Petit charran\",\"url\":\"https:\/\/mptpetitcharran.fr\/\",\"logo\":{\"@type\":\"ImageObject\",\"inLanguage\":\"fr-FR\",\"@id\":\"https:\/\/mptpetitcharran.fr\/#\/schema\/logo\/image\/\",\"url\":\"http:\/\/mptpetitcharran.fr\/wp-content\/uploads\/2023\/07\/cropped-logo_mptpc.jpg\",\"contentUrl\":\"http:\/\/mptpetitcharran.fr\/wp-content\/uploads\/2023\/07\/cropped-logo_mptpc.jpg\",\"width\":532,\"height\":529,\"caption\":\"Maison pour tous du Petit charran\"},\"image\":{\"@id\":\"https:\/\/mptpetitcharran.fr\/#\/schema\/logo\/image\/\"},\"sameAs\":[\"https:\/\/www.facebook.com\/mptpetitcharran\",\"https:\/\/www.instagram.com\/mptpetitcharran\/\"]}]}<\/script>\n<!-- \/ Yoast SEO plugin. -->","yoast_head_json":{"title":"Inscription accueil de loisirs | Vacances de fin d'ann\u00e9e - Maison pour tous du Petit charran","description":"Les inscriptions pour l'accueil de loisirs des vacances de fin d'ann\u00e9e seront ouvertes \u00e0 partir du \ud835\uddf9\ud835\ude02\ud835\uddfb\ud835\uddf1\ud835\uddf6 25 novembre \u00e0 \ud835\udfed\ud835\udfef\ud835\uddf5\ud835\udfec\ud835\udfec .","robots":{"index":"index","follow":"follow","max-snippet":"max-snippet:-1","max-image-preview":"max-image-preview:large","max-video-preview":"max-video-preview:-1"},"canonical":"https:\/\/mptpetitcharran.fr\/?tribe_events=inscription-accueil-de-loisirs-vacances-de-fin-dannee","og_locale":"fr_FR","og_type":"article","og_title":"Inscription accueil de loisirs | Vacances de fin d'ann\u00e9e - Maison pour tous du Petit charran","og_description":"Les inscriptions pour l'accueil de loisirs des vacances de fin d'ann\u00e9e seront ouvertes \u00e0 partir du \ud835\uddf9\ud835\ude02\ud835\uddfb\ud835\uddf1\ud835\uddf6 25 novembre \u00e0 \ud835\udfed\ud835\udfef\ud835\uddf5\ud835\udfec\ud835\udfec .","og_url":"https:\/\/mptpetitcharran.fr\/?tribe_events=inscription-accueil-de-loisirs-vacances-de-fin-dannee","og_site_name":"Maison pour tous du Petit charran","article_publisher":"https:\/\/www.facebook.com\/mptpetitcharran","article_modified_time":"2024-10-29T13:36:41+00:00","og_image":[{"width":1414,"height":2000,"url":"https:\/\/mptpetitcharran.fr\/wp-content\/uploads\/2024\/10\/inscription-des-mercredis.png","type":"image\/png"}],"twitter_card":"summary_large_image","twitter_misc":{"Dur\u00e9e de lecture estim\u00e9e":"1 minute"},"schema":{"@context":"https:\/\/schema.org","@graph":[{"@type":"WebPage","@id":"https:\/\/mptpetitcharran.fr\/?tribe_events=inscription-accueil-de-loisirs-vacances-de-fin-dannee","url":"https:\/\/mptpetitcharran.fr\/?tribe_events=inscription-accueil-de-loisirs-vacances-de-fin-dannee","name":"Inscription accueil de loisirs | Vacances de fin d'ann\u00e9e - Maison pour tous du Petit charran","isPartOf":{"@id":"https:\/\/mptpetitcharran.fr\/#website"},"primaryImageOfPage":{"@id":"https:\/\/mptpetitcharran.fr\/?tribe_events=inscription-accueil-de-loisirs-vacances-de-fin-dannee#primaryimage"},"image":{"@id":"https:\/\/mptpetitcharran.fr\/?tribe_events=inscription-accueil-de-loisirs-vacances-de-fin-dannee#primaryimage"},"thumbnailUrl":"https:\/\/mptpetitcharran.fr\/wp-content\/uploads\/2024\/10\/inscription-des-mercredis.png","datePublished":"2024-10-29T13:36:18+00:00","dateModified":"2024-10-29T13:36:41+00:00","description":"Les inscriptions pour l'accueil de loisirs des vacances de fin d'ann\u00e9e seront ouvertes \u00e0 partir du \ud835\uddf9\ud835\ude02\ud835\uddfb\ud835\uddf1\ud835\uddf6 25 novembre \u00e0 \ud835\udfed\ud835\udfef\ud835\uddf5\ud835\udfec\ud835\udfec .","breadcrumb":{"@id":"https:\/\/mptpetitcharran.fr\/?tribe_events=inscription-accueil-de-loisirs-vacances-de-fin-dannee#breadcrumb"},"inLanguage":"fr-FR","potentialAction":[{"@type":"ReadAction","target":["https:\/\/mptpetitcharran.fr\/?tribe_events=inscription-accueil-de-loisirs-vacances-de-fin-dannee"]}]},{"@type":"ImageObject","inLanguage":"fr-FR","@id":"https:\/\/mptpetitcharran.fr\/?tribe_events=inscription-accueil-de-loisirs-vacances-de-fin-dannee#primaryimage","url":"https:\/\/mptpetitcharran.fr\/wp-content\/uploads\/2024\/10\/inscription-des-mercredis.png","contentUrl":"https:\/\/mptpetitcharran.fr\/wp-content\/uploads\/2024\/10\/inscription-des-mercredis.png","width":1414,"height":2000},{"@type":"BreadcrumbList","@id":"https:\/\/mptpetitcharran.fr\/?tribe_events=inscription-accueil-de-loisirs-vacances-de-fin-dannee#breadcrumb","itemListElement":[{"@type":"ListItem","position":1,"name":"Accueil","item":"https:\/\/mptpetitcharran.fr\/"},{"@type":"ListItem","position":2,"name":"\u00c9v\u00e8nements","item":"https:\/\/mptpetitcharran.fr\/?post_type=tribe_events"},{"@type":"ListItem","position":3,"name":"Inscription accueil de loisirs | Vacances de fin d&rsquo;ann\u00e9e"}]},{"@type":"WebSite","@id":"https:\/\/mptpetitcharran.fr\/#website","url":"https:\/\/mptpetitcharran.fr\/","name":"Maison pour tous du Petit charran","description":"","publisher":{"@id":"https:\/\/mptpetitcharran.fr\/#organization"},"potentialAction":[{"@type":"SearchAction","target":{"@type":"EntryPoint","urlTemplate":"https:\/\/mptpetitcharran.fr\/?s={search_term_string}"},"query-input":{"@type":"PropertyValueSpecification","valueRequired":true,"valueName":"search_term_string"}}],"inLanguage":"fr-FR"},{"@type":"Organization","@id":"https:\/\/mptpetitcharran.fr\/#organization","name":"Maison pour tous du Petit charran","url":"https:\/\/mptpetitcharran.fr\/","logo":{"@type":"ImageObject","inLanguage":"fr-FR","@id":"https:\/\/mptpetitcharran.fr\/#\/schema\/logo\/image\/","url":"http:\/\/mptpetitcharran.fr\/wp-content\/uploads\/2023\/07\/cropped-logo_mptpc.jpg","contentUrl":"http:\/\/mptpetitcharran.fr\/wp-content\/uploads\/2023\/07\/cropped-logo_mptpc.jpg","width":532,"height":529,"caption":"Maison pour tous du Petit charran"},"image":{"@id":"https:\/\/mptpetitcharran.fr\/#\/schema\/logo\/image\/"},"sameAs":["https:\/\/www.facebook.com\/mptpetitcharran","https:\/\/www.instagram.com\/mptpetitcharran\/"]}]}},"publishpress_future_workflow_manual_trigger":{"enabledWorkflows":[]},"_links":{"self":[{"href":"https:\/\/mptpetitcharran.fr\/index.php?rest_route=\/wp\/v2\/tribe_events\/5969","targetHints":{"allow":["GET"]}}],"collection":[{"href":"https:\/\/mptpetitcharran.fr\/index.php?rest_route=\/wp\/v2\/tribe_events"}],"about":[{"href":"https:\/\/mptpetitcharran.fr\/index.php?rest_route=\/wp\/v2\/types\/tribe_events"}],"author":[{"embeddable":true,"href":"https:\/\/mptpetitcharran.fr\/index.php?rest_route=\/wp\/v2\/users\/1"}],"version-history":[{"count":1,"href":"https:\/\/mptpetitcharran.fr\/index.php?rest_route=\/wp\/v2\/tribe_events\/5969\/revisions"}],"predecessor-version":[{"id":5971,"href":"https:\/\/mptpetitcharran.fr\/index.php?rest_route=\/wp\/v2\/tribe_events\/5969\/revisions\/5971"}],"wp:featuredmedia":[{"embeddable":true,"href":"https:\/\/mptpetitcharran.fr\/index.php?rest_route=\/wp\/v2\/media\/5970"}],"wp:attachment":[{"href":"https:\/\/mptpetitcharran.fr\/index.php?rest_route=%2Fwp%2Fv2%2Fmedia&parent=5969"}],"wp:term":[{"taxonomy":"post_tag","embeddable":true,"href":"https:\/\/mptpetitcharran.fr\/index.php?rest_route=%2Fwp%2Fv2%2Ftags&post=5969"},{"taxonomy":"tribe_events_cat","embeddable":true,"href":"https:\/\/mptpetitcharran.fr\/index.php?rest_route=%2Fwp%2Fv2%2Ftribe_events_cat&post=5969"}],"curies":[{"name":"wp","href":"https:\/\/api.w.org\/{rel}","templated":true}]}}