{"id":5962,"date":"2024-10-29T10:00:10","date_gmt":"2024-10-29T09:00:10","guid":{"rendered":"https:\/\/mptpetitcharran.fr\/?post_type=tribe_events&#038;p=5962"},"modified":"2024-10-29T11:23:32","modified_gmt":"2024-10-29T10:23:32","slug":"reduisez-votre-consommation-denergie","status":"publish","type":"tribe_events","link":"https:\/\/mptpetitcharran.fr\/?tribe_events=reduisez-votre-consommation-denergie","title":{"rendered":"R\u00e9duisez votre consommation d\u2019\u00e9nergie !"},"content":{"rendered":"<p>Vous souhaitez faire des \u00e9conomies sur votre facture d\u2019\u00e9nergie ? Rejoignez-nous le <strong>mardi 12 novembre 2024<\/strong> de <strong>10h \u00e0 12h<\/strong> \u00e0 la <strong>MPT du Petit Charran<\/strong> pour un atelier riche en astuces pratiques. Apprenez \u00e0 comparer les fournisseurs, \u00e0 mieux comprendre vos factures et d\u00e9couvrez des gestes simples pour faire baisser vos d\u00e9penses \u00e9nerg\u00e9tiques.<\/p>\n<p><strong>Adresse :<\/strong> 30 rue Henri Dunant, Valence.<br \/>\nEnsemble, faisons un pas vers un avenir plus durable !<\/p>\n","protected":false},"excerpt":{"rendered":"<p>D\u00e9couvrez les meilleures astuces pour r\u00e9duire votre consommation \u00e9nerg\u00e9tique et all\u00e9ger vos factures lors de notre atelier sp\u00e9cial \u00e0 la MPT Petit Charran \u00e0 Valence. Participez pour apprendre des gestes simples et efficaces pour \u00e9conomiser l\u2019\u00e9nergie au quotidien.<\/p>\n","protected":false},"author":1,"featured_media":5964,"template":"","meta":{"_tribe_events_status":"","_tribe_events_status_reason":"","footnotes":""},"tags":[],"tribe_events_cat":[],"class_list":["post-5962","tribe_events","type-tribe_events","status-publish","has-post-thumbnail","hentry"],"yoast_head":"<!-- This site is optimized with the Yoast SEO plugin v27.0 - https:\/\/yoast.com\/product\/yoast-seo-wordpress\/ -->\n<title>R\u00e9duisez votre consommation d\u2019\u00e9nergie ! - Maison pour tous du Petit charran<\/title>\n<meta name=\"description\" content=\"Atelier sur les \u00e9conomies d&#039;\u00e9nergie \u00e0 la MPT Petit Charran le 12 novembre 2024 ! D\u00e9couvrez des astuces pour r\u00e9duire votre consommation et mieux comprendre vos factures. Rejoignez-nous \u00e0 Valence pour apprendre comment \u00e9conomiser tout en contribuant \u00e0 un avenir durable\" \/>\n<meta name=\"robots\" content=\"index, follow, max-snippet:-1, max-image-preview:large, max-video-preview:-1\" \/>\n<link rel=\"canonical\" href=\"https:\/\/mptpetitcharran.fr\/?tribe_events=reduisez-votre-consommation-denergie\" \/>\n<meta property=\"og:locale\" content=\"fr_FR\" \/>\n<meta property=\"og:type\" content=\"article\" \/>\n<meta property=\"og:title\" content=\"R\u00e9duisez votre consommation d\u2019\u00e9nergie ! - Maison pour tous du Petit charran\" \/>\n<meta property=\"og:description\" content=\"Atelier sur les \u00e9conomies d&#039;\u00e9nergie \u00e0 la MPT Petit Charran le 12 novembre 2024 ! D\u00e9couvrez des astuces pour r\u00e9duire votre consommation et mieux comprendre vos factures. Rejoignez-nous \u00e0 Valence pour apprendre comment \u00e9conomiser tout en contribuant \u00e0 un avenir durable\" \/>\n<meta property=\"og:url\" content=\"https:\/\/mptpetitcharran.fr\/?tribe_events=reduisez-votre-consommation-denergie\" \/>\n<meta property=\"og:site_name\" content=\"Maison pour tous du Petit charran\" \/>\n<meta property=\"article:publisher\" content=\"https:\/\/www.facebook.com\/mptpetitcharran\" \/>\n<meta property=\"article:modified_time\" content=\"2024-10-29T10:23:32+00:00\" \/>\n<meta property=\"og:image\" content=\"https:\/\/mptpetitcharran.fr\/wp-content\/uploads\/2024\/10\/Affiche-MPT-Petit-Charran.pdf.jpg\" \/>\n\t<meta property=\"og:image:width\" content=\"1414\" \/>\n\t<meta property=\"og:image:height\" content=\"2000\" \/>\n\t<meta property=\"og:image:type\" content=\"image\/jpeg\" \/>\n<meta name=\"twitter:card\" content=\"summary_large_image\" \/>\n<meta name=\"twitter:label1\" content=\"Dur\u00e9e de lecture estim\u00e9e\" \/>\n\t<meta name=\"twitter:data1\" content=\"1 minute\" \/>\n<script type=\"application\/ld+json\" class=\"yoast-schema-graph\">{\"@context\":\"https:\/\/schema.org\",\"@graph\":[{\"@type\":\"WebPage\",\"@id\":\"https:\/\/mptpetitcharran.fr\/?tribe_events=reduisez-votre-consommation-denergie\",\"url\":\"https:\/\/mptpetitcharran.fr\/?tribe_events=reduisez-votre-consommation-denergie\",\"name\":\"R\u00e9duisez votre consommation d\u2019\u00e9nergie ! - Maison pour tous du Petit charran\",\"isPartOf\":{\"@id\":\"https:\/\/mptpetitcharran.fr\/#website\"},\"primaryImageOfPage\":{\"@id\":\"https:\/\/mptpetitcharran.fr\/?tribe_events=reduisez-votre-consommation-denergie#primaryimage\"},\"image\":{\"@id\":\"https:\/\/mptpetitcharran.fr\/?tribe_events=reduisez-votre-consommation-denergie#primaryimage\"},\"thumbnailUrl\":\"https:\/\/mptpetitcharran.fr\/wp-content\/uploads\/2024\/10\/Affiche-MPT-Petit-Charran.pdf.jpg\",\"datePublished\":\"2024-10-29T09:00:10+00:00\",\"dateModified\":\"2024-10-29T10:23:32+00:00\",\"description\":\"Atelier sur les \u00e9conomies d'\u00e9nergie \u00e0 la MPT Petit Charran le 12 novembre 2024 ! D\u00e9couvrez des astuces pour r\u00e9duire votre consommation et mieux comprendre vos factures. Rejoignez-nous \u00e0 Valence pour apprendre comment \u00e9conomiser tout en contribuant \u00e0 un avenir durable\",\"breadcrumb\":{\"@id\":\"https:\/\/mptpetitcharran.fr\/?tribe_events=reduisez-votre-consommation-denergie#breadcrumb\"},\"inLanguage\":\"fr-FR\",\"potentialAction\":[{\"@type\":\"ReadAction\",\"target\":[\"https:\/\/mptpetitcharran.fr\/?tribe_events=reduisez-votre-consommation-denergie\"]}]},{\"@type\":\"ImageObject\",\"inLanguage\":\"fr-FR\",\"@id\":\"https:\/\/mptpetitcharran.fr\/?tribe_events=reduisez-votre-consommation-denergie#primaryimage\",\"url\":\"https:\/\/mptpetitcharran.fr\/wp-content\/uploads\/2024\/10\/Affiche-MPT-Petit-Charran.pdf.jpg\",\"contentUrl\":\"https:\/\/mptpetitcharran.fr\/wp-content\/uploads\/2024\/10\/Affiche-MPT-Petit-Charran.pdf.jpg\",\"width\":1414,\"height\":2000},{\"@type\":\"BreadcrumbList\",\"@id\":\"https:\/\/mptpetitcharran.fr\/?tribe_events=reduisez-votre-consommation-denergie#breadcrumb\",\"itemListElement\":[{\"@type\":\"ListItem\",\"position\":1,\"name\":\"Accueil\",\"item\":\"https:\/\/mptpetitcharran.fr\/\"},{\"@type\":\"ListItem\",\"position\":2,\"name\":\"\u00c9v\u00e8nements\",\"item\":\"https:\/\/mptpetitcharran.fr\/?post_type=tribe_events\"},{\"@type\":\"ListItem\",\"position\":3,\"name\":\"R\u00e9duisez votre consommation d\u2019\u00e9nergie !\"}]},{\"@type\":\"WebSite\",\"@id\":\"https:\/\/mptpetitcharran.fr\/#website\",\"url\":\"https:\/\/mptpetitcharran.fr\/\",\"name\":\"Maison pour tous du Petit charran\",\"description\":\"\",\"publisher\":{\"@id\":\"https:\/\/mptpetitcharran.fr\/#organization\"},\"potentialAction\":[{\"@type\":\"SearchAction\",\"target\":{\"@type\":\"EntryPoint\",\"urlTemplate\":\"https:\/\/mptpetitcharran.fr\/?s={search_term_string}\"},\"query-input\":{\"@type\":\"PropertyValueSpecification\",\"valueRequired\":true,\"valueName\":\"search_term_string\"}}],\"inLanguage\":\"fr-FR\"},{\"@type\":\"Organization\",\"@id\":\"https:\/\/mptpetitcharran.fr\/#organization\",\"name\":\"Maison pour tous du Petit charran\",\"url\":\"https:\/\/mptpetitcharran.fr\/\",\"logo\":{\"@type\":\"ImageObject\",\"inLanguage\":\"fr-FR\",\"@id\":\"https:\/\/mptpetitcharran.fr\/#\/schema\/logo\/image\/\",\"url\":\"http:\/\/mptpetitcharran.fr\/wp-content\/uploads\/2023\/07\/cropped-logo_mptpc.jpg\",\"contentUrl\":\"http:\/\/mptpetitcharran.fr\/wp-content\/uploads\/2023\/07\/cropped-logo_mptpc.jpg\",\"width\":532,\"height\":529,\"caption\":\"Maison pour tous du Petit charran\"},\"image\":{\"@id\":\"https:\/\/mptpetitcharran.fr\/#\/schema\/logo\/image\/\"},\"sameAs\":[\"https:\/\/www.facebook.com\/mptpetitcharran\",\"https:\/\/www.instagram.com\/mptpetitcharran\/\"]}]}<\/script>\n<!-- \/ Yoast SEO plugin. -->","yoast_head_json":{"title":"R\u00e9duisez votre consommation d\u2019\u00e9nergie ! - Maison pour tous du Petit charran","description":"Atelier sur les \u00e9conomies d'\u00e9nergie \u00e0 la MPT Petit Charran le 12 novembre 2024 ! D\u00e9couvrez des astuces pour r\u00e9duire votre consommation et mieux comprendre vos factures. Rejoignez-nous \u00e0 Valence pour apprendre comment \u00e9conomiser tout en contribuant \u00e0 un avenir durable","robots":{"index":"index","follow":"follow","max-snippet":"max-snippet:-1","max-image-preview":"max-image-preview:large","max-video-preview":"max-video-preview:-1"},"canonical":"https:\/\/mptpetitcharran.fr\/?tribe_events=reduisez-votre-consommation-denergie","og_locale":"fr_FR","og_type":"article","og_title":"R\u00e9duisez votre consommation d\u2019\u00e9nergie ! - Maison pour tous du Petit charran","og_description":"Atelier sur les \u00e9conomies d'\u00e9nergie \u00e0 la MPT Petit Charran le 12 novembre 2024 ! D\u00e9couvrez des astuces pour r\u00e9duire votre consommation et mieux comprendre vos factures. Rejoignez-nous \u00e0 Valence pour apprendre comment \u00e9conomiser tout en contribuant \u00e0 un avenir durable","og_url":"https:\/\/mptpetitcharran.fr\/?tribe_events=reduisez-votre-consommation-denergie","og_site_name":"Maison pour tous du Petit charran","article_publisher":"https:\/\/www.facebook.com\/mptpetitcharran","article_modified_time":"2024-10-29T10:23:32+00:00","og_image":[{"width":1414,"height":2000,"url":"https:\/\/mptpetitcharran.fr\/wp-content\/uploads\/2024\/10\/Affiche-MPT-Petit-Charran.pdf.jpg","type":"image\/jpeg"}],"twitter_card":"summary_large_image","twitter_misc":{"Dur\u00e9e de lecture estim\u00e9e":"1 minute"},"schema":{"@context":"https:\/\/schema.org","@graph":[{"@type":"WebPage","@id":"https:\/\/mptpetitcharran.fr\/?tribe_events=reduisez-votre-consommation-denergie","url":"https:\/\/mptpetitcharran.fr\/?tribe_events=reduisez-votre-consommation-denergie","name":"R\u00e9duisez votre consommation d\u2019\u00e9nergie ! - Maison pour tous du Petit charran","isPartOf":{"@id":"https:\/\/mptpetitcharran.fr\/#website"},"primaryImageOfPage":{"@id":"https:\/\/mptpetitcharran.fr\/?tribe_events=reduisez-votre-consommation-denergie#primaryimage"},"image":{"@id":"https:\/\/mptpetitcharran.fr\/?tribe_events=reduisez-votre-consommation-denergie#primaryimage"},"thumbnailUrl":"https:\/\/mptpetitcharran.fr\/wp-content\/uploads\/2024\/10\/Affiche-MPT-Petit-Charran.pdf.jpg","datePublished":"2024-10-29T09:00:10+00:00","dateModified":"2024-10-29T10:23:32+00:00","description":"Atelier sur les \u00e9conomies d'\u00e9nergie \u00e0 la MPT Petit Charran le 12 novembre 2024 ! D\u00e9couvrez des astuces pour r\u00e9duire votre consommation et mieux comprendre vos factures. Rejoignez-nous \u00e0 Valence pour apprendre comment \u00e9conomiser tout en contribuant \u00e0 un avenir durable","breadcrumb":{"@id":"https:\/\/mptpetitcharran.fr\/?tribe_events=reduisez-votre-consommation-denergie#breadcrumb"},"inLanguage":"fr-FR","potentialAction":[{"@type":"ReadAction","target":["https:\/\/mptpetitcharran.fr\/?tribe_events=reduisez-votre-consommation-denergie"]}]},{"@type":"ImageObject","inLanguage":"fr-FR","@id":"https:\/\/mptpetitcharran.fr\/?tribe_events=reduisez-votre-consommation-denergie#primaryimage","url":"https:\/\/mptpetitcharran.fr\/wp-content\/uploads\/2024\/10\/Affiche-MPT-Petit-Charran.pdf.jpg","contentUrl":"https:\/\/mptpetitcharran.fr\/wp-content\/uploads\/2024\/10\/Affiche-MPT-Petit-Charran.pdf.jpg","width":1414,"height":2000},{"@type":"BreadcrumbList","@id":"https:\/\/mptpetitcharran.fr\/?tribe_events=reduisez-votre-consommation-denergie#breadcrumb","itemListElement":[{"@type":"ListItem","position":1,"name":"Accueil","item":"https:\/\/mptpetitcharran.fr\/"},{"@type":"ListItem","position":2,"name":"\u00c9v\u00e8nements","item":"https:\/\/mptpetitcharran.fr\/?post_type=tribe_events"},{"@type":"ListItem","position":3,"name":"R\u00e9duisez votre consommation d\u2019\u00e9nergie !"}]},{"@type":"WebSite","@id":"https:\/\/mptpetitcharran.fr\/#website","url":"https:\/\/mptpetitcharran.fr\/","name":"Maison pour tous du Petit charran","description":"","publisher":{"@id":"https:\/\/mptpetitcharran.fr\/#organization"},"potentialAction":[{"@type":"SearchAction","target":{"@type":"EntryPoint","urlTemplate":"https:\/\/mptpetitcharran.fr\/?s={search_term_string}"},"query-input":{"@type":"PropertyValueSpecification","valueRequired":true,"valueName":"search_term_string"}}],"inLanguage":"fr-FR"},{"@type":"Organization","@id":"https:\/\/mptpetitcharran.fr\/#organization","name":"Maison pour tous du Petit charran","url":"https:\/\/mptpetitcharran.fr\/","logo":{"@type":"ImageObject","inLanguage":"fr-FR","@id":"https:\/\/mptpetitcharran.fr\/#\/schema\/logo\/image\/","url":"http:\/\/mptpetitcharran.fr\/wp-content\/uploads\/2023\/07\/cropped-logo_mptpc.jpg","contentUrl":"http:\/\/mptpetitcharran.fr\/wp-content\/uploads\/2023\/07\/cropped-logo_mptpc.jpg","width":532,"height":529,"caption":"Maison pour tous du Petit charran"},"image":{"@id":"https:\/\/mptpetitcharran.fr\/#\/schema\/logo\/image\/"},"sameAs":["https:\/\/www.facebook.com\/mptpetitcharran","https:\/\/www.instagram.com\/mptpetitcharran\/"]}]}},"publishpress_future_workflow_manual_trigger":{"enabledWorkflows":[]},"_links":{"self":[{"href":"https:\/\/mptpetitcharran.fr\/index.php?rest_route=\/wp\/v2\/tribe_events\/5962","targetHints":{"allow":["GET"]}}],"collection":[{"href":"https:\/\/mptpetitcharran.fr\/index.php?rest_route=\/wp\/v2\/tribe_events"}],"about":[{"href":"https:\/\/mptpetitcharran.fr\/index.php?rest_route=\/wp\/v2\/types\/tribe_events"}],"author":[{"embeddable":true,"href":"https:\/\/mptpetitcharran.fr\/index.php?rest_route=\/wp\/v2\/users\/1"}],"version-history":[{"count":1,"href":"https:\/\/mptpetitcharran.fr\/index.php?rest_route=\/wp\/v2\/tribe_events\/5962\/revisions"}],"predecessor-version":[{"id":5963,"href":"https:\/\/mptpetitcharran.fr\/index.php?rest_route=\/wp\/v2\/tribe_events\/5962\/revisions\/5963"}],"wp:featuredmedia":[{"embeddable":true,"href":"https:\/\/mptpetitcharran.fr\/index.php?rest_route=\/wp\/v2\/media\/5964"}],"wp:attachment":[{"href":"https:\/\/mptpetitcharran.fr\/index.php?rest_route=%2Fwp%2Fv2%2Fmedia&parent=5962"}],"wp:term":[{"taxonomy":"post_tag","embeddable":true,"href":"https:\/\/mptpetitcharran.fr\/index.php?rest_route=%2Fwp%2Fv2%2Ftags&post=5962"},{"taxonomy":"tribe_events_cat","embeddable":true,"href":"https:\/\/mptpetitcharran.fr\/index.php?rest_route=%2Fwp%2Fv2%2Ftribe_events_cat&post=5962"}],"curies":[{"name":"wp","href":"https:\/\/api.w.org\/{rel}","templated":true}]}}