{"id":5954,"date":"2024-10-18T14:28:02","date_gmt":"2024-10-18T13:28:02","guid":{"rendered":"https:\/\/mptpetitcharran.fr\/?post_type=tribe_events&#038;p=5954"},"modified":"2024-10-18T14:30:33","modified_gmt":"2024-10-18T13:30:33","slug":"atelier-reparation-velo","status":"publish","type":"tribe_events","link":"https:\/\/mptpetitcharran.fr\/?tribe_events=atelier-reparation-velo","title":{"rendered":"Atelier r\u00e9paration v\u00e9lo"},"content":{"rendered":"<p><strong>Atelier R\u00e9paration V\u00e9lo \u00e0 la MPT du Petit Charran &#8211; 12 Novembre 2024<\/strong><\/p>\n<p>La Maison Pour Tous du Petit Charran vous propose un <strong>atelier r\u00e9paration v\u00e9lo<\/strong> le 12 novembre de 16h30 \u00e0 18h30. Venez avec votre v\u00e9lo pour apprendre \u00e0 r\u00e9aliser vous-m\u00eame les r\u00e9parations essentielles sous les conseils de nos sp\u00e9cialistes.<\/p>\n<p>Cet atelier est organis\u00e9 en collaboration avec la MPT du centre-ville, et a pour but de vous rendre autonome dans l&rsquo;entretien de votre v\u00e9lo.<\/p>\n<p>\ud83d\udd27 <strong>Important<\/strong> : Merci de venir avec vos pi\u00e8ces de rechange pour toute r\u00e9paration.<\/p>\n<p>\ud83d\udccd Lieu : Maison Pour Tous du Petit Charran<br \/>\n\ud83d\uddd3 Date et horaire : 12 novembre, de 16h30 \u00e0 18h30<\/p>\n","protected":false},"excerpt":{"rendered":"<p>Atelier R\u00e9paration V\u00e9lo \u00e0 la MPT du Petit Charran &#8211; 12 Novembre 2024 La Maison Pour Tous du Petit Charran vous propose un atelier r\u00e9paration v\u00e9lo le 12 novembre de &hellip; <a href=\"https:\/\/mptpetitcharran.fr\/?tribe_events=atelier-reparation-velo\" class=\"more-link\">Continue reading <span class=\"screen-reader-text\">Atelier r\u00e9paration v\u00e9lo<\/span> <span class=\"meta-nav\">&rarr;<\/span><\/a><\/p>\n","protected":false},"author":1,"featured_media":5955,"template":"","meta":{"_tribe_events_status":"","_tribe_events_status_reason":"","footnotes":""},"tags":[],"tribe_events_cat":[],"class_list":["post-5954","tribe_events","type-tribe_events","status-publish","has-post-thumbnail","hentry"],"yoast_head":"<!-- This site is optimized with the Yoast SEO plugin v27.0 - https:\/\/yoast.com\/product\/yoast-seo-wordpress\/ -->\n<title>Atelier r\u00e9paration v\u00e9lo - Maison pour tous du Petit charran<\/title>\n<meta name=\"description\" content=\"Participez \u00e0 l&#039;atelier r\u00e9paration v\u00e9lo \u00e0 la MPT du Petit Charran le 12 novembre de 16h30 \u00e0 18h30. Venez r\u00e9parer votre v\u00e9lo avec l&#039;aide de nos experts. N&#039;oubliez pas vos pi\u00e8ces de rechange !\" \/>\n<meta name=\"robots\" content=\"index, follow, max-snippet:-1, max-image-preview:large, max-video-preview:-1\" \/>\n<link rel=\"canonical\" href=\"https:\/\/mptpetitcharran.fr\/?tribe_events=atelier-reparation-velo\" \/>\n<meta property=\"og:locale\" content=\"fr_FR\" \/>\n<meta property=\"og:type\" content=\"article\" \/>\n<meta property=\"og:title\" content=\"Atelier r\u00e9paration v\u00e9lo - Maison pour tous du Petit charran\" \/>\n<meta property=\"og:description\" content=\"Participez \u00e0 l&#039;atelier r\u00e9paration v\u00e9lo \u00e0 la MPT du Petit Charran le 12 novembre de 16h30 \u00e0 18h30. Venez r\u00e9parer votre v\u00e9lo avec l&#039;aide de nos experts. N&#039;oubliez pas vos pi\u00e8ces de rechange !\" \/>\n<meta property=\"og:url\" content=\"https:\/\/mptpetitcharran.fr\/?tribe_events=atelier-reparation-velo\" \/>\n<meta property=\"og:site_name\" content=\"Maison pour tous du Petit charran\" \/>\n<meta property=\"article:publisher\" content=\"https:\/\/www.facebook.com\/mptpetitcharran\" \/>\n<meta property=\"article:modified_time\" content=\"2024-10-18T13:30:33+00:00\" \/>\n<meta property=\"og:image\" content=\"https:\/\/mptpetitcharran.fr\/wp-content\/uploads\/2024\/10\/ATELIER-REPARATION-VELO.png\" \/>\n\t<meta property=\"og:image:width\" content=\"1414\" \/>\n\t<meta property=\"og:image:height\" content=\"2000\" \/>\n\t<meta property=\"og:image:type\" content=\"image\/png\" \/>\n<meta name=\"twitter:card\" content=\"summary_large_image\" \/>\n<meta name=\"twitter:label1\" content=\"Dur\u00e9e de lecture estim\u00e9e\" \/>\n\t<meta name=\"twitter:data1\" content=\"1 minute\" \/>\n<script type=\"application\/ld+json\" class=\"yoast-schema-graph\">{\"@context\":\"https:\/\/schema.org\",\"@graph\":[{\"@type\":\"WebPage\",\"@id\":\"https:\/\/mptpetitcharran.fr\/?tribe_events=atelier-reparation-velo\",\"url\":\"https:\/\/mptpetitcharran.fr\/?tribe_events=atelier-reparation-velo\",\"name\":\"Atelier r\u00e9paration v\u00e9lo - Maison pour tous du Petit charran\",\"isPartOf\":{\"@id\":\"https:\/\/mptpetitcharran.fr\/#website\"},\"primaryImageOfPage\":{\"@id\":\"https:\/\/mptpetitcharran.fr\/?tribe_events=atelier-reparation-velo#primaryimage\"},\"image\":{\"@id\":\"https:\/\/mptpetitcharran.fr\/?tribe_events=atelier-reparation-velo#primaryimage\"},\"thumbnailUrl\":\"https:\/\/mptpetitcharran.fr\/wp-content\/uploads\/2024\/10\/ATELIER-REPARATION-VELO.png\",\"datePublished\":\"2024-10-18T13:28:02+00:00\",\"dateModified\":\"2024-10-18T13:30:33+00:00\",\"description\":\"Participez \u00e0 l'atelier r\u00e9paration v\u00e9lo \u00e0 la MPT du Petit Charran le 12 novembre de 16h30 \u00e0 18h30. Venez r\u00e9parer votre v\u00e9lo avec l'aide de nos experts. N'oubliez pas vos pi\u00e8ces de rechange !\",\"breadcrumb\":{\"@id\":\"https:\/\/mptpetitcharran.fr\/?tribe_events=atelier-reparation-velo#breadcrumb\"},\"inLanguage\":\"fr-FR\",\"potentialAction\":[{\"@type\":\"ReadAction\",\"target\":[\"https:\/\/mptpetitcharran.fr\/?tribe_events=atelier-reparation-velo\"]}]},{\"@type\":\"ImageObject\",\"inLanguage\":\"fr-FR\",\"@id\":\"https:\/\/mptpetitcharran.fr\/?tribe_events=atelier-reparation-velo#primaryimage\",\"url\":\"https:\/\/mptpetitcharran.fr\/wp-content\/uploads\/2024\/10\/ATELIER-REPARATION-VELO.png\",\"contentUrl\":\"https:\/\/mptpetitcharran.fr\/wp-content\/uploads\/2024\/10\/ATELIER-REPARATION-VELO.png\",\"width\":1414,\"height\":2000},{\"@type\":\"BreadcrumbList\",\"@id\":\"https:\/\/mptpetitcharran.fr\/?tribe_events=atelier-reparation-velo#breadcrumb\",\"itemListElement\":[{\"@type\":\"ListItem\",\"position\":1,\"name\":\"Accueil\",\"item\":\"https:\/\/mptpetitcharran.fr\/\"},{\"@type\":\"ListItem\",\"position\":2,\"name\":\"\u00c9v\u00e8nements\",\"item\":\"https:\/\/mptpetitcharran.fr\/?post_type=tribe_events\"},{\"@type\":\"ListItem\",\"position\":3,\"name\":\"Atelier r\u00e9paration v\u00e9lo\"}]},{\"@type\":\"WebSite\",\"@id\":\"https:\/\/mptpetitcharran.fr\/#website\",\"url\":\"https:\/\/mptpetitcharran.fr\/\",\"name\":\"Maison pour tous du Petit charran\",\"description\":\"\",\"publisher\":{\"@id\":\"https:\/\/mptpetitcharran.fr\/#organization\"},\"potentialAction\":[{\"@type\":\"SearchAction\",\"target\":{\"@type\":\"EntryPoint\",\"urlTemplate\":\"https:\/\/mptpetitcharran.fr\/?s={search_term_string}\"},\"query-input\":{\"@type\":\"PropertyValueSpecification\",\"valueRequired\":true,\"valueName\":\"search_term_string\"}}],\"inLanguage\":\"fr-FR\"},{\"@type\":\"Organization\",\"@id\":\"https:\/\/mptpetitcharran.fr\/#organization\",\"name\":\"Maison pour tous du Petit charran\",\"url\":\"https:\/\/mptpetitcharran.fr\/\",\"logo\":{\"@type\":\"ImageObject\",\"inLanguage\":\"fr-FR\",\"@id\":\"https:\/\/mptpetitcharran.fr\/#\/schema\/logo\/image\/\",\"url\":\"http:\/\/mptpetitcharran.fr\/wp-content\/uploads\/2023\/07\/cropped-logo_mptpc.jpg\",\"contentUrl\":\"http:\/\/mptpetitcharran.fr\/wp-content\/uploads\/2023\/07\/cropped-logo_mptpc.jpg\",\"width\":532,\"height\":529,\"caption\":\"Maison pour tous du Petit charran\"},\"image\":{\"@id\":\"https:\/\/mptpetitcharran.fr\/#\/schema\/logo\/image\/\"},\"sameAs\":[\"https:\/\/www.facebook.com\/mptpetitcharran\",\"https:\/\/www.instagram.com\/mptpetitcharran\/\"]}]}<\/script>\n<!-- \/ Yoast SEO plugin. -->","yoast_head_json":{"title":"Atelier r\u00e9paration v\u00e9lo - Maison pour tous du Petit charran","description":"Participez \u00e0 l'atelier r\u00e9paration v\u00e9lo \u00e0 la MPT du Petit Charran le 12 novembre de 16h30 \u00e0 18h30. Venez r\u00e9parer votre v\u00e9lo avec l'aide de nos experts. N'oubliez pas vos pi\u00e8ces de rechange !","robots":{"index":"index","follow":"follow","max-snippet":"max-snippet:-1","max-image-preview":"max-image-preview:large","max-video-preview":"max-video-preview:-1"},"canonical":"https:\/\/mptpetitcharran.fr\/?tribe_events=atelier-reparation-velo","og_locale":"fr_FR","og_type":"article","og_title":"Atelier r\u00e9paration v\u00e9lo - Maison pour tous du Petit charran","og_description":"Participez \u00e0 l'atelier r\u00e9paration v\u00e9lo \u00e0 la MPT du Petit Charran le 12 novembre de 16h30 \u00e0 18h30. Venez r\u00e9parer votre v\u00e9lo avec l'aide de nos experts. N'oubliez pas vos pi\u00e8ces de rechange !","og_url":"https:\/\/mptpetitcharran.fr\/?tribe_events=atelier-reparation-velo","og_site_name":"Maison pour tous du Petit charran","article_publisher":"https:\/\/www.facebook.com\/mptpetitcharran","article_modified_time":"2024-10-18T13:30:33+00:00","og_image":[{"width":1414,"height":2000,"url":"https:\/\/mptpetitcharran.fr\/wp-content\/uploads\/2024\/10\/ATELIER-REPARATION-VELO.png","type":"image\/png"}],"twitter_card":"summary_large_image","twitter_misc":{"Dur\u00e9e de lecture estim\u00e9e":"1 minute"},"schema":{"@context":"https:\/\/schema.org","@graph":[{"@type":"WebPage","@id":"https:\/\/mptpetitcharran.fr\/?tribe_events=atelier-reparation-velo","url":"https:\/\/mptpetitcharran.fr\/?tribe_events=atelier-reparation-velo","name":"Atelier r\u00e9paration v\u00e9lo - Maison pour tous du Petit charran","isPartOf":{"@id":"https:\/\/mptpetitcharran.fr\/#website"},"primaryImageOfPage":{"@id":"https:\/\/mptpetitcharran.fr\/?tribe_events=atelier-reparation-velo#primaryimage"},"image":{"@id":"https:\/\/mptpetitcharran.fr\/?tribe_events=atelier-reparation-velo#primaryimage"},"thumbnailUrl":"https:\/\/mptpetitcharran.fr\/wp-content\/uploads\/2024\/10\/ATELIER-REPARATION-VELO.png","datePublished":"2024-10-18T13:28:02+00:00","dateModified":"2024-10-18T13:30:33+00:00","description":"Participez \u00e0 l'atelier r\u00e9paration v\u00e9lo \u00e0 la MPT du Petit Charran le 12 novembre de 16h30 \u00e0 18h30. Venez r\u00e9parer votre v\u00e9lo avec l'aide de nos experts. N'oubliez pas vos pi\u00e8ces de rechange !","breadcrumb":{"@id":"https:\/\/mptpetitcharran.fr\/?tribe_events=atelier-reparation-velo#breadcrumb"},"inLanguage":"fr-FR","potentialAction":[{"@type":"ReadAction","target":["https:\/\/mptpetitcharran.fr\/?tribe_events=atelier-reparation-velo"]}]},{"@type":"ImageObject","inLanguage":"fr-FR","@id":"https:\/\/mptpetitcharran.fr\/?tribe_events=atelier-reparation-velo#primaryimage","url":"https:\/\/mptpetitcharran.fr\/wp-content\/uploads\/2024\/10\/ATELIER-REPARATION-VELO.png","contentUrl":"https:\/\/mptpetitcharran.fr\/wp-content\/uploads\/2024\/10\/ATELIER-REPARATION-VELO.png","width":1414,"height":2000},{"@type":"BreadcrumbList","@id":"https:\/\/mptpetitcharran.fr\/?tribe_events=atelier-reparation-velo#breadcrumb","itemListElement":[{"@type":"ListItem","position":1,"name":"Accueil","item":"https:\/\/mptpetitcharran.fr\/"},{"@type":"ListItem","position":2,"name":"\u00c9v\u00e8nements","item":"https:\/\/mptpetitcharran.fr\/?post_type=tribe_events"},{"@type":"ListItem","position":3,"name":"Atelier r\u00e9paration v\u00e9lo"}]},{"@type":"WebSite","@id":"https:\/\/mptpetitcharran.fr\/#website","url":"https:\/\/mptpetitcharran.fr\/","name":"Maison pour tous du Petit charran","description":"","publisher":{"@id":"https:\/\/mptpetitcharran.fr\/#organization"},"potentialAction":[{"@type":"SearchAction","target":{"@type":"EntryPoint","urlTemplate":"https:\/\/mptpetitcharran.fr\/?s={search_term_string}"},"query-input":{"@type":"PropertyValueSpecification","valueRequired":true,"valueName":"search_term_string"}}],"inLanguage":"fr-FR"},{"@type":"Organization","@id":"https:\/\/mptpetitcharran.fr\/#organization","name":"Maison pour tous du Petit charran","url":"https:\/\/mptpetitcharran.fr\/","logo":{"@type":"ImageObject","inLanguage":"fr-FR","@id":"https:\/\/mptpetitcharran.fr\/#\/schema\/logo\/image\/","url":"http:\/\/mptpetitcharran.fr\/wp-content\/uploads\/2023\/07\/cropped-logo_mptpc.jpg","contentUrl":"http:\/\/mptpetitcharran.fr\/wp-content\/uploads\/2023\/07\/cropped-logo_mptpc.jpg","width":532,"height":529,"caption":"Maison pour tous du Petit charran"},"image":{"@id":"https:\/\/mptpetitcharran.fr\/#\/schema\/logo\/image\/"},"sameAs":["https:\/\/www.facebook.com\/mptpetitcharran","https:\/\/www.instagram.com\/mptpetitcharran\/"]}]}},"publishpress_future_workflow_manual_trigger":{"enabledWorkflows":[]},"_links":{"self":[{"href":"https:\/\/mptpetitcharran.fr\/index.php?rest_route=\/wp\/v2\/tribe_events\/5954","targetHints":{"allow":["GET"]}}],"collection":[{"href":"https:\/\/mptpetitcharran.fr\/index.php?rest_route=\/wp\/v2\/tribe_events"}],"about":[{"href":"https:\/\/mptpetitcharran.fr\/index.php?rest_route=\/wp\/v2\/types\/tribe_events"}],"author":[{"embeddable":true,"href":"https:\/\/mptpetitcharran.fr\/index.php?rest_route=\/wp\/v2\/users\/1"}],"version-history":[{"count":2,"href":"https:\/\/mptpetitcharran.fr\/index.php?rest_route=\/wp\/v2\/tribe_events\/5954\/revisions"}],"predecessor-version":[{"id":5957,"href":"https:\/\/mptpetitcharran.fr\/index.php?rest_route=\/wp\/v2\/tribe_events\/5954\/revisions\/5957"}],"wp:featuredmedia":[{"embeddable":true,"href":"https:\/\/mptpetitcharran.fr\/index.php?rest_route=\/wp\/v2\/media\/5955"}],"wp:attachment":[{"href":"https:\/\/mptpetitcharran.fr\/index.php?rest_route=%2Fwp%2Fv2%2Fmedia&parent=5954"}],"wp:term":[{"taxonomy":"post_tag","embeddable":true,"href":"https:\/\/mptpetitcharran.fr\/index.php?rest_route=%2Fwp%2Fv2%2Ftags&post=5954"},{"taxonomy":"tribe_events_cat","embeddable":true,"href":"https:\/\/mptpetitcharran.fr\/index.php?rest_route=%2Fwp%2Fv2%2Ftribe_events_cat&post=5954"}],"curies":[{"name":"wp","href":"https:\/\/api.w.org\/{rel}","templated":true}]}}