{"id":5949,"date":"2024-10-17T15:12:22","date_gmt":"2024-10-17T14:12:22","guid":{"rendered":"https:\/\/mptpetitcharran.fr\/?post_type=tribe_events&#038;p=5949"},"modified":"2024-11-07T09:51:42","modified_gmt":"2024-11-07T08:51:42","slug":"festisoupe","status":"publish","type":"tribe_events","link":"https:\/\/mptpetitcharran.fr\/?tribe_events=festisoupe","title":{"rendered":"Disco&rsquo;soupe"},"content":{"rendered":"<p>\ud83c\udf89 <strong>Festi&rsquo;Soupe 2024 : C\u00e9l\u00e9brons la Solidarit\u00e9 et l&rsquo;Interculturalit\u00e9 !<\/strong> \ud83c\udf89<\/p>\n<p>Rejoignez-nous du <strong>jeudi 28 au samedi 30 novembre 2024<\/strong> pour le Festi&rsquo;Soupe, dans le cadre du Festival des Solidarit\u00e9s, un \u00e9v\u00e9nement festif et engag\u00e9 plac\u00e9 sous le signe de la <strong>solidarit\u00e9<\/strong> et de l&rsquo;<strong>interculturalit\u00e9<\/strong> !<\/p>\n<p>\ud83c\udf0d <strong>Jeudi 28 novembre<\/strong> \u2013 Partiel Caf\u00e9 \u00c9tudiant (18h \u2013 23h)<\/p>\n<ul>\n<li><strong>Disco&rsquo;Soupe<\/strong> : Ambiance conviviale avec des <strong>animations ludiques<\/strong><\/li>\n<li>Atelier cr\u00e9atif \u00ab\u00a0Pimp&rsquo; ta soupe\u00a0\u00bb et <strong>d\u00e9gustation<\/strong> de soupes originales avec vote pour votre favorite !<\/li>\n<li><strong>Concert live avec <span class=\"OYPEnA font-feature-liga-off font-feature-clig-off font-feature-calt-off text-decoration-none text-strikethrough-none\">Musisar et un DJ :<\/span><\/strong> pour cl\u00f4turer la soir\u00e9e dans une ambiance festive.<\/li>\n<\/ul>\n<p>\ud83e\udd63 <strong>Samedi 30 novembre<\/strong> \u2013 Halle Saint-Jean (11h \u2013 14h)<\/p>\n<ul>\n<li>Venez assister au <strong>concert unique<\/strong> des jeunes talents \u00ab\u00a0Mandela slament le monde\u00a0\u00bb avec Otimani, une performance inspirante qui r\u00e9sonnera autour des th\u00e8mes de la solidarit\u00e9.<\/li>\n<li>D\u00e9couvrez des <strong>animations interactives<\/strong> propos\u00e9es par des associations engag\u00e9es comme <strong>CIMADE<\/strong>, <strong>Artisans du Monde<\/strong>, <strong>ADOS<\/strong>, <strong>MPT<\/strong>, et bien d\u2019autres.<\/li>\n<li>Profitez de l\u2019<strong>exposition<\/strong> qui vous plongera dans la diversit\u00e9 culturelle \u00e0 travers des \u0153uvres engag\u00e9es.<\/li>\n<li>Participez \u00e0 la <strong>d\u00e9gustation de soupes<\/strong> venues des quatre coins du monde, et votez pour votre pr\u00e9f\u00e9r\u00e9e.<\/li>\n<li>Enfin, qui repartira avec la <strong>Louche d\u2019Or<\/strong> ? Assistez \u00e0 la <strong>remise du troph\u00e9e<\/strong> pour la meilleure soupe !<\/li>\n<li>Une <strong>buvette solidaire<\/strong> sera \u00e0 votre disposition pour vous rafra\u00eechir.<\/li>\n<\/ul>\n<p>\ud83d\udca1 L\u2019entr\u00e9e est \u00e0 prix libre et concsient, venez partager un moment de convivialit\u00e9 et d&rsquo;\u00e9changes solidaires !<br \/>\n\ud83d\udccc Plus d&rsquo;infos sur la page Facebook <a href=\"https:\/\/www.facebook.com\/festisol26\"><strong>Festival des Solidarit\u00e9s \u2013 Dr\u00f4me<\/strong>.<\/a><\/p>\n","protected":false},"excerpt":{"rendered":"<p>\ud83c\udf89 Festi&rsquo;Soupe 2024 : C\u00e9l\u00e9brons la Solidarit\u00e9 et l&rsquo;Interculturalit\u00e9 ! \ud83c\udf89 Rejoignez-nous du jeudi 28 au samedi 30 novembre 2024 pour le Festi&rsquo;Soupe, dans le cadre du Festival des Solidarit\u00e9s, &hellip; <a href=\"https:\/\/mptpetitcharran.fr\/?tribe_events=festisoupe\" class=\"more-link\">Continue reading <span class=\"screen-reader-text\">Disco&rsquo;soupe<\/span> <span class=\"meta-nav\">&rarr;<\/span><\/a><\/p>\n","protected":false},"author":1,"featured_media":5976,"template":"","meta":{"_tribe_events_status":"","_tribe_events_status_reason":"","footnotes":""},"tags":[],"tribe_events_cat":[],"class_list":["post-5949","tribe_events","type-tribe_events","status-publish","has-post-thumbnail","hentry"],"yoast_head":"<!-- This site is optimized with the Yoast SEO plugin v27.0 - https:\/\/yoast.com\/product\/yoast-seo-wordpress\/ -->\n<title>Disco&#039;soupe - Maison pour tous du Petit charran<\/title>\n<meta name=\"description\" content=\"Participez au Festi&#039;Soupe 2024 \u00e0 Valence du 28 au 30 novembre ! D\u00e9gustations de soupes du monde, animations interactives, concerts, et remise de la Louche d&#039;Or. C\u00e9l\u00e9brons la solidarit\u00e9 et l&#039;interculturalit\u00e9 dans une ambiance festive.\" \/>\n<meta name=\"robots\" content=\"index, follow, max-snippet:-1, max-image-preview:large, max-video-preview:-1\" \/>\n<link rel=\"canonical\" href=\"https:\/\/mptpetitcharran.fr\/?tribe_events=festisoupe\" \/>\n<meta property=\"og:locale\" content=\"fr_FR\" \/>\n<meta property=\"og:type\" content=\"article\" \/>\n<meta property=\"og:title\" content=\"Disco&#039;soupe - Maison pour tous du Petit charran\" \/>\n<meta property=\"og:description\" content=\"Participez au Festi&#039;Soupe 2024 \u00e0 Valence du 28 au 30 novembre ! D\u00e9gustations de soupes du monde, animations interactives, concerts, et remise de la Louche d&#039;Or. C\u00e9l\u00e9brons la solidarit\u00e9 et l&#039;interculturalit\u00e9 dans une ambiance festive.\" \/>\n<meta property=\"og:url\" content=\"https:\/\/mptpetitcharran.fr\/?tribe_events=festisoupe\" \/>\n<meta property=\"og:site_name\" content=\"Maison pour tous du Petit charran\" \/>\n<meta property=\"article:publisher\" content=\"https:\/\/www.facebook.com\/mptpetitcharran\" \/>\n<meta property=\"article:modified_time\" content=\"2024-11-07T08:51:42+00:00\" \/>\n<meta property=\"og:image\" content=\"https:\/\/mptpetitcharran.fr\/wp-content\/uploads\/2024\/10\/Affiche-FESTIsol-2024-1.png\" \/>\n\t<meta property=\"og:image:width\" content=\"1414\" \/>\n\t<meta property=\"og:image:height\" content=\"2000\" \/>\n\t<meta property=\"og:image:type\" content=\"image\/png\" \/>\n<meta name=\"twitter:card\" content=\"summary_large_image\" \/>\n<meta name=\"twitter:label1\" content=\"Dur\u00e9e de lecture estim\u00e9e\" \/>\n\t<meta name=\"twitter:data1\" content=\"2 minutes\" \/>\n<script type=\"application\/ld+json\" class=\"yoast-schema-graph\">{\"@context\":\"https:\/\/schema.org\",\"@graph\":[{\"@type\":\"WebPage\",\"@id\":\"https:\/\/mptpetitcharran.fr\/?tribe_events=festisoupe\",\"url\":\"https:\/\/mptpetitcharran.fr\/?tribe_events=festisoupe\",\"name\":\"Disco'soupe - Maison pour tous du Petit charran\",\"isPartOf\":{\"@id\":\"https:\/\/mptpetitcharran.fr\/#website\"},\"primaryImageOfPage\":{\"@id\":\"https:\/\/mptpetitcharran.fr\/?tribe_events=festisoupe#primaryimage\"},\"image\":{\"@id\":\"https:\/\/mptpetitcharran.fr\/?tribe_events=festisoupe#primaryimage\"},\"thumbnailUrl\":\"https:\/\/mptpetitcharran.fr\/wp-content\/uploads\/2024\/10\/Affiche-FESTIsol-2024-1.png\",\"datePublished\":\"2024-10-17T14:12:22+00:00\",\"dateModified\":\"2024-11-07T08:51:42+00:00\",\"description\":\"Participez au Festi'Soupe 2024 \u00e0 Valence du 28 au 30 novembre ! D\u00e9gustations de soupes du monde, animations interactives, concerts, et remise de la Louche d'Or. C\u00e9l\u00e9brons la solidarit\u00e9 et l'interculturalit\u00e9 dans une ambiance festive.\",\"breadcrumb\":{\"@id\":\"https:\/\/mptpetitcharran.fr\/?tribe_events=festisoupe#breadcrumb\"},\"inLanguage\":\"fr-FR\",\"potentialAction\":[{\"@type\":\"ReadAction\",\"target\":[\"https:\/\/mptpetitcharran.fr\/?tribe_events=festisoupe\"]}]},{\"@type\":\"ImageObject\",\"inLanguage\":\"fr-FR\",\"@id\":\"https:\/\/mptpetitcharran.fr\/?tribe_events=festisoupe#primaryimage\",\"url\":\"https:\/\/mptpetitcharran.fr\/wp-content\/uploads\/2024\/10\/Affiche-FESTIsol-2024-1.png\",\"contentUrl\":\"https:\/\/mptpetitcharran.fr\/wp-content\/uploads\/2024\/10\/Affiche-FESTIsol-2024-1.png\",\"width\":1414,\"height\":2000},{\"@type\":\"BreadcrumbList\",\"@id\":\"https:\/\/mptpetitcharran.fr\/?tribe_events=festisoupe#breadcrumb\",\"itemListElement\":[{\"@type\":\"ListItem\",\"position\":1,\"name\":\"Accueil\",\"item\":\"https:\/\/mptpetitcharran.fr\/\"},{\"@type\":\"ListItem\",\"position\":2,\"name\":\"\u00c9v\u00e8nements\",\"item\":\"https:\/\/mptpetitcharran.fr\/?post_type=tribe_events\"},{\"@type\":\"ListItem\",\"position\":3,\"name\":\"Disco&rsquo;soupe\"}]},{\"@type\":\"WebSite\",\"@id\":\"https:\/\/mptpetitcharran.fr\/#website\",\"url\":\"https:\/\/mptpetitcharran.fr\/\",\"name\":\"Maison pour tous du Petit charran\",\"description\":\"\",\"publisher\":{\"@id\":\"https:\/\/mptpetitcharran.fr\/#organization\"},\"potentialAction\":[{\"@type\":\"SearchAction\",\"target\":{\"@type\":\"EntryPoint\",\"urlTemplate\":\"https:\/\/mptpetitcharran.fr\/?s={search_term_string}\"},\"query-input\":{\"@type\":\"PropertyValueSpecification\",\"valueRequired\":true,\"valueName\":\"search_term_string\"}}],\"inLanguage\":\"fr-FR\"},{\"@type\":\"Organization\",\"@id\":\"https:\/\/mptpetitcharran.fr\/#organization\",\"name\":\"Maison pour tous du Petit charran\",\"url\":\"https:\/\/mptpetitcharran.fr\/\",\"logo\":{\"@type\":\"ImageObject\",\"inLanguage\":\"fr-FR\",\"@id\":\"https:\/\/mptpetitcharran.fr\/#\/schema\/logo\/image\/\",\"url\":\"http:\/\/mptpetitcharran.fr\/wp-content\/uploads\/2023\/07\/cropped-logo_mptpc.jpg\",\"contentUrl\":\"http:\/\/mptpetitcharran.fr\/wp-content\/uploads\/2023\/07\/cropped-logo_mptpc.jpg\",\"width\":532,\"height\":529,\"caption\":\"Maison pour tous du Petit charran\"},\"image\":{\"@id\":\"https:\/\/mptpetitcharran.fr\/#\/schema\/logo\/image\/\"},\"sameAs\":[\"https:\/\/www.facebook.com\/mptpetitcharran\",\"https:\/\/www.instagram.com\/mptpetitcharran\/\"]}]}<\/script>\n<!-- \/ Yoast SEO plugin. -->","yoast_head_json":{"title":"Disco'soupe - Maison pour tous du Petit charran","description":"Participez au Festi'Soupe 2024 \u00e0 Valence du 28 au 30 novembre ! D\u00e9gustations de soupes du monde, animations interactives, concerts, et remise de la Louche d'Or. C\u00e9l\u00e9brons la solidarit\u00e9 et l'interculturalit\u00e9 dans une ambiance festive.","robots":{"index":"index","follow":"follow","max-snippet":"max-snippet:-1","max-image-preview":"max-image-preview:large","max-video-preview":"max-video-preview:-1"},"canonical":"https:\/\/mptpetitcharran.fr\/?tribe_events=festisoupe","og_locale":"fr_FR","og_type":"article","og_title":"Disco'soupe - Maison pour tous du Petit charran","og_description":"Participez au Festi'Soupe 2024 \u00e0 Valence du 28 au 30 novembre ! D\u00e9gustations de soupes du monde, animations interactives, concerts, et remise de la Louche d'Or. C\u00e9l\u00e9brons la solidarit\u00e9 et l'interculturalit\u00e9 dans une ambiance festive.","og_url":"https:\/\/mptpetitcharran.fr\/?tribe_events=festisoupe","og_site_name":"Maison pour tous du Petit charran","article_publisher":"https:\/\/www.facebook.com\/mptpetitcharran","article_modified_time":"2024-11-07T08:51:42+00:00","og_image":[{"width":1414,"height":2000,"url":"https:\/\/mptpetitcharran.fr\/wp-content\/uploads\/2024\/10\/Affiche-FESTIsol-2024-1.png","type":"image\/png"}],"twitter_card":"summary_large_image","twitter_misc":{"Dur\u00e9e de lecture estim\u00e9e":"2 minutes"},"schema":{"@context":"https:\/\/schema.org","@graph":[{"@type":"WebPage","@id":"https:\/\/mptpetitcharran.fr\/?tribe_events=festisoupe","url":"https:\/\/mptpetitcharran.fr\/?tribe_events=festisoupe","name":"Disco'soupe - Maison pour tous du Petit charran","isPartOf":{"@id":"https:\/\/mptpetitcharran.fr\/#website"},"primaryImageOfPage":{"@id":"https:\/\/mptpetitcharran.fr\/?tribe_events=festisoupe#primaryimage"},"image":{"@id":"https:\/\/mptpetitcharran.fr\/?tribe_events=festisoupe#primaryimage"},"thumbnailUrl":"https:\/\/mptpetitcharran.fr\/wp-content\/uploads\/2024\/10\/Affiche-FESTIsol-2024-1.png","datePublished":"2024-10-17T14:12:22+00:00","dateModified":"2024-11-07T08:51:42+00:00","description":"Participez au Festi'Soupe 2024 \u00e0 Valence du 28 au 30 novembre ! D\u00e9gustations de soupes du monde, animations interactives, concerts, et remise de la Louche d'Or. C\u00e9l\u00e9brons la solidarit\u00e9 et l'interculturalit\u00e9 dans une ambiance festive.","breadcrumb":{"@id":"https:\/\/mptpetitcharran.fr\/?tribe_events=festisoupe#breadcrumb"},"inLanguage":"fr-FR","potentialAction":[{"@type":"ReadAction","target":["https:\/\/mptpetitcharran.fr\/?tribe_events=festisoupe"]}]},{"@type":"ImageObject","inLanguage":"fr-FR","@id":"https:\/\/mptpetitcharran.fr\/?tribe_events=festisoupe#primaryimage","url":"https:\/\/mptpetitcharran.fr\/wp-content\/uploads\/2024\/10\/Affiche-FESTIsol-2024-1.png","contentUrl":"https:\/\/mptpetitcharran.fr\/wp-content\/uploads\/2024\/10\/Affiche-FESTIsol-2024-1.png","width":1414,"height":2000},{"@type":"BreadcrumbList","@id":"https:\/\/mptpetitcharran.fr\/?tribe_events=festisoupe#breadcrumb","itemListElement":[{"@type":"ListItem","position":1,"name":"Accueil","item":"https:\/\/mptpetitcharran.fr\/"},{"@type":"ListItem","position":2,"name":"\u00c9v\u00e8nements","item":"https:\/\/mptpetitcharran.fr\/?post_type=tribe_events"},{"@type":"ListItem","position":3,"name":"Disco&rsquo;soupe"}]},{"@type":"WebSite","@id":"https:\/\/mptpetitcharran.fr\/#website","url":"https:\/\/mptpetitcharran.fr\/","name":"Maison pour tous du Petit charran","description":"","publisher":{"@id":"https:\/\/mptpetitcharran.fr\/#organization"},"potentialAction":[{"@type":"SearchAction","target":{"@type":"EntryPoint","urlTemplate":"https:\/\/mptpetitcharran.fr\/?s={search_term_string}"},"query-input":{"@type":"PropertyValueSpecification","valueRequired":true,"valueName":"search_term_string"}}],"inLanguage":"fr-FR"},{"@type":"Organization","@id":"https:\/\/mptpetitcharran.fr\/#organization","name":"Maison pour tous du Petit charran","url":"https:\/\/mptpetitcharran.fr\/","logo":{"@type":"ImageObject","inLanguage":"fr-FR","@id":"https:\/\/mptpetitcharran.fr\/#\/schema\/logo\/image\/","url":"http:\/\/mptpetitcharran.fr\/wp-content\/uploads\/2023\/07\/cropped-logo_mptpc.jpg","contentUrl":"http:\/\/mptpetitcharran.fr\/wp-content\/uploads\/2023\/07\/cropped-logo_mptpc.jpg","width":532,"height":529,"caption":"Maison pour tous du Petit charran"},"image":{"@id":"https:\/\/mptpetitcharran.fr\/#\/schema\/logo\/image\/"},"sameAs":["https:\/\/www.facebook.com\/mptpetitcharran","https:\/\/www.instagram.com\/mptpetitcharran\/"]}]}},"publishpress_future_workflow_manual_trigger":{"enabledWorkflows":[]},"_links":{"self":[{"href":"https:\/\/mptpetitcharran.fr\/index.php?rest_route=\/wp\/v2\/tribe_events\/5949","targetHints":{"allow":["GET"]}}],"collection":[{"href":"https:\/\/mptpetitcharran.fr\/index.php?rest_route=\/wp\/v2\/tribe_events"}],"about":[{"href":"https:\/\/mptpetitcharran.fr\/index.php?rest_route=\/wp\/v2\/types\/tribe_events"}],"author":[{"embeddable":true,"href":"https:\/\/mptpetitcharran.fr\/index.php?rest_route=\/wp\/v2\/users\/1"}],"version-history":[{"count":3,"href":"https:\/\/mptpetitcharran.fr\/index.php?rest_route=\/wp\/v2\/tribe_events\/5949\/revisions"}],"predecessor-version":[{"id":5977,"href":"https:\/\/mptpetitcharran.fr\/index.php?rest_route=\/wp\/v2\/tribe_events\/5949\/revisions\/5977"}],"wp:featuredmedia":[{"embeddable":true,"href":"https:\/\/mptpetitcharran.fr\/index.php?rest_route=\/wp\/v2\/media\/5976"}],"wp:attachment":[{"href":"https:\/\/mptpetitcharran.fr\/index.php?rest_route=%2Fwp%2Fv2%2Fmedia&parent=5949"}],"wp:term":[{"taxonomy":"post_tag","embeddable":true,"href":"https:\/\/mptpetitcharran.fr\/index.php?rest_route=%2Fwp%2Fv2%2Ftags&post=5949"},{"taxonomy":"tribe_events_cat","embeddable":true,"href":"https:\/\/mptpetitcharran.fr\/index.php?rest_route=%2Fwp%2Fv2%2Ftribe_events_cat&post=5949"}],"curies":[{"name":"wp","href":"https:\/\/api.w.org\/{rel}","templated":true}]}}