{"id":5936,"date":"2024-10-15T10:19:20","date_gmt":"2024-10-15T09:19:20","guid":{"rendered":"https:\/\/mptpetitcharran.fr\/?post_type=tribe_events&#038;p=5936"},"modified":"2024-10-15T10:24:00","modified_gmt":"2024-10-15T09:24:00","slug":"vide-dressing-a-la-mpt-petit-charran-6-novembre","status":"publish","type":"tribe_events","link":"https:\/\/mptpetitcharran.fr\/?tribe_events=vide-dressing-a-la-mpt-petit-charran-6-novembre","title":{"rendered":"Vide-Dressing \u00e0 la MPT Petit Charran &#8211; 6 Novembre"},"content":{"rendered":"<div class=\"html-div xdj266r x11i5rnm xat24cr x1mh8g0r xexx8yu x4uap5 x18d9i69 xkhd6sd\" dir=\"auto\">\n<div id=\":rb0:\" class=\"x1l90r2v x1pi30zi x1swvt13 x1iorvi4\" data-ad-comet-preview=\"message\" data-ad-preview=\"message\">\n<div class=\"x78zum5 xdt5ytf xz62fqu x16ldp7u\">\n<div class=\"xu06os2 x1ok221b\">\n<div class=\"xdj266r x11i5rnm xat24cr x1mh8g0r x1vvkbs x126k92a\">\n<div dir=\"auto\"><span class=\"html-span xexx8yu x4uap5 x18d9i69 xkhd6sd x1hl2dhg x16tdsg8 x1vvkbs x3nfvp2 x1j61x8r x1fcty0u xdj266r xat24cr xgzva0m xhhsvwb xxymvpz xlup9mm x1kky2od\"><img loading=\"lazy\" decoding=\"async\" class=\"xz74otr\" src=\"https:\/\/static.xx.fbcdn.net\/images\/emoji.php\/v9\/tee\/1\/16\/1f457.png\" alt=\"\ud83d\udc57\" width=\"16\" height=\"16\" \/><\/span><span class=\"html-span xexx8yu x4uap5 x18d9i69 xkhd6sd x1hl2dhg x16tdsg8 x1vvkbs x3nfvp2 x1j61x8r x1fcty0u xdj266r xat24cr xgzva0m xhhsvwb xxymvpz xlup9mm x1kky2od\"><img loading=\"lazy\" decoding=\"async\" class=\"xz74otr\" src=\"https:\/\/static.xx.fbcdn.net\/images\/emoji.php\/v9\/t6\/1\/16\/1f460.png\" alt=\"\ud83d\udc60\" width=\"16\" height=\"16\" \/><\/span> Vide-Dressing Time! <span class=\"html-span xexx8yu x4uap5 x18d9i69 xkhd6sd x1hl2dhg x16tdsg8 x1vvkbs x3nfvp2 x1j61x8r x1fcty0u xdj266r xat24cr xgzva0m xhhsvwb xxymvpz xlup9mm x1kky2od\"><img loading=\"lazy\" decoding=\"async\" class=\"xz74otr\" src=\"https:\/\/static.xx.fbcdn.net\/images\/emoji.php\/v9\/t18\/1\/16\/1f45a.png\" alt=\"\ud83d\udc5a\" width=\"16\" height=\"16\" \/><\/span><span class=\"html-span xexx8yu x4uap5 x18d9i69 xkhd6sd x1hl2dhg x16tdsg8 x1vvkbs x3nfvp2 x1j61x8r x1fcty0u xdj266r xat24cr xgzva0m xhhsvwb xxymvpz xlup9mm x1kky2od\"><img loading=\"lazy\" decoding=\"async\" class=\"xz74otr\" src=\"https:\/\/static.xx.fbcdn.net\/images\/emoji.php\/v9\/t1c\/1\/16\/1f45e.png\" alt=\"\ud83d\udc5e\" width=\"16\" height=\"16\" \/><\/span><\/div>\n<div dir=\"auto\">Tu veux faire de la place dans ton dressing ou d\u00e9nicher des v\u00eatements et accessoires \u00e0 prix tout doux ? Rendez-vous le 6 novembre de 8h \u00e0 13h \u00e0 la MPT du Petit Charran pour une session shopping responsable !<\/div>\n<div dir=\"auto\">Venez vendre, \u00e9changer, partager et trouvez des p\u00e9pites pour tous les go\u00fbts et toutes les tailles !<\/div>\n<div dir=\"auto\"><span class=\"html-span xexx8yu x4uap5 x18d9i69 xkhd6sd x1hl2dhg x16tdsg8 x1vvkbs x3nfvp2 x1j61x8r x1fcty0u xdj266r xat24cr xgzva0m xhhsvwb xxymvpz xlup9mm x1kky2od\"><img loading=\"lazy\" decoding=\"async\" class=\"xz74otr\" src=\"https:\/\/static.xx.fbcdn.net\/images\/emoji.php\/v9\/t99\/1\/16\/1f45b.png\" alt=\"\ud83d\udc5b\" width=\"16\" height=\"16\" \/><\/span> Exposant sur r\u00e9servation : caution de 10\u20ac demand\u00e9e pour les exposants (restaur\u00e9e apr\u00e8s l\u2019\u00e9v\u00e9nement).<\/div>\n<div dir=\"auto\"><span class=\"html-span xexx8yu x4uap5 x18d9i69 xkhd6sd x1hl2dhg x16tdsg8 x1vvkbs x3nfvp2 x1j61x8r x1fcty0u xdj266r xat24cr xgzva0m xhhsvwb xxymvpz xlup9mm x1kky2od\"><img loading=\"lazy\" decoding=\"async\" class=\"xz74otr\" src=\"https:\/\/static.xx.fbcdn.net\/images\/emoji.php\/v9\/td8\/1\/16\/1f4f2.png\" alt=\"\ud83d\udcf2\" width=\"16\" height=\"16\" \/><\/span> SMS \/ WhatsApp : 07.64.71.35.53<\/div>\n<div dir=\"auto\"><span class=\"html-span xexx8yu x4uap5 x18d9i69 xkhd6sd x1hl2dhg x16tdsg8 x1vvkbs x3nfvp2 x1j61x8r x1fcty0u xdj266r xat24cr xgzva0m xhhsvwb xxymvpz xlup9mm x1kky2od\"><img loading=\"lazy\" decoding=\"async\" class=\"xz74otr\" src=\"https:\/\/static.xx.fbcdn.net\/images\/emoji.php\/v9\/tf7\/1\/16\/1f48c.png\" alt=\"\ud83d\udc8c\" width=\"16\" height=\"16\" \/><\/span> Email : num\u00e9rique@mptpetitcharran.org<\/div>\n<\/div>\n<\/div>\n<\/div>\n<\/div>\n<\/div>\n","protected":false},"excerpt":{"rendered":"<p>Vide-Dressing Time! Tu veux faire de la place dans ton dressing ou d\u00e9nicher des v\u00eatements et accessoires \u00e0 prix tout doux ? Rendez-vous le 6 novembre de 8h \u00e0 13h &hellip; <a href=\"https:\/\/mptpetitcharran.fr\/?tribe_events=vide-dressing-a-la-mpt-petit-charran-6-novembre\" class=\"more-link\">Continue reading <span class=\"screen-reader-text\">Vide-Dressing \u00e0 la MPT Petit Charran &#8211; 6 Novembre<\/span> <span class=\"meta-nav\">&rarr;<\/span><\/a><\/p>\n","protected":false},"author":1,"featured_media":5942,"template":"","meta":{"_tribe_events_status":"","_tribe_events_status_reason":"","footnotes":""},"tags":[],"tribe_events_cat":[],"class_list":["post-5936","tribe_events","type-tribe_events","status-publish","has-post-thumbnail","hentry"],"yoast_head":"<!-- This site is optimized with the Yoast SEO plugin v27.0 - https:\/\/yoast.com\/product\/yoast-seo-wordpress\/ -->\n<title>Vide-Dressing \u00e0 la MPT Petit Charran - 6 Novembre - Maison pour tous du Petit charran<\/title>\n<meta name=\"description\" content=\"Participez au vide-dressing \u00e0 la MPT du Petit Charran \u00e0 Valence le 6 novembre de 8h \u00e0 13h. Vendez, \u00e9changez et trouvez des v\u00eatements \u00e0 prix mini pour tous les go\u00fbts et tailles.\" \/>\n<meta name=\"robots\" content=\"index, follow, max-snippet:-1, max-image-preview:large, max-video-preview:-1\" \/>\n<link rel=\"canonical\" href=\"https:\/\/mptpetitcharran.fr\/?tribe_events=vide-dressing-a-la-mpt-petit-charran-6-novembre\" \/>\n<meta property=\"og:locale\" content=\"fr_FR\" \/>\n<meta property=\"og:type\" content=\"article\" \/>\n<meta property=\"og:title\" content=\"Vide-Dressing \u00e0 la MPT Petit Charran - 6 Novembre - Maison pour tous du Petit charran\" \/>\n<meta property=\"og:description\" content=\"Participez au vide-dressing \u00e0 la MPT du Petit Charran \u00e0 Valence le 6 novembre de 8h \u00e0 13h. Vendez, \u00e9changez et trouvez des v\u00eatements \u00e0 prix mini pour tous les go\u00fbts et tailles.\" \/>\n<meta property=\"og:url\" content=\"https:\/\/mptpetitcharran.fr\/?tribe_events=vide-dressing-a-la-mpt-petit-charran-6-novembre\" \/>\n<meta property=\"og:site_name\" content=\"Maison pour tous du Petit charran\" \/>\n<meta property=\"article:publisher\" content=\"https:\/\/www.facebook.com\/mptpetitcharran\" \/>\n<meta property=\"article:modified_time\" content=\"2024-10-15T09:24:00+00:00\" \/>\n<meta property=\"og:image\" content=\"https:\/\/mptpetitcharran.fr\/wp-content\/uploads\/2024\/10\/Inscription-vide-dressing1.png\" \/>\n\t<meta property=\"og:image:width\" content=\"1587\" \/>\n\t<meta property=\"og:image:height\" content=\"2245\" \/>\n\t<meta property=\"og:image:type\" content=\"image\/png\" \/>\n<meta name=\"twitter:card\" content=\"summary_large_image\" \/>\n<meta name=\"twitter:label1\" content=\"Dur\u00e9e de lecture estim\u00e9e\" \/>\n\t<meta name=\"twitter:data1\" content=\"2 minutes\" \/>\n<script type=\"application\/ld+json\" class=\"yoast-schema-graph\">{\"@context\":\"https:\/\/schema.org\",\"@graph\":[{\"@type\":\"WebPage\",\"@id\":\"https:\/\/mptpetitcharran.fr\/?tribe_events=vide-dressing-a-la-mpt-petit-charran-6-novembre\",\"url\":\"https:\/\/mptpetitcharran.fr\/?tribe_events=vide-dressing-a-la-mpt-petit-charran-6-novembre\",\"name\":\"Vide-Dressing \u00e0 la MPT Petit Charran - 6 Novembre - Maison pour tous du Petit charran\",\"isPartOf\":{\"@id\":\"https:\/\/mptpetitcharran.fr\/#website\"},\"primaryImageOfPage\":{\"@id\":\"https:\/\/mptpetitcharran.fr\/?tribe_events=vide-dressing-a-la-mpt-petit-charran-6-novembre#primaryimage\"},\"image\":{\"@id\":\"https:\/\/mptpetitcharran.fr\/?tribe_events=vide-dressing-a-la-mpt-petit-charran-6-novembre#primaryimage\"},\"thumbnailUrl\":\"https:\/\/mptpetitcharran.fr\/wp-content\/uploads\/2024\/10\/Inscription-vide-dressing1.png\",\"datePublished\":\"2024-10-15T09:19:20+00:00\",\"dateModified\":\"2024-10-15T09:24:00+00:00\",\"description\":\"Participez au vide-dressing \u00e0 la MPT du Petit Charran \u00e0 Valence le 6 novembre de 8h \u00e0 13h. Vendez, \u00e9changez et trouvez des v\u00eatements \u00e0 prix mini pour tous les go\u00fbts et tailles.\",\"breadcrumb\":{\"@id\":\"https:\/\/mptpetitcharran.fr\/?tribe_events=vide-dressing-a-la-mpt-petit-charran-6-novembre#breadcrumb\"},\"inLanguage\":\"fr-FR\",\"potentialAction\":[{\"@type\":\"ReadAction\",\"target\":[\"https:\/\/mptpetitcharran.fr\/?tribe_events=vide-dressing-a-la-mpt-petit-charran-6-novembre\"]}]},{\"@type\":\"ImageObject\",\"inLanguage\":\"fr-FR\",\"@id\":\"https:\/\/mptpetitcharran.fr\/?tribe_events=vide-dressing-a-la-mpt-petit-charran-6-novembre#primaryimage\",\"url\":\"https:\/\/mptpetitcharran.fr\/wp-content\/uploads\/2024\/10\/Inscription-vide-dressing1.png\",\"contentUrl\":\"https:\/\/mptpetitcharran.fr\/wp-content\/uploads\/2024\/10\/Inscription-vide-dressing1.png\",\"width\":1587,\"height\":2245},{\"@type\":\"BreadcrumbList\",\"@id\":\"https:\/\/mptpetitcharran.fr\/?tribe_events=vide-dressing-a-la-mpt-petit-charran-6-novembre#breadcrumb\",\"itemListElement\":[{\"@type\":\"ListItem\",\"position\":1,\"name\":\"Accueil\",\"item\":\"https:\/\/mptpetitcharran.fr\/\"},{\"@type\":\"ListItem\",\"position\":2,\"name\":\"\u00c9v\u00e8nements\",\"item\":\"https:\/\/mptpetitcharran.fr\/?post_type=tribe_events\"},{\"@type\":\"ListItem\",\"position\":3,\"name\":\"Vide-Dressing \u00e0 la MPT Petit Charran &#8211; 6 Novembre\"}]},{\"@type\":\"WebSite\",\"@id\":\"https:\/\/mptpetitcharran.fr\/#website\",\"url\":\"https:\/\/mptpetitcharran.fr\/\",\"name\":\"Maison pour tous du Petit charran\",\"description\":\"\",\"publisher\":{\"@id\":\"https:\/\/mptpetitcharran.fr\/#organization\"},\"potentialAction\":[{\"@type\":\"SearchAction\",\"target\":{\"@type\":\"EntryPoint\",\"urlTemplate\":\"https:\/\/mptpetitcharran.fr\/?s={search_term_string}\"},\"query-input\":{\"@type\":\"PropertyValueSpecification\",\"valueRequired\":true,\"valueName\":\"search_term_string\"}}],\"inLanguage\":\"fr-FR\"},{\"@type\":\"Organization\",\"@id\":\"https:\/\/mptpetitcharran.fr\/#organization\",\"name\":\"Maison pour tous du Petit charran\",\"url\":\"https:\/\/mptpetitcharran.fr\/\",\"logo\":{\"@type\":\"ImageObject\",\"inLanguage\":\"fr-FR\",\"@id\":\"https:\/\/mptpetitcharran.fr\/#\/schema\/logo\/image\/\",\"url\":\"http:\/\/mptpetitcharran.fr\/wp-content\/uploads\/2023\/07\/cropped-logo_mptpc.jpg\",\"contentUrl\":\"http:\/\/mptpetitcharran.fr\/wp-content\/uploads\/2023\/07\/cropped-logo_mptpc.jpg\",\"width\":532,\"height\":529,\"caption\":\"Maison pour tous du Petit charran\"},\"image\":{\"@id\":\"https:\/\/mptpetitcharran.fr\/#\/schema\/logo\/image\/\"},\"sameAs\":[\"https:\/\/www.facebook.com\/mptpetitcharran\",\"https:\/\/www.instagram.com\/mptpetitcharran\/\"]}]}<\/script>\n<!-- \/ Yoast SEO plugin. -->","yoast_head_json":{"title":"Vide-Dressing \u00e0 la MPT Petit Charran - 6 Novembre - Maison pour tous du Petit charran","description":"Participez au vide-dressing \u00e0 la MPT du Petit Charran \u00e0 Valence le 6 novembre de 8h \u00e0 13h. Vendez, \u00e9changez et trouvez des v\u00eatements \u00e0 prix mini pour tous les go\u00fbts et tailles.","robots":{"index":"index","follow":"follow","max-snippet":"max-snippet:-1","max-image-preview":"max-image-preview:large","max-video-preview":"max-video-preview:-1"},"canonical":"https:\/\/mptpetitcharran.fr\/?tribe_events=vide-dressing-a-la-mpt-petit-charran-6-novembre","og_locale":"fr_FR","og_type":"article","og_title":"Vide-Dressing \u00e0 la MPT Petit Charran - 6 Novembre - Maison pour tous du Petit charran","og_description":"Participez au vide-dressing \u00e0 la MPT du Petit Charran \u00e0 Valence le 6 novembre de 8h \u00e0 13h. Vendez, \u00e9changez et trouvez des v\u00eatements \u00e0 prix mini pour tous les go\u00fbts et tailles.","og_url":"https:\/\/mptpetitcharran.fr\/?tribe_events=vide-dressing-a-la-mpt-petit-charran-6-novembre","og_site_name":"Maison pour tous du Petit charran","article_publisher":"https:\/\/www.facebook.com\/mptpetitcharran","article_modified_time":"2024-10-15T09:24:00+00:00","og_image":[{"width":1587,"height":2245,"url":"https:\/\/mptpetitcharran.fr\/wp-content\/uploads\/2024\/10\/Inscription-vide-dressing1.png","type":"image\/png"}],"twitter_card":"summary_large_image","twitter_misc":{"Dur\u00e9e de lecture estim\u00e9e":"2 minutes"},"schema":{"@context":"https:\/\/schema.org","@graph":[{"@type":"WebPage","@id":"https:\/\/mptpetitcharran.fr\/?tribe_events=vide-dressing-a-la-mpt-petit-charran-6-novembre","url":"https:\/\/mptpetitcharran.fr\/?tribe_events=vide-dressing-a-la-mpt-petit-charran-6-novembre","name":"Vide-Dressing \u00e0 la MPT Petit Charran - 6 Novembre - Maison pour tous du Petit charran","isPartOf":{"@id":"https:\/\/mptpetitcharran.fr\/#website"},"primaryImageOfPage":{"@id":"https:\/\/mptpetitcharran.fr\/?tribe_events=vide-dressing-a-la-mpt-petit-charran-6-novembre#primaryimage"},"image":{"@id":"https:\/\/mptpetitcharran.fr\/?tribe_events=vide-dressing-a-la-mpt-petit-charran-6-novembre#primaryimage"},"thumbnailUrl":"https:\/\/mptpetitcharran.fr\/wp-content\/uploads\/2024\/10\/Inscription-vide-dressing1.png","datePublished":"2024-10-15T09:19:20+00:00","dateModified":"2024-10-15T09:24:00+00:00","description":"Participez au vide-dressing \u00e0 la MPT du Petit Charran \u00e0 Valence le 6 novembre de 8h \u00e0 13h. Vendez, \u00e9changez et trouvez des v\u00eatements \u00e0 prix mini pour tous les go\u00fbts et tailles.","breadcrumb":{"@id":"https:\/\/mptpetitcharran.fr\/?tribe_events=vide-dressing-a-la-mpt-petit-charran-6-novembre#breadcrumb"},"inLanguage":"fr-FR","potentialAction":[{"@type":"ReadAction","target":["https:\/\/mptpetitcharran.fr\/?tribe_events=vide-dressing-a-la-mpt-petit-charran-6-novembre"]}]},{"@type":"ImageObject","inLanguage":"fr-FR","@id":"https:\/\/mptpetitcharran.fr\/?tribe_events=vide-dressing-a-la-mpt-petit-charran-6-novembre#primaryimage","url":"https:\/\/mptpetitcharran.fr\/wp-content\/uploads\/2024\/10\/Inscription-vide-dressing1.png","contentUrl":"https:\/\/mptpetitcharran.fr\/wp-content\/uploads\/2024\/10\/Inscription-vide-dressing1.png","width":1587,"height":2245},{"@type":"BreadcrumbList","@id":"https:\/\/mptpetitcharran.fr\/?tribe_events=vide-dressing-a-la-mpt-petit-charran-6-novembre#breadcrumb","itemListElement":[{"@type":"ListItem","position":1,"name":"Accueil","item":"https:\/\/mptpetitcharran.fr\/"},{"@type":"ListItem","position":2,"name":"\u00c9v\u00e8nements","item":"https:\/\/mptpetitcharran.fr\/?post_type=tribe_events"},{"@type":"ListItem","position":3,"name":"Vide-Dressing \u00e0 la MPT Petit Charran &#8211; 6 Novembre"}]},{"@type":"WebSite","@id":"https:\/\/mptpetitcharran.fr\/#website","url":"https:\/\/mptpetitcharran.fr\/","name":"Maison pour tous du Petit charran","description":"","publisher":{"@id":"https:\/\/mptpetitcharran.fr\/#organization"},"potentialAction":[{"@type":"SearchAction","target":{"@type":"EntryPoint","urlTemplate":"https:\/\/mptpetitcharran.fr\/?s={search_term_string}"},"query-input":{"@type":"PropertyValueSpecification","valueRequired":true,"valueName":"search_term_string"}}],"inLanguage":"fr-FR"},{"@type":"Organization","@id":"https:\/\/mptpetitcharran.fr\/#organization","name":"Maison pour tous du Petit charran","url":"https:\/\/mptpetitcharran.fr\/","logo":{"@type":"ImageObject","inLanguage":"fr-FR","@id":"https:\/\/mptpetitcharran.fr\/#\/schema\/logo\/image\/","url":"http:\/\/mptpetitcharran.fr\/wp-content\/uploads\/2023\/07\/cropped-logo_mptpc.jpg","contentUrl":"http:\/\/mptpetitcharran.fr\/wp-content\/uploads\/2023\/07\/cropped-logo_mptpc.jpg","width":532,"height":529,"caption":"Maison pour tous du Petit charran"},"image":{"@id":"https:\/\/mptpetitcharran.fr\/#\/schema\/logo\/image\/"},"sameAs":["https:\/\/www.facebook.com\/mptpetitcharran","https:\/\/www.instagram.com\/mptpetitcharran\/"]}]}},"publishpress_future_workflow_manual_trigger":{"enabledWorkflows":[]},"_links":{"self":[{"href":"https:\/\/mptpetitcharran.fr\/index.php?rest_route=\/wp\/v2\/tribe_events\/5936","targetHints":{"allow":["GET"]}}],"collection":[{"href":"https:\/\/mptpetitcharran.fr\/index.php?rest_route=\/wp\/v2\/tribe_events"}],"about":[{"href":"https:\/\/mptpetitcharran.fr\/index.php?rest_route=\/wp\/v2\/types\/tribe_events"}],"author":[{"embeddable":true,"href":"https:\/\/mptpetitcharran.fr\/index.php?rest_route=\/wp\/v2\/users\/1"}],"version-history":[{"count":2,"href":"https:\/\/mptpetitcharran.fr\/index.php?rest_route=\/wp\/v2\/tribe_events\/5936\/revisions"}],"predecessor-version":[{"id":5938,"href":"https:\/\/mptpetitcharran.fr\/index.php?rest_route=\/wp\/v2\/tribe_events\/5936\/revisions\/5938"}],"wp:featuredmedia":[{"embeddable":true,"href":"https:\/\/mptpetitcharran.fr\/index.php?rest_route=\/wp\/v2\/media\/5942"}],"wp:attachment":[{"href":"https:\/\/mptpetitcharran.fr\/index.php?rest_route=%2Fwp%2Fv2%2Fmedia&parent=5936"}],"wp:term":[{"taxonomy":"post_tag","embeddable":true,"href":"https:\/\/mptpetitcharran.fr\/index.php?rest_route=%2Fwp%2Fv2%2Ftags&post=5936"},{"taxonomy":"tribe_events_cat","embeddable":true,"href":"https:\/\/mptpetitcharran.fr\/index.php?rest_route=%2Fwp%2Fv2%2Ftribe_events_cat&post=5936"}],"curies":[{"name":"wp","href":"https:\/\/api.w.org\/{rel}","templated":true}]}}