{"id":5923,"date":"2024-10-01T11:17:11","date_gmt":"2024-10-01T10:17:11","guid":{"rendered":"https:\/\/mptpetitcharran.fr\/?post_type=tribe_events&#038;p=5923"},"modified":"2024-10-01T11:17:48","modified_gmt":"2024-10-01T10:17:48","slug":"atelier-bebe-signe","status":"publish","type":"tribe_events","link":"https:\/\/mptpetitcharran.fr\/?tribe_events=atelier-bebe-signe","title":{"rendered":"Atelier b\u00e9b\u00e9 signe"},"content":{"rendered":"<p>\ud83d\udc50 <strong>Ateliers B\u00e9b\u00e9 Signe &#8211; Communiquez autrement avec votre enfant !<\/strong> \ud83c\udf7c<\/p>\n<p>La Maison Pour Tous du Petit Charran vous propose 5 ateliers th\u00e9matiques pour apprendre ou enrichir votre vocabulaire en langue des signes afin de mieux comprendre et \u00e9changer avec votre b\u00e9b\u00e9 d\u00e8s ses 6 mois.<\/p>\n<p>\ud83c\udf1f <strong>Pourquoi participer ?<\/strong><\/p>\n<ul>\n<li>Cr\u00e9ez une connexion unique avec votre enfant.<\/li>\n<li>Aidez-le \u00e0 s&rsquo;exprimer avant m\u00eame de savoir parler.<\/li>\n<li>D\u00e9veloppez un moyen de communication ludique et bienveillant.<\/li>\n<\/ul>\n<p>\u23f0 <strong>Horaires<\/strong> : De 10h \u00e0 11h<\/p>\n<p>\ud83d\udcb6 <strong>Tarif<\/strong> : 15\u20ac + adh\u00e9sion \u00e0 la MPT obligatoire<\/p>\n<p>\ud83d\udc49 R\u00e9servez d\u00e8s maintenant votre place et venez partager un moment de complicit\u00e9 avec votre b\u00e9b\u00e9 tout en apprenant un langage visuel et stimulant ! \ud83c\udf08<\/p>\n<p>\ud83d\udcde <strong>Contactez-nous<\/strong> : 04 75 43 48 52<br \/>\n\ud83d\udce7 <a rel=\"noopener\">contact@mptpetitcharran.org<\/a><\/p>\n","protected":false},"excerpt":{"rendered":"<p>\ud83d\udc50 Ateliers B\u00e9b\u00e9 Signe &#8211; Communiquez autrement avec votre enfant ! \ud83c\udf7c La Maison Pour Tous du Petit Charran vous propose 5 ateliers th\u00e9matiques pour apprendre ou enrichir votre vocabulaire &hellip; <a href=\"https:\/\/mptpetitcharran.fr\/?tribe_events=atelier-bebe-signe\" class=\"more-link\">Continue reading <span class=\"screen-reader-text\">Atelier b\u00e9b\u00e9 signe<\/span> <span class=\"meta-nav\">&rarr;<\/span><\/a><\/p>\n","protected":false},"author":1,"featured_media":5924,"template":"","meta":{"_tribe_events_status":"","_tribe_events_status_reason":"","footnotes":""},"tags":[],"tribe_events_cat":[],"class_list":["post-5923","tribe_events","type-tribe_events","status-publish","has-post-thumbnail","hentry"],"yoast_head":"<!-- This site is optimized with the Yoast SEO plugin v27.0 - https:\/\/yoast.com\/product\/yoast-seo-wordpress\/ -->\n<title>Atelier b\u00e9b\u00e9 signe - Maison pour tous du Petit charran<\/title>\n<meta name=\"description\" content=\"Participez aux ateliers &quot;B\u00e9b\u00e9 Signe&quot; \u00e0 la Maison Pour Tous du Petit Charran \u00e0 Valence ! 5 s\u00e9ances pour apprendre la langue des signes et enrichir la communication avec votre b\u00e9b\u00e9 d\u00e8s 6 mois. R\u00e9servez d\u00e8s maintenant !\" \/>\n<meta name=\"robots\" content=\"index, follow, max-snippet:-1, max-image-preview:large, max-video-preview:-1\" \/>\n<link rel=\"canonical\" href=\"https:\/\/mptpetitcharran.fr\/?tribe_events=atelier-bebe-signe\" \/>\n<meta property=\"og:locale\" content=\"fr_FR\" \/>\n<meta property=\"og:type\" content=\"article\" \/>\n<meta property=\"og:title\" content=\"Atelier b\u00e9b\u00e9 signe - Maison pour tous du Petit charran\" \/>\n<meta property=\"og:description\" content=\"Participez aux ateliers &quot;B\u00e9b\u00e9 Signe&quot; \u00e0 la Maison Pour Tous du Petit Charran \u00e0 Valence ! 5 s\u00e9ances pour apprendre la langue des signes et enrichir la communication avec votre b\u00e9b\u00e9 d\u00e8s 6 mois. R\u00e9servez d\u00e8s maintenant !\" \/>\n<meta property=\"og:url\" content=\"https:\/\/mptpetitcharran.fr\/?tribe_events=atelier-bebe-signe\" \/>\n<meta property=\"og:site_name\" content=\"Maison pour tous du Petit charran\" \/>\n<meta property=\"article:publisher\" content=\"https:\/\/www.facebook.com\/mptpetitcharran\" \/>\n<meta property=\"article:modified_time\" content=\"2024-10-01T10:17:48+00:00\" \/>\n<meta property=\"og:image\" content=\"https:\/\/mptpetitcharran.fr\/wp-content\/uploads\/2024\/10\/5-721x1024.png\" \/>\n\t<meta property=\"og:image:width\" content=\"721\" \/>\n\t<meta property=\"og:image:height\" content=\"1024\" \/>\n\t<meta property=\"og:image:type\" content=\"image\/png\" \/>\n<meta name=\"twitter:card\" content=\"summary_large_image\" \/>\n<meta name=\"twitter:label1\" content=\"Dur\u00e9e de lecture estim\u00e9e\" \/>\n\t<meta name=\"twitter:data1\" content=\"1 minute\" \/>\n<script type=\"application\/ld+json\" class=\"yoast-schema-graph\">{\"@context\":\"https:\/\/schema.org\",\"@graph\":[{\"@type\":\"WebPage\",\"@id\":\"https:\/\/mptpetitcharran.fr\/?tribe_events=atelier-bebe-signe\",\"url\":\"https:\/\/mptpetitcharran.fr\/?tribe_events=atelier-bebe-signe\",\"name\":\"Atelier b\u00e9b\u00e9 signe - Maison pour tous du Petit charran\",\"isPartOf\":{\"@id\":\"https:\/\/mptpetitcharran.fr\/#website\"},\"primaryImageOfPage\":{\"@id\":\"https:\/\/mptpetitcharran.fr\/?tribe_events=atelier-bebe-signe#primaryimage\"},\"image\":{\"@id\":\"https:\/\/mptpetitcharran.fr\/?tribe_events=atelier-bebe-signe#primaryimage\"},\"thumbnailUrl\":\"https:\/\/mptpetitcharran.fr\/wp-content\/uploads\/2024\/10\/5.png\",\"datePublished\":\"2024-10-01T10:17:11+00:00\",\"dateModified\":\"2024-10-01T10:17:48+00:00\",\"description\":\"Participez aux ateliers \\\"B\u00e9b\u00e9 Signe\\\" \u00e0 la Maison Pour Tous du Petit Charran \u00e0 Valence ! 5 s\u00e9ances pour apprendre la langue des signes et enrichir la communication avec votre b\u00e9b\u00e9 d\u00e8s 6 mois. R\u00e9servez d\u00e8s maintenant !\",\"breadcrumb\":{\"@id\":\"https:\/\/mptpetitcharran.fr\/?tribe_events=atelier-bebe-signe#breadcrumb\"},\"inLanguage\":\"fr-FR\",\"potentialAction\":[{\"@type\":\"ReadAction\",\"target\":[\"https:\/\/mptpetitcharran.fr\/?tribe_events=atelier-bebe-signe\"]}]},{\"@type\":\"ImageObject\",\"inLanguage\":\"fr-FR\",\"@id\":\"https:\/\/mptpetitcharran.fr\/?tribe_events=atelier-bebe-signe#primaryimage\",\"url\":\"https:\/\/mptpetitcharran.fr\/wp-content\/uploads\/2024\/10\/5.png\",\"contentUrl\":\"https:\/\/mptpetitcharran.fr\/wp-content\/uploads\/2024\/10\/5.png\",\"width\":1409,\"height\":2000},{\"@type\":\"BreadcrumbList\",\"@id\":\"https:\/\/mptpetitcharran.fr\/?tribe_events=atelier-bebe-signe#breadcrumb\",\"itemListElement\":[{\"@type\":\"ListItem\",\"position\":1,\"name\":\"Accueil\",\"item\":\"https:\/\/mptpetitcharran.fr\/\"},{\"@type\":\"ListItem\",\"position\":2,\"name\":\"\u00c9v\u00e8nements\",\"item\":\"https:\/\/mptpetitcharran.fr\/?post_type=tribe_events\"},{\"@type\":\"ListItem\",\"position\":3,\"name\":\"Atelier b\u00e9b\u00e9 signe\"}]},{\"@type\":\"WebSite\",\"@id\":\"https:\/\/mptpetitcharran.fr\/#website\",\"url\":\"https:\/\/mptpetitcharran.fr\/\",\"name\":\"Maison pour tous du Petit charran\",\"description\":\"\",\"publisher\":{\"@id\":\"https:\/\/mptpetitcharran.fr\/#organization\"},\"potentialAction\":[{\"@type\":\"SearchAction\",\"target\":{\"@type\":\"EntryPoint\",\"urlTemplate\":\"https:\/\/mptpetitcharran.fr\/?s={search_term_string}\"},\"query-input\":{\"@type\":\"PropertyValueSpecification\",\"valueRequired\":true,\"valueName\":\"search_term_string\"}}],\"inLanguage\":\"fr-FR\"},{\"@type\":\"Organization\",\"@id\":\"https:\/\/mptpetitcharran.fr\/#organization\",\"name\":\"Maison pour tous du Petit charran\",\"url\":\"https:\/\/mptpetitcharran.fr\/\",\"logo\":{\"@type\":\"ImageObject\",\"inLanguage\":\"fr-FR\",\"@id\":\"https:\/\/mptpetitcharran.fr\/#\/schema\/logo\/image\/\",\"url\":\"http:\/\/mptpetitcharran.fr\/wp-content\/uploads\/2023\/07\/cropped-logo_mptpc.jpg\",\"contentUrl\":\"http:\/\/mptpetitcharran.fr\/wp-content\/uploads\/2023\/07\/cropped-logo_mptpc.jpg\",\"width\":532,\"height\":529,\"caption\":\"Maison pour tous du Petit charran\"},\"image\":{\"@id\":\"https:\/\/mptpetitcharran.fr\/#\/schema\/logo\/image\/\"},\"sameAs\":[\"https:\/\/www.facebook.com\/mptpetitcharran\",\"https:\/\/www.instagram.com\/mptpetitcharran\/\"]}]}<\/script>\n<!-- \/ Yoast SEO plugin. -->","yoast_head_json":{"title":"Atelier b\u00e9b\u00e9 signe - Maison pour tous du Petit charran","description":"Participez aux ateliers \"B\u00e9b\u00e9 Signe\" \u00e0 la Maison Pour Tous du Petit Charran \u00e0 Valence ! 5 s\u00e9ances pour apprendre la langue des signes et enrichir la communication avec votre b\u00e9b\u00e9 d\u00e8s 6 mois. R\u00e9servez d\u00e8s maintenant !","robots":{"index":"index","follow":"follow","max-snippet":"max-snippet:-1","max-image-preview":"max-image-preview:large","max-video-preview":"max-video-preview:-1"},"canonical":"https:\/\/mptpetitcharran.fr\/?tribe_events=atelier-bebe-signe","og_locale":"fr_FR","og_type":"article","og_title":"Atelier b\u00e9b\u00e9 signe - Maison pour tous du Petit charran","og_description":"Participez aux ateliers \"B\u00e9b\u00e9 Signe\" \u00e0 la Maison Pour Tous du Petit Charran \u00e0 Valence ! 5 s\u00e9ances pour apprendre la langue des signes et enrichir la communication avec votre b\u00e9b\u00e9 d\u00e8s 6 mois. R\u00e9servez d\u00e8s maintenant !","og_url":"https:\/\/mptpetitcharran.fr\/?tribe_events=atelier-bebe-signe","og_site_name":"Maison pour tous du Petit charran","article_publisher":"https:\/\/www.facebook.com\/mptpetitcharran","article_modified_time":"2024-10-01T10:17:48+00:00","og_image":[{"width":721,"height":1024,"url":"https:\/\/mptpetitcharran.fr\/wp-content\/uploads\/2024\/10\/5-721x1024.png","type":"image\/png"}],"twitter_card":"summary_large_image","twitter_misc":{"Dur\u00e9e de lecture estim\u00e9e":"1 minute"},"schema":{"@context":"https:\/\/schema.org","@graph":[{"@type":"WebPage","@id":"https:\/\/mptpetitcharran.fr\/?tribe_events=atelier-bebe-signe","url":"https:\/\/mptpetitcharran.fr\/?tribe_events=atelier-bebe-signe","name":"Atelier b\u00e9b\u00e9 signe - Maison pour tous du Petit charran","isPartOf":{"@id":"https:\/\/mptpetitcharran.fr\/#website"},"primaryImageOfPage":{"@id":"https:\/\/mptpetitcharran.fr\/?tribe_events=atelier-bebe-signe#primaryimage"},"image":{"@id":"https:\/\/mptpetitcharran.fr\/?tribe_events=atelier-bebe-signe#primaryimage"},"thumbnailUrl":"https:\/\/mptpetitcharran.fr\/wp-content\/uploads\/2024\/10\/5.png","datePublished":"2024-10-01T10:17:11+00:00","dateModified":"2024-10-01T10:17:48+00:00","description":"Participez aux ateliers \"B\u00e9b\u00e9 Signe\" \u00e0 la Maison Pour Tous du Petit Charran \u00e0 Valence ! 5 s\u00e9ances pour apprendre la langue des signes et enrichir la communication avec votre b\u00e9b\u00e9 d\u00e8s 6 mois. R\u00e9servez d\u00e8s maintenant !","breadcrumb":{"@id":"https:\/\/mptpetitcharran.fr\/?tribe_events=atelier-bebe-signe#breadcrumb"},"inLanguage":"fr-FR","potentialAction":[{"@type":"ReadAction","target":["https:\/\/mptpetitcharran.fr\/?tribe_events=atelier-bebe-signe"]}]},{"@type":"ImageObject","inLanguage":"fr-FR","@id":"https:\/\/mptpetitcharran.fr\/?tribe_events=atelier-bebe-signe#primaryimage","url":"https:\/\/mptpetitcharran.fr\/wp-content\/uploads\/2024\/10\/5.png","contentUrl":"https:\/\/mptpetitcharran.fr\/wp-content\/uploads\/2024\/10\/5.png","width":1409,"height":2000},{"@type":"BreadcrumbList","@id":"https:\/\/mptpetitcharran.fr\/?tribe_events=atelier-bebe-signe#breadcrumb","itemListElement":[{"@type":"ListItem","position":1,"name":"Accueil","item":"https:\/\/mptpetitcharran.fr\/"},{"@type":"ListItem","position":2,"name":"\u00c9v\u00e8nements","item":"https:\/\/mptpetitcharran.fr\/?post_type=tribe_events"},{"@type":"ListItem","position":3,"name":"Atelier b\u00e9b\u00e9 signe"}]},{"@type":"WebSite","@id":"https:\/\/mptpetitcharran.fr\/#website","url":"https:\/\/mptpetitcharran.fr\/","name":"Maison pour tous du Petit charran","description":"","publisher":{"@id":"https:\/\/mptpetitcharran.fr\/#organization"},"potentialAction":[{"@type":"SearchAction","target":{"@type":"EntryPoint","urlTemplate":"https:\/\/mptpetitcharran.fr\/?s={search_term_string}"},"query-input":{"@type":"PropertyValueSpecification","valueRequired":true,"valueName":"search_term_string"}}],"inLanguage":"fr-FR"},{"@type":"Organization","@id":"https:\/\/mptpetitcharran.fr\/#organization","name":"Maison pour tous du Petit charran","url":"https:\/\/mptpetitcharran.fr\/","logo":{"@type":"ImageObject","inLanguage":"fr-FR","@id":"https:\/\/mptpetitcharran.fr\/#\/schema\/logo\/image\/","url":"http:\/\/mptpetitcharran.fr\/wp-content\/uploads\/2023\/07\/cropped-logo_mptpc.jpg","contentUrl":"http:\/\/mptpetitcharran.fr\/wp-content\/uploads\/2023\/07\/cropped-logo_mptpc.jpg","width":532,"height":529,"caption":"Maison pour tous du Petit charran"},"image":{"@id":"https:\/\/mptpetitcharran.fr\/#\/schema\/logo\/image\/"},"sameAs":["https:\/\/www.facebook.com\/mptpetitcharran","https:\/\/www.instagram.com\/mptpetitcharran\/"]}]}},"publishpress_future_workflow_manual_trigger":{"enabledWorkflows":[]},"_links":{"self":[{"href":"https:\/\/mptpetitcharran.fr\/index.php?rest_route=\/wp\/v2\/tribe_events\/5923","targetHints":{"allow":["GET"]}}],"collection":[{"href":"https:\/\/mptpetitcharran.fr\/index.php?rest_route=\/wp\/v2\/tribe_events"}],"about":[{"href":"https:\/\/mptpetitcharran.fr\/index.php?rest_route=\/wp\/v2\/types\/tribe_events"}],"author":[{"embeddable":true,"href":"https:\/\/mptpetitcharran.fr\/index.php?rest_route=\/wp\/v2\/users\/1"}],"version-history":[{"count":1,"href":"https:\/\/mptpetitcharran.fr\/index.php?rest_route=\/wp\/v2\/tribe_events\/5923\/revisions"}],"predecessor-version":[{"id":5925,"href":"https:\/\/mptpetitcharran.fr\/index.php?rest_route=\/wp\/v2\/tribe_events\/5923\/revisions\/5925"}],"wp:featuredmedia":[{"embeddable":true,"href":"https:\/\/mptpetitcharran.fr\/index.php?rest_route=\/wp\/v2\/media\/5924"}],"wp:attachment":[{"href":"https:\/\/mptpetitcharran.fr\/index.php?rest_route=%2Fwp%2Fv2%2Fmedia&parent=5923"}],"wp:term":[{"taxonomy":"post_tag","embeddable":true,"href":"https:\/\/mptpetitcharran.fr\/index.php?rest_route=%2Fwp%2Fv2%2Ftags&post=5923"},{"taxonomy":"tribe_events_cat","embeddable":true,"href":"https:\/\/mptpetitcharran.fr\/index.php?rest_route=%2Fwp%2Fv2%2Ftribe_events_cat&post=5923"}],"curies":[{"name":"wp","href":"https:\/\/api.w.org\/{rel}","templated":true}]}}