{"id":5913,"date":"2024-09-23T12:46:08","date_gmt":"2024-09-23T11:46:08","guid":{"rendered":"https:\/\/mptpetitcharran.fr\/?post_type=tribe_events&#038;p=5913"},"modified":"2024-10-17T13:44:29","modified_gmt":"2024-10-17T12:44:29","slug":"spectacle-de-theatre-apprends-moi-leau","status":"publish","type":"tribe_events","link":"https:\/\/mptpetitcharran.fr\/?tribe_events=spectacle-de-theatre-apprends-moi-leau","title":{"rendered":"Spectacle de Th\u00e9\u00e2tre : \u00ab\u00a0Apprends-moi l\u2019eau\u00a0\u00bb"},"content":{"rendered":"<p><strong>\ud83d\udcc5 Quand ?<\/strong> VENDREDI 25 octobre \u00e0 15h30<br \/>\n<strong>\ud83d\udccd O\u00f9 ?<\/strong> MPT du Petit Charran<\/p>\n<p>Viens d\u00e9couvrir un magnifique conte africain avec le spectacle \u00ab\u00a0Apprends-moi l\u2019eau\u00a0\u00bb pr\u00e9sent\u00e9 par <strong>Colport\u2019art<\/strong>, <strong>l\u2019Atelier Ouverture Azo<\/strong> (AOA) et <strong>L\u00e9o Lagrange<\/strong>, dans le cadre de leur tourn\u00e9e solidaire 2023 !<\/p>\n<p>Plonge dans l\u2019histoire \u00e9mouvante de Gb\u00e9nou, un petit gar\u00e7on plein de r\u00eaves, dans un village o\u00f9 l&rsquo;eau est un tr\u00e9sor pr\u00e9cieux \ud83d\udca7. Suis son voyage \u00e0 la recherche du \u00ab\u00a0secret de l&rsquo;eau\u00a0\u00bb et d\u00e9couvre comment l&rsquo;arriv\u00e9e des machines bouleverse son quotidien et celui de son village&#8230; \ud83c\udf31<\/p>\n<p>Un moment captivant pour petits et grands, \u00e0 ne pas manquer !<\/p>\n<p>\ud83c\udf9f\ufe0f <strong>Entr\u00e9e libre et gratuite<\/strong><br \/>\n\ud83d\udc67 <strong>Public : enfants et familles<\/strong><\/p>\n<p>On vous attend nombreux pour partager ce moment de th\u00e9\u00e2tre et d&rsquo;\u00e9motion !<\/p>\n","protected":false},"excerpt":{"rendered":"<p>\ud83d\udcc5 Quand ? VENDREDI 25 octobre \u00e0 15h30 \ud83d\udccd O\u00f9 ? MPT du Petit Charran Viens d\u00e9couvrir un magnifique conte africain avec le spectacle \u00ab\u00a0Apprends-moi l\u2019eau\u00a0\u00bb pr\u00e9sent\u00e9 par Colport\u2019art, l\u2019Atelier &hellip; <a href=\"https:\/\/mptpetitcharran.fr\/?tribe_events=spectacle-de-theatre-apprends-moi-leau\" class=\"more-link\">Continue reading <span class=\"screen-reader-text\">Spectacle de Th\u00e9\u00e2tre : \u00ab\u00a0Apprends-moi l\u2019eau\u00a0\u00bb<\/span> <span class=\"meta-nav\">&rarr;<\/span><\/a><\/p>\n","protected":false},"author":1,"featured_media":5914,"template":"","meta":{"_tribe_events_status":"","_tribe_events_status_reason":"","footnotes":""},"tags":[],"tribe_events_cat":[],"class_list":["post-5913","tribe_events","type-tribe_events","status-publish","has-post-thumbnail","hentry"],"yoast_head":"<!-- This site is optimized with the Yoast SEO plugin v27.0 - https:\/\/yoast.com\/product\/yoast-seo-wordpress\/ -->\n<title>Spectacle de Th\u00e9\u00e2tre : &quot;Apprends-moi l\u2019eau&quot; - Maison pour tous du Petit charran<\/title>\n<meta name=\"description\" content=\"D\u00e9couvrez le spectacle &quot;Apprends-moi l&#039;eau&quot;, un conte africain \u00e9mouvant pour toute la famille, le 25 octobre \u00e0 la MPT du Petit Charran. Entr\u00e9e libre\" \/>\n<meta name=\"robots\" content=\"index, follow, max-snippet:-1, max-image-preview:large, max-video-preview:-1\" \/>\n<link rel=\"canonical\" href=\"https:\/\/mptpetitcharran.fr\/?tribe_events=spectacle-de-theatre-apprends-moi-leau\" \/>\n<meta property=\"og:locale\" content=\"fr_FR\" \/>\n<meta property=\"og:type\" content=\"article\" \/>\n<meta property=\"og:title\" content=\"Spectacle de Th\u00e9\u00e2tre : &quot;Apprends-moi l\u2019eau&quot; - Maison pour tous du Petit charran\" \/>\n<meta property=\"og:description\" content=\"D\u00e9couvrez le spectacle &quot;Apprends-moi l&#039;eau&quot;, un conte africain \u00e9mouvant pour toute la famille, le 25 octobre \u00e0 la MPT du Petit Charran. Entr\u00e9e libre\" \/>\n<meta property=\"og:url\" content=\"https:\/\/mptpetitcharran.fr\/?tribe_events=spectacle-de-theatre-apprends-moi-leau\" \/>\n<meta property=\"og:site_name\" content=\"Maison pour tous du Petit charran\" \/>\n<meta property=\"article:publisher\" content=\"https:\/\/www.facebook.com\/mptpetitcharran\" \/>\n<meta property=\"article:modified_time\" content=\"2024-10-17T12:44:29+00:00\" \/>\n<meta property=\"og:image\" content=\"https:\/\/mptpetitcharran.fr\/wp-content\/uploads\/2024\/09\/Flyer-SPECTACLE-BENIN.png\" \/>\n\t<meta property=\"og:image:width\" content=\"1414\" \/>\n\t<meta property=\"og:image:height\" content=\"2000\" \/>\n\t<meta property=\"og:image:type\" content=\"image\/png\" \/>\n<meta name=\"twitter:card\" content=\"summary_large_image\" \/>\n<meta name=\"twitter:label1\" content=\"Dur\u00e9e de lecture estim\u00e9e\" \/>\n\t<meta name=\"twitter:data1\" content=\"1 minute\" \/>\n<script type=\"application\/ld+json\" class=\"yoast-schema-graph\">{\"@context\":\"https:\/\/schema.org\",\"@graph\":[{\"@type\":\"WebPage\",\"@id\":\"https:\/\/mptpetitcharran.fr\/?tribe_events=spectacle-de-theatre-apprends-moi-leau\",\"url\":\"https:\/\/mptpetitcharran.fr\/?tribe_events=spectacle-de-theatre-apprends-moi-leau\",\"name\":\"Spectacle de Th\u00e9\u00e2tre : \\\"Apprends-moi l\u2019eau\\\" - Maison pour tous du Petit charran\",\"isPartOf\":{\"@id\":\"https:\/\/mptpetitcharran.fr\/#website\"},\"primaryImageOfPage\":{\"@id\":\"https:\/\/mptpetitcharran.fr\/?tribe_events=spectacle-de-theatre-apprends-moi-leau#primaryimage\"},\"image\":{\"@id\":\"https:\/\/mptpetitcharran.fr\/?tribe_events=spectacle-de-theatre-apprends-moi-leau#primaryimage\"},\"thumbnailUrl\":\"https:\/\/mptpetitcharran.fr\/wp-content\/uploads\/2024\/09\/Flyer-SPECTACLE-BENIN.png\",\"datePublished\":\"2024-09-23T11:46:08+00:00\",\"dateModified\":\"2024-10-17T12:44:29+00:00\",\"description\":\"D\u00e9couvrez le spectacle \\\"Apprends-moi l'eau\\\", un conte africain \u00e9mouvant pour toute la famille, le 25 octobre \u00e0 la MPT du Petit Charran. Entr\u00e9e libre\",\"breadcrumb\":{\"@id\":\"https:\/\/mptpetitcharran.fr\/?tribe_events=spectacle-de-theatre-apprends-moi-leau#breadcrumb\"},\"inLanguage\":\"fr-FR\",\"potentialAction\":[{\"@type\":\"ReadAction\",\"target\":[\"https:\/\/mptpetitcharran.fr\/?tribe_events=spectacle-de-theatre-apprends-moi-leau\"]}]},{\"@type\":\"ImageObject\",\"inLanguage\":\"fr-FR\",\"@id\":\"https:\/\/mptpetitcharran.fr\/?tribe_events=spectacle-de-theatre-apprends-moi-leau#primaryimage\",\"url\":\"https:\/\/mptpetitcharran.fr\/wp-content\/uploads\/2024\/09\/Flyer-SPECTACLE-BENIN.png\",\"contentUrl\":\"https:\/\/mptpetitcharran.fr\/wp-content\/uploads\/2024\/09\/Flyer-SPECTACLE-BENIN.png\",\"width\":1414,\"height\":2000},{\"@type\":\"BreadcrumbList\",\"@id\":\"https:\/\/mptpetitcharran.fr\/?tribe_events=spectacle-de-theatre-apprends-moi-leau#breadcrumb\",\"itemListElement\":[{\"@type\":\"ListItem\",\"position\":1,\"name\":\"Accueil\",\"item\":\"https:\/\/mptpetitcharran.fr\/\"},{\"@type\":\"ListItem\",\"position\":2,\"name\":\"\u00c9v\u00e8nements\",\"item\":\"https:\/\/mptpetitcharran.fr\/?post_type=tribe_events\"},{\"@type\":\"ListItem\",\"position\":3,\"name\":\"Spectacle de Th\u00e9\u00e2tre : \u00ab\u00a0Apprends-moi l\u2019eau\u00a0\u00bb\"}]},{\"@type\":\"WebSite\",\"@id\":\"https:\/\/mptpetitcharran.fr\/#website\",\"url\":\"https:\/\/mptpetitcharran.fr\/\",\"name\":\"Maison pour tous du Petit charran\",\"description\":\"\",\"publisher\":{\"@id\":\"https:\/\/mptpetitcharran.fr\/#organization\"},\"potentialAction\":[{\"@type\":\"SearchAction\",\"target\":{\"@type\":\"EntryPoint\",\"urlTemplate\":\"https:\/\/mptpetitcharran.fr\/?s={search_term_string}\"},\"query-input\":{\"@type\":\"PropertyValueSpecification\",\"valueRequired\":true,\"valueName\":\"search_term_string\"}}],\"inLanguage\":\"fr-FR\"},{\"@type\":\"Organization\",\"@id\":\"https:\/\/mptpetitcharran.fr\/#organization\",\"name\":\"Maison pour tous du Petit charran\",\"url\":\"https:\/\/mptpetitcharran.fr\/\",\"logo\":{\"@type\":\"ImageObject\",\"inLanguage\":\"fr-FR\",\"@id\":\"https:\/\/mptpetitcharran.fr\/#\/schema\/logo\/image\/\",\"url\":\"http:\/\/mptpetitcharran.fr\/wp-content\/uploads\/2023\/07\/cropped-logo_mptpc.jpg\",\"contentUrl\":\"http:\/\/mptpetitcharran.fr\/wp-content\/uploads\/2023\/07\/cropped-logo_mptpc.jpg\",\"width\":532,\"height\":529,\"caption\":\"Maison pour tous du Petit charran\"},\"image\":{\"@id\":\"https:\/\/mptpetitcharran.fr\/#\/schema\/logo\/image\/\"},\"sameAs\":[\"https:\/\/www.facebook.com\/mptpetitcharran\",\"https:\/\/www.instagram.com\/mptpetitcharran\/\"]}]}<\/script>\n<!-- \/ Yoast SEO plugin. -->","yoast_head_json":{"title":"Spectacle de Th\u00e9\u00e2tre : \"Apprends-moi l\u2019eau\" - Maison pour tous du Petit charran","description":"D\u00e9couvrez le spectacle \"Apprends-moi l'eau\", un conte africain \u00e9mouvant pour toute la famille, le 25 octobre \u00e0 la MPT du Petit Charran. Entr\u00e9e libre","robots":{"index":"index","follow":"follow","max-snippet":"max-snippet:-1","max-image-preview":"max-image-preview:large","max-video-preview":"max-video-preview:-1"},"canonical":"https:\/\/mptpetitcharran.fr\/?tribe_events=spectacle-de-theatre-apprends-moi-leau","og_locale":"fr_FR","og_type":"article","og_title":"Spectacle de Th\u00e9\u00e2tre : \"Apprends-moi l\u2019eau\" - Maison pour tous du Petit charran","og_description":"D\u00e9couvrez le spectacle \"Apprends-moi l'eau\", un conte africain \u00e9mouvant pour toute la famille, le 25 octobre \u00e0 la MPT du Petit Charran. Entr\u00e9e libre","og_url":"https:\/\/mptpetitcharran.fr\/?tribe_events=spectacle-de-theatre-apprends-moi-leau","og_site_name":"Maison pour tous du Petit charran","article_publisher":"https:\/\/www.facebook.com\/mptpetitcharran","article_modified_time":"2024-10-17T12:44:29+00:00","og_image":[{"width":1414,"height":2000,"url":"https:\/\/mptpetitcharran.fr\/wp-content\/uploads\/2024\/09\/Flyer-SPECTACLE-BENIN.png","type":"image\/png"}],"twitter_card":"summary_large_image","twitter_misc":{"Dur\u00e9e de lecture estim\u00e9e":"1 minute"},"schema":{"@context":"https:\/\/schema.org","@graph":[{"@type":"WebPage","@id":"https:\/\/mptpetitcharran.fr\/?tribe_events=spectacle-de-theatre-apprends-moi-leau","url":"https:\/\/mptpetitcharran.fr\/?tribe_events=spectacle-de-theatre-apprends-moi-leau","name":"Spectacle de Th\u00e9\u00e2tre : \"Apprends-moi l\u2019eau\" - Maison pour tous du Petit charran","isPartOf":{"@id":"https:\/\/mptpetitcharran.fr\/#website"},"primaryImageOfPage":{"@id":"https:\/\/mptpetitcharran.fr\/?tribe_events=spectacle-de-theatre-apprends-moi-leau#primaryimage"},"image":{"@id":"https:\/\/mptpetitcharran.fr\/?tribe_events=spectacle-de-theatre-apprends-moi-leau#primaryimage"},"thumbnailUrl":"https:\/\/mptpetitcharran.fr\/wp-content\/uploads\/2024\/09\/Flyer-SPECTACLE-BENIN.png","datePublished":"2024-09-23T11:46:08+00:00","dateModified":"2024-10-17T12:44:29+00:00","description":"D\u00e9couvrez le spectacle \"Apprends-moi l'eau\", un conte africain \u00e9mouvant pour toute la famille, le 25 octobre \u00e0 la MPT du Petit Charran. Entr\u00e9e libre","breadcrumb":{"@id":"https:\/\/mptpetitcharran.fr\/?tribe_events=spectacle-de-theatre-apprends-moi-leau#breadcrumb"},"inLanguage":"fr-FR","potentialAction":[{"@type":"ReadAction","target":["https:\/\/mptpetitcharran.fr\/?tribe_events=spectacle-de-theatre-apprends-moi-leau"]}]},{"@type":"ImageObject","inLanguage":"fr-FR","@id":"https:\/\/mptpetitcharran.fr\/?tribe_events=spectacle-de-theatre-apprends-moi-leau#primaryimage","url":"https:\/\/mptpetitcharran.fr\/wp-content\/uploads\/2024\/09\/Flyer-SPECTACLE-BENIN.png","contentUrl":"https:\/\/mptpetitcharran.fr\/wp-content\/uploads\/2024\/09\/Flyer-SPECTACLE-BENIN.png","width":1414,"height":2000},{"@type":"BreadcrumbList","@id":"https:\/\/mptpetitcharran.fr\/?tribe_events=spectacle-de-theatre-apprends-moi-leau#breadcrumb","itemListElement":[{"@type":"ListItem","position":1,"name":"Accueil","item":"https:\/\/mptpetitcharran.fr\/"},{"@type":"ListItem","position":2,"name":"\u00c9v\u00e8nements","item":"https:\/\/mptpetitcharran.fr\/?post_type=tribe_events"},{"@type":"ListItem","position":3,"name":"Spectacle de Th\u00e9\u00e2tre : \u00ab\u00a0Apprends-moi l\u2019eau\u00a0\u00bb"}]},{"@type":"WebSite","@id":"https:\/\/mptpetitcharran.fr\/#website","url":"https:\/\/mptpetitcharran.fr\/","name":"Maison pour tous du Petit charran","description":"","publisher":{"@id":"https:\/\/mptpetitcharran.fr\/#organization"},"potentialAction":[{"@type":"SearchAction","target":{"@type":"EntryPoint","urlTemplate":"https:\/\/mptpetitcharran.fr\/?s={search_term_string}"},"query-input":{"@type":"PropertyValueSpecification","valueRequired":true,"valueName":"search_term_string"}}],"inLanguage":"fr-FR"},{"@type":"Organization","@id":"https:\/\/mptpetitcharran.fr\/#organization","name":"Maison pour tous du Petit charran","url":"https:\/\/mptpetitcharran.fr\/","logo":{"@type":"ImageObject","inLanguage":"fr-FR","@id":"https:\/\/mptpetitcharran.fr\/#\/schema\/logo\/image\/","url":"http:\/\/mptpetitcharran.fr\/wp-content\/uploads\/2023\/07\/cropped-logo_mptpc.jpg","contentUrl":"http:\/\/mptpetitcharran.fr\/wp-content\/uploads\/2023\/07\/cropped-logo_mptpc.jpg","width":532,"height":529,"caption":"Maison pour tous du Petit charran"},"image":{"@id":"https:\/\/mptpetitcharran.fr\/#\/schema\/logo\/image\/"},"sameAs":["https:\/\/www.facebook.com\/mptpetitcharran","https:\/\/www.instagram.com\/mptpetitcharran\/"]}]}},"publishpress_future_workflow_manual_trigger":{"enabledWorkflows":[]},"_links":{"self":[{"href":"https:\/\/mptpetitcharran.fr\/index.php?rest_route=\/wp\/v2\/tribe_events\/5913","targetHints":{"allow":["GET"]}}],"collection":[{"href":"https:\/\/mptpetitcharran.fr\/index.php?rest_route=\/wp\/v2\/tribe_events"}],"about":[{"href":"https:\/\/mptpetitcharran.fr\/index.php?rest_route=\/wp\/v2\/types\/tribe_events"}],"author":[{"embeddable":true,"href":"https:\/\/mptpetitcharran.fr\/index.php?rest_route=\/wp\/v2\/users\/1"}],"version-history":[{"count":2,"href":"https:\/\/mptpetitcharran.fr\/index.php?rest_route=\/wp\/v2\/tribe_events\/5913\/revisions"}],"predecessor-version":[{"id":5948,"href":"https:\/\/mptpetitcharran.fr\/index.php?rest_route=\/wp\/v2\/tribe_events\/5913\/revisions\/5948"}],"wp:featuredmedia":[{"embeddable":true,"href":"https:\/\/mptpetitcharran.fr\/index.php?rest_route=\/wp\/v2\/media\/5914"}],"wp:attachment":[{"href":"https:\/\/mptpetitcharran.fr\/index.php?rest_route=%2Fwp%2Fv2%2Fmedia&parent=5913"}],"wp:term":[{"taxonomy":"post_tag","embeddable":true,"href":"https:\/\/mptpetitcharran.fr\/index.php?rest_route=%2Fwp%2Fv2%2Ftags&post=5913"},{"taxonomy":"tribe_events_cat","embeddable":true,"href":"https:\/\/mptpetitcharran.fr\/index.php?rest_route=%2Fwp%2Fv2%2Ftribe_events_cat&post=5913"}],"curies":[{"name":"wp","href":"https:\/\/api.w.org\/{rel}","templated":true}]}}