{"id":5853,"date":"2024-09-17T11:34:13","date_gmt":"2024-09-17T10:34:13","guid":{"rendered":"https:\/\/mptpetitcharran.fr\/?post_type=tribe_events&#038;p=5853"},"modified":"2024-09-17T11:34:13","modified_gmt":"2024-09-17T10:34:13","slug":"journee-culturelle-avec-lassociation-solidarite-des-amis-du-cameroun","status":"publish","type":"tribe_events","link":"https:\/\/mptpetitcharran.fr\/?tribe_events=journee-culturelle-avec-lassociation-solidarite-des-amis-du-cameroun","title":{"rendered":"Journ\u00e9e Culturelle avec L&rsquo;Association Solidarit\u00e9 des Amis du Cameroun"},"content":{"rendered":"<p><span class=\"x193iq5w xeuugli x13faqbe x1vvkbs x1xmvt09 x1lliihq x1s928wv xhkezso x1gmr53x x1cpjm7i x1fgarty x1943h6x xudqn12 x3x7a5m x1f6kntn xvq8zen xo1l8bm xzsf02u\" dir=\"auto\">Journ\u00e9e Culturelle avec L&rsquo;Association Solidarit\u00e9 des Amis du Cameroun (<span class=\"html-span xdj266r x11i5rnm xat24cr x1mh8g0r xexx8yu x4uap5 x18d9i69 xkhd6sd x1hl2dhg x16tdsg8 x1vvkbs\"><a class=\"x1i10hfl xjbqb8w x1ejq31n xd10rxx x1sy0etr x17r0tee x972fbf xcfux6l x1qhh985 xm0m39n x9f619 x1ypdohk xt0psk2 xe8uvvx xdj266r x11i5rnm xat24cr x1mh8g0r xexx8yu x4uap5 x18d9i69 xkhd6sd x16tdsg8 x1hl2dhg xggy1nq x1a2a7pz x1sur9pj xkrqix3 xzsf02u x1s688f\" tabindex=\"0\" role=\"link\" href=\"https:\/\/www.facebook.com\/solidarite.dromeardeche?__tn__=-]K*F\"><span class=\"xt0psk2\">Solidarite Dr\u00f4me-Ard\u00e8che<\/span><\/a><\/span>) \u00e0 la MPT du Petit Charran <span class=\"html-span xexx8yu x4uap5 x18d9i69 xkhd6sd x1hl2dhg x16tdsg8 x1vvkbs x3nfvp2 x1j61x8r x1fcty0u xdj266r xat24cr xgzva0m xhhsvwb xxymvpz xlup9mm x1kky2od\"><img loading=\"lazy\" decoding=\"async\" class=\"xz74otr\" src=\"https:\/\/static.xx.fbcdn.net\/images\/emoji.php\/v9\/t3f\/1\/16\/1f30d.png\" alt=\"\ud83c\udf0d\" width=\"16\" height=\"16\" \/><\/span><br class=\"html-br\" \/>Le samedi 21 septembre 2024, d\u00e8s 15h, rejoignez-nous pour c\u00e9l\u00e9brer la diversit\u00e9 culturelle avec l\u2019Association Solidarit\u00e9 des Amis du Cameroun (ASAC) ! <span class=\"html-span xexx8yu x4uap5 x18d9i69 xkhd6sd x1hl2dhg x16tdsg8 x1vvkbs x3nfvp2 x1j61x8r x1fcty0u xdj266r xat24cr xgzva0m xhhsvwb xxymvpz xlup9mm x1kky2od\"><img loading=\"lazy\" decoding=\"async\" class=\"xz74otr\" src=\"https:\/\/static.xx.fbcdn.net\/images\/emoji.php\/v9\/t8c\/1\/16\/1f389.png\" alt=\"\ud83c\udf89\" width=\"16\" height=\"16\" \/><\/span> Une journ\u00e9e pleine de d\u00e9couvertes, de partage et de convivialit\u00e9 vous attend !<br class=\"html-br\" \/><br class=\"html-br\" \/>Au programme :<br class=\"html-br\" \/><span class=\"html-span xexx8yu x4uap5 x18d9i69 xkhd6sd x1hl2dhg x16tdsg8 x1vvkbs x3nfvp2 x1j61x8r x1fcty0u xdj266r xat24cr xgzva0m xhhsvwb xxymvpz xlup9mm x1kky2od\"><img loading=\"lazy\" decoding=\"async\" class=\"xz74otr\" src=\"https:\/\/static.xx.fbcdn.net\/images\/emoji.php\/v9\/taa\/1\/16\/1f552.png\" alt=\"\ud83d\udd52\" width=\"16\" height=\"16\" \/><\/span> 15h : Ouverture des stands (exposition, tresses africaines, tombola, atelier de couture, cuisine orientale) et contes franco-camerounais \u00e0 16h.<br class=\"html-br\" \/><span class=\"html-span xexx8yu x4uap5 x18d9i69 xkhd6sd x1hl2dhg x16tdsg8 x1vvkbs x3nfvp2 x1j61x8r x1fcty0u xdj266r xat24cr xgzva0m xhhsvwb xxymvpz xlup9mm x1kky2od\"><img loading=\"lazy\" decoding=\"async\" class=\"xz74otr\" src=\"https:\/\/static.xx.fbcdn.net\/images\/emoji.php\/v9\/tc8\/1\/16\/1f561.png\" alt=\"\ud83d\udd61\" width=\"16\" height=\"16\" \/><\/span> 18h30 &#8211; 19h30 : Conf\u00e9rence-d\u00e9bat \u00ab Vivre Ensemble \u00bb avec des intervenants prestigieux.<br class=\"html-br\" \/><span class=\"html-span xexx8yu x4uap5 x18d9i69 xkhd6sd x1hl2dhg x16tdsg8 x1vvkbs x3nfvp2 x1j61x8r x1fcty0u xdj266r xat24cr xgzva0m xhhsvwb xxymvpz xlup9mm x1kky2od\"><img loading=\"lazy\" decoding=\"async\" class=\"xz74otr\" src=\"https:\/\/static.xx.fbcdn.net\/images\/emoji.php\/v9\/tc7\/1\/16\/1f483.png\" alt=\"\ud83d\udc83\" width=\"16\" height=\"16\" \/><\/span> 19h30 &#8211; 20h : Spectacle de danse avec le groupe ADAMA.<br class=\"html-br\" \/><span class=\"html-span xexx8yu x4uap5 x18d9i69 xkhd6sd x1hl2dhg x16tdsg8 x1vvkbs x3nfvp2 x1j61x8r x1fcty0u xdj266r xat24cr xgzva0m xhhsvwb xxymvpz xlup9mm x1kky2od\"><img loading=\"lazy\" decoding=\"async\" class=\"xz74otr\" src=\"https:\/\/static.xx.fbcdn.net\/images\/emoji.php\/v9\/t68\/1\/16\/1f374.png\" alt=\"\ud83c\udf74\" width=\"16\" height=\"16\" \/><\/span> 20h : Repas caritatif avec des sp\u00e9cialit\u00e9s camerounaises (12\u20ac) pour soutenir des dons au Cameroun.<br class=\"html-br\" \/><span class=\"html-span xexx8yu x4uap5 x18d9i69 xkhd6sd x1hl2dhg x16tdsg8 x1vvkbs x3nfvp2 x1j61x8r x1fcty0u xdj266r xat24cr xgzva0m xhhsvwb xxymvpz xlup9mm x1kky2od\"><img loading=\"lazy\" decoding=\"async\" class=\"xz74otr\" src=\"https:\/\/static.xx.fbcdn.net\/images\/emoji.php\/v9\/t1f\/1\/16\/1f3b6.png\" alt=\"\ud83c\udfb6\" width=\"16\" height=\"16\" \/><\/span> 21h &#8211; 01h : Soir\u00e9e dansante avec animations musicales Franco-Camerounaises ! <span class=\"html-span xexx8yu x4uap5 x18d9i69 xkhd6sd x1hl2dhg x16tdsg8 x1vvkbs x3nfvp2 x1j61x8r x1fcty0u xdj266r xat24cr xgzva0m xhhsvwb xxymvpz xlup9mm x1kky2od\"><img loading=\"lazy\" decoding=\"async\" class=\"xz74otr\" src=\"https:\/\/static.xx.fbcdn.net\/images\/emoji.php\/v9\/t8c\/1\/16\/1f389.png\" alt=\"\ud83c\udf89\" width=\"16\" height=\"16\" \/><\/span><br class=\"html-br\" \/><br class=\"html-br\" \/><span class=\"html-span xexx8yu x4uap5 x18d9i69 xkhd6sd x1hl2dhg x16tdsg8 x1vvkbs x3nfvp2 x1j61x8r x1fcty0u xdj266r xat24cr xgzva0m xhhsvwb xxymvpz xlup9mm x1kky2od\"><img loading=\"lazy\" decoding=\"async\" class=\"xz74otr\" src=\"https:\/\/static.xx.fbcdn.net\/images\/emoji.php\/v9\/t2d\/1\/16\/1f4cd.png\" alt=\"\ud83d\udccd\" width=\"16\" height=\"16\" \/><\/span> Lieu : MPT du Petit Charran, Valence<br class=\"html-br\" \/>R\u00e9servez d\u00e8s maintenant pour le repas caritatif :<br class=\"html-br\" \/><span class=\"html-span xexx8yu x4uap5 x18d9i69 xkhd6sd x1hl2dhg x16tdsg8 x1vvkbs x3nfvp2 x1j61x8r x1fcty0u xdj266r xat24cr xgzva0m xhhsvwb xxymvpz xlup9mm x1kky2od\"><img loading=\"lazy\" decoding=\"async\" class=\"xz74otr\" src=\"https:\/\/static.xx.fbcdn.net\/images\/emoji.php\/v9\/tbe\/1\/16\/1f4e7.png\" alt=\"\ud83d\udce7\" width=\"16\" height=\"16\" \/><\/span> Email : solidaritecamer26@gmail.com<br class=\"html-br\" \/><span class=\"html-span xexx8yu x4uap5 x18d9i69 xkhd6sd x1hl2dhg x16tdsg8 x1vvkbs x3nfvp2 x1j61x8r x1fcty0u xdj266r xat24cr xgzva0m xhhsvwb xxymvpz xlup9mm x1kky2od\"><img loading=\"lazy\" decoding=\"async\" class=\"xz74otr\" src=\"https:\/\/static.xx.fbcdn.net\/images\/emoji.php\/v9\/t4d\/1\/16\/1f4de.png\" alt=\"\ud83d\udcde\" width=\"16\" height=\"16\" \/><\/span> T\u00e9l\u00e9phone : 06 41 51 33 69 ou 06 37 86 60 62<br class=\"html-br\" \/><br class=\"html-br\" \/>Venez nombreux partager un moment de solidarit\u00e9, de f\u00eate, et de d\u00e9couvertes culturelles ! <span class=\"html-span xexx8yu x4uap5 x18d9i69 xkhd6sd x1hl2dhg x16tdsg8 x1vvkbs x3nfvp2 x1j61x8r x1fcty0u xdj266r xat24cr xgzva0m xhhsvwb xxymvpz xlup9mm x1kky2od\"><img loading=\"lazy\" decoding=\"async\" class=\"xz74otr\" src=\"https:\/\/static.xx.fbcdn.net\/images\/emoji.php\/v9\/t64\/1\/16\/1f91d.png\" alt=\"\ud83e\udd1d\" width=\"16\" height=\"16\" \/><\/span><\/span><\/p>\n","protected":false},"excerpt":{"rendered":"<p>Journ\u00e9e Culturelle avec L&rsquo;Association Solidarit\u00e9 des Amis du Cameroun (Solidarite Dr\u00f4me-Ard\u00e8che) \u00e0 la MPT du Petit Charran Le samedi 21 septembre 2024, d\u00e8s 15h, rejoignez-nous pour c\u00e9l\u00e9brer la diversit\u00e9 culturelle &hellip; <a href=\"https:\/\/mptpetitcharran.fr\/?tribe_events=journee-culturelle-avec-lassociation-solidarite-des-amis-du-cameroun\" class=\"more-link\">Continue reading <span class=\"screen-reader-text\">Journ\u00e9e Culturelle avec L&rsquo;Association Solidarit\u00e9 des Amis du Cameroun<\/span> <span class=\"meta-nav\">&rarr;<\/span><\/a><\/p>\n","protected":false},"author":1,"featured_media":5766,"template":"","meta":{"_tribe_events_status":"","_tribe_events_status_reason":"","footnotes":""},"tags":[],"tribe_events_cat":[],"class_list":["post-5853","tribe_events","type-tribe_events","status-publish","has-post-thumbnail","hentry"],"yoast_head":"<!-- This site is optimized with the Yoast SEO plugin v27.0 - https:\/\/yoast.com\/product\/yoast-seo-wordpress\/ -->\n<title>Journ\u00e9e Culturelle avec L&#039;Association Solidarit\u00e9 des Amis du Cameroun - Maison pour tous du Petit charran<\/title>\n<meta name=\"description\" content=\"Le 21 septembre, vivez une Journ\u00e9e Culturelle avec l\u2019Association Solidarit\u00e9 des Amis du Cameroun \u00e0 la MPT du Petit Charran ! D\u00e8s 15h, d\u00e9couvrez expos, tresses africaines, tombola, cuisine orientale, et contes franco-camerounais. \u00c0 18h30, assistez \u00e0 une conf\u00e9rence-d\u00e9bat suivie d\u2019un spectacle de danse. R\u00e9servez votre repas caritatif \u00e0 20h (12\u20ac) pour soutenir des dons au Cameroun. Soir\u00e9e dansante de 21h \u00e0 01h. MPT du Petit Charran, Valence. R\u00e9servations : solidaritecamer26@gmail.com, 06 41 51 33 69 ou 06 37 86 60 62.\" \/>\n<meta name=\"robots\" content=\"index, follow, max-snippet:-1, max-image-preview:large, max-video-preview:-1\" \/>\n<link rel=\"canonical\" href=\"https:\/\/mptpetitcharran.fr\/?tribe_events=journee-culturelle-avec-lassociation-solidarite-des-amis-du-cameroun\" \/>\n<meta property=\"og:locale\" content=\"fr_FR\" \/>\n<meta property=\"og:type\" content=\"article\" \/>\n<meta property=\"og:title\" content=\"Journ\u00e9e Culturelle avec L&#039;Association Solidarit\u00e9 des Amis du Cameroun - Maison pour tous du Petit charran\" \/>\n<meta property=\"og:description\" content=\"Le 21 septembre, vivez une Journ\u00e9e Culturelle avec l\u2019Association Solidarit\u00e9 des Amis du Cameroun \u00e0 la MPT du Petit Charran ! D\u00e8s 15h, d\u00e9couvrez expos, tresses africaines, tombola, cuisine orientale, et contes franco-camerounais. \u00c0 18h30, assistez \u00e0 une conf\u00e9rence-d\u00e9bat suivie d\u2019un spectacle de danse. R\u00e9servez votre repas caritatif \u00e0 20h (12\u20ac) pour soutenir des dons au Cameroun. Soir\u00e9e dansante de 21h \u00e0 01h. MPT du Petit Charran, Valence. R\u00e9servations : solidaritecamer26@gmail.com, 06 41 51 33 69 ou 06 37 86 60 62.\" \/>\n<meta property=\"og:url\" content=\"https:\/\/mptpetitcharran.fr\/?tribe_events=journee-culturelle-avec-lassociation-solidarite-des-amis-du-cameroun\" \/>\n<meta property=\"og:site_name\" content=\"Maison pour tous du Petit charran\" \/>\n<meta property=\"article:publisher\" content=\"https:\/\/www.facebook.com\/mptpetitcharran\" \/>\n<meta property=\"og:image\" content=\"https:\/\/mptpetitcharran.fr\/wp-content\/uploads\/2024\/08\/Journee-culturelle-de-lasac1.png\" \/>\n\t<meta property=\"og:image:width\" content=\"1587\" \/>\n\t<meta property=\"og:image:height\" content=\"2245\" \/>\n\t<meta property=\"og:image:type\" content=\"image\/png\" \/>\n<meta name=\"twitter:card\" content=\"summary_large_image\" \/>\n<meta name=\"twitter:label1\" content=\"Dur\u00e9e de lecture estim\u00e9e\" \/>\n\t<meta name=\"twitter:data1\" content=\"4 minutes\" \/>\n<script type=\"application\/ld+json\" class=\"yoast-schema-graph\">{\"@context\":\"https:\/\/schema.org\",\"@graph\":[{\"@type\":\"WebPage\",\"@id\":\"https:\/\/mptpetitcharran.fr\/?tribe_events=journee-culturelle-avec-lassociation-solidarite-des-amis-du-cameroun\",\"url\":\"https:\/\/mptpetitcharran.fr\/?tribe_events=journee-culturelle-avec-lassociation-solidarite-des-amis-du-cameroun\",\"name\":\"Journ\u00e9e Culturelle avec L'Association Solidarit\u00e9 des Amis du Cameroun - Maison pour tous du Petit charran\",\"isPartOf\":{\"@id\":\"https:\/\/mptpetitcharran.fr\/#website\"},\"primaryImageOfPage\":{\"@id\":\"https:\/\/mptpetitcharran.fr\/?tribe_events=journee-culturelle-avec-lassociation-solidarite-des-amis-du-cameroun#primaryimage\"},\"image\":{\"@id\":\"https:\/\/mptpetitcharran.fr\/?tribe_events=journee-culturelle-avec-lassociation-solidarite-des-amis-du-cameroun#primaryimage\"},\"thumbnailUrl\":\"https:\/\/mptpetitcharran.fr\/wp-content\/uploads\/2024\/08\/Journee-culturelle-de-lasac1.png\",\"datePublished\":\"2024-09-17T10:34:13+00:00\",\"description\":\"Le 21 septembre, vivez une Journ\u00e9e Culturelle avec l\u2019Association Solidarit\u00e9 des Amis du Cameroun \u00e0 la MPT du Petit Charran ! D\u00e8s 15h, d\u00e9couvrez expos, tresses africaines, tombola, cuisine orientale, et contes franco-camerounais. \u00c0 18h30, assistez \u00e0 une conf\u00e9rence-d\u00e9bat suivie d\u2019un spectacle de danse. R\u00e9servez votre repas caritatif \u00e0 20h (12\u20ac) pour soutenir des dons au Cameroun. Soir\u00e9e dansante de 21h \u00e0 01h. MPT du Petit Charran, Valence. R\u00e9servations : solidaritecamer26@gmail.com, 06 41 51 33 69 ou 06 37 86 60 62.\",\"breadcrumb\":{\"@id\":\"https:\/\/mptpetitcharran.fr\/?tribe_events=journee-culturelle-avec-lassociation-solidarite-des-amis-du-cameroun#breadcrumb\"},\"inLanguage\":\"fr-FR\",\"potentialAction\":[{\"@type\":\"ReadAction\",\"target\":[\"https:\/\/mptpetitcharran.fr\/?tribe_events=journee-culturelle-avec-lassociation-solidarite-des-amis-du-cameroun\"]}]},{\"@type\":\"ImageObject\",\"inLanguage\":\"fr-FR\",\"@id\":\"https:\/\/mptpetitcharran.fr\/?tribe_events=journee-culturelle-avec-lassociation-solidarite-des-amis-du-cameroun#primaryimage\",\"url\":\"https:\/\/mptpetitcharran.fr\/wp-content\/uploads\/2024\/08\/Journee-culturelle-de-lasac1.png\",\"contentUrl\":\"https:\/\/mptpetitcharran.fr\/wp-content\/uploads\/2024\/08\/Journee-culturelle-de-lasac1.png\",\"width\":1587,\"height\":2245},{\"@type\":\"BreadcrumbList\",\"@id\":\"https:\/\/mptpetitcharran.fr\/?tribe_events=journee-culturelle-avec-lassociation-solidarite-des-amis-du-cameroun#breadcrumb\",\"itemListElement\":[{\"@type\":\"ListItem\",\"position\":1,\"name\":\"Accueil\",\"item\":\"https:\/\/mptpetitcharran.fr\/\"},{\"@type\":\"ListItem\",\"position\":2,\"name\":\"\u00c9v\u00e8nements\",\"item\":\"https:\/\/mptpetitcharran.fr\/?post_type=tribe_events\"},{\"@type\":\"ListItem\",\"position\":3,\"name\":\"Journ\u00e9e Culturelle avec L&rsquo;Association Solidarit\u00e9 des Amis du Cameroun\"}]},{\"@type\":\"WebSite\",\"@id\":\"https:\/\/mptpetitcharran.fr\/#website\",\"url\":\"https:\/\/mptpetitcharran.fr\/\",\"name\":\"Maison pour tous du Petit charran\",\"description\":\"\",\"publisher\":{\"@id\":\"https:\/\/mptpetitcharran.fr\/#organization\"},\"potentialAction\":[{\"@type\":\"SearchAction\",\"target\":{\"@type\":\"EntryPoint\",\"urlTemplate\":\"https:\/\/mptpetitcharran.fr\/?s={search_term_string}\"},\"query-input\":{\"@type\":\"PropertyValueSpecification\",\"valueRequired\":true,\"valueName\":\"search_term_string\"}}],\"inLanguage\":\"fr-FR\"},{\"@type\":\"Organization\",\"@id\":\"https:\/\/mptpetitcharran.fr\/#organization\",\"name\":\"Maison pour tous du Petit charran\",\"url\":\"https:\/\/mptpetitcharran.fr\/\",\"logo\":{\"@type\":\"ImageObject\",\"inLanguage\":\"fr-FR\",\"@id\":\"https:\/\/mptpetitcharran.fr\/#\/schema\/logo\/image\/\",\"url\":\"http:\/\/mptpetitcharran.fr\/wp-content\/uploads\/2023\/07\/cropped-logo_mptpc.jpg\",\"contentUrl\":\"http:\/\/mptpetitcharran.fr\/wp-content\/uploads\/2023\/07\/cropped-logo_mptpc.jpg\",\"width\":532,\"height\":529,\"caption\":\"Maison pour tous du Petit charran\"},\"image\":{\"@id\":\"https:\/\/mptpetitcharran.fr\/#\/schema\/logo\/image\/\"},\"sameAs\":[\"https:\/\/www.facebook.com\/mptpetitcharran\",\"https:\/\/www.instagram.com\/mptpetitcharran\/\"]}]}<\/script>\n<!-- \/ Yoast SEO plugin. -->","yoast_head_json":{"title":"Journ\u00e9e Culturelle avec L'Association Solidarit\u00e9 des Amis du Cameroun - Maison pour tous du Petit charran","description":"Le 21 septembre, vivez une Journ\u00e9e Culturelle avec l\u2019Association Solidarit\u00e9 des Amis du Cameroun \u00e0 la MPT du Petit Charran ! D\u00e8s 15h, d\u00e9couvrez expos, tresses africaines, tombola, cuisine orientale, et contes franco-camerounais. \u00c0 18h30, assistez \u00e0 une conf\u00e9rence-d\u00e9bat suivie d\u2019un spectacle de danse. R\u00e9servez votre repas caritatif \u00e0 20h (12\u20ac) pour soutenir des dons au Cameroun. Soir\u00e9e dansante de 21h \u00e0 01h. MPT du Petit Charran, Valence. R\u00e9servations : solidaritecamer26@gmail.com, 06 41 51 33 69 ou 06 37 86 60 62.","robots":{"index":"index","follow":"follow","max-snippet":"max-snippet:-1","max-image-preview":"max-image-preview:large","max-video-preview":"max-video-preview:-1"},"canonical":"https:\/\/mptpetitcharran.fr\/?tribe_events=journee-culturelle-avec-lassociation-solidarite-des-amis-du-cameroun","og_locale":"fr_FR","og_type":"article","og_title":"Journ\u00e9e Culturelle avec L'Association Solidarit\u00e9 des Amis du Cameroun - Maison pour tous du Petit charran","og_description":"Le 21 septembre, vivez une Journ\u00e9e Culturelle avec l\u2019Association Solidarit\u00e9 des Amis du Cameroun \u00e0 la MPT du Petit Charran ! D\u00e8s 15h, d\u00e9couvrez expos, tresses africaines, tombola, cuisine orientale, et contes franco-camerounais. \u00c0 18h30, assistez \u00e0 une conf\u00e9rence-d\u00e9bat suivie d\u2019un spectacle de danse. R\u00e9servez votre repas caritatif \u00e0 20h (12\u20ac) pour soutenir des dons au Cameroun. Soir\u00e9e dansante de 21h \u00e0 01h. MPT du Petit Charran, Valence. R\u00e9servations : solidaritecamer26@gmail.com, 06 41 51 33 69 ou 06 37 86 60 62.","og_url":"https:\/\/mptpetitcharran.fr\/?tribe_events=journee-culturelle-avec-lassociation-solidarite-des-amis-du-cameroun","og_site_name":"Maison pour tous du Petit charran","article_publisher":"https:\/\/www.facebook.com\/mptpetitcharran","og_image":[{"width":1587,"height":2245,"url":"https:\/\/mptpetitcharran.fr\/wp-content\/uploads\/2024\/08\/Journee-culturelle-de-lasac1.png","type":"image\/png"}],"twitter_card":"summary_large_image","twitter_misc":{"Dur\u00e9e de lecture estim\u00e9e":"4 minutes"},"schema":{"@context":"https:\/\/schema.org","@graph":[{"@type":"WebPage","@id":"https:\/\/mptpetitcharran.fr\/?tribe_events=journee-culturelle-avec-lassociation-solidarite-des-amis-du-cameroun","url":"https:\/\/mptpetitcharran.fr\/?tribe_events=journee-culturelle-avec-lassociation-solidarite-des-amis-du-cameroun","name":"Journ\u00e9e Culturelle avec L'Association Solidarit\u00e9 des Amis du Cameroun - Maison pour tous du Petit charran","isPartOf":{"@id":"https:\/\/mptpetitcharran.fr\/#website"},"primaryImageOfPage":{"@id":"https:\/\/mptpetitcharran.fr\/?tribe_events=journee-culturelle-avec-lassociation-solidarite-des-amis-du-cameroun#primaryimage"},"image":{"@id":"https:\/\/mptpetitcharran.fr\/?tribe_events=journee-culturelle-avec-lassociation-solidarite-des-amis-du-cameroun#primaryimage"},"thumbnailUrl":"https:\/\/mptpetitcharran.fr\/wp-content\/uploads\/2024\/08\/Journee-culturelle-de-lasac1.png","datePublished":"2024-09-17T10:34:13+00:00","description":"Le 21 septembre, vivez une Journ\u00e9e Culturelle avec l\u2019Association Solidarit\u00e9 des Amis du Cameroun \u00e0 la MPT du Petit Charran ! D\u00e8s 15h, d\u00e9couvrez expos, tresses africaines, tombola, cuisine orientale, et contes franco-camerounais. \u00c0 18h30, assistez \u00e0 une conf\u00e9rence-d\u00e9bat suivie d\u2019un spectacle de danse. R\u00e9servez votre repas caritatif \u00e0 20h (12\u20ac) pour soutenir des dons au Cameroun. Soir\u00e9e dansante de 21h \u00e0 01h. MPT du Petit Charran, Valence. R\u00e9servations : solidaritecamer26@gmail.com, 06 41 51 33 69 ou 06 37 86 60 62.","breadcrumb":{"@id":"https:\/\/mptpetitcharran.fr\/?tribe_events=journee-culturelle-avec-lassociation-solidarite-des-amis-du-cameroun#breadcrumb"},"inLanguage":"fr-FR","potentialAction":[{"@type":"ReadAction","target":["https:\/\/mptpetitcharran.fr\/?tribe_events=journee-culturelle-avec-lassociation-solidarite-des-amis-du-cameroun"]}]},{"@type":"ImageObject","inLanguage":"fr-FR","@id":"https:\/\/mptpetitcharran.fr\/?tribe_events=journee-culturelle-avec-lassociation-solidarite-des-amis-du-cameroun#primaryimage","url":"https:\/\/mptpetitcharran.fr\/wp-content\/uploads\/2024\/08\/Journee-culturelle-de-lasac1.png","contentUrl":"https:\/\/mptpetitcharran.fr\/wp-content\/uploads\/2024\/08\/Journee-culturelle-de-lasac1.png","width":1587,"height":2245},{"@type":"BreadcrumbList","@id":"https:\/\/mptpetitcharran.fr\/?tribe_events=journee-culturelle-avec-lassociation-solidarite-des-amis-du-cameroun#breadcrumb","itemListElement":[{"@type":"ListItem","position":1,"name":"Accueil","item":"https:\/\/mptpetitcharran.fr\/"},{"@type":"ListItem","position":2,"name":"\u00c9v\u00e8nements","item":"https:\/\/mptpetitcharran.fr\/?post_type=tribe_events"},{"@type":"ListItem","position":3,"name":"Journ\u00e9e Culturelle avec L&rsquo;Association Solidarit\u00e9 des Amis du Cameroun"}]},{"@type":"WebSite","@id":"https:\/\/mptpetitcharran.fr\/#website","url":"https:\/\/mptpetitcharran.fr\/","name":"Maison pour tous du Petit charran","description":"","publisher":{"@id":"https:\/\/mptpetitcharran.fr\/#organization"},"potentialAction":[{"@type":"SearchAction","target":{"@type":"EntryPoint","urlTemplate":"https:\/\/mptpetitcharran.fr\/?s={search_term_string}"},"query-input":{"@type":"PropertyValueSpecification","valueRequired":true,"valueName":"search_term_string"}}],"inLanguage":"fr-FR"},{"@type":"Organization","@id":"https:\/\/mptpetitcharran.fr\/#organization","name":"Maison pour tous du Petit charran","url":"https:\/\/mptpetitcharran.fr\/","logo":{"@type":"ImageObject","inLanguage":"fr-FR","@id":"https:\/\/mptpetitcharran.fr\/#\/schema\/logo\/image\/","url":"http:\/\/mptpetitcharran.fr\/wp-content\/uploads\/2023\/07\/cropped-logo_mptpc.jpg","contentUrl":"http:\/\/mptpetitcharran.fr\/wp-content\/uploads\/2023\/07\/cropped-logo_mptpc.jpg","width":532,"height":529,"caption":"Maison pour tous du Petit charran"},"image":{"@id":"https:\/\/mptpetitcharran.fr\/#\/schema\/logo\/image\/"},"sameAs":["https:\/\/www.facebook.com\/mptpetitcharran","https:\/\/www.instagram.com\/mptpetitcharran\/"]}]}},"publishpress_future_workflow_manual_trigger":{"enabledWorkflows":[]},"_links":{"self":[{"href":"https:\/\/mptpetitcharran.fr\/index.php?rest_route=\/wp\/v2\/tribe_events\/5853","targetHints":{"allow":["GET"]}}],"collection":[{"href":"https:\/\/mptpetitcharran.fr\/index.php?rest_route=\/wp\/v2\/tribe_events"}],"about":[{"href":"https:\/\/mptpetitcharran.fr\/index.php?rest_route=\/wp\/v2\/types\/tribe_events"}],"author":[{"embeddable":true,"href":"https:\/\/mptpetitcharran.fr\/index.php?rest_route=\/wp\/v2\/users\/1"}],"version-history":[{"count":1,"href":"https:\/\/mptpetitcharran.fr\/index.php?rest_route=\/wp\/v2\/tribe_events\/5853\/revisions"}],"predecessor-version":[{"id":5855,"href":"https:\/\/mptpetitcharran.fr\/index.php?rest_route=\/wp\/v2\/tribe_events\/5853\/revisions\/5855"}],"wp:featuredmedia":[{"embeddable":true,"href":"https:\/\/mptpetitcharran.fr\/index.php?rest_route=\/wp\/v2\/media\/5766"}],"wp:attachment":[{"href":"https:\/\/mptpetitcharran.fr\/index.php?rest_route=%2Fwp%2Fv2%2Fmedia&parent=5853"}],"wp:term":[{"taxonomy":"post_tag","embeddable":true,"href":"https:\/\/mptpetitcharran.fr\/index.php?rest_route=%2Fwp%2Fv2%2Ftags&post=5853"},{"taxonomy":"tribe_events_cat","embeddable":true,"href":"https:\/\/mptpetitcharran.fr\/index.php?rest_route=%2Fwp%2Fv2%2Ftribe_events_cat&post=5853"}],"curies":[{"name":"wp","href":"https:\/\/api.w.org\/{rel}","templated":true}]}}