{"id":5852,"date":"2024-09-17T13:26:52","date_gmt":"2024-09-17T12:26:52","guid":{"rendered":"https:\/\/mptpetitcharran.fr\/?post_type=tribe_events&#038;p=5852"},"modified":"2024-09-17T14:50:36","modified_gmt":"2024-09-17T13:50:36","slug":"inscription-vacances-dautomne","status":"publish","type":"tribe_events","link":"https:\/\/mptpetitcharran.fr\/?tribe_events=inscription-vacances-dautomne","title":{"rendered":"Inscription vacances d&rsquo;automne"},"content":{"rendered":"<p>\ud83c\udf42 <strong>Inscriptions Vacances d&rsquo;Automne !<\/strong> \ud83c\udf83<\/p>\n<p>Les vacances approchent et l&rsquo;Accueil de Loisirs de la MPT Petit Charran ouvre ses inscriptions ce <strong>lundi 23 septembre \u00e0 partir de 13h<\/strong> ! \ud83d\ude04<\/p>\n<p>Au programme : des activit\u00e9s ludiques et cr\u00e9atives pour vos enfants pendant toute la p\u00e9riode des vacances ! Venez vite r\u00e9server vos places.<\/p>\n<p>\ud83d\udccd Rendez-vous \u00e0 la MPT Petit Charran, 30 rue Henri Dunant, Valence<br \/>\n\ud83d\udcbb Plus d&rsquo;infos sur : <a href=\"http:\/\/www.mptpetitcharran.fr\" target=\"_new\" rel=\"noopener\">www.mptpetitcharran.fr<\/a><\/p>\n<p>Faites vite, les places sont limit\u00e9es ! \ud83c\udf41\ud83d\udc7b<\/p>\n<p>#Inscriptions #VacancesDAutomne #AccueilDeLoisirs #Valence #MPTPetitCharran #Activit\u00e9sEnfants #Halloween #LoisirsCr\u00e9atifs<\/p>\n","protected":false},"excerpt":{"rendered":"<p>\ud83c\udf42 Inscriptions Vacances d&rsquo;Automne ! \ud83c\udf83 Les vacances approchent et l&rsquo;Accueil de Loisirs de la MPT Petit Charran ouvre ses inscriptions ce lundi 23 septembre \u00e0 partir de 13h ! &hellip; <a href=\"https:\/\/mptpetitcharran.fr\/?tribe_events=inscription-vacances-dautomne\" class=\"more-link\">Continue reading <span class=\"screen-reader-text\">Inscription vacances d&rsquo;automne<\/span> <span class=\"meta-nav\">&rarr;<\/span><\/a><\/p>\n","protected":false},"author":1,"featured_media":5856,"template":"","meta":{"_tribe_events_status":"","_tribe_events_status_reason":"","footnotes":""},"tags":[],"tribe_events_cat":[],"class_list":["post-5852","tribe_events","type-tribe_events","status-publish","has-post-thumbnail","hentry"],"yoast_head":"<!-- This site is optimized with the Yoast SEO plugin v27.0 - https:\/\/yoast.com\/product\/yoast-seo-wordpress\/ -->\n<title>Inscription vacances d&#039;automne - Maison pour tous du Petit charran<\/title>\n<meta name=\"description\" content=\"Les inscriptions pour l&#039;accueil de loisirs de la MPT Petit Charran d\u00e9butent le lundi 23 septembre \u00e0 partir de 13h. R\u00e9servez vite vos places pour les vacances d&#039;automne et profitez d&#039;activit\u00e9s ludiques et cr\u00e9atives pour vos enfants \u00e0 Valence !\" \/>\n<meta name=\"robots\" content=\"index, follow, max-snippet:-1, max-image-preview:large, max-video-preview:-1\" \/>\n<link rel=\"canonical\" href=\"https:\/\/mptpetitcharran.fr\/?tribe_events=inscription-vacances-dautomne\" \/>\n<meta property=\"og:locale\" content=\"fr_FR\" \/>\n<meta property=\"og:type\" content=\"article\" \/>\n<meta property=\"og:title\" content=\"Inscription vacances d&#039;automne - Maison pour tous du Petit charran\" \/>\n<meta property=\"og:description\" content=\"Les inscriptions pour l&#039;accueil de loisirs de la MPT Petit Charran d\u00e9butent le lundi 23 septembre \u00e0 partir de 13h. R\u00e9servez vite vos places pour les vacances d&#039;automne et profitez d&#039;activit\u00e9s ludiques et cr\u00e9atives pour vos enfants \u00e0 Valence !\" \/>\n<meta property=\"og:url\" content=\"https:\/\/mptpetitcharran.fr\/?tribe_events=inscription-vacances-dautomne\" \/>\n<meta property=\"og:site_name\" content=\"Maison pour tous du Petit charran\" \/>\n<meta property=\"article:publisher\" content=\"https:\/\/www.facebook.com\/mptpetitcharran\" \/>\n<meta property=\"article:modified_time\" content=\"2024-09-17T13:50:36+00:00\" \/>\n<meta property=\"og:image\" content=\"https:\/\/mptpetitcharran.fr\/wp-content\/uploads\/2024\/09\/inscription-des-mercredis1.png\" \/>\n\t<meta property=\"og:image:width\" content=\"1414\" \/>\n\t<meta property=\"og:image:height\" content=\"2000\" \/>\n\t<meta property=\"og:image:type\" content=\"image\/png\" \/>\n<meta name=\"twitter:card\" content=\"summary_large_image\" \/>\n<meta name=\"twitter:label1\" content=\"Dur\u00e9e de lecture estim\u00e9e\" \/>\n\t<meta name=\"twitter:data1\" content=\"1 minute\" \/>\n<script type=\"application\/ld+json\" class=\"yoast-schema-graph\">{\"@context\":\"https:\/\/schema.org\",\"@graph\":[{\"@type\":\"WebPage\",\"@id\":\"https:\/\/mptpetitcharran.fr\/?tribe_events=inscription-vacances-dautomne\",\"url\":\"https:\/\/mptpetitcharran.fr\/?tribe_events=inscription-vacances-dautomne\",\"name\":\"Inscription vacances d'automne - Maison pour tous du Petit charran\",\"isPartOf\":{\"@id\":\"https:\/\/mptpetitcharran.fr\/#website\"},\"primaryImageOfPage\":{\"@id\":\"https:\/\/mptpetitcharran.fr\/?tribe_events=inscription-vacances-dautomne#primaryimage\"},\"image\":{\"@id\":\"https:\/\/mptpetitcharran.fr\/?tribe_events=inscription-vacances-dautomne#primaryimage\"},\"thumbnailUrl\":\"https:\/\/mptpetitcharran.fr\/wp-content\/uploads\/2024\/09\/inscription-des-mercredis1.png\",\"datePublished\":\"2024-09-17T12:26:52+00:00\",\"dateModified\":\"2024-09-17T13:50:36+00:00\",\"description\":\"Les inscriptions pour l'accueil de loisirs de la MPT Petit Charran d\u00e9butent le lundi 23 septembre \u00e0 partir de 13h. R\u00e9servez vite vos places pour les vacances d'automne et profitez d'activit\u00e9s ludiques et cr\u00e9atives pour vos enfants \u00e0 Valence !\",\"breadcrumb\":{\"@id\":\"https:\/\/mptpetitcharran.fr\/?tribe_events=inscription-vacances-dautomne#breadcrumb\"},\"inLanguage\":\"fr-FR\",\"potentialAction\":[{\"@type\":\"ReadAction\",\"target\":[\"https:\/\/mptpetitcharran.fr\/?tribe_events=inscription-vacances-dautomne\"]}]},{\"@type\":\"ImageObject\",\"inLanguage\":\"fr-FR\",\"@id\":\"https:\/\/mptpetitcharran.fr\/?tribe_events=inscription-vacances-dautomne#primaryimage\",\"url\":\"https:\/\/mptpetitcharran.fr\/wp-content\/uploads\/2024\/09\/inscription-des-mercredis1.png\",\"contentUrl\":\"https:\/\/mptpetitcharran.fr\/wp-content\/uploads\/2024\/09\/inscription-des-mercredis1.png\",\"width\":1414,\"height\":2000},{\"@type\":\"BreadcrumbList\",\"@id\":\"https:\/\/mptpetitcharran.fr\/?tribe_events=inscription-vacances-dautomne#breadcrumb\",\"itemListElement\":[{\"@type\":\"ListItem\",\"position\":1,\"name\":\"Accueil\",\"item\":\"https:\/\/mptpetitcharran.fr\/\"},{\"@type\":\"ListItem\",\"position\":2,\"name\":\"\u00c9v\u00e8nements\",\"item\":\"https:\/\/mptpetitcharran.fr\/?post_type=tribe_events\"},{\"@type\":\"ListItem\",\"position\":3,\"name\":\"Inscription vacances d&rsquo;automne\"}]},{\"@type\":\"WebSite\",\"@id\":\"https:\/\/mptpetitcharran.fr\/#website\",\"url\":\"https:\/\/mptpetitcharran.fr\/\",\"name\":\"Maison pour tous du Petit charran\",\"description\":\"\",\"publisher\":{\"@id\":\"https:\/\/mptpetitcharran.fr\/#organization\"},\"potentialAction\":[{\"@type\":\"SearchAction\",\"target\":{\"@type\":\"EntryPoint\",\"urlTemplate\":\"https:\/\/mptpetitcharran.fr\/?s={search_term_string}\"},\"query-input\":{\"@type\":\"PropertyValueSpecification\",\"valueRequired\":true,\"valueName\":\"search_term_string\"}}],\"inLanguage\":\"fr-FR\"},{\"@type\":\"Organization\",\"@id\":\"https:\/\/mptpetitcharran.fr\/#organization\",\"name\":\"Maison pour tous du Petit charran\",\"url\":\"https:\/\/mptpetitcharran.fr\/\",\"logo\":{\"@type\":\"ImageObject\",\"inLanguage\":\"fr-FR\",\"@id\":\"https:\/\/mptpetitcharran.fr\/#\/schema\/logo\/image\/\",\"url\":\"http:\/\/mptpetitcharran.fr\/wp-content\/uploads\/2023\/07\/cropped-logo_mptpc.jpg\",\"contentUrl\":\"http:\/\/mptpetitcharran.fr\/wp-content\/uploads\/2023\/07\/cropped-logo_mptpc.jpg\",\"width\":532,\"height\":529,\"caption\":\"Maison pour tous du Petit charran\"},\"image\":{\"@id\":\"https:\/\/mptpetitcharran.fr\/#\/schema\/logo\/image\/\"},\"sameAs\":[\"https:\/\/www.facebook.com\/mptpetitcharran\",\"https:\/\/www.instagram.com\/mptpetitcharran\/\"]}]}<\/script>\n<!-- \/ Yoast SEO plugin. -->","yoast_head_json":{"title":"Inscription vacances d'automne - Maison pour tous du Petit charran","description":"Les inscriptions pour l'accueil de loisirs de la MPT Petit Charran d\u00e9butent le lundi 23 septembre \u00e0 partir de 13h. R\u00e9servez vite vos places pour les vacances d'automne et profitez d'activit\u00e9s ludiques et cr\u00e9atives pour vos enfants \u00e0 Valence !","robots":{"index":"index","follow":"follow","max-snippet":"max-snippet:-1","max-image-preview":"max-image-preview:large","max-video-preview":"max-video-preview:-1"},"canonical":"https:\/\/mptpetitcharran.fr\/?tribe_events=inscription-vacances-dautomne","og_locale":"fr_FR","og_type":"article","og_title":"Inscription vacances d'automne - Maison pour tous du Petit charran","og_description":"Les inscriptions pour l'accueil de loisirs de la MPT Petit Charran d\u00e9butent le lundi 23 septembre \u00e0 partir de 13h. R\u00e9servez vite vos places pour les vacances d'automne et profitez d'activit\u00e9s ludiques et cr\u00e9atives pour vos enfants \u00e0 Valence !","og_url":"https:\/\/mptpetitcharran.fr\/?tribe_events=inscription-vacances-dautomne","og_site_name":"Maison pour tous du Petit charran","article_publisher":"https:\/\/www.facebook.com\/mptpetitcharran","article_modified_time":"2024-09-17T13:50:36+00:00","og_image":[{"width":1414,"height":2000,"url":"https:\/\/mptpetitcharran.fr\/wp-content\/uploads\/2024\/09\/inscription-des-mercredis1.png","type":"image\/png"}],"twitter_card":"summary_large_image","twitter_misc":{"Dur\u00e9e de lecture estim\u00e9e":"1 minute"},"schema":{"@context":"https:\/\/schema.org","@graph":[{"@type":"WebPage","@id":"https:\/\/mptpetitcharran.fr\/?tribe_events=inscription-vacances-dautomne","url":"https:\/\/mptpetitcharran.fr\/?tribe_events=inscription-vacances-dautomne","name":"Inscription vacances d'automne - Maison pour tous du Petit charran","isPartOf":{"@id":"https:\/\/mptpetitcharran.fr\/#website"},"primaryImageOfPage":{"@id":"https:\/\/mptpetitcharran.fr\/?tribe_events=inscription-vacances-dautomne#primaryimage"},"image":{"@id":"https:\/\/mptpetitcharran.fr\/?tribe_events=inscription-vacances-dautomne#primaryimage"},"thumbnailUrl":"https:\/\/mptpetitcharran.fr\/wp-content\/uploads\/2024\/09\/inscription-des-mercredis1.png","datePublished":"2024-09-17T12:26:52+00:00","dateModified":"2024-09-17T13:50:36+00:00","description":"Les inscriptions pour l'accueil de loisirs de la MPT Petit Charran d\u00e9butent le lundi 23 septembre \u00e0 partir de 13h. R\u00e9servez vite vos places pour les vacances d'automne et profitez d'activit\u00e9s ludiques et cr\u00e9atives pour vos enfants \u00e0 Valence !","breadcrumb":{"@id":"https:\/\/mptpetitcharran.fr\/?tribe_events=inscription-vacances-dautomne#breadcrumb"},"inLanguage":"fr-FR","potentialAction":[{"@type":"ReadAction","target":["https:\/\/mptpetitcharran.fr\/?tribe_events=inscription-vacances-dautomne"]}]},{"@type":"ImageObject","inLanguage":"fr-FR","@id":"https:\/\/mptpetitcharran.fr\/?tribe_events=inscription-vacances-dautomne#primaryimage","url":"https:\/\/mptpetitcharran.fr\/wp-content\/uploads\/2024\/09\/inscription-des-mercredis1.png","contentUrl":"https:\/\/mptpetitcharran.fr\/wp-content\/uploads\/2024\/09\/inscription-des-mercredis1.png","width":1414,"height":2000},{"@type":"BreadcrumbList","@id":"https:\/\/mptpetitcharran.fr\/?tribe_events=inscription-vacances-dautomne#breadcrumb","itemListElement":[{"@type":"ListItem","position":1,"name":"Accueil","item":"https:\/\/mptpetitcharran.fr\/"},{"@type":"ListItem","position":2,"name":"\u00c9v\u00e8nements","item":"https:\/\/mptpetitcharran.fr\/?post_type=tribe_events"},{"@type":"ListItem","position":3,"name":"Inscription vacances d&rsquo;automne"}]},{"@type":"WebSite","@id":"https:\/\/mptpetitcharran.fr\/#website","url":"https:\/\/mptpetitcharran.fr\/","name":"Maison pour tous du Petit charran","description":"","publisher":{"@id":"https:\/\/mptpetitcharran.fr\/#organization"},"potentialAction":[{"@type":"SearchAction","target":{"@type":"EntryPoint","urlTemplate":"https:\/\/mptpetitcharran.fr\/?s={search_term_string}"},"query-input":{"@type":"PropertyValueSpecification","valueRequired":true,"valueName":"search_term_string"}}],"inLanguage":"fr-FR"},{"@type":"Organization","@id":"https:\/\/mptpetitcharran.fr\/#organization","name":"Maison pour tous du Petit charran","url":"https:\/\/mptpetitcharran.fr\/","logo":{"@type":"ImageObject","inLanguage":"fr-FR","@id":"https:\/\/mptpetitcharran.fr\/#\/schema\/logo\/image\/","url":"http:\/\/mptpetitcharran.fr\/wp-content\/uploads\/2023\/07\/cropped-logo_mptpc.jpg","contentUrl":"http:\/\/mptpetitcharran.fr\/wp-content\/uploads\/2023\/07\/cropped-logo_mptpc.jpg","width":532,"height":529,"caption":"Maison pour tous du Petit charran"},"image":{"@id":"https:\/\/mptpetitcharran.fr\/#\/schema\/logo\/image\/"},"sameAs":["https:\/\/www.facebook.com\/mptpetitcharran","https:\/\/www.instagram.com\/mptpetitcharran\/"]}]}},"publishpress_future_workflow_manual_trigger":{"enabledWorkflows":[]},"_links":{"self":[{"href":"https:\/\/mptpetitcharran.fr\/index.php?rest_route=\/wp\/v2\/tribe_events\/5852","targetHints":{"allow":["GET"]}}],"collection":[{"href":"https:\/\/mptpetitcharran.fr\/index.php?rest_route=\/wp\/v2\/tribe_events"}],"about":[{"href":"https:\/\/mptpetitcharran.fr\/index.php?rest_route=\/wp\/v2\/types\/tribe_events"}],"author":[{"embeddable":true,"href":"https:\/\/mptpetitcharran.fr\/index.php?rest_route=\/wp\/v2\/users\/1"}],"version-history":[{"count":2,"href":"https:\/\/mptpetitcharran.fr\/index.php?rest_route=\/wp\/v2\/tribe_events\/5852\/revisions"}],"predecessor-version":[{"id":5864,"href":"https:\/\/mptpetitcharran.fr\/index.php?rest_route=\/wp\/v2\/tribe_events\/5852\/revisions\/5864"}],"wp:featuredmedia":[{"embeddable":true,"href":"https:\/\/mptpetitcharran.fr\/index.php?rest_route=\/wp\/v2\/media\/5856"}],"wp:attachment":[{"href":"https:\/\/mptpetitcharran.fr\/index.php?rest_route=%2Fwp%2Fv2%2Fmedia&parent=5852"}],"wp:term":[{"taxonomy":"post_tag","embeddable":true,"href":"https:\/\/mptpetitcharran.fr\/index.php?rest_route=%2Fwp%2Fv2%2Ftags&post=5852"},{"taxonomy":"tribe_events_cat","embeddable":true,"href":"https:\/\/mptpetitcharran.fr\/index.php?rest_route=%2Fwp%2Fv2%2Ftribe_events_cat&post=5852"}],"curies":[{"name":"wp","href":"https:\/\/api.w.org\/{rel}","templated":true}]}}