{"id":5844,"date":"2024-09-17T11:24:46","date_gmt":"2024-09-17T10:24:46","guid":{"rendered":"https:\/\/mptpetitcharran.fr\/?post_type=tribe_events&#038;p=5844"},"modified":"2024-09-17T11:25:34","modified_gmt":"2024-09-17T10:25:34","slug":"festival","status":"publish","type":"tribe_events","link":"https:\/\/mptpetitcharran.fr\/?tribe_events=festival","title":{"rendered":"Festival \u00ab\u00a0Les murs ne servent \u00e0 rien\u00a0\u00bb \u00e0 Dieulefit"},"content":{"rendered":"<div class=\"xdj266r x11i5rnm xat24cr x1mh8g0r x1vvkbs x126k92a\">\n<div dir=\"auto\"><span class=\"html-span xexx8yu x4uap5 x18d9i69 xkhd6sd x1hl2dhg x16tdsg8 x1vvkbs x3nfvp2 x1j61x8r x1fcty0u xdj266r xat24cr xgzva0m xhhsvwb xxymvpz xlup9mm x1kky2od\"><img loading=\"lazy\" decoding=\"async\" class=\"xz74otr\" src=\"https:\/\/static.xx.fbcdn.net\/images\/emoji.php\/v9\/t3f\/1\/16\/1f30d.png\" alt=\"\ud83c\udf0d\" width=\"16\" height=\"16\" \/><\/span> Le 21 septembre, embarquez pour une journ\u00e9e de d\u00e9couvertes culturelles au Festival \u00ab\u00a0Les murs ne servent \u00e0 rien\u00a0\u00bb \u00e0 Dieulefit ! <span class=\"html-span xexx8yu x4uap5 x18d9i69 xkhd6sd x1hl2dhg x16tdsg8 x1vvkbs x3nfvp2 x1j61x8r x1fcty0u xdj266r xat24cr xgzva0m xhhsvwb xxymvpz xlup9mm x1kky2od\"><img loading=\"lazy\" decoding=\"async\" class=\"xz74otr\" src=\"https:\/\/static.xx.fbcdn.net\/images\/emoji.php\/v9\/t2d\/1\/16\/1f3ac.png\" alt=\"\ud83c\udfac\" width=\"16\" height=\"16\" \/><\/span><span class=\"html-span xexx8yu x4uap5 x18d9i69 xkhd6sd x1hl2dhg x16tdsg8 x1vvkbs x3nfvp2 x1j61x8r x1fcty0u xdj266r xat24cr xgzva0m xhhsvwb xxymvpz xlup9mm x1kky2od\"><img loading=\"lazy\" decoding=\"async\" class=\"xz74otr\" src=\"https:\/\/static.xx.fbcdn.net\/images\/emoji.php\/v9\/t1f\/1\/16\/1f3b6.png\" alt=\"\ud83c\udfb6\" width=\"16\" height=\"16\" \/><\/span><span class=\"html-span xexx8yu x4uap5 x18d9i69 xkhd6sd x1hl2dhg x16tdsg8 x1vvkbs x3nfvp2 x1j61x8r x1fcty0u xdj266r xat24cr xgzva0m xhhsvwb xxymvpz xlup9mm x1kky2od\"><img loading=\"lazy\" decoding=\"async\" class=\"xz74otr\" src=\"https:\/\/static.xx.fbcdn.net\/images\/emoji.php\/v9\/t49\/1\/16\/1f4da.png\" alt=\"\ud83d\udcda\" width=\"16\" height=\"16\" \/><\/span><\/div>\n<\/div>\n<div class=\"x11i5rnm xat24cr x1mh8g0r x1vvkbs xtlvy1s x126k92a\">\n<div dir=\"auto\">Au programme : films, musique, lectures, conf\u00e9rences, expositions de photographies, \u00e9missions de radio, et cartographie. Une v\u00e9ritable immersion culturelle vous attend avec l&rsquo;association Passerelles.<\/div>\n<\/div>\n<div class=\"x11i5rnm xat24cr x1mh8g0r x1vvkbs xtlvy1s x126k92a\">\n<div dir=\"auto\"><span class=\"html-span xexx8yu x4uap5 x18d9i69 xkhd6sd x1hl2dhg x16tdsg8 x1vvkbs x3nfvp2 x1j61x8r x1fcty0u xdj266r xat24cr xgzva0m xhhsvwb xxymvpz xlup9mm x1kky2od\"><img loading=\"lazy\" decoding=\"async\" class=\"xz74otr\" src=\"https:\/\/static.xx.fbcdn.net\/images\/emoji.php\/v9\/t79\/1\/16\/1f68c.png\" alt=\"\ud83d\ude8c\" width=\"16\" height=\"16\" \/><\/span> D\u00e9part : 9h en minibus depuis la MPT<\/div>\n<div dir=\"auto\"><span class=\"html-span xexx8yu x4uap5 x18d9i69 xkhd6sd x1hl2dhg x16tdsg8 x1vvkbs x3nfvp2 x1j61x8r x1fcty0u xdj266r xat24cr xgzva0m xhhsvwb xxymvpz xlup9mm x1kky2od\"><img loading=\"lazy\" decoding=\"async\" class=\"xz74otr\" src=\"https:\/\/static.xx.fbcdn.net\/images\/emoji.php\/v9\/tda\/1\/16\/1f55b.png\" alt=\"\ud83d\udd5b\" width=\"16\" height=\"16\" \/><\/span> Retour : vers minuit \u00e0 la MPT<\/div>\n<div dir=\"auto\"><span class=\"html-span xexx8yu x4uap5 x18d9i69 xkhd6sd x1hl2dhg x16tdsg8 x1vvkbs x3nfvp2 x1j61x8r x1fcty0u xdj266r xat24cr xgzva0m xhhsvwb xxymvpz xlup9mm x1kky2od\"><img loading=\"lazy\" decoding=\"async\" class=\"xz74otr\" src=\"https:\/\/static.xx.fbcdn.net\/images\/emoji.php\/v9\/tfc\/1\/16\/1f96a.png\" alt=\"\ud83e\udd6a\" width=\"16\" height=\"16\" \/><\/span> Repas : Apportez votre pique-nique ou profitez de la restauration sur place<\/div>\n<div dir=\"auto\"><span class=\"html-span xexx8yu x4uap5 x18d9i69 xkhd6sd x1hl2dhg x16tdsg8 x1vvkbs x3nfvp2 x1j61x8r x1fcty0u xdj266r xat24cr xgzva0m xhhsvwb xxymvpz xlup9mm x1kky2od\"><img loading=\"lazy\" decoding=\"async\" class=\"xz74otr\" src=\"https:\/\/static.xx.fbcdn.net\/images\/emoji.php\/v9\/t62\/1\/16\/1f4b8.png\" alt=\"\ud83d\udcb8\" width=\"16\" height=\"16\" \/><\/span> Tarifs : Gratuit pour tous nos adh\u00e9rents !<\/div>\n<\/div>\n<div class=\"x11i5rnm xat24cr x1mh8g0r x1vvkbs xtlvy1s x126k92a\">\n<div dir=\"auto\"><span class=\"html-span xexx8yu x4uap5 x18d9i69 xkhd6sd x1hl2dhg x16tdsg8 x1vvkbs x3nfvp2 x1j61x8r x1fcty0u xdj266r xat24cr xgzva0m xhhsvwb xxymvpz xlup9mm x1kky2od\"><img loading=\"lazy\" decoding=\"async\" class=\"xz74otr\" src=\"https:\/\/static.xx.fbcdn.net\/images\/emoji.php\/v9\/td8\/1\/16\/1f39f.png\" alt=\"\ud83c\udf9f\" width=\"16\" height=\"16\" \/><\/span> Inscrivez-vous vite pour ne pas manquer cette journ\u00e9e inoubliable !<\/div>\n<div dir=\"auto\"><span class=\"html-span xexx8yu x4uap5 x18d9i69 xkhd6sd x1hl2dhg x16tdsg8 x1vvkbs x3nfvp2 x1j61x8r x1fcty0u xdj266r xat24cr xgzva0m xhhsvwb xxymvpz xlup9mm x1kky2od\"><img loading=\"lazy\" decoding=\"async\" class=\"xz74otr\" src=\"https:\/\/static.xx.fbcdn.net\/images\/emoji.php\/v9\/td8\/1\/16\/1f4f2.png\" alt=\"\ud83d\udcf2\" width=\"16\" height=\"16\" \/><\/span> Pour plus d&rsquo;infos et inscriptions :<\/div>\n<div dir=\"auto\">Instagram : @pdnpetitcharran<\/div>\n<div dir=\"auto\"><span class=\"html-span xexx8yu x4uap5 x18d9i69 xkhd6sd x1hl2dhg x16tdsg8 x1vvkbs x3nfvp2 x1j61x8r x1fcty0u xdj266r xat24cr xgzva0m xhhsvwb xxymvpz xlup9mm x1kky2od\"><img loading=\"lazy\" decoding=\"async\" class=\"xz74otr\" src=\"https:\/\/static.xx.fbcdn.net\/images\/emoji.php\/v9\/tbe\/1\/16\/1f4e7.png\" alt=\"\ud83d\udce7\" width=\"16\" height=\"16\" \/><\/span> Email : jeunesse@mptpetitcharran<\/div>\n<div dir=\"auto\"><span class=\"html-span xexx8yu x4uap5 x18d9i69 xkhd6sd x1hl2dhg x16tdsg8 x1vvkbs x3nfvp2 x1j61x8r x1fcty0u xdj266r xat24cr xgzva0m xhhsvwb xxymvpz xlup9mm x1kky2od\"><img loading=\"lazy\" decoding=\"async\" class=\"xz74otr\" src=\"https:\/\/static.xx.fbcdn.net\/images\/emoji.php\/v9\/t4d\/1\/16\/1f4de.png\" alt=\"\ud83d\udcde\" width=\"16\" height=\"16\" \/><\/span> T\u00e9l\u00e9phone : 04 75 43 48 52<\/div>\n<\/div>\n","protected":false},"excerpt":{"rendered":"<p>Le 21 septembre, embarquez pour une journ\u00e9e de d\u00e9couvertes culturelles au Festival \u00ab\u00a0Les murs ne servent \u00e0 rien\u00a0\u00bb \u00e0 Dieulefit ! Au programme : films, musique, lectures, conf\u00e9rences, expositions de &hellip; <a href=\"https:\/\/mptpetitcharran.fr\/?tribe_events=festival\" class=\"more-link\">Continue reading <span class=\"screen-reader-text\">Festival \u00ab\u00a0Les murs ne servent \u00e0 rien\u00a0\u00bb \u00e0 Dieulefit<\/span> <span class=\"meta-nav\">&rarr;<\/span><\/a><\/p>\n","protected":false},"author":1,"featured_media":5799,"template":"","meta":{"_tribe_events_status":"","_tribe_events_status_reason":"","footnotes":""},"tags":[],"tribe_events_cat":[],"class_list":["post-5844","tribe_events","type-tribe_events","status-publish","has-post-thumbnail","hentry"],"yoast_head":"<!-- This site is optimized with the Yoast SEO plugin v27.0 - https:\/\/yoast.com\/product\/yoast-seo-wordpress\/ -->\n<title>Festival &quot;Les murs ne servent \u00e0 rien&quot; \u00e0 Dieulefit - Maison pour tous du Petit charran<\/title>\n<meta name=\"description\" content=\"Le 21 septembre, rejoignez le Festival &quot;Les murs ne servent \u00e0 rien&quot; \u00e0 Dieulefit pour une immersion culturelle avec films, musique, lectures, et plus ! D\u00e9part \u00e0 9h depuis la MPT, retour vers minuit. Pique-nique ou restauration sur place. Gratuit pour les adh\u00e9rents ! Infos &amp; inscriptions : Instagram @pdnpetitcharran, email jeunesse@mptpetitcharran, t\u00e9l\u00e9phone 04 75 43 48 52.\" \/>\n<meta name=\"robots\" content=\"index, follow, max-snippet:-1, max-image-preview:large, max-video-preview:-1\" \/>\n<link rel=\"canonical\" href=\"https:\/\/mptpetitcharran.fr\/?tribe_events=festival\" \/>\n<meta property=\"og:locale\" content=\"fr_FR\" \/>\n<meta property=\"og:type\" content=\"article\" \/>\n<meta property=\"og:title\" content=\"Festival &quot;Les murs ne servent \u00e0 rien&quot; \u00e0 Dieulefit - Maison pour tous du Petit charran\" \/>\n<meta property=\"og:description\" content=\"Le 21 septembre, rejoignez le Festival &quot;Les murs ne servent \u00e0 rien&quot; \u00e0 Dieulefit pour une immersion culturelle avec films, musique, lectures, et plus ! D\u00e9part \u00e0 9h depuis la MPT, retour vers minuit. Pique-nique ou restauration sur place. Gratuit pour les adh\u00e9rents ! Infos &amp; inscriptions : Instagram @pdnpetitcharran, email jeunesse@mptpetitcharran, t\u00e9l\u00e9phone 04 75 43 48 52.\" \/>\n<meta property=\"og:url\" content=\"https:\/\/mptpetitcharran.fr\/?tribe_events=festival\" \/>\n<meta property=\"og:site_name\" content=\"Maison pour tous du Petit charran\" \/>\n<meta property=\"article:publisher\" content=\"https:\/\/www.facebook.com\/mptpetitcharran\" \/>\n<meta property=\"article:modified_time\" content=\"2024-09-17T10:25:34+00:00\" \/>\n<meta property=\"og:image\" content=\"https:\/\/mptpetitcharran.fr\/wp-content\/uploads\/2024\/08\/Sortie-Dieulefit-festival.jpg\" \/>\n\t<meta property=\"og:image:width\" content=\"1414\" \/>\n\t<meta property=\"og:image:height\" content=\"2000\" \/>\n\t<meta property=\"og:image:type\" content=\"image\/jpeg\" \/>\n<meta name=\"twitter:card\" content=\"summary_large_image\" \/>\n<meta name=\"twitter:label1\" content=\"Dur\u00e9e de lecture estim\u00e9e\" \/>\n\t<meta name=\"twitter:data1\" content=\"4 minutes\" \/>\n<script type=\"application\/ld+json\" class=\"yoast-schema-graph\">{\"@context\":\"https:\/\/schema.org\",\"@graph\":[{\"@type\":\"WebPage\",\"@id\":\"https:\/\/mptpetitcharran.fr\/?tribe_events=festival\",\"url\":\"https:\/\/mptpetitcharran.fr\/?tribe_events=festival\",\"name\":\"Festival \\\"Les murs ne servent \u00e0 rien\\\" \u00e0 Dieulefit - Maison pour tous du Petit charran\",\"isPartOf\":{\"@id\":\"https:\/\/mptpetitcharran.fr\/#website\"},\"primaryImageOfPage\":{\"@id\":\"https:\/\/mptpetitcharran.fr\/?tribe_events=festival#primaryimage\"},\"image\":{\"@id\":\"https:\/\/mptpetitcharran.fr\/?tribe_events=festival#primaryimage\"},\"thumbnailUrl\":\"https:\/\/mptpetitcharran.fr\/wp-content\/uploads\/2024\/08\/Sortie-Dieulefit-festival.jpg\",\"datePublished\":\"2024-09-17T10:24:46+00:00\",\"dateModified\":\"2024-09-17T10:25:34+00:00\",\"description\":\"Le 21 septembre, rejoignez le Festival \\\"Les murs ne servent \u00e0 rien\\\" \u00e0 Dieulefit pour une immersion culturelle avec films, musique, lectures, et plus ! D\u00e9part \u00e0 9h depuis la MPT, retour vers minuit. Pique-nique ou restauration sur place. Gratuit pour les adh\u00e9rents ! Infos & inscriptions : Instagram @pdnpetitcharran, email jeunesse@mptpetitcharran, t\u00e9l\u00e9phone 04 75 43 48 52.\",\"breadcrumb\":{\"@id\":\"https:\/\/mptpetitcharran.fr\/?tribe_events=festival#breadcrumb\"},\"inLanguage\":\"fr-FR\",\"potentialAction\":[{\"@type\":\"ReadAction\",\"target\":[\"https:\/\/mptpetitcharran.fr\/?tribe_events=festival\"]}]},{\"@type\":\"ImageObject\",\"inLanguage\":\"fr-FR\",\"@id\":\"https:\/\/mptpetitcharran.fr\/?tribe_events=festival#primaryimage\",\"url\":\"https:\/\/mptpetitcharran.fr\/wp-content\/uploads\/2024\/08\/Sortie-Dieulefit-festival.jpg\",\"contentUrl\":\"https:\/\/mptpetitcharran.fr\/wp-content\/uploads\/2024\/08\/Sortie-Dieulefit-festival.jpg\",\"width\":1414,\"height\":2000},{\"@type\":\"BreadcrumbList\",\"@id\":\"https:\/\/mptpetitcharran.fr\/?tribe_events=festival#breadcrumb\",\"itemListElement\":[{\"@type\":\"ListItem\",\"position\":1,\"name\":\"Accueil\",\"item\":\"https:\/\/mptpetitcharran.fr\/\"},{\"@type\":\"ListItem\",\"position\":2,\"name\":\"\u00c9v\u00e8nements\",\"item\":\"https:\/\/mptpetitcharran.fr\/?post_type=tribe_events\"},{\"@type\":\"ListItem\",\"position\":3,\"name\":\"Festival \u00ab\u00a0Les murs ne servent \u00e0 rien\u00a0\u00bb \u00e0 Dieulefit\"}]},{\"@type\":\"WebSite\",\"@id\":\"https:\/\/mptpetitcharran.fr\/#website\",\"url\":\"https:\/\/mptpetitcharran.fr\/\",\"name\":\"Maison pour tous du Petit charran\",\"description\":\"\",\"publisher\":{\"@id\":\"https:\/\/mptpetitcharran.fr\/#organization\"},\"potentialAction\":[{\"@type\":\"SearchAction\",\"target\":{\"@type\":\"EntryPoint\",\"urlTemplate\":\"https:\/\/mptpetitcharran.fr\/?s={search_term_string}\"},\"query-input\":{\"@type\":\"PropertyValueSpecification\",\"valueRequired\":true,\"valueName\":\"search_term_string\"}}],\"inLanguage\":\"fr-FR\"},{\"@type\":\"Organization\",\"@id\":\"https:\/\/mptpetitcharran.fr\/#organization\",\"name\":\"Maison pour tous du Petit charran\",\"url\":\"https:\/\/mptpetitcharran.fr\/\",\"logo\":{\"@type\":\"ImageObject\",\"inLanguage\":\"fr-FR\",\"@id\":\"https:\/\/mptpetitcharran.fr\/#\/schema\/logo\/image\/\",\"url\":\"http:\/\/mptpetitcharran.fr\/wp-content\/uploads\/2023\/07\/cropped-logo_mptpc.jpg\",\"contentUrl\":\"http:\/\/mptpetitcharran.fr\/wp-content\/uploads\/2023\/07\/cropped-logo_mptpc.jpg\",\"width\":532,\"height\":529,\"caption\":\"Maison pour tous du Petit charran\"},\"image\":{\"@id\":\"https:\/\/mptpetitcharran.fr\/#\/schema\/logo\/image\/\"},\"sameAs\":[\"https:\/\/www.facebook.com\/mptpetitcharran\",\"https:\/\/www.instagram.com\/mptpetitcharran\/\"]}]}<\/script>\n<!-- \/ Yoast SEO plugin. -->","yoast_head_json":{"title":"Festival \"Les murs ne servent \u00e0 rien\" \u00e0 Dieulefit - Maison pour tous du Petit charran","description":"Le 21 septembre, rejoignez le Festival \"Les murs ne servent \u00e0 rien\" \u00e0 Dieulefit pour une immersion culturelle avec films, musique, lectures, et plus ! D\u00e9part \u00e0 9h depuis la MPT, retour vers minuit. Pique-nique ou restauration sur place. Gratuit pour les adh\u00e9rents ! Infos & inscriptions : Instagram @pdnpetitcharran, email jeunesse@mptpetitcharran, t\u00e9l\u00e9phone 04 75 43 48 52.","robots":{"index":"index","follow":"follow","max-snippet":"max-snippet:-1","max-image-preview":"max-image-preview:large","max-video-preview":"max-video-preview:-1"},"canonical":"https:\/\/mptpetitcharran.fr\/?tribe_events=festival","og_locale":"fr_FR","og_type":"article","og_title":"Festival \"Les murs ne servent \u00e0 rien\" \u00e0 Dieulefit - Maison pour tous du Petit charran","og_description":"Le 21 septembre, rejoignez le Festival \"Les murs ne servent \u00e0 rien\" \u00e0 Dieulefit pour une immersion culturelle avec films, musique, lectures, et plus ! D\u00e9part \u00e0 9h depuis la MPT, retour vers minuit. Pique-nique ou restauration sur place. Gratuit pour les adh\u00e9rents ! Infos & inscriptions : Instagram @pdnpetitcharran, email jeunesse@mptpetitcharran, t\u00e9l\u00e9phone 04 75 43 48 52.","og_url":"https:\/\/mptpetitcharran.fr\/?tribe_events=festival","og_site_name":"Maison pour tous du Petit charran","article_publisher":"https:\/\/www.facebook.com\/mptpetitcharran","article_modified_time":"2024-09-17T10:25:34+00:00","og_image":[{"width":1414,"height":2000,"url":"https:\/\/mptpetitcharran.fr\/wp-content\/uploads\/2024\/08\/Sortie-Dieulefit-festival.jpg","type":"image\/jpeg"}],"twitter_card":"summary_large_image","twitter_misc":{"Dur\u00e9e de lecture estim\u00e9e":"4 minutes"},"schema":{"@context":"https:\/\/schema.org","@graph":[{"@type":"WebPage","@id":"https:\/\/mptpetitcharran.fr\/?tribe_events=festival","url":"https:\/\/mptpetitcharran.fr\/?tribe_events=festival","name":"Festival \"Les murs ne servent \u00e0 rien\" \u00e0 Dieulefit - Maison pour tous du Petit charran","isPartOf":{"@id":"https:\/\/mptpetitcharran.fr\/#website"},"primaryImageOfPage":{"@id":"https:\/\/mptpetitcharran.fr\/?tribe_events=festival#primaryimage"},"image":{"@id":"https:\/\/mptpetitcharran.fr\/?tribe_events=festival#primaryimage"},"thumbnailUrl":"https:\/\/mptpetitcharran.fr\/wp-content\/uploads\/2024\/08\/Sortie-Dieulefit-festival.jpg","datePublished":"2024-09-17T10:24:46+00:00","dateModified":"2024-09-17T10:25:34+00:00","description":"Le 21 septembre, rejoignez le Festival \"Les murs ne servent \u00e0 rien\" \u00e0 Dieulefit pour une immersion culturelle avec films, musique, lectures, et plus ! D\u00e9part \u00e0 9h depuis la MPT, retour vers minuit. Pique-nique ou restauration sur place. Gratuit pour les adh\u00e9rents ! Infos & inscriptions : Instagram @pdnpetitcharran, email jeunesse@mptpetitcharran, t\u00e9l\u00e9phone 04 75 43 48 52.","breadcrumb":{"@id":"https:\/\/mptpetitcharran.fr\/?tribe_events=festival#breadcrumb"},"inLanguage":"fr-FR","potentialAction":[{"@type":"ReadAction","target":["https:\/\/mptpetitcharran.fr\/?tribe_events=festival"]}]},{"@type":"ImageObject","inLanguage":"fr-FR","@id":"https:\/\/mptpetitcharran.fr\/?tribe_events=festival#primaryimage","url":"https:\/\/mptpetitcharran.fr\/wp-content\/uploads\/2024\/08\/Sortie-Dieulefit-festival.jpg","contentUrl":"https:\/\/mptpetitcharran.fr\/wp-content\/uploads\/2024\/08\/Sortie-Dieulefit-festival.jpg","width":1414,"height":2000},{"@type":"BreadcrumbList","@id":"https:\/\/mptpetitcharran.fr\/?tribe_events=festival#breadcrumb","itemListElement":[{"@type":"ListItem","position":1,"name":"Accueil","item":"https:\/\/mptpetitcharran.fr\/"},{"@type":"ListItem","position":2,"name":"\u00c9v\u00e8nements","item":"https:\/\/mptpetitcharran.fr\/?post_type=tribe_events"},{"@type":"ListItem","position":3,"name":"Festival \u00ab\u00a0Les murs ne servent \u00e0 rien\u00a0\u00bb \u00e0 Dieulefit"}]},{"@type":"WebSite","@id":"https:\/\/mptpetitcharran.fr\/#website","url":"https:\/\/mptpetitcharran.fr\/","name":"Maison pour tous du Petit charran","description":"","publisher":{"@id":"https:\/\/mptpetitcharran.fr\/#organization"},"potentialAction":[{"@type":"SearchAction","target":{"@type":"EntryPoint","urlTemplate":"https:\/\/mptpetitcharran.fr\/?s={search_term_string}"},"query-input":{"@type":"PropertyValueSpecification","valueRequired":true,"valueName":"search_term_string"}}],"inLanguage":"fr-FR"},{"@type":"Organization","@id":"https:\/\/mptpetitcharran.fr\/#organization","name":"Maison pour tous du Petit charran","url":"https:\/\/mptpetitcharran.fr\/","logo":{"@type":"ImageObject","inLanguage":"fr-FR","@id":"https:\/\/mptpetitcharran.fr\/#\/schema\/logo\/image\/","url":"http:\/\/mptpetitcharran.fr\/wp-content\/uploads\/2023\/07\/cropped-logo_mptpc.jpg","contentUrl":"http:\/\/mptpetitcharran.fr\/wp-content\/uploads\/2023\/07\/cropped-logo_mptpc.jpg","width":532,"height":529,"caption":"Maison pour tous du Petit charran"},"image":{"@id":"https:\/\/mptpetitcharran.fr\/#\/schema\/logo\/image\/"},"sameAs":["https:\/\/www.facebook.com\/mptpetitcharran","https:\/\/www.instagram.com\/mptpetitcharran\/"]}]}},"publishpress_future_workflow_manual_trigger":{"enabledWorkflows":[]},"_links":{"self":[{"href":"https:\/\/mptpetitcharran.fr\/index.php?rest_route=\/wp\/v2\/tribe_events\/5844","targetHints":{"allow":["GET"]}}],"collection":[{"href":"https:\/\/mptpetitcharran.fr\/index.php?rest_route=\/wp\/v2\/tribe_events"}],"about":[{"href":"https:\/\/mptpetitcharran.fr\/index.php?rest_route=\/wp\/v2\/types\/tribe_events"}],"author":[{"embeddable":true,"href":"https:\/\/mptpetitcharran.fr\/index.php?rest_route=\/wp\/v2\/users\/1"}],"version-history":[{"count":3,"href":"https:\/\/mptpetitcharran.fr\/index.php?rest_route=\/wp\/v2\/tribe_events\/5844\/revisions"}],"predecessor-version":[{"id":5848,"href":"https:\/\/mptpetitcharran.fr\/index.php?rest_route=\/wp\/v2\/tribe_events\/5844\/revisions\/5848"}],"wp:featuredmedia":[{"embeddable":true,"href":"https:\/\/mptpetitcharran.fr\/index.php?rest_route=\/wp\/v2\/media\/5799"}],"wp:attachment":[{"href":"https:\/\/mptpetitcharran.fr\/index.php?rest_route=%2Fwp%2Fv2%2Fmedia&parent=5844"}],"wp:term":[{"taxonomy":"post_tag","embeddable":true,"href":"https:\/\/mptpetitcharran.fr\/index.php?rest_route=%2Fwp%2Fv2%2Ftags&post=5844"},{"taxonomy":"tribe_events_cat","embeddable":true,"href":"https:\/\/mptpetitcharran.fr\/index.php?rest_route=%2Fwp%2Fv2%2Ftribe_events_cat&post=5844"}],"curies":[{"name":"wp","href":"https:\/\/api.w.org\/{rel}","templated":true}]}}