{"id":5840,"date":"2024-09-13T13:10:35","date_gmt":"2024-09-13T12:10:35","guid":{"rendered":"https:\/\/mptpetitcharran.fr\/?post_type=tribe_events&#038;p=5840"},"modified":"2024-09-13T13:10:35","modified_gmt":"2024-09-13T12:10:35","slug":"apero-creatif-finissage-de-faustine-brunet","status":"publish","type":"tribe_events","link":"https:\/\/mptpetitcharran.fr\/?tribe_events=apero-creatif-finissage-de-faustine-brunet","title":{"rendered":"Ap\u00e9ro cr\u00e9atif &#8211; Finissage de Faustine Brunet"},"content":{"rendered":"<p class=\"has-white-background-color has-background\"><span style=\"font-family: arial, helvetica, sans-serif;\">Nous avons le plaisir de vous inviter \u00e0 d\u00e9couvrir l\u2019univers enchanteur de Faustine Brunet, graphiste et illustratrice talentueuse, \u00e0 travers son exposition qui se tiendra du<strong> 2 septembre au 18 octobre<\/strong> \u00e0 la Maison pour Tous du Petit Charran.<\/span><br \/>\n<span style=\"font-family: arial, helvetica, sans-serif;\">Faustine cr\u00e9e des albums jeunesse bilingues (anglais\/fran\u00e7ais) sur la th\u00e9matique de la nature, avec une sensibilit\u00e9 unique qui saura toucher les petits comme les grands. Convaincue que le dessin et le conte sont des outils puissants pour sensibiliser, elle utilise son art pour \u00e9veiller les consciences, nous invitant \u00e0 repenser notre relation avec la nature.<\/span><\/p>\n<p class=\"has-white-background-color has-background\"><span style=\"font-family: arial, helvetica, sans-serif;\">\ud83e\udd42 <strong>Ap\u00e9ro Cr\u00e9atif \/ Finissage \u2013 Vendredi 4 octobre \u00e0 18h<\/strong> \ud83e\udd42<\/span><br \/>\n<span style=\"font-family: arial, helvetica, sans-serif;\">Venez c\u00e9l\u00e9brer le finissage de l\u2019exposition de Faustine Brunet et plongez dans son univers artistique unique ! Rejoignez-nous pour une soir\u00e9e conviviale, o\u00f9 vous pourrez participer \u00e0 un atelier interactif et ludique, ouvert \u00e0 tous. Une belle occasion de d\u00e9couvrir ou red\u00e9couvrir ses \u0153uvres tout en laissant libre cours \u00e0 votre cr\u00e9ativit\u00e9. L\u2019atelier dure une heure, alors ne manquez pas ce moment de partage et d\u2019inspiration !<\/span><\/p>\n","protected":false},"excerpt":{"rendered":"<p>Nous avons le plaisir de vous inviter \u00e0 d\u00e9couvrir l\u2019univers enchanteur de Faustine Brunet, graphiste et illustratrice talentueuse, \u00e0 travers son exposition qui se tiendra du 2 septembre au 18 &hellip; <a href=\"https:\/\/mptpetitcharran.fr\/?tribe_events=apero-creatif-finissage-de-faustine-brunet\" class=\"more-link\">Continue reading <span class=\"screen-reader-text\">Ap\u00e9ro cr\u00e9atif &#8211; Finissage de Faustine Brunet<\/span> <span class=\"meta-nav\">&rarr;<\/span><\/a><\/p>\n","protected":false},"author":1,"featured_media":5810,"template":"","meta":{"_tribe_events_status":"","_tribe_events_status_reason":"","footnotes":""},"tags":[],"tribe_events_cat":[],"class_list":["post-5840","tribe_events","type-tribe_events","status-publish","has-post-thumbnail","hentry"],"yoast_head":"<!-- This site is optimized with the Yoast SEO plugin v27.0 - https:\/\/yoast.com\/product\/yoast-seo-wordpress\/ -->\n<title>Ap\u00e9ro cr\u00e9atif - Finissage de Faustine Brunet - Maison pour tous du Petit charran<\/title>\n<meta name=\"description\" content=\"Participez au finissage de l&#039;exposition de Faustine Brunet avec un atelier cr\u00e9atif interactif ouvert \u00e0 tous ! D\u00e9couvrez son univers artistique et laissez libre cours \u00e0 votre imagination lors d&#039;une soir\u00e9e conviviale et inspirante.\" \/>\n<meta name=\"robots\" content=\"index, follow, max-snippet:-1, max-image-preview:large, max-video-preview:-1\" \/>\n<link rel=\"canonical\" href=\"https:\/\/mptpetitcharran.fr\/?tribe_events=apero-creatif-finissage-de-faustine-brunet\" \/>\n<meta property=\"og:locale\" content=\"fr_FR\" \/>\n<meta property=\"og:type\" content=\"article\" \/>\n<meta property=\"og:title\" content=\"Ap\u00e9ro cr\u00e9atif - Finissage de Faustine Brunet - Maison pour tous du Petit charran\" \/>\n<meta property=\"og:description\" content=\"Participez au finissage de l&#039;exposition de Faustine Brunet avec un atelier cr\u00e9atif interactif ouvert \u00e0 tous ! D\u00e9couvrez son univers artistique et laissez libre cours \u00e0 votre imagination lors d&#039;une soir\u00e9e conviviale et inspirante.\" \/>\n<meta property=\"og:url\" content=\"https:\/\/mptpetitcharran.fr\/?tribe_events=apero-creatif-finissage-de-faustine-brunet\" \/>\n<meta property=\"og:site_name\" content=\"Maison pour tous du Petit charran\" \/>\n<meta property=\"article:publisher\" content=\"https:\/\/www.facebook.com\/mptpetitcharran\" \/>\n<meta property=\"og:image\" content=\"https:\/\/mptpetitcharran.fr\/wp-content\/uploads\/2024\/09\/Finissage.png\" \/>\n\t<meta property=\"og:image:width\" content=\"3359\" \/>\n\t<meta property=\"og:image:height\" content=\"4750\" \/>\n\t<meta property=\"og:image:type\" content=\"image\/png\" \/>\n<meta name=\"twitter:card\" content=\"summary_large_image\" \/>\n<meta name=\"twitter:label1\" content=\"Dur\u00e9e de lecture estim\u00e9e\" \/>\n\t<meta name=\"twitter:data1\" content=\"2 minutes\" \/>\n<script type=\"application\/ld+json\" class=\"yoast-schema-graph\">{\"@context\":\"https:\/\/schema.org\",\"@graph\":[{\"@type\":\"WebPage\",\"@id\":\"https:\/\/mptpetitcharran.fr\/?tribe_events=apero-creatif-finissage-de-faustine-brunet\",\"url\":\"https:\/\/mptpetitcharran.fr\/?tribe_events=apero-creatif-finissage-de-faustine-brunet\",\"name\":\"Ap\u00e9ro cr\u00e9atif - Finissage de Faustine Brunet - Maison pour tous du Petit charran\",\"isPartOf\":{\"@id\":\"https:\/\/mptpetitcharran.fr\/#website\"},\"primaryImageOfPage\":{\"@id\":\"https:\/\/mptpetitcharran.fr\/?tribe_events=apero-creatif-finissage-de-faustine-brunet#primaryimage\"},\"image\":{\"@id\":\"https:\/\/mptpetitcharran.fr\/?tribe_events=apero-creatif-finissage-de-faustine-brunet#primaryimage\"},\"thumbnailUrl\":\"https:\/\/mptpetitcharran.fr\/wp-content\/uploads\/2024\/09\/Finissage.png\",\"datePublished\":\"2024-09-13T12:10:35+00:00\",\"description\":\"Participez au finissage de l'exposition de Faustine Brunet avec un atelier cr\u00e9atif interactif ouvert \u00e0 tous ! D\u00e9couvrez son univers artistique et laissez libre cours \u00e0 votre imagination lors d'une soir\u00e9e conviviale et inspirante.\",\"breadcrumb\":{\"@id\":\"https:\/\/mptpetitcharran.fr\/?tribe_events=apero-creatif-finissage-de-faustine-brunet#breadcrumb\"},\"inLanguage\":\"fr-FR\",\"potentialAction\":[{\"@type\":\"ReadAction\",\"target\":[\"https:\/\/mptpetitcharran.fr\/?tribe_events=apero-creatif-finissage-de-faustine-brunet\"]}]},{\"@type\":\"ImageObject\",\"inLanguage\":\"fr-FR\",\"@id\":\"https:\/\/mptpetitcharran.fr\/?tribe_events=apero-creatif-finissage-de-faustine-brunet#primaryimage\",\"url\":\"https:\/\/mptpetitcharran.fr\/wp-content\/uploads\/2024\/09\/Finissage.png\",\"contentUrl\":\"https:\/\/mptpetitcharran.fr\/wp-content\/uploads\/2024\/09\/Finissage.png\",\"width\":3359,\"height\":4750},{\"@type\":\"BreadcrumbList\",\"@id\":\"https:\/\/mptpetitcharran.fr\/?tribe_events=apero-creatif-finissage-de-faustine-brunet#breadcrumb\",\"itemListElement\":[{\"@type\":\"ListItem\",\"position\":1,\"name\":\"Accueil\",\"item\":\"https:\/\/mptpetitcharran.fr\/\"},{\"@type\":\"ListItem\",\"position\":2,\"name\":\"\u00c9v\u00e8nements\",\"item\":\"https:\/\/mptpetitcharran.fr\/?post_type=tribe_events\"},{\"@type\":\"ListItem\",\"position\":3,\"name\":\"Ap\u00e9ro cr\u00e9atif &#8211; Finissage de Faustine Brunet\"}]},{\"@type\":\"WebSite\",\"@id\":\"https:\/\/mptpetitcharran.fr\/#website\",\"url\":\"https:\/\/mptpetitcharran.fr\/\",\"name\":\"Maison pour tous du Petit charran\",\"description\":\"\",\"publisher\":{\"@id\":\"https:\/\/mptpetitcharran.fr\/#organization\"},\"potentialAction\":[{\"@type\":\"SearchAction\",\"target\":{\"@type\":\"EntryPoint\",\"urlTemplate\":\"https:\/\/mptpetitcharran.fr\/?s={search_term_string}\"},\"query-input\":{\"@type\":\"PropertyValueSpecification\",\"valueRequired\":true,\"valueName\":\"search_term_string\"}}],\"inLanguage\":\"fr-FR\"},{\"@type\":\"Organization\",\"@id\":\"https:\/\/mptpetitcharran.fr\/#organization\",\"name\":\"Maison pour tous du Petit charran\",\"url\":\"https:\/\/mptpetitcharran.fr\/\",\"logo\":{\"@type\":\"ImageObject\",\"inLanguage\":\"fr-FR\",\"@id\":\"https:\/\/mptpetitcharran.fr\/#\/schema\/logo\/image\/\",\"url\":\"http:\/\/mptpetitcharran.fr\/wp-content\/uploads\/2023\/07\/cropped-logo_mptpc.jpg\",\"contentUrl\":\"http:\/\/mptpetitcharran.fr\/wp-content\/uploads\/2023\/07\/cropped-logo_mptpc.jpg\",\"width\":532,\"height\":529,\"caption\":\"Maison pour tous du Petit charran\"},\"image\":{\"@id\":\"https:\/\/mptpetitcharran.fr\/#\/schema\/logo\/image\/\"},\"sameAs\":[\"https:\/\/www.facebook.com\/mptpetitcharran\",\"https:\/\/www.instagram.com\/mptpetitcharran\/\"]}]}<\/script>\n<!-- \/ Yoast SEO plugin. -->","yoast_head_json":{"title":"Ap\u00e9ro cr\u00e9atif - Finissage de Faustine Brunet - Maison pour tous du Petit charran","description":"Participez au finissage de l'exposition de Faustine Brunet avec un atelier cr\u00e9atif interactif ouvert \u00e0 tous ! D\u00e9couvrez son univers artistique et laissez libre cours \u00e0 votre imagination lors d'une soir\u00e9e conviviale et inspirante.","robots":{"index":"index","follow":"follow","max-snippet":"max-snippet:-1","max-image-preview":"max-image-preview:large","max-video-preview":"max-video-preview:-1"},"canonical":"https:\/\/mptpetitcharran.fr\/?tribe_events=apero-creatif-finissage-de-faustine-brunet","og_locale":"fr_FR","og_type":"article","og_title":"Ap\u00e9ro cr\u00e9atif - Finissage de Faustine Brunet - Maison pour tous du Petit charran","og_description":"Participez au finissage de l'exposition de Faustine Brunet avec un atelier cr\u00e9atif interactif ouvert \u00e0 tous ! D\u00e9couvrez son univers artistique et laissez libre cours \u00e0 votre imagination lors d'une soir\u00e9e conviviale et inspirante.","og_url":"https:\/\/mptpetitcharran.fr\/?tribe_events=apero-creatif-finissage-de-faustine-brunet","og_site_name":"Maison pour tous du Petit charran","article_publisher":"https:\/\/www.facebook.com\/mptpetitcharran","og_image":[{"width":3359,"height":4750,"url":"https:\/\/mptpetitcharran.fr\/wp-content\/uploads\/2024\/09\/Finissage.png","type":"image\/png"}],"twitter_card":"summary_large_image","twitter_misc":{"Dur\u00e9e de lecture estim\u00e9e":"2 minutes"},"schema":{"@context":"https:\/\/schema.org","@graph":[{"@type":"WebPage","@id":"https:\/\/mptpetitcharran.fr\/?tribe_events=apero-creatif-finissage-de-faustine-brunet","url":"https:\/\/mptpetitcharran.fr\/?tribe_events=apero-creatif-finissage-de-faustine-brunet","name":"Ap\u00e9ro cr\u00e9atif - Finissage de Faustine Brunet - Maison pour tous du Petit charran","isPartOf":{"@id":"https:\/\/mptpetitcharran.fr\/#website"},"primaryImageOfPage":{"@id":"https:\/\/mptpetitcharran.fr\/?tribe_events=apero-creatif-finissage-de-faustine-brunet#primaryimage"},"image":{"@id":"https:\/\/mptpetitcharran.fr\/?tribe_events=apero-creatif-finissage-de-faustine-brunet#primaryimage"},"thumbnailUrl":"https:\/\/mptpetitcharran.fr\/wp-content\/uploads\/2024\/09\/Finissage.png","datePublished":"2024-09-13T12:10:35+00:00","description":"Participez au finissage de l'exposition de Faustine Brunet avec un atelier cr\u00e9atif interactif ouvert \u00e0 tous ! D\u00e9couvrez son univers artistique et laissez libre cours \u00e0 votre imagination lors d'une soir\u00e9e conviviale et inspirante.","breadcrumb":{"@id":"https:\/\/mptpetitcharran.fr\/?tribe_events=apero-creatif-finissage-de-faustine-brunet#breadcrumb"},"inLanguage":"fr-FR","potentialAction":[{"@type":"ReadAction","target":["https:\/\/mptpetitcharran.fr\/?tribe_events=apero-creatif-finissage-de-faustine-brunet"]}]},{"@type":"ImageObject","inLanguage":"fr-FR","@id":"https:\/\/mptpetitcharran.fr\/?tribe_events=apero-creatif-finissage-de-faustine-brunet#primaryimage","url":"https:\/\/mptpetitcharran.fr\/wp-content\/uploads\/2024\/09\/Finissage.png","contentUrl":"https:\/\/mptpetitcharran.fr\/wp-content\/uploads\/2024\/09\/Finissage.png","width":3359,"height":4750},{"@type":"BreadcrumbList","@id":"https:\/\/mptpetitcharran.fr\/?tribe_events=apero-creatif-finissage-de-faustine-brunet#breadcrumb","itemListElement":[{"@type":"ListItem","position":1,"name":"Accueil","item":"https:\/\/mptpetitcharran.fr\/"},{"@type":"ListItem","position":2,"name":"\u00c9v\u00e8nements","item":"https:\/\/mptpetitcharran.fr\/?post_type=tribe_events"},{"@type":"ListItem","position":3,"name":"Ap\u00e9ro cr\u00e9atif &#8211; Finissage de Faustine Brunet"}]},{"@type":"WebSite","@id":"https:\/\/mptpetitcharran.fr\/#website","url":"https:\/\/mptpetitcharran.fr\/","name":"Maison pour tous du Petit charran","description":"","publisher":{"@id":"https:\/\/mptpetitcharran.fr\/#organization"},"potentialAction":[{"@type":"SearchAction","target":{"@type":"EntryPoint","urlTemplate":"https:\/\/mptpetitcharran.fr\/?s={search_term_string}"},"query-input":{"@type":"PropertyValueSpecification","valueRequired":true,"valueName":"search_term_string"}}],"inLanguage":"fr-FR"},{"@type":"Organization","@id":"https:\/\/mptpetitcharran.fr\/#organization","name":"Maison pour tous du Petit charran","url":"https:\/\/mptpetitcharran.fr\/","logo":{"@type":"ImageObject","inLanguage":"fr-FR","@id":"https:\/\/mptpetitcharran.fr\/#\/schema\/logo\/image\/","url":"http:\/\/mptpetitcharran.fr\/wp-content\/uploads\/2023\/07\/cropped-logo_mptpc.jpg","contentUrl":"http:\/\/mptpetitcharran.fr\/wp-content\/uploads\/2023\/07\/cropped-logo_mptpc.jpg","width":532,"height":529,"caption":"Maison pour tous du Petit charran"},"image":{"@id":"https:\/\/mptpetitcharran.fr\/#\/schema\/logo\/image\/"},"sameAs":["https:\/\/www.facebook.com\/mptpetitcharran","https:\/\/www.instagram.com\/mptpetitcharran\/"]}]}},"publishpress_future_workflow_manual_trigger":{"enabledWorkflows":[]},"_links":{"self":[{"href":"https:\/\/mptpetitcharran.fr\/index.php?rest_route=\/wp\/v2\/tribe_events\/5840","targetHints":{"allow":["GET"]}}],"collection":[{"href":"https:\/\/mptpetitcharran.fr\/index.php?rest_route=\/wp\/v2\/tribe_events"}],"about":[{"href":"https:\/\/mptpetitcharran.fr\/index.php?rest_route=\/wp\/v2\/types\/tribe_events"}],"author":[{"embeddable":true,"href":"https:\/\/mptpetitcharran.fr\/index.php?rest_route=\/wp\/v2\/users\/1"}],"version-history":[{"count":1,"href":"https:\/\/mptpetitcharran.fr\/index.php?rest_route=\/wp\/v2\/tribe_events\/5840\/revisions"}],"predecessor-version":[{"id":5843,"href":"https:\/\/mptpetitcharran.fr\/index.php?rest_route=\/wp\/v2\/tribe_events\/5840\/revisions\/5843"}],"wp:featuredmedia":[{"embeddable":true,"href":"https:\/\/mptpetitcharran.fr\/index.php?rest_route=\/wp\/v2\/media\/5810"}],"wp:attachment":[{"href":"https:\/\/mptpetitcharran.fr\/index.php?rest_route=%2Fwp%2Fv2%2Fmedia&parent=5840"}],"wp:term":[{"taxonomy":"post_tag","embeddable":true,"href":"https:\/\/mptpetitcharran.fr\/index.php?rest_route=%2Fwp%2Fv2%2Ftags&post=5840"},{"taxonomy":"tribe_events_cat","embeddable":true,"href":"https:\/\/mptpetitcharran.fr\/index.php?rest_route=%2Fwp%2Fv2%2Ftribe_events_cat&post=5840"}],"curies":[{"name":"wp","href":"https:\/\/api.w.org\/{rel}","templated":true}]}}