{"id":61,"date":"2019-06-04T07:57:00","date_gmt":"2019-06-04T07:57:00","guid":{"rendered":"https:\/\/mptpc.wordpress.com\/?page_id=23"},"modified":"2025-07-03T16:05:04","modified_gmt":"2025-07-03T15:05:04","slug":"contact-2","status":"publish","type":"page","link":"https:\/\/mptpetitcharran.fr\/?page_id=61","title":{"rendered":"Contact"},"content":{"rendered":"\n<div class=\"wp-block-columns has-3-columns is-layout-flex wp-container-core-columns-is-layout-9d6595d7 wp-block-columns-is-layout-flex\">\n<div class=\"wp-block-column is-layout-flow wp-block-column-is-layout-flow\">\n<p class=\"has-text-align-left has-white-background-color has-background has-medium-font-size\"><strong>\ud83d\udcec Nous contacter<\/strong><br>Adresse : <a href=\"https:\/\/www.facebook.com\/mptpetitcharran\/\">30 rue Henri Dunant<br>26000 Valence<\/a><br>Mail : <a href=\"mailto:contact@mptpetitcharran.org\">contact@mptpetitcharran.org<\/a><br>T\u00e9l\u00e9phone : 04 75 43 48 52<br><em><strong>Suivez-nous sur les r\u00e9seaux sociaux<\/strong> pour d\u00e9couvrir nos actualit\u00e9s et \u00e9v\u00e9nements !<\/em><\/p>\n\n\n\n<ul class=\"wp-block-social-links is-content-justification-center is-layout-flex wp-container-core-social-links-is-layout-16018d1d wp-block-social-links-is-layout-flex\"><li class=\"wp-social-link wp-social-link-facebook  wp-block-social-link\"><a rel=\"noopener nofollow\" target=\"_blank\" href=\"https:\/\/www.facebook.com\/mptpetitcharran\/\" class=\"wp-block-social-link-anchor\"><svg width=\"24\" height=\"24\" viewBox=\"0 0 24 24\" version=\"1.1\" xmlns=\"http:\/\/www.w3.org\/2000\/svg\" aria-hidden=\"true\" focusable=\"false\"><path d=\"M12 2C6.5 2 2 6.5 2 12c0 5 3.7 9.1 8.4 9.9v-7H7.9V12h2.5V9.8c0-2.5 1.5-3.9 3.8-3.9 1.1 0 2.2.2 2.2.2v2.5h-1.3c-1.2 0-1.6.8-1.6 1.6V12h2.8l-.4 2.9h-2.3v7C18.3 21.1 22 17 22 12c0-5.5-4.5-10-10-10z\"><\/path><\/svg><span class=\"wp-block-social-link-label screen-reader-text\">Facebook<\/span><\/a><\/li>\n\n<li class=\"wp-social-link wp-social-link-instagram  wp-block-social-link\"><a rel=\"noopener nofollow\" target=\"_blank\" href=\"https:\/\/www.instagram.com\/mptpetitcharran\/\" class=\"wp-block-social-link-anchor\"><svg width=\"24\" height=\"24\" viewBox=\"0 0 24 24\" version=\"1.1\" xmlns=\"http:\/\/www.w3.org\/2000\/svg\" aria-hidden=\"true\" focusable=\"false\"><path d=\"M12,4.622c2.403,0,2.688,0.009,3.637,0.052c0.877,0.04,1.354,0.187,1.671,0.31c0.42,0.163,0.72,0.358,1.035,0.673 c0.315,0.315,0.51,0.615,0.673,1.035c0.123,0.317,0.27,0.794,0.31,1.671c0.043,0.949,0.052,1.234,0.052,3.637 s-0.009,2.688-0.052,3.637c-0.04,0.877-0.187,1.354-0.31,1.671c-0.163,0.42-0.358,0.72-0.673,1.035 c-0.315,0.315-0.615,0.51-1.035,0.673c-0.317,0.123-0.794,0.27-1.671,0.31c-0.949,0.043-1.233,0.052-3.637,0.052 s-2.688-0.009-3.637-0.052c-0.877-0.04-1.354-0.187-1.671-0.31c-0.42-0.163-0.72-0.358-1.035-0.673 c-0.315-0.315-0.51-0.615-0.673-1.035c-0.123-0.317-0.27-0.794-0.31-1.671C4.631,14.688,4.622,14.403,4.622,12 s0.009-2.688,0.052-3.637c0.04-0.877,0.187-1.354,0.31-1.671c0.163-0.42,0.358-0.72,0.673-1.035 c0.315-0.315,0.615-0.51,1.035-0.673c0.317-0.123,0.794-0.27,1.671-0.31C9.312,4.631,9.597,4.622,12,4.622 M12,3 C9.556,3,9.249,3.01,8.289,3.054C7.331,3.098,6.677,3.25,6.105,3.472C5.513,3.702,5.011,4.01,4.511,4.511 c-0.5,0.5-0.808,1.002-1.038,1.594C3.25,6.677,3.098,7.331,3.054,8.289C3.01,9.249,3,9.556,3,12c0,2.444,0.01,2.751,0.054,3.711 c0.044,0.958,0.196,1.612,0.418,2.185c0.23,0.592,0.538,1.094,1.038,1.594c0.5,0.5,1.002,0.808,1.594,1.038 c0.572,0.222,1.227,0.375,2.185,0.418C9.249,20.99,9.556,21,12,21s2.751-0.01,3.711-0.054c0.958-0.044,1.612-0.196,2.185-0.418 c0.592-0.23,1.094-0.538,1.594-1.038c0.5-0.5,0.808-1.002,1.038-1.594c0.222-0.572,0.375-1.227,0.418-2.185 C20.99,14.751,21,14.444,21,12s-0.01-2.751-0.054-3.711c-0.044-0.958-0.196-1.612-0.418-2.185c-0.23-0.592-0.538-1.094-1.038-1.594 c-0.5-0.5-1.002-0.808-1.594-1.038c-0.572-0.222-1.227-0.375-2.185-0.418C14.751,3.01,14.444,3,12,3L12,3z M12,7.378 c-2.552,0-4.622,2.069-4.622,4.622S9.448,16.622,12,16.622s4.622-2.069,4.622-4.622S14.552,7.378,12,7.378z M12,15 c-1.657,0-3-1.343-3-3s1.343-3,3-3s3,1.343,3,3S13.657,15,12,15z M16.804,6.116c-0.596,0-1.08,0.484-1.08,1.08 s0.484,1.08,1.08,1.08c0.596,0,1.08-0.484,1.08-1.08S17.401,6.116,16.804,6.116z\"><\/path><\/svg><span class=\"wp-block-social-link-label screen-reader-text\">Instagram<\/span><\/a><\/li><\/ul>\n\n\n\n<p class=\"has-text-align-left has-white-background-color has-background has-medium-font-size\"><\/p>\n<\/div>\n\n\n\n<div class=\"wp-block-column is-layout-flow wp-block-column-is-layout-flow\">\n<p class=\"has-white-background-color has-background has-medium-font-size\"><strong>\ud83d\udd52 Horaires du secr\u00e9tariat<\/strong><br><strong>Lundi :<\/strong> 14h \u00e0 18h<br><strong>Mardi :<\/strong> 14h \u00e0 18h<br><strong>Mercredi :<\/strong> 9h \u00e0 12h et 13h30 \u00e0 18h<br><strong>Jeudi :<\/strong> 14h \u00e0 18h<br><strong>Vendredi :<\/strong> 13h30 \u00e0 17h<br><em>Le secr\u00e9tariat est disponible par t\u00e9l\u00e9phone aux m\u00eames horaires.<\/em><br><br><strong>Ouverture exceptionnelle de l&rsquo;accueil du 15 au 26 septembre 2025\u00a0:<\/strong><br><strong>lundi, mardi, jeudi<\/strong> : 12h\u2009-19h<br><strong>mercredi<\/strong> : 9h\u2009-12h et 14h\u2009-20h<br><strong>vendredi<\/strong> :14h\u2009-17h<\/p>\n\n\n\n<p class=\"has-white-background-color has-background has-medium-font-size\"><\/p>\n<\/div>\n<\/div>\n\n\n\n<p class=\"has-text-align-left has-white-background-color has-background has-medium-font-size\"><strong>\ud83d\udccd Acc\u00e8s \u00e0 la Maison Pour Tous<\/strong><\/p>\n\n\n\n<p style=\"font-size:18px\"><strong>En bus :<\/strong> <br>Ligne C1 et 25 : arr\u00eat \u00ab\u00a0Churchill\u00a0\u00bb<br>Ligne 7 : arr\u00eat \u00ab\u00a0Mozart\u00a0\u00bb<br>Ligne 4 : arr\u00eat \u00ab\u00a0Peyrus\u00a0\u00bb<br>Ligne 10 : arr\u00eat \u00ab\u00a0Malossane\u00a0\u00bb<br>Pour pr\u00e9parer votre trajet ou consulter les horaires, rendez-vous sur le <a href=\"https:\/\/start.valenceromansmobilites.fr\/fr\/\">plan interactif de Valence Romans Mobilit\u00e9s.<\/a><br><strong>En v\u00e9lo :<\/strong><br>Une station <a href=\"https:\/\/www.valenceromansmobilites.fr\/velo\/location-en-libre-service-libelo\/\">lib\u00e9lo<\/a> se trouve \u00e0 proximit\u00e9 de la MPT sur le boulevard Winston Churchill <em>(voir plan ci-dessus)<\/em><\/p>\n\n\n\n<figure><iframe loading=\"lazy\" allowfullscreen=\"\" src=\"\/\/umap.openstreetmap.fr\/fr\/map\/mpt-du-petit-charran_342934?scaleControl=true&amp;miniMap=false&amp;scrollWheelZoom=true&amp;zoomControl=true&amp;allowEdit=false&amp;moreControl=true&amp;searchControl=null&amp;tilelayersControl=null&amp;embedControl=null&amp;datalayersControl=true&amp;onLoadPanel=undefined&amp;captionBar=false&amp;fullscreenControl=true&amp;datalayers=919693%2C921921#16\/44.9313\/4.9182\" width=\"100%\" height=\"400px\" frameborder=\"0\"><\/iframe><\/figure\n\n\n\n<p class=\"has-white-background-color has-background\" style=\"font-size:18px\"><strong>En voiture&nbsp;<\/strong>:<br><em><a aria-label=\" (s\u2019ouvre dans un nouvel onglet)\" href=\"https:\/\/www.google.fr\/maps\/dir\/\/Maison+Pour+Tous+Petit+Charran,+30+Rue+Henri+Dunant,+26000+Valence\/@44.9312963,4.9143433,17z\/data=!4m8!4m7!1m0!1m5!1m1!1s0x47f5579e1ecb2785:0x1fb053f3c8aeed10!2m2!1d4.916532!2d44.9312963\" target=\"_blank\" rel=\"noreferrer noopener\">Itin\u00e9raire vers la MPT via Google Maps.<\/a><\/em><br>Par l\u2019<em>avenue de Chabeuil<\/em>, suivre le fl\u00e9chage \u00e0 partir de la rue de Peyrus au niveau de la station essence Esso.<br>Par le<em> boulevard Winston Churchill<\/em>, suivre le fl\u00e9chage \u00e0 partir de la rue Capitaine Dreyfus au niveau du feu de circulation. Stationner sur le parking entre la Maison Pour Tous et l&rsquo;\u00e9cole Louise Michel.<br><br><strong>A pied \u00e0 2 km <\/strong>depuis l\u2019arr\u00eat \u201cP\u00f4le Bus\u201d, rejoignez la MPT du Petit Charran en environ 35 minutes. Faites un petit passage par le <em>Chemin des Contrebandiers<\/em>, un sentier verdoyant qui traverse Valence et offre une vraie pause nature en pleine ville.<br><br><strong>Attention pour des raisons de s\u00e9curit\u00e9, l\u2019acc\u00e8s en v\u00e9hicule et le stationnement dans l\u2019enceinte du parc sont formellement interdits.<\/strong><\/p>\n\n\n\n<div style=\"height:24px\" aria-hidden=\"true\" class=\"wp-block-spacer\"><\/div>\n\n\n\n<p><\/p>\n","protected":false},"excerpt":{"rendered":"<p>\ud83d\udcec Nous contacterAdresse : 30 rue Henri Dunant26000 ValenceMail : contact@mptpetitcharran.orgT\u00e9l\u00e9phone : 04 75 43 48 52Suivez-nous sur les r\u00e9seaux sociaux pour d\u00e9couvrir nos actualit\u00e9s et \u00e9v\u00e9nements ! \ud83d\udd52 Horaires &hellip; <a href=\"https:\/\/mptpetitcharran.fr\/?page_id=61\" class=\"more-link\">Continue reading <span class=\"screen-reader-text\">Contact<\/span> <span class=\"meta-nav\">&rarr;<\/span><\/a><\/p>\n","protected":false},"author":1,"featured_media":0,"parent":0,"menu_order":0,"comment_status":"closed","ping_status":"closed","template":"","meta":{"footnotes":""},"class_list":["post-61","page","type-page","status-publish","hentry"],"yoast_head":"<!-- This site is optimized with the Yoast SEO plugin v27.5 - https:\/\/yoast.com\/product\/yoast-seo-wordpress\/ -->\n<title>Contact - Maison pour tous du Petit charran<\/title>\n<meta name=\"robots\" content=\"index, follow, max-snippet:-1, max-image-preview:large, max-video-preview:-1\" \/>\n<link rel=\"canonical\" href=\"https:\/\/mptpetitcharran.fr\/?page_id=61\" \/>\n<meta property=\"og:locale\" content=\"fr_FR\" \/>\n<meta property=\"og:type\" content=\"article\" \/>\n<meta property=\"og:title\" content=\"Contact - Maison pour tous du Petit charran\" \/>\n<meta property=\"og:description\" content=\"\ud83d\udcec Nous contacterAdresse : 30 rue Henri Dunant26000 ValenceMail : contact@mptpetitcharran.orgT\u00e9l\u00e9phone : 04 75 43 48 52Suivez-nous sur les r\u00e9seaux sociaux pour d\u00e9couvrir nos actualit\u00e9s et \u00e9v\u00e9nements ! \ud83d\udd52 Horaires &hellip; Continue reading Contact &rarr;\" \/>\n<meta property=\"og:url\" content=\"https:\/\/mptpetitcharran.fr\/?page_id=61\" \/>\n<meta property=\"og:site_name\" content=\"Maison pour tous du Petit charran\" \/>\n<meta property=\"article:publisher\" content=\"https:\/\/www.facebook.com\/mptpetitcharran\" \/>\n<meta property=\"article:modified_time\" content=\"2025-07-03T15:05:04+00:00\" \/>\n<meta name=\"twitter:card\" content=\"summary_large_image\" \/>\n<meta name=\"twitter:label1\" content=\"Dur\u00e9e de lecture estim\u00e9e\" \/>\n\t<meta name=\"twitter:data1\" content=\"2 minutes\" \/>\n<script type=\"application\/ld+json\" class=\"yoast-schema-graph\">{\"@context\":\"https:\\\/\\\/schema.org\",\"@graph\":[{\"@type\":\"WebPage\",\"@id\":\"https:\\\/\\\/mptpetitcharran.fr\\\/?page_id=61\",\"url\":\"https:\\\/\\\/mptpetitcharran.fr\\\/?page_id=61\",\"name\":\"Contact - Maison pour tous du Petit charran\",\"isPartOf\":{\"@id\":\"https:\\\/\\\/mptpetitcharran.fr\\\/#website\"},\"datePublished\":\"2019-06-04T07:57:00+00:00\",\"dateModified\":\"2025-07-03T15:05:04+00:00\",\"breadcrumb\":{\"@id\":\"https:\\\/\\\/mptpetitcharran.fr\\\/?page_id=61#breadcrumb\"},\"inLanguage\":\"fr-FR\",\"potentialAction\":[{\"@type\":\"ReadAction\",\"target\":[\"https:\\\/\\\/mptpetitcharran.fr\\\/?page_id=61\"]}]},{\"@type\":\"BreadcrumbList\",\"@id\":\"https:\\\/\\\/mptpetitcharran.fr\\\/?page_id=61#breadcrumb\",\"itemListElement\":[{\"@type\":\"ListItem\",\"position\":1,\"name\":\"Accueil\",\"item\":\"https:\\\/\\\/mptpetitcharran.fr\\\/\"},{\"@type\":\"ListItem\",\"position\":2,\"name\":\"Contact\"}]},{\"@type\":\"WebSite\",\"@id\":\"https:\\\/\\\/mptpetitcharran.fr\\\/#website\",\"url\":\"https:\\\/\\\/mptpetitcharran.fr\\\/\",\"name\":\"Maison pour tous du Petit charran\",\"description\":\"\",\"publisher\":{\"@id\":\"https:\\\/\\\/mptpetitcharran.fr\\\/#organization\"},\"potentialAction\":[{\"@type\":\"SearchAction\",\"target\":{\"@type\":\"EntryPoint\",\"urlTemplate\":\"https:\\\/\\\/mptpetitcharran.fr\\\/?s={search_term_string}\"},\"query-input\":{\"@type\":\"PropertyValueSpecification\",\"valueRequired\":true,\"valueName\":\"search_term_string\"}}],\"inLanguage\":\"fr-FR\"},{\"@type\":\"Organization\",\"@id\":\"https:\\\/\\\/mptpetitcharran.fr\\\/#organization\",\"name\":\"Maison pour tous du Petit charran\",\"url\":\"https:\\\/\\\/mptpetitcharran.fr\\\/\",\"logo\":{\"@type\":\"ImageObject\",\"inLanguage\":\"fr-FR\",\"@id\":\"https:\\\/\\\/mptpetitcharran.fr\\\/#\\\/schema\\\/logo\\\/image\\\/\",\"url\":\"http:\\\/\\\/mptpetitcharran.fr\\\/wp-content\\\/uploads\\\/2023\\\/07\\\/cropped-logo_mptpc.jpg\",\"contentUrl\":\"http:\\\/\\\/mptpetitcharran.fr\\\/wp-content\\\/uploads\\\/2023\\\/07\\\/cropped-logo_mptpc.jpg\",\"width\":532,\"height\":529,\"caption\":\"Maison pour tous du Petit charran\"},\"image\":{\"@id\":\"https:\\\/\\\/mptpetitcharran.fr\\\/#\\\/schema\\\/logo\\\/image\\\/\"},\"sameAs\":[\"https:\\\/\\\/www.facebook.com\\\/mptpetitcharran\",\"https:\\\/\\\/www.instagram.com\\\/mptpetitcharran\\\/\"]}]}<\/script>\n<!-- \/ Yoast SEO plugin. -->","yoast_head_json":{"title":"Contact - Maison pour tous du Petit charran","robots":{"index":"index","follow":"follow","max-snippet":"max-snippet:-1","max-image-preview":"max-image-preview:large","max-video-preview":"max-video-preview:-1"},"canonical":"https:\/\/mptpetitcharran.fr\/?page_id=61","og_locale":"fr_FR","og_type":"article","og_title":"Contact - Maison pour tous du Petit charran","og_description":"\ud83d\udcec Nous contacterAdresse : 30 rue Henri Dunant26000 ValenceMail : contact@mptpetitcharran.orgT\u00e9l\u00e9phone : 04 75 43 48 52Suivez-nous sur les r\u00e9seaux sociaux pour d\u00e9couvrir nos actualit\u00e9s et \u00e9v\u00e9nements ! \ud83d\udd52 Horaires &hellip; Continue reading Contact &rarr;","og_url":"https:\/\/mptpetitcharran.fr\/?page_id=61","og_site_name":"Maison pour tous du Petit charran","article_publisher":"https:\/\/www.facebook.com\/mptpetitcharran","article_modified_time":"2025-07-03T15:05:04+00:00","twitter_card":"summary_large_image","twitter_misc":{"Dur\u00e9e de lecture estim\u00e9e":"2 minutes"},"schema":{"@context":"https:\/\/schema.org","@graph":[{"@type":"WebPage","@id":"https:\/\/mptpetitcharran.fr\/?page_id=61","url":"https:\/\/mptpetitcharran.fr\/?page_id=61","name":"Contact - Maison pour tous du Petit charran","isPartOf":{"@id":"https:\/\/mptpetitcharran.fr\/#website"},"datePublished":"2019-06-04T07:57:00+00:00","dateModified":"2025-07-03T15:05:04+00:00","breadcrumb":{"@id":"https:\/\/mptpetitcharran.fr\/?page_id=61#breadcrumb"},"inLanguage":"fr-FR","potentialAction":[{"@type":"ReadAction","target":["https:\/\/mptpetitcharran.fr\/?page_id=61"]}]},{"@type":"BreadcrumbList","@id":"https:\/\/mptpetitcharran.fr\/?page_id=61#breadcrumb","itemListElement":[{"@type":"ListItem","position":1,"name":"Accueil","item":"https:\/\/mptpetitcharran.fr\/"},{"@type":"ListItem","position":2,"name":"Contact"}]},{"@type":"WebSite","@id":"https:\/\/mptpetitcharran.fr\/#website","url":"https:\/\/mptpetitcharran.fr\/","name":"Maison pour tous du Petit charran","description":"","publisher":{"@id":"https:\/\/mptpetitcharran.fr\/#organization"},"potentialAction":[{"@type":"SearchAction","target":{"@type":"EntryPoint","urlTemplate":"https:\/\/mptpetitcharran.fr\/?s={search_term_string}"},"query-input":{"@type":"PropertyValueSpecification","valueRequired":true,"valueName":"search_term_string"}}],"inLanguage":"fr-FR"},{"@type":"Organization","@id":"https:\/\/mptpetitcharran.fr\/#organization","name":"Maison pour tous du Petit charran","url":"https:\/\/mptpetitcharran.fr\/","logo":{"@type":"ImageObject","inLanguage":"fr-FR","@id":"https:\/\/mptpetitcharran.fr\/#\/schema\/logo\/image\/","url":"http:\/\/mptpetitcharran.fr\/wp-content\/uploads\/2023\/07\/cropped-logo_mptpc.jpg","contentUrl":"http:\/\/mptpetitcharran.fr\/wp-content\/uploads\/2023\/07\/cropped-logo_mptpc.jpg","width":532,"height":529,"caption":"Maison pour tous du Petit charran"},"image":{"@id":"https:\/\/mptpetitcharran.fr\/#\/schema\/logo\/image\/"},"sameAs":["https:\/\/www.facebook.com\/mptpetitcharran","https:\/\/www.instagram.com\/mptpetitcharran\/"]}]}},"publishpress_future_action":{"enabled":false,"date":"2026-05-09 10:35:22","action":"change-status","newStatus":"draft","terms":[],"taxonomy":"","extraData":[]},"publishpress_future_workflow_manual_trigger":{"enabledWorkflows":[]},"_links":{"self":[{"href":"https:\/\/mptpetitcharran.fr\/index.php?rest_route=\/wp\/v2\/pages\/61","targetHints":{"allow":["GET"]}}],"collection":[{"href":"https:\/\/mptpetitcharran.fr\/index.php?rest_route=\/wp\/v2\/pages"}],"about":[{"href":"https:\/\/mptpetitcharran.fr\/index.php?rest_route=\/wp\/v2\/types\/page"}],"author":[{"embeddable":true,"href":"https:\/\/mptpetitcharran.fr\/index.php?rest_route=\/wp\/v2\/users\/1"}],"replies":[{"embeddable":true,"href":"https:\/\/mptpetitcharran.fr\/index.php?rest_route=%2Fwp%2Fv2%2Fcomments&post=61"}],"version-history":[{"count":32,"href":"https:\/\/mptpetitcharran.fr\/index.php?rest_route=\/wp\/v2\/pages\/61\/revisions"}],"predecessor-version":[{"id":6648,"href":"https:\/\/mptpetitcharran.fr\/index.php?rest_route=\/wp\/v2\/pages\/61\/revisions\/6648"}],"wp:attachment":[{"href":"https:\/\/mptpetitcharran.fr\/index.php?rest_route=%2Fwp%2Fv2%2Fmedia&parent=61"}],"curies":[{"name":"wp","href":"https:\/\/api.w.org\/{rel}","templated":true}]}}